{"id":1363,"date":"2026-03-14T08:27:43","date_gmt":"2026-03-14T07:27:43","guid":{"rendered":"https:\/\/antykomunistyczni.pl\/index.php\/directory-antykomuna\/organizacje_antykomunistyczne\/zwiazek-kombatantow-rzeczypospolitej-polskiej-i-bylych-wiezniow-politycznych\/"},"modified":"2026-03-14T17:24:26","modified_gmt":"2026-03-14T16:24:26","slug":"zwiazek-kombatantow-rzeczypospolitej-polskiej-i-bylych-wiezniow-politycznych","status":"publish","type":"antykomuna_dir_ltg","link":"https:\/\/antykomunistyczni.pl\/index.php\/directory-antykomuna\/organizacje_antykomunistyczne\/zwiazek-kombatantow-rzeczypospolitej-polskiej-i-bylych-wiezniow-politycznych\/","title":{"rendered":"Zwi\u0105zek Kombatant\u00f3w Rzeczypospolitej Polskiej i By\u0142ych Wi\u0119\u017ani\u00f3w Politycznych"},"author":0,"comment_status":"closed","ping_status":"closed","template":"","antykomuna_dir_tag":[],"antykomuna_loc_loc":[],"class_list":["post-1363","antykomuna_dir_ltg","type-antykomuna_dir_ltg","status-publish","hentry"],"yoast_head":"<!-- This site is optimized with the Yoast SEO plugin v28.4 - https:\/\/yoast.com\/product\/yoast-seo-wordpress\/ -->\n<title>Zwi\u0105zek Kombatant\u00f3w Rzeczypospolitej Polskiej i By\u0142ych Wi\u0119\u017ani\u00f3w Politycznych - Antykomunistyczni.pl<\/title>\n<meta name=\"robots\" content=\"index, follow, max-snippet:-1, max-image-preview:large, max-video-preview:-1\" \/>\n<link rel=\"canonical\" href=\"https:\/\/antykomunistyczni.pl\/index.php\/directory-antykomuna\/organizacje_antykomunistyczne\/zwiazek-kombatantow-rzeczypospolitej-polskiej-i-bylych-wiezniow-politycznych\/\" \/>\n<meta property=\"og:locale\" content=\"pl_PL\" \/>\n<meta property=\"og:type\" content=\"article\" \/>\n<meta property=\"og:title\" content=\"Zwi\u0105zek Kombatant\u00f3w Rzeczypospolitej Polskiej i By\u0142ych Wi\u0119\u017ani\u00f3w Politycznych - Antykomunistyczni.pl\" \/>\n<meta property=\"og:description\" content=\"Najwi\u0119ksza organizacja kombatancka w Polsce zrzeszaj\u0105c\u0105 19349 cz\u0142onk\u00f3w (stan na 31 grudnia 2023 r.), w tym 5425 cz\u0142onk\u00f3w zwyczajnych (weteran\u00f3w \u2013 \u017co\u0142nierzy walk frontowych i organizacji podziemnych ruchu oporu). Pozostali cz\u0142onkowie Zwi\u0105zku to 12643 podopiecznych \u2013 g\u0142\u00f3wnie wdowy i wdowcy po kombatantach, 667 cz\u0142onk\u00f3w nadzwyczajnych, 614 cz\u0142onk\u00f3w honorowych\/wspieraj\u0105cych. Zwi\u0105zek jest organizacj\u0105 pluralistyczn\u0105 i\u00a0integruje w\u00a0swoich szeregach [&hellip;]\" \/>\n<meta property=\"og:url\" content=\"https:\/\/antykomunistyczni.pl\/index.php\/directory-antykomuna\/organizacje_antykomunistyczne\/zwiazek-kombatantow-rzeczypospolitej-polskiej-i-bylych-wiezniow-politycznych\/\" \/>\n<meta property=\"og:site_name\" content=\"Antykomunistyczni.pl\" \/>\n<meta property=\"article:publisher\" content=\"https:\/\/www.facebook.com\/antykomunistyczni\/\" \/>\n<meta property=\"article:modified_time\" content=\"2026-03-14T16:24:26+00:00\" \/>\n<meta property=\"og:image\" content=\"https:\/\/antykomunistyczni.pl\/wp-content\/uploads\/2026\/02\/AntykomunistyczniLogoSquare.png\" \/>\n\t<meta property=\"og:image:width\" content=\"1024\" \/>\n\t<meta property=\"og:image:height\" content=\"1024\" \/>\n\t<meta property=\"og:image:type\" content=\"image\/png\" \/>\n<meta name=\"twitter:card\" content=\"summary_large_image\" \/>\n<meta name=\"twitter:site\" content=\"@anty_komunisci\" \/>\n<meta name=\"twitter:label1\" content=\"Szacowany czas czytania\" \/>\n\t<meta name=\"twitter:data1\" content=\"1 minuta\" \/>\n<script type=\"application\/ld+json\" class=\"yoast-schema-graph\">{\"@context\":\"https:\\\/\\\/schema.org\",\"@graph\":[{\"@type\":\"WebPage\",\"@id\":\"https:\\\/\\\/antykomunistyczni.pl\\\/index.php\\\/directory-antykomuna\\\/organizacje_antykomunistyczne\\\/zwiazek-kombatantow-rzeczypospolitej-polskiej-i-bylych-wiezniow-politycznych\\\/\",\"url\":\"https:\\\/\\\/antykomunistyczni.pl\\\/index.php\\\/directory-antykomuna\\\/organizacje_antykomunistyczne\\\/zwiazek-kombatantow-rzeczypospolitej-polskiej-i-bylych-wiezniow-politycznych\\\/\",\"name\":\"Zwi\u0105zek Kombatant\u00f3w Rzeczypospolitej Polskiej i By\u0142ych Wi\u0119\u017ani\u00f3w Politycznych - Antykomunistyczni.pl\",\"isPartOf\":{\"@id\":\"https:\\\/\\\/antykomunistyczni.pl\\\/#website\"},\"datePublished\":\"2026-03-14T07:27:43+00:00\",\"dateModified\":\"2026-03-14T16:24:26+00:00\",\"breadcrumb\":{\"@id\":\"https:\\\/\\\/antykomunistyczni.pl\\\/index.php\\\/directory-antykomuna\\\/organizacje_antykomunistyczne\\\/zwiazek-kombatantow-rzeczypospolitej-polskiej-i-bylych-wiezniow-politycznych\\\/#breadcrumb\"},\"inLanguage\":\"pl-PL\",\"potentialAction\":[{\"@type\":\"ReadAction\",\"target\":[\"https:\\\/\\\/antykomunistyczni.pl\\\/index.php\\\/directory-antykomuna\\\/organizacje_antykomunistyczne\\\/zwiazek-kombatantow-rzeczypospolitej-polskiej-i-bylych-wiezniow-politycznych\\\/\"]}]},{\"@type\":\"BreadcrumbList\",\"@id\":\"https:\\\/\\\/antykomunistyczni.pl\\\/index.php\\\/directory-antykomuna\\\/organizacje_antykomunistyczne\\\/zwiazek-kombatantow-rzeczypospolitej-polskiej-i-bylych-wiezniow-politycznych\\\/#breadcrumb\",\"itemListElement\":[{\"@type\":\"ListItem\",\"position\":1,\"name\":\"Strona g\u0142\u00f3wna\",\"item\":\"https:\\\/\\\/antykomunistyczni.pl\\\/\"},{\"@type\":\"ListItem\",\"position\":2,\"name\":\"Zwi\u0105zek Kombatant\u00f3w Rzeczypospolitej Polskiej i By\u0142ych Wi\u0119\u017ani\u00f3w Politycznych\"}]},{\"@type\":\"WebSite\",\"@id\":\"https:\\\/\\\/antykomunistyczni.pl\\\/#website\",\"url\":\"https:\\\/\\\/antykomunistyczni.pl\\\/\",\"name\":\"Antykomunistyczni.pl\",\"description\":\"\",\"publisher\":{\"@id\":\"https:\\\/\\\/antykomunistyczni.pl\\\/#organization\"},\"alternateName\":\"Historia PRL, zbrodnie komunistyczne w Polsce i na \u015bwiecie\",\"potentialAction\":[{\"@type\":\"SearchAction\",\"target\":{\"@type\":\"EntryPoint\",\"urlTemplate\":\"https:\\\/\\\/antykomunistyczni.pl\\\/?s={search_term_string}\"},\"query-input\":{\"@type\":\"PropertyValueSpecification\",\"valueRequired\":true,\"valueName\":\"search_term_string\"}}],\"inLanguage\":\"pl-PL\"},{\"@type\":\"Organization\",\"@id\":\"https:\\\/\\\/antykomunistyczni.pl\\\/#organization\",\"name\":\"Antykomunistyczni.pl\",\"url\":\"https:\\\/\\\/antykomunistyczni.pl\\\/\",\"logo\":{\"@type\":\"ImageObject\",\"inLanguage\":\"pl-PL\",\"@id\":\"https:\\\/\\\/antykomunistyczni.pl\\\/#\\\/schema\\\/logo\\\/image\\\/\",\"url\":\"https:\\\/\\\/antykomunistyczni.pl\\\/wp-content\\\/uploads\\\/2026\\\/02\\\/cropped-AntykomunistyczniLogoSquare150x150-2.png\",\"contentUrl\":\"https:\\\/\\\/antykomunistyczni.pl\\\/wp-content\\\/uploads\\\/2026\\\/02\\\/cropped-AntykomunistyczniLogoSquare150x150-2.png\",\"width\":150,\"height\":150,\"caption\":\"Antykomunistyczni.pl\"},\"image\":{\"@id\":\"https:\\\/\\\/antykomunistyczni.pl\\\/#\\\/schema\\\/logo\\\/image\\\/\"},\"sameAs\":[\"https:\\\/\\\/www.facebook.com\\\/antykomunistyczni\\\/\",\"https:\\\/\\\/x.com\\\/anty_komunisci\"]}]}<\/script>\n<!-- \/ Yoast SEO plugin. -->","yoast_head_json":{"title":"Zwi\u0105zek Kombatant\u00f3w Rzeczypospolitej Polskiej i By\u0142ych Wi\u0119\u017ani\u00f3w Politycznych - Antykomunistyczni.pl","robots":{"index":"index","follow":"follow","max-snippet":"max-snippet:-1","max-image-preview":"max-image-preview:large","max-video-preview":"max-video-preview:-1"},"canonical":"https:\/\/antykomunistyczni.pl\/index.php\/directory-antykomuna\/organizacje_antykomunistyczne\/zwiazek-kombatantow-rzeczypospolitej-polskiej-i-bylych-wiezniow-politycznych\/","og_locale":"pl_PL","og_type":"article","og_title":"Zwi\u0105zek Kombatant\u00f3w Rzeczypospolitej Polskiej i By\u0142ych Wi\u0119\u017ani\u00f3w Politycznych - Antykomunistyczni.pl","og_description":"Najwi\u0119ksza organizacja kombatancka w Polsce zrzeszaj\u0105c\u0105 19349 cz\u0142onk\u00f3w (stan na 31 grudnia 2023 r.), w tym 5425 cz\u0142onk\u00f3w zwyczajnych (weteran\u00f3w \u2013 \u017co\u0142nierzy walk frontowych i organizacji podziemnych ruchu oporu). Pozostali cz\u0142onkowie Zwi\u0105zku to 12643 podopiecznych \u2013 g\u0142\u00f3wnie wdowy i wdowcy po kombatantach, 667 cz\u0142onk\u00f3w nadzwyczajnych, 614 cz\u0142onk\u00f3w honorowych\/wspieraj\u0105cych. Zwi\u0105zek jest organizacj\u0105 pluralistyczn\u0105 i\u00a0integruje w\u00a0swoich szeregach [&hellip;]","og_url":"https:\/\/antykomunistyczni.pl\/index.php\/directory-antykomuna\/organizacje_antykomunistyczne\/zwiazek-kombatantow-rzeczypospolitej-polskiej-i-bylych-wiezniow-politycznych\/","og_site_name":"Antykomunistyczni.pl","article_publisher":"https:\/\/www.facebook.com\/antykomunistyczni\/","article_modified_time":"2026-03-14T16:24:26+00:00","og_image":[{"width":1024,"height":1024,"url":"https:\/\/antykomunistyczni.pl\/wp-content\/uploads\/2026\/02\/AntykomunistyczniLogoSquare.png","type":"image\/png"}],"twitter_card":"summary_large_image","twitter_site":"@anty_komunisci","twitter_misc":{"Szacowany czas czytania":"1 minuta"},"schema":{"@context":"https:\/\/schema.org","@graph":[{"@type":"WebPage","@id":"https:\/\/antykomunistyczni.pl\/index.php\/directory-antykomuna\/organizacje_antykomunistyczne\/zwiazek-kombatantow-rzeczypospolitej-polskiej-i-bylych-wiezniow-politycznych\/","url":"https:\/\/antykomunistyczni.pl\/index.php\/directory-antykomuna\/organizacje_antykomunistyczne\/zwiazek-kombatantow-rzeczypospolitej-polskiej-i-bylych-wiezniow-politycznych\/","name":"Zwi\u0105zek Kombatant\u00f3w Rzeczypospolitej Polskiej i By\u0142ych Wi\u0119\u017ani\u00f3w Politycznych - Antykomunistyczni.pl","isPartOf":{"@id":"https:\/\/antykomunistyczni.pl\/#website"},"datePublished":"2026-03-14T07:27:43+00:00","dateModified":"2026-03-14T16:24:26+00:00","breadcrumb":{"@id":"https:\/\/antykomunistyczni.pl\/index.php\/directory-antykomuna\/organizacje_antykomunistyczne\/zwiazek-kombatantow-rzeczypospolitej-polskiej-i-bylych-wiezniow-politycznych\/#breadcrumb"},"inLanguage":"pl-PL","potentialAction":[{"@type":"ReadAction","target":["https:\/\/antykomunistyczni.pl\/index.php\/directory-antykomuna\/organizacje_antykomunistyczne\/zwiazek-kombatantow-rzeczypospolitej-polskiej-i-bylych-wiezniow-politycznych\/"]}]},{"@type":"BreadcrumbList","@id":"https:\/\/antykomunistyczni.pl\/index.php\/directory-antykomuna\/organizacje_antykomunistyczne\/zwiazek-kombatantow-rzeczypospolitej-polskiej-i-bylych-wiezniow-politycznych\/#breadcrumb","itemListElement":[{"@type":"ListItem","position":1,"name":"Strona g\u0142\u00f3wna","item":"https:\/\/antykomunistyczni.pl\/"},{"@type":"ListItem","position":2,"name":"Zwi\u0105zek Kombatant\u00f3w Rzeczypospolitej Polskiej i By\u0142ych Wi\u0119\u017ani\u00f3w Politycznych"}]},{"@type":"WebSite","@id":"https:\/\/antykomunistyczni.pl\/#website","url":"https:\/\/antykomunistyczni.pl\/","name":"Antykomunistyczni.pl","description":"","publisher":{"@id":"https:\/\/antykomunistyczni.pl\/#organization"},"alternateName":"Historia PRL, zbrodnie komunistyczne w Polsce i na \u015bwiecie","potentialAction":[{"@type":"SearchAction","target":{"@type":"EntryPoint","urlTemplate":"https:\/\/antykomunistyczni.pl\/?s={search_term_string}"},"query-input":{"@type":"PropertyValueSpecification","valueRequired":true,"valueName":"search_term_string"}}],"inLanguage":"pl-PL"},{"@type":"Organization","@id":"https:\/\/antykomunistyczni.pl\/#organization","name":"Antykomunistyczni.pl","url":"https:\/\/antykomunistyczni.pl\/","logo":{"@type":"ImageObject","inLanguage":"pl-PL","@id":"https:\/\/antykomunistyczni.pl\/#\/schema\/logo\/image\/","url":"https:\/\/antykomunistyczni.pl\/wp-content\/uploads\/2026\/02\/cropped-AntykomunistyczniLogoSquare150x150-2.png","contentUrl":"https:\/\/antykomunistyczni.pl\/wp-content\/uploads\/2026\/02\/cropped-AntykomunistyczniLogoSquare150x150-2.png","width":150,"height":150,"caption":"Antykomunistyczni.pl"},"image":{"@id":"https:\/\/antykomunistyczni.pl\/#\/schema\/logo\/image\/"},"sameAs":["https:\/\/www.facebook.com\/antykomunistyczni\/","https:\/\/x.com\/anty_komunisci"]}]}},"drts_fields":{"field_phone":[],"field_email":[],"field_website":["https:\/\/kombatantpolski.pl\/"],"field_date_established":[],"location_address":[{"address":"Zwi\u0105zek Kombatant\u00f3w RP i By\u0142ych Wi\u0119\u017ani\u00f3w Politycznych, 6A, Aleje Ujazdowskie, Powi\u015ble-Solec, \u015ar\u00f3dmie\u015bcie Po\u0142udniowe, \u015ar\u00f3dmie\u015bcie, Warszawa, wojew\u00f3dztwo mazowieckie, 00-461, Polska","street":"Aleje Ujazdowskie 6a","street2":"","city":"Warszawa","province":"wojew\u00f3dztwo mazowieckie","zip":"00-461","country":"","timezone":"","zoom":10,"lat":52.224257000000001,"lng":21.024719999999999,"term_id":0,"display_address":"Aleje Ujazdowskie 6a, 00-461, Warszawa"}],"field_skrot_nazwy_popularna_nazwa2":[],"field_status_organizacji2":["Aktywna"],"field_data_rozwiazania_delegalizacji2":[],"field_powod_delegalizacji2":[false],"field_szacunkowa_liczba_czlonkow2":["Kilka tysi\u0119cy"],"field_powiazania_miedzynarodowe2":false,"field_kluczowe_wydarzenia2":[],"field_liderzy_organizacji2":["W\u0142adzami naczelnymi Zwi\u0105zku s\u0105: Kongres (odbywaj\u0105cy si\u0119 co\u00a0cztery lata), Zarz\u0105d G\u0142\u00f3wny, G\u0142\u00f3wna Komisja Rewizyjna i\u00a0G\u0142\u00f3wny S\u0105d Kole\u017ce\u0144ski. Bie\u017c\u0105c\u0105 dzia\u0142alno\u015bci\u0105 Zwi\u0105zku kieruje 17-osobowy Zarz\u0105d G\u0142\u00f3wny i\u00a07-osobowe Prezydium. Zarz\u0105dowi G\u0142\u00f3wnemu bezpo\u015brednio podlegaj\u0105 22 Zarz\u0105dy, w\u00a0tym: 14 Zarz\u0105d\u00f3w Wojew\u00f3dzkich i\u00a08 Zarz\u0105d\u00f3w Okr\u0119gowych (og\u00f3\u0142em w\u00a0ich sk\u0142ad wchodzi 650 k\u00f3\u0142 terenowych).\r\n\r\nPrezes Zarz\u0105du G\u0142\u00f3wnego ZKRPiBWP\r\nCzes\u0142aw LEWANDOWSKI\r\ntel. 22 629 32 81 w. 127, 602 748 379\r\nczeslaw14@op.pl\r\n\r\n\r\nSekretariat prezesa\r\nBarbara KOSTRZEWA\r\ntel. 22 628 47 46, 22 29 32 81 w. 129\r\ne-mail: biuro@kombatantpolski.pl\r\n\r\nWiceprezes Zarz\u0105du G\u0142\u00f3wnego ZKRPiBWP\r\nKrzysztof RINAS\r\ntel. 606 281 813\r\ne-mail: krzysztof.rinas@wp.pl\r\n\r\nWiceprezes Zarz\u0105du G\u0142\u00f3wnego ZKRPiBWP\r\nZbigniew GO\u0141\u0104BEK\r\ntel. 603 718 818\r\ne-mail: zbigniew@golabek.org\r\n\r\nSekretarz Generalna Zarz\u0105du G\u0142\u00f3wnego ZKRPiBWP\r\nEl\u017cbieta SADZY\u0143SKA\r\ntel. 504 752 998\r\ne-mail: biuro@kombatantpolski.pl\r\n\r\nSkarbnik Zarz\u0105du G\u0142\u00f3wnego ZKRPiBWP\r\nJ\u00f3zef MALI\u0143SKI\r\ntel. 787 646 230\r\ne-mail: prawnik@kombatantpolski.pl\r\n\r\nKsi\u0119gowo\u015b\u0107\r\nAgnieszka KOSNO \u2013 g\u0142\u00f3wna ksi\u0119gowa\r\nJolanta OLSZEWSKA\r\nNatalia S\u0141ODOWNIK\r\ntel. 22 628 88 58\r\ne-mail: prawnik@kombatantpolski.pl\r\n\r\nDzia\u0142 Administracyjno-Gospodarczy\r\nGra\u017cyna BORUCKA\r\nIzabela RAJZA\r\nKrzysztof ORZECHOWSKI\r\ntel. 22 625 55 45, 22 629 32 81 w. 111\r\n\r\nOdznaczenia i mianowania\r\nTeresa ZAWADA\r\ntel. 22 625 55 45, 22 629 32 81 w. 111\r\n\r\nRedakcja \u201ePolsce Wierni\u201d\r\nAlina JANKOWSKA \u2013 redaktor naczelna\r\nAndrzej WOLSKI \u2013 sekretarz redakcji\r\ntel. 22 622 73 64, 22 629 32 81 w. 110\r\ne-mail: wierpol@gmail.com"],"field_powiazania_miedzynarodowe_opis1":[false]},"_links":{"self":[{"href":"https:\/\/antykomunistyczni.pl\/index.php\/wp-json\/wp\/v2\/antykomuna_dir_ltg\/1363","targetHints":{"allow":["GET"]}}],"collection":[{"href":"https:\/\/antykomunistyczni.pl\/index.php\/wp-json\/wp\/v2\/antykomuna_dir_ltg"}],"about":[{"href":"https:\/\/antykomunistyczni.pl\/index.php\/wp-json\/wp\/v2\/types\/antykomuna_dir_ltg"}],"replies":[{"embeddable":true,"href":"https:\/\/antykomunistyczni.pl\/index.php\/wp-json\/wp\/v2\/comments?post=1363"}],"wp:attachment":[{"href":"https:\/\/antykomunistyczni.pl\/index.php\/wp-json\/wp\/v2\/media?parent=1363"}],"wp:term":[{"taxonomy":"antykomuna_dir_tag","embeddable":true,"href":"https:\/\/antykomunistyczni.pl\/index.php\/wp-json\/wp\/v2\/antykomuna_dir_tag?post=1363"},{"taxonomy":"antykomuna_loc_loc","embeddable":true,"href":"https:\/\/antykomunistyczni.pl\/index.php\/wp-json\/wp\/v2\/antykomuna_loc_loc?post=1363"}],"curies":[{"name":"wp","href":"https:\/\/api.w.org\/{rel}","templated":true}]}}