{"id":1364,"date":"2026-03-14T08:27:43","date_gmt":"2026-03-14T07:27:43","guid":{"rendered":"https:\/\/antykomunistyczni.pl\/index.php\/directory-antykomuna\/organizacje_antykomunistyczne\/antykomunistyczny-zwiazek-wiezniow-politycznych-1939-1956\/"},"modified":"2026-03-14T13:54:15","modified_gmt":"2026-03-14T12:54:15","slug":"antykomunistyczny-zwiazek-wiezniow-politycznych-1939-1956","status":"publish","type":"antykomuna_dir_ltg","link":"https:\/\/antykomunistyczni.pl\/index.php\/directory-antykomuna\/organizacje_antykomunistyczne\/antykomunistyczny-zwiazek-wiezniow-politycznych-1939-1956\/","title":{"rendered":"Antykomunistyczny Zwi\u0105zek Wi\u0119\u017ani\u00f3w Politycznych 1939\u20131956"},"author":0,"comment_status":"closed","ping_status":"closed","template":"","antykomuna_dir_tag":[],"antykomuna_loc_loc":[],"class_list":["post-1364","antykomuna_dir_ltg","type-antykomuna_dir_ltg","status-publish","hentry"],"yoast_head":"<!-- This site is optimized with the Yoast SEO plugin v28.4 - https:\/\/yoast.com\/product\/yoast-seo-wordpress\/ -->\n<title>Antykomunistyczny Zwi\u0105zek Wi\u0119\u017ani\u00f3w Politycznych 1939\u20131956 - Antykomunistyczni.pl<\/title>\n<meta name=\"robots\" content=\"index, follow, max-snippet:-1, max-image-preview:large, max-video-preview:-1\" \/>\n<link rel=\"canonical\" href=\"https:\/\/antykomunistyczni.pl\/index.php\/directory-antykomuna\/organizacje_antykomunistyczne\/antykomunistyczny-zwiazek-wiezniow-politycznych-1939-1956\/\" \/>\n<meta property=\"og:locale\" content=\"pl_PL\" \/>\n<meta property=\"og:type\" content=\"article\" \/>\n<meta property=\"og:title\" content=\"Antykomunistyczny Zwi\u0105zek Wi\u0119\u017ani\u00f3w Politycznych 1939\u20131956 - Antykomunistyczni.pl\" \/>\n<meta property=\"og:description\" content=\"Celem stowarzyszenia jest w szczeg\u00f3lno\u015bci: 1. Kszta\u0142towanie aktywnych postaw w dzia\u0142aniu dla dobra ojczyzny i tworzenie warunk\u00f3w do wsp\u00f3\u0142pracy \u015brodowisk kombatanckich w imi\u0119 nadrz\u0119dnych interes\u00f3w narodu i pa\u0144stwa. 2. Otaczanie opiek\u0105 cz\u0142onk\u00f3w zwi\u0105zku i pozosta\u0142ych po nich wd\u00f3w i wdowc\u00f3w zw\u0142aszcza w sprawach socjalnych. 3. Popularyzowanie i utrwalanie w pami\u0119ci spo\u0142ecznej dziej\u00f3w walk niepodleg\u0142o\u015bciowych oraz [&hellip;]\" \/>\n<meta property=\"og:url\" content=\"https:\/\/antykomunistyczni.pl\/index.php\/directory-antykomuna\/organizacje_antykomunistyczne\/antykomunistyczny-zwiazek-wiezniow-politycznych-1939-1956\/\" \/>\n<meta property=\"og:site_name\" content=\"Antykomunistyczni.pl\" \/>\n<meta property=\"article:publisher\" content=\"https:\/\/www.facebook.com\/antykomunistyczni\/\" \/>\n<meta property=\"article:modified_time\" content=\"2026-03-14T12:54:15+00:00\" \/>\n<meta property=\"og:image\" content=\"https:\/\/antykomunistyczni.pl\/wp-content\/uploads\/2026\/02\/AntykomunistyczniLogoSquare.png\" \/>\n\t<meta property=\"og:image:width\" content=\"1024\" \/>\n\t<meta property=\"og:image:height\" content=\"1024\" \/>\n\t<meta property=\"og:image:type\" content=\"image\/png\" \/>\n<meta name=\"twitter:card\" content=\"summary_large_image\" \/>\n<meta name=\"twitter:site\" content=\"@anty_komunisci\" \/>\n<meta name=\"twitter:label1\" content=\"Szacowany czas czytania\" \/>\n\t<meta name=\"twitter:data1\" content=\"1 minuta\" \/>\n<script type=\"application\/ld+json\" class=\"yoast-schema-graph\">{\"@context\":\"https:\\\/\\\/schema.org\",\"@graph\":[{\"@type\":\"WebPage\",\"@id\":\"https:\\\/\\\/antykomunistyczni.pl\\\/index.php\\\/directory-antykomuna\\\/organizacje_antykomunistyczne\\\/antykomunistyczny-zwiazek-wiezniow-politycznych-1939-1956\\\/\",\"url\":\"https:\\\/\\\/antykomunistyczni.pl\\\/index.php\\\/directory-antykomuna\\\/organizacje_antykomunistyczne\\\/antykomunistyczny-zwiazek-wiezniow-politycznych-1939-1956\\\/\",\"name\":\"Antykomunistyczny Zwi\u0105zek Wi\u0119\u017ani\u00f3w Politycznych 1939\u20131956 - Antykomunistyczni.pl\",\"isPartOf\":{\"@id\":\"https:\\\/\\\/antykomunistyczni.pl\\\/#website\"},\"datePublished\":\"2026-03-14T07:27:43+00:00\",\"dateModified\":\"2026-03-14T12:54:15+00:00\",\"breadcrumb\":{\"@id\":\"https:\\\/\\\/antykomunistyczni.pl\\\/index.php\\\/directory-antykomuna\\\/organizacje_antykomunistyczne\\\/antykomunistyczny-zwiazek-wiezniow-politycznych-1939-1956\\\/#breadcrumb\"},\"inLanguage\":\"pl-PL\",\"potentialAction\":[{\"@type\":\"ReadAction\",\"target\":[\"https:\\\/\\\/antykomunistyczni.pl\\\/index.php\\\/directory-antykomuna\\\/organizacje_antykomunistyczne\\\/antykomunistyczny-zwiazek-wiezniow-politycznych-1939-1956\\\/\"]}]},{\"@type\":\"BreadcrumbList\",\"@id\":\"https:\\\/\\\/antykomunistyczni.pl\\\/index.php\\\/directory-antykomuna\\\/organizacje_antykomunistyczne\\\/antykomunistyczny-zwiazek-wiezniow-politycznych-1939-1956\\\/#breadcrumb\",\"itemListElement\":[{\"@type\":\"ListItem\",\"position\":1,\"name\":\"Strona g\u0142\u00f3wna\",\"item\":\"https:\\\/\\\/antykomunistyczni.pl\\\/\"},{\"@type\":\"ListItem\",\"position\":2,\"name\":\"Antykomunistyczny Zwi\u0105zek Wi\u0119\u017ani\u00f3w Politycznych 1939\u20131956\"}]},{\"@type\":\"WebSite\",\"@id\":\"https:\\\/\\\/antykomunistyczni.pl\\\/#website\",\"url\":\"https:\\\/\\\/antykomunistyczni.pl\\\/\",\"name\":\"Antykomunistyczni.pl\",\"description\":\"\",\"publisher\":{\"@id\":\"https:\\\/\\\/antykomunistyczni.pl\\\/#organization\"},\"alternateName\":\"Historia PRL, zbrodnie komunistyczne w Polsce i na \u015bwiecie\",\"potentialAction\":[{\"@type\":\"SearchAction\",\"target\":{\"@type\":\"EntryPoint\",\"urlTemplate\":\"https:\\\/\\\/antykomunistyczni.pl\\\/?s={search_term_string}\"},\"query-input\":{\"@type\":\"PropertyValueSpecification\",\"valueRequired\":true,\"valueName\":\"search_term_string\"}}],\"inLanguage\":\"pl-PL\"},{\"@type\":\"Organization\",\"@id\":\"https:\\\/\\\/antykomunistyczni.pl\\\/#organization\",\"name\":\"Antykomunistyczni.pl\",\"url\":\"https:\\\/\\\/antykomunistyczni.pl\\\/\",\"logo\":{\"@type\":\"ImageObject\",\"inLanguage\":\"pl-PL\",\"@id\":\"https:\\\/\\\/antykomunistyczni.pl\\\/#\\\/schema\\\/logo\\\/image\\\/\",\"url\":\"https:\\\/\\\/antykomunistyczni.pl\\\/wp-content\\\/uploads\\\/2026\\\/02\\\/cropped-AntykomunistyczniLogoSquare150x150-2.png\",\"contentUrl\":\"https:\\\/\\\/antykomunistyczni.pl\\\/wp-content\\\/uploads\\\/2026\\\/02\\\/cropped-AntykomunistyczniLogoSquare150x150-2.png\",\"width\":150,\"height\":150,\"caption\":\"Antykomunistyczni.pl\"},\"image\":{\"@id\":\"https:\\\/\\\/antykomunistyczni.pl\\\/#\\\/schema\\\/logo\\\/image\\\/\"},\"sameAs\":[\"https:\\\/\\\/www.facebook.com\\\/antykomunistyczni\\\/\",\"https:\\\/\\\/x.com\\\/anty_komunisci\"]}]}<\/script>\n<!-- \/ Yoast SEO plugin. -->","yoast_head_json":{"title":"Antykomunistyczny Zwi\u0105zek Wi\u0119\u017ani\u00f3w Politycznych 1939\u20131956 - Antykomunistyczni.pl","robots":{"index":"index","follow":"follow","max-snippet":"max-snippet:-1","max-image-preview":"max-image-preview:large","max-video-preview":"max-video-preview:-1"},"canonical":"https:\/\/antykomunistyczni.pl\/index.php\/directory-antykomuna\/organizacje_antykomunistyczne\/antykomunistyczny-zwiazek-wiezniow-politycznych-1939-1956\/","og_locale":"pl_PL","og_type":"article","og_title":"Antykomunistyczny Zwi\u0105zek Wi\u0119\u017ani\u00f3w Politycznych 1939\u20131956 - Antykomunistyczni.pl","og_description":"Celem stowarzyszenia jest w szczeg\u00f3lno\u015bci: 1. Kszta\u0142towanie aktywnych postaw w dzia\u0142aniu dla dobra ojczyzny i tworzenie warunk\u00f3w do wsp\u00f3\u0142pracy \u015brodowisk kombatanckich w imi\u0119 nadrz\u0119dnych interes\u00f3w narodu i pa\u0144stwa. 2. Otaczanie opiek\u0105 cz\u0142onk\u00f3w zwi\u0105zku i pozosta\u0142ych po nich wd\u00f3w i wdowc\u00f3w zw\u0142aszcza w sprawach socjalnych. 3. Popularyzowanie i utrwalanie w pami\u0119ci spo\u0142ecznej dziej\u00f3w walk niepodleg\u0142o\u015bciowych oraz [&hellip;]","og_url":"https:\/\/antykomunistyczni.pl\/index.php\/directory-antykomuna\/organizacje_antykomunistyczne\/antykomunistyczny-zwiazek-wiezniow-politycznych-1939-1956\/","og_site_name":"Antykomunistyczni.pl","article_publisher":"https:\/\/www.facebook.com\/antykomunistyczni\/","article_modified_time":"2026-03-14T12:54:15+00:00","og_image":[{"width":1024,"height":1024,"url":"https:\/\/antykomunistyczni.pl\/wp-content\/uploads\/2026\/02\/AntykomunistyczniLogoSquare.png","type":"image\/png"}],"twitter_card":"summary_large_image","twitter_site":"@anty_komunisci","twitter_misc":{"Szacowany czas czytania":"1 minuta"},"schema":{"@context":"https:\/\/schema.org","@graph":[{"@type":"WebPage","@id":"https:\/\/antykomunistyczni.pl\/index.php\/directory-antykomuna\/organizacje_antykomunistyczne\/antykomunistyczny-zwiazek-wiezniow-politycznych-1939-1956\/","url":"https:\/\/antykomunistyczni.pl\/index.php\/directory-antykomuna\/organizacje_antykomunistyczne\/antykomunistyczny-zwiazek-wiezniow-politycznych-1939-1956\/","name":"Antykomunistyczny Zwi\u0105zek Wi\u0119\u017ani\u00f3w Politycznych 1939\u20131956 - Antykomunistyczni.pl","isPartOf":{"@id":"https:\/\/antykomunistyczni.pl\/#website"},"datePublished":"2026-03-14T07:27:43+00:00","dateModified":"2026-03-14T12:54:15+00:00","breadcrumb":{"@id":"https:\/\/antykomunistyczni.pl\/index.php\/directory-antykomuna\/organizacje_antykomunistyczne\/antykomunistyczny-zwiazek-wiezniow-politycznych-1939-1956\/#breadcrumb"},"inLanguage":"pl-PL","potentialAction":[{"@type":"ReadAction","target":["https:\/\/antykomunistyczni.pl\/index.php\/directory-antykomuna\/organizacje_antykomunistyczne\/antykomunistyczny-zwiazek-wiezniow-politycznych-1939-1956\/"]}]},{"@type":"BreadcrumbList","@id":"https:\/\/antykomunistyczni.pl\/index.php\/directory-antykomuna\/organizacje_antykomunistyczne\/antykomunistyczny-zwiazek-wiezniow-politycznych-1939-1956\/#breadcrumb","itemListElement":[{"@type":"ListItem","position":1,"name":"Strona g\u0142\u00f3wna","item":"https:\/\/antykomunistyczni.pl\/"},{"@type":"ListItem","position":2,"name":"Antykomunistyczny Zwi\u0105zek Wi\u0119\u017ani\u00f3w Politycznych 1939\u20131956"}]},{"@type":"WebSite","@id":"https:\/\/antykomunistyczni.pl\/#website","url":"https:\/\/antykomunistyczni.pl\/","name":"Antykomunistyczni.pl","description":"","publisher":{"@id":"https:\/\/antykomunistyczni.pl\/#organization"},"alternateName":"Historia PRL, zbrodnie komunistyczne w Polsce i na \u015bwiecie","potentialAction":[{"@type":"SearchAction","target":{"@type":"EntryPoint","urlTemplate":"https:\/\/antykomunistyczni.pl\/?s={search_term_string}"},"query-input":{"@type":"PropertyValueSpecification","valueRequired":true,"valueName":"search_term_string"}}],"inLanguage":"pl-PL"},{"@type":"Organization","@id":"https:\/\/antykomunistyczni.pl\/#organization","name":"Antykomunistyczni.pl","url":"https:\/\/antykomunistyczni.pl\/","logo":{"@type":"ImageObject","inLanguage":"pl-PL","@id":"https:\/\/antykomunistyczni.pl\/#\/schema\/logo\/image\/","url":"https:\/\/antykomunistyczni.pl\/wp-content\/uploads\/2026\/02\/cropped-AntykomunistyczniLogoSquare150x150-2.png","contentUrl":"https:\/\/antykomunistyczni.pl\/wp-content\/uploads\/2026\/02\/cropped-AntykomunistyczniLogoSquare150x150-2.png","width":150,"height":150,"caption":"Antykomunistyczni.pl"},"image":{"@id":"https:\/\/antykomunistyczni.pl\/#\/schema\/logo\/image\/"},"sameAs":["https:\/\/www.facebook.com\/antykomunistyczni\/","https:\/\/x.com\/anty_komunisci"]}]}},"drts_fields":{"field_phone":[],"field_email":[],"field_website":[],"field_date_established":[],"location_address":[{"address":"47a, Jerzego Waszyngtona, \u015ar\u00f3dmie\u015bcie, Cz\u0119stochowa, wojew\u00f3dztwo \u015bl\u0105skie, 42-217, Polska","street":"Waszyngtona 62\/3","street2":"","city":"Cz\u0119stochowa","province":"wojew\u00f3dztwo \u015bl\u0105skie","zip":"42-200","country":"","timezone":"","zoom":10,"lat":50.810192999999998,"lng":19.108008000000002,"term_id":0,"display_address":"Waszyngtona 62\/3, 42-200, Cz\u0119stochowa"}],"field_skrot_nazwy_popularna_nazwa2":[],"field_status_organizacji2":["U\u015bpiona"],"field_data_rozwiazania_delegalizacji2":[],"field_powod_delegalizacji2":[false],"field_szacunkowa_liczba_czlonkow2":[],"field_powiazania_miedzynarodowe2":false,"field_kluczowe_wydarzenia2":[],"field_liderzy_organizacji2":["Henryk Baldowski Od 4 marca 2005 r PREZES ZARZ\u0104DU\r\nRyszard Dreksler Od 4 marca 2005 r. CZ\u0141ONEK ZARZ\u0104DU\r\nFeliks K\u0142uci\u0144ski Od 4 marca 2005 r. CZ\u0141ONEK ZARZ\u0104DU\r\nTadeusz Adler Od 4 marca 2005 r. CZ\u0141ONEK ZARZ\u0104DU\r\nStanis\u0142aw Szelecki Od 17 maja 2007 r. CZ\u0141ONEK ZARZ\u0104DU\r\nRyszard Tomala Od 17 maja 2007 r. CZ\u0141ONEK ZARZ\u0104DU\r\nEmilia Dankowska Od 29 stycznia 2010 r. SEKRETARZ\r\nEwa Ziemba Od 29 stycznia 2010 r. V-CE PREZES ZARZ\u0104DU"],"field_powiazania_miedzynarodowe_opis1":[false]},"_links":{"self":[{"href":"https:\/\/antykomunistyczni.pl\/index.php\/wp-json\/wp\/v2\/antykomuna_dir_ltg\/1364","targetHints":{"allow":["GET"]}}],"collection":[{"href":"https:\/\/antykomunistyczni.pl\/index.php\/wp-json\/wp\/v2\/antykomuna_dir_ltg"}],"about":[{"href":"https:\/\/antykomunistyczni.pl\/index.php\/wp-json\/wp\/v2\/types\/antykomuna_dir_ltg"}],"replies":[{"embeddable":true,"href":"https:\/\/antykomunistyczni.pl\/index.php\/wp-json\/wp\/v2\/comments?post=1364"}],"wp:attachment":[{"href":"https:\/\/antykomunistyczni.pl\/index.php\/wp-json\/wp\/v2\/media?parent=1364"}],"wp:term":[{"taxonomy":"antykomuna_dir_tag","embeddable":true,"href":"https:\/\/antykomunistyczni.pl\/index.php\/wp-json\/wp\/v2\/antykomuna_dir_tag?post=1364"},{"taxonomy":"antykomuna_loc_loc","embeddable":true,"href":"https:\/\/antykomunistyczni.pl\/index.php\/wp-json\/wp\/v2\/antykomuna_loc_loc?post=1364"}],"curies":[{"name":"wp","href":"https:\/\/api.w.org\/{rel}","templated":true}]}}