{"id":1372,"date":"2026-03-14T08:27:45","date_gmt":"2026-03-14T07:27:45","guid":{"rendered":"https:\/\/antykomunistyczni.pl\/index.php\/directory-antykomuna\/organizacje_antykomunistyczne\/klub-historyczny-im-gen-stefana-roweckiego-grota\/"},"modified":"2026-03-14T10:55:30","modified_gmt":"2026-03-14T09:55:30","slug":"klub-historyczny-im-gen-stefana-roweckiego-grota","status":"publish","type":"antykomuna_dir_ltg","link":"https:\/\/antykomunistyczni.pl\/index.php\/directory-antykomuna\/organizacje_antykomunistyczne\/klub-historyczny-im-gen-stefana-roweckiego-grota\/","title":{"rendered":"Klub Historyczny im. gen. Stefana Roweckiego 'Grota&#8217;"},"author":0,"comment_status":"closed","ping_status":"closed","template":"","antykomuna_dir_tag":[],"antykomuna_loc_loc":[],"class_list":["post-1372","antykomuna_dir_ltg","type-antykomuna_dir_ltg","status-publish","hentry"],"yoast_head":"<!-- This site is optimized with the Yoast SEO plugin v28.4 - https:\/\/yoast.com\/product\/yoast-seo-wordpress\/ -->\n<title>Klub Historyczny im. gen. Stefana Roweckiego &#039;Grota&#039; - Antykomunistyczni.pl<\/title>\n<meta name=\"description\" content=\"Kluby Historyczne im. gen. Stefana Roweckiego \u201eGrota\u201d to inicjatywa edukacyjna i patriotyczna Instytutu Pami\u0119ci Narodowej\" \/>\n<meta name=\"robots\" content=\"index, follow, max-snippet:-1, max-image-preview:large, max-video-preview:-1\" \/>\n<link rel=\"canonical\" href=\"https:\/\/antykomunistyczni.pl\/index.php\/directory-antykomuna\/organizacje_antykomunistyczne\/klub-historyczny-im-gen-stefana-roweckiego-grota\/\" \/>\n<meta property=\"og:locale\" content=\"pl_PL\" \/>\n<meta property=\"og:type\" content=\"article\" \/>\n<meta property=\"og:title\" content=\"Klub Historyczny im. gen. Stefana Roweckiego &#039;Grota&#039; - Antykomunistyczni.pl\" \/>\n<meta property=\"og:description\" content=\"Kluby Historyczne im. gen. Stefana Roweckiego \u201eGrota\u201d to inicjatywa edukacyjna i patriotyczna Instytutu Pami\u0119ci Narodowej\" \/>\n<meta property=\"og:url\" content=\"https:\/\/antykomunistyczni.pl\/index.php\/directory-antykomuna\/organizacje_antykomunistyczne\/klub-historyczny-im-gen-stefana-roweckiego-grota\/\" \/>\n<meta property=\"og:site_name\" content=\"Antykomunistyczni.pl\" \/>\n<meta property=\"article:publisher\" content=\"https:\/\/www.facebook.com\/antykomunistyczni\/\" \/>\n<meta property=\"article:modified_time\" content=\"2026-03-14T09:55:30+00:00\" \/>\n<meta property=\"og:image\" content=\"https:\/\/antykomunistyczni.pl\/wp-content\/uploads\/2026\/02\/AntykomunistyczniLogoSquare.png\" \/>\n\t<meta property=\"og:image:width\" content=\"1024\" \/>\n\t<meta property=\"og:image:height\" content=\"1024\" \/>\n\t<meta property=\"og:image:type\" content=\"image\/png\" \/>\n<meta name=\"twitter:card\" content=\"summary_large_image\" \/>\n<meta name=\"twitter:site\" content=\"@anty_komunisci\" \/>\n<meta name=\"twitter:label1\" content=\"Szacowany czas czytania\" \/>\n\t<meta name=\"twitter:data1\" content=\"1 minuta\" \/>\n<script type=\"application\/ld+json\" class=\"yoast-schema-graph\">{\"@context\":\"https:\\\/\\\/schema.org\",\"@graph\":[{\"@type\":\"WebPage\",\"@id\":\"https:\\\/\\\/antykomunistyczni.pl\\\/index.php\\\/directory-antykomuna\\\/organizacje_antykomunistyczne\\\/klub-historyczny-im-gen-stefana-roweckiego-grota\\\/\",\"url\":\"https:\\\/\\\/antykomunistyczni.pl\\\/index.php\\\/directory-antykomuna\\\/organizacje_antykomunistyczne\\\/klub-historyczny-im-gen-stefana-roweckiego-grota\\\/\",\"name\":\"Klub Historyczny im. gen. Stefana Roweckiego 'Grota' - Antykomunistyczni.pl\",\"isPartOf\":{\"@id\":\"https:\\\/\\\/antykomunistyczni.pl\\\/#website\"},\"datePublished\":\"2026-03-14T07:27:45+00:00\",\"dateModified\":\"2026-03-14T09:55:30+00:00\",\"description\":\"Kluby Historyczne im. gen. Stefana Roweckiego \u201eGrota\u201d to inicjatywa edukacyjna i patriotyczna Instytutu Pami\u0119ci Narodowej\",\"breadcrumb\":{\"@id\":\"https:\\\/\\\/antykomunistyczni.pl\\\/index.php\\\/directory-antykomuna\\\/organizacje_antykomunistyczne\\\/klub-historyczny-im-gen-stefana-roweckiego-grota\\\/#breadcrumb\"},\"inLanguage\":\"pl-PL\",\"potentialAction\":[{\"@type\":\"ReadAction\",\"target\":[\"https:\\\/\\\/antykomunistyczni.pl\\\/index.php\\\/directory-antykomuna\\\/organizacje_antykomunistyczne\\\/klub-historyczny-im-gen-stefana-roweckiego-grota\\\/\"]}]},{\"@type\":\"BreadcrumbList\",\"@id\":\"https:\\\/\\\/antykomunistyczni.pl\\\/index.php\\\/directory-antykomuna\\\/organizacje_antykomunistyczne\\\/klub-historyczny-im-gen-stefana-roweckiego-grota\\\/#breadcrumb\",\"itemListElement\":[{\"@type\":\"ListItem\",\"position\":1,\"name\":\"Strona g\u0142\u00f3wna\",\"item\":\"https:\\\/\\\/antykomunistyczni.pl\\\/\"},{\"@type\":\"ListItem\",\"position\":2,\"name\":\"Klub Historyczny im. gen. Stefana Roweckiego 'Grota&#8217;\"}]},{\"@type\":\"WebSite\",\"@id\":\"https:\\\/\\\/antykomunistyczni.pl\\\/#website\",\"url\":\"https:\\\/\\\/antykomunistyczni.pl\\\/\",\"name\":\"Antykomunistyczni.pl\",\"description\":\"\",\"publisher\":{\"@id\":\"https:\\\/\\\/antykomunistyczni.pl\\\/#organization\"},\"alternateName\":\"Historia PRL, zbrodnie komunistyczne w Polsce i na \u015bwiecie\",\"potentialAction\":[{\"@type\":\"SearchAction\",\"target\":{\"@type\":\"EntryPoint\",\"urlTemplate\":\"https:\\\/\\\/antykomunistyczni.pl\\\/?s={search_term_string}\"},\"query-input\":{\"@type\":\"PropertyValueSpecification\",\"valueRequired\":true,\"valueName\":\"search_term_string\"}}],\"inLanguage\":\"pl-PL\"},{\"@type\":\"Organization\",\"@id\":\"https:\\\/\\\/antykomunistyczni.pl\\\/#organization\",\"name\":\"Antykomunistyczni.pl\",\"url\":\"https:\\\/\\\/antykomunistyczni.pl\\\/\",\"logo\":{\"@type\":\"ImageObject\",\"inLanguage\":\"pl-PL\",\"@id\":\"https:\\\/\\\/antykomunistyczni.pl\\\/#\\\/schema\\\/logo\\\/image\\\/\",\"url\":\"https:\\\/\\\/antykomunistyczni.pl\\\/wp-content\\\/uploads\\\/2026\\\/02\\\/cropped-AntykomunistyczniLogoSquare150x150-2.png\",\"contentUrl\":\"https:\\\/\\\/antykomunistyczni.pl\\\/wp-content\\\/uploads\\\/2026\\\/02\\\/cropped-AntykomunistyczniLogoSquare150x150-2.png\",\"width\":150,\"height\":150,\"caption\":\"Antykomunistyczni.pl\"},\"image\":{\"@id\":\"https:\\\/\\\/antykomunistyczni.pl\\\/#\\\/schema\\\/logo\\\/image\\\/\"},\"sameAs\":[\"https:\\\/\\\/www.facebook.com\\\/antykomunistyczni\\\/\",\"https:\\\/\\\/x.com\\\/anty_komunisci\"]}]}<\/script>\n<!-- \/ Yoast SEO plugin. -->","yoast_head_json":{"title":"Klub Historyczny im. gen. Stefana Roweckiego 'Grota' - Antykomunistyczni.pl","description":"Kluby Historyczne im. gen. Stefana Roweckiego \u201eGrota\u201d to inicjatywa edukacyjna i patriotyczna Instytutu Pami\u0119ci Narodowej","robots":{"index":"index","follow":"follow","max-snippet":"max-snippet:-1","max-image-preview":"max-image-preview:large","max-video-preview":"max-video-preview:-1"},"canonical":"https:\/\/antykomunistyczni.pl\/index.php\/directory-antykomuna\/organizacje_antykomunistyczne\/klub-historyczny-im-gen-stefana-roweckiego-grota\/","og_locale":"pl_PL","og_type":"article","og_title":"Klub Historyczny im. gen. Stefana Roweckiego 'Grota' - Antykomunistyczni.pl","og_description":"Kluby Historyczne im. gen. Stefana Roweckiego \u201eGrota\u201d to inicjatywa edukacyjna i patriotyczna Instytutu Pami\u0119ci Narodowej","og_url":"https:\/\/antykomunistyczni.pl\/index.php\/directory-antykomuna\/organizacje_antykomunistyczne\/klub-historyczny-im-gen-stefana-roweckiego-grota\/","og_site_name":"Antykomunistyczni.pl","article_publisher":"https:\/\/www.facebook.com\/antykomunistyczni\/","article_modified_time":"2026-03-14T09:55:30+00:00","og_image":[{"width":1024,"height":1024,"url":"https:\/\/antykomunistyczni.pl\/wp-content\/uploads\/2026\/02\/AntykomunistyczniLogoSquare.png","type":"image\/png"}],"twitter_card":"summary_large_image","twitter_site":"@anty_komunisci","twitter_misc":{"Szacowany czas czytania":"1 minuta"},"schema":{"@context":"https:\/\/schema.org","@graph":[{"@type":"WebPage","@id":"https:\/\/antykomunistyczni.pl\/index.php\/directory-antykomuna\/organizacje_antykomunistyczne\/klub-historyczny-im-gen-stefana-roweckiego-grota\/","url":"https:\/\/antykomunistyczni.pl\/index.php\/directory-antykomuna\/organizacje_antykomunistyczne\/klub-historyczny-im-gen-stefana-roweckiego-grota\/","name":"Klub Historyczny im. gen. Stefana Roweckiego 'Grota' - Antykomunistyczni.pl","isPartOf":{"@id":"https:\/\/antykomunistyczni.pl\/#website"},"datePublished":"2026-03-14T07:27:45+00:00","dateModified":"2026-03-14T09:55:30+00:00","description":"Kluby Historyczne im. gen. Stefana Roweckiego \u201eGrota\u201d to inicjatywa edukacyjna i patriotyczna Instytutu Pami\u0119ci Narodowej","breadcrumb":{"@id":"https:\/\/antykomunistyczni.pl\/index.php\/directory-antykomuna\/organizacje_antykomunistyczne\/klub-historyczny-im-gen-stefana-roweckiego-grota\/#breadcrumb"},"inLanguage":"pl-PL","potentialAction":[{"@type":"ReadAction","target":["https:\/\/antykomunistyczni.pl\/index.php\/directory-antykomuna\/organizacje_antykomunistyczne\/klub-historyczny-im-gen-stefana-roweckiego-grota\/"]}]},{"@type":"BreadcrumbList","@id":"https:\/\/antykomunistyczni.pl\/index.php\/directory-antykomuna\/organizacje_antykomunistyczne\/klub-historyczny-im-gen-stefana-roweckiego-grota\/#breadcrumb","itemListElement":[{"@type":"ListItem","position":1,"name":"Strona g\u0142\u00f3wna","item":"https:\/\/antykomunistyczni.pl\/"},{"@type":"ListItem","position":2,"name":"Klub Historyczny im. gen. Stefana Roweckiego 'Grota&#8217;"}]},{"@type":"WebSite","@id":"https:\/\/antykomunistyczni.pl\/#website","url":"https:\/\/antykomunistyczni.pl\/","name":"Antykomunistyczni.pl","description":"","publisher":{"@id":"https:\/\/antykomunistyczni.pl\/#organization"},"alternateName":"Historia PRL, zbrodnie komunistyczne w Polsce i na \u015bwiecie","potentialAction":[{"@type":"SearchAction","target":{"@type":"EntryPoint","urlTemplate":"https:\/\/antykomunistyczni.pl\/?s={search_term_string}"},"query-input":{"@type":"PropertyValueSpecification","valueRequired":true,"valueName":"search_term_string"}}],"inLanguage":"pl-PL"},{"@type":"Organization","@id":"https:\/\/antykomunistyczni.pl\/#organization","name":"Antykomunistyczni.pl","url":"https:\/\/antykomunistyczni.pl\/","logo":{"@type":"ImageObject","inLanguage":"pl-PL","@id":"https:\/\/antykomunistyczni.pl\/#\/schema\/logo\/image\/","url":"https:\/\/antykomunistyczni.pl\/wp-content\/uploads\/2026\/02\/cropped-AntykomunistyczniLogoSquare150x150-2.png","contentUrl":"https:\/\/antykomunistyczni.pl\/wp-content\/uploads\/2026\/02\/cropped-AntykomunistyczniLogoSquare150x150-2.png","width":150,"height":150,"caption":"Antykomunistyczni.pl"},"image":{"@id":"https:\/\/antykomunistyczni.pl\/#\/schema\/logo\/image\/"},"sameAs":["https:\/\/www.facebook.com\/antykomunistyczni\/","https:\/\/x.com\/anty_komunisci"]}]}},"drts_fields":{"field_phone":[],"field_email":[],"field_website":["https:\/\/edukacja.ipn.gov.pl\/edu\/oben\/lodz\/konkursy-i-projekty\/kluby-historyczne-im-gen-stefa"],"field_date_established":[],"location_address":[{"address":"Green Caff\u00e8 Nero, 1, Plac Defilad, \u017belazna Brama, \u015ar\u00f3dmie\u015bcie P\u00f3\u0142nocne, \u015ar\u00f3dmie\u015bcie, Warszawa, wojew\u00f3dztwo mazowieckie, 00-017, Polska","street":"","street2":"","city":"Warszawa","province":"wojew\u00f3dztwo mazowieckie","zip":"","country":"Polska","timezone":"","zoom":10,"lat":52.231957999999999,"lng":21.006724999999999,"term_id":0,"display_address":"Warszawa, Polska"}],"field_skrot_nazwy_popularna_nazwa2":[],"field_status_organizacji2":["U\u015bpiona"],"field_data_rozwiazania_delegalizacji2":[],"field_powod_delegalizacji2":[false],"field_szacunkowa_liczba_czlonkow2":[],"field_powiazania_miedzynarodowe2":false,"field_kluczowe_wydarzenia2":["2002 \u2013 powstanie pierwszego klubu w Warszawie (inicjatywa IPN i \u015aZ\u017bAK).\r\n\r\n2004\u20132010 \u2013 dynamiczny rozw\u00f3j sieci klub\u00f3w w ca\u0142ej Polsce (\u0141\u00f3d\u017a, Gda\u0144sk, Krak\u00f3w, Bydgoszcz, Zgierz, Zdu\u0144ska Wola i dziesi\u0105tki innych).\r\n\r\nLata 2010\u20132020 \u2013 setki cyklicznych spotka\u0144 (np. w Gda\u0144sku kilkadziesi\u0105t do 2020 r.; wsp\u00f3\u0142praca z UG i stowarzyszeniami AK).\r\n\r\n2020\u20132025 \u2013 kontynuacja mimo pandemii (spotkania online\/offline, wyk\u0142ady o konspiracji m\u0142odzie\u017cowej PRL, \u017bo\u0142nierzach Wykl\u0119tych, opozycji).\r\n\r\n2025\u20132026 \u2013 regularne spotkania (np. Krak\u00f3w: grudzie\u0144 2025 \u2013 wyk\u0142ad dr. Adama Sitarka o opozycji w \u0141odzi; Bydgoszcz: spotkania z badaczami 1937\u20131990; Zgierz: cykliczne wyk\u0142ady w muzeum i szko\u0142ach)"],"field_liderzy_organizacji2":["Maria Dmochowska (por. AK) \u2013 jedna z g\u0142\u00f3wnych inicjatorek sieci klub\u00f3w w IPN (lata 2000.),\r\n\r\nlokalni koordynatorzy: w Bydgoszczy \u2013 opiekunowie z FB; w Krakowie \u2013 pracownicy Oddzia\u0142u IPN w Krakowie; w \u0141odzi \u2013 Oddzia\u0142 IPN \u0141\u00f3d\u017a."],"field_powiazania_miedzynarodowe_opis1":[false]},"_links":{"self":[{"href":"https:\/\/antykomunistyczni.pl\/index.php\/wp-json\/wp\/v2\/antykomuna_dir_ltg\/1372","targetHints":{"allow":["GET"]}}],"collection":[{"href":"https:\/\/antykomunistyczni.pl\/index.php\/wp-json\/wp\/v2\/antykomuna_dir_ltg"}],"about":[{"href":"https:\/\/antykomunistyczni.pl\/index.php\/wp-json\/wp\/v2\/types\/antykomuna_dir_ltg"}],"replies":[{"embeddable":true,"href":"https:\/\/antykomunistyczni.pl\/index.php\/wp-json\/wp\/v2\/comments?post=1372"}],"wp:attachment":[{"href":"https:\/\/antykomunistyczni.pl\/index.php\/wp-json\/wp\/v2\/media?parent=1372"}],"wp:term":[{"taxonomy":"antykomuna_dir_tag","embeddable":true,"href":"https:\/\/antykomunistyczni.pl\/index.php\/wp-json\/wp\/v2\/antykomuna_dir_tag?post=1372"},{"taxonomy":"antykomuna_loc_loc","embeddable":true,"href":"https:\/\/antykomunistyczni.pl\/index.php\/wp-json\/wp\/v2\/antykomuna_loc_loc?post=1372"}],"curies":[{"name":"wp","href":"https:\/\/api.w.org\/{rel}","templated":true}]}}