{"id":1395,"date":"2026-03-14T10:16:42","date_gmt":"2026-03-14T09:16:42","guid":{"rendered":"https:\/\/antykomunistyczni.pl\/index.php\/directory-antykomuna\/organizacje_antykomunistyczne\/stowarzyszenie-podbeskidzie-wspolna-pamiec\/"},"modified":"2026-03-16T19:03:58","modified_gmt":"2026-03-16T18:03:58","slug":"stowarzyszenie-podbeskidzie-wspolna-pamiec","status":"publish","type":"antykomuna_dir_ltg","link":"https:\/\/antykomunistyczni.pl\/index.php\/directory-antykomuna\/organizacje_antykomunistyczne\/stowarzyszenie-podbeskidzie-wspolna-pamiec\/","title":{"rendered":"Stowarzyszenie \u201ePodbeskidzie Wsp\u00f3lna Pami\u0119\u0107\u201d"},"author":0,"comment_status":"closed","ping_status":"closed","template":"","antykomuna_dir_tag":[],"antykomuna_loc_loc":[],"class_list":["post-1395","antykomuna_dir_ltg","type-antykomuna_dir_ltg","status-publish","hentry"],"yoast_head":"<!-- This site is optimized with the Yoast SEO plugin v28.4 - https:\/\/yoast.com\/product\/yoast-seo-wordpress\/ -->\n<title>Stowarzyszenie \u201ePodbeskidzie Wsp\u00f3lna Pami\u0119\u0107\u201d - Antykomunistyczni.pl<\/title>\n<meta name=\"robots\" content=\"index, follow, max-snippet:-1, max-image-preview:large, max-video-preview:-1\" \/>\n<link rel=\"canonical\" href=\"https:\/\/antykomunistyczni.pl\/index.php\/directory-antykomuna\/organizacje_antykomunistyczne\/stowarzyszenie-podbeskidzie-wspolna-pamiec\/\" \/>\n<meta property=\"og:locale\" content=\"pl_PL\" \/>\n<meta property=\"og:type\" content=\"article\" \/>\n<meta property=\"og:title\" content=\"Stowarzyszenie \u201ePodbeskidzie Wsp\u00f3lna Pami\u0119\u0107\u201d - Antykomunistyczni.pl\" \/>\n<meta property=\"og:description\" content=\"Stowarzyszenie \u201ePodbeskidzie Wsp\u00f3lna Pami\u0119\u0107\u201d to wa\u017cna, lokalna inicjatywa upami\u0119tniaj\u0105ca op\u00f3r wobec komunizmu na Podbeskidziu \u2013 organizacja \u0142\u0105cz\u0105ca pokolenia, edukuj\u0105ca m\u0142odzie\u017c i wspieraj\u0105ca weteran\u00f3w walki o woln\u0105 Polsk\u0119. Zrzesza osoby represjonowane z powod\u00f3w politycznych w PRL (1956\u20131989) oraz dzia\u0142aczy opozycji antykomunistycznej z regionu Podbeskidzia (Bielsko-Bia\u0142a, Cieszyn, \u017bywiec, Skocz\u00f3w itp.). G\u0142\u00f3wne cele statutowe i dzia\u0142alno\u015b\u0107:\" \/>\n<meta property=\"og:url\" content=\"https:\/\/antykomunistyczni.pl\/index.php\/directory-antykomuna\/organizacje_antykomunistyczne\/stowarzyszenie-podbeskidzie-wspolna-pamiec\/\" \/>\n<meta property=\"og:site_name\" content=\"Antykomunistyczni.pl\" \/>\n<meta property=\"article:publisher\" content=\"https:\/\/www.facebook.com\/antykomunistyczni\/\" \/>\n<meta property=\"article:modified_time\" content=\"2026-03-16T18:03:58+00:00\" \/>\n<meta property=\"og:image\" content=\"https:\/\/antykomunistyczni.pl\/wp-content\/uploads\/2026\/02\/AntykomunistyczniLogoSquare.png\" \/>\n\t<meta property=\"og:image:width\" content=\"1024\" \/>\n\t<meta property=\"og:image:height\" content=\"1024\" \/>\n\t<meta property=\"og:image:type\" content=\"image\/png\" \/>\n<meta name=\"twitter:card\" content=\"summary_large_image\" \/>\n<meta name=\"twitter:site\" content=\"@anty_komunisci\" \/>\n<meta name=\"twitter:label1\" content=\"Szacowany czas czytania\" \/>\n\t<meta name=\"twitter:data1\" content=\"1 minuta\" \/>\n<script type=\"application\/ld+json\" class=\"yoast-schema-graph\">{\"@context\":\"https:\\\/\\\/schema.org\",\"@graph\":[{\"@type\":\"WebPage\",\"@id\":\"https:\\\/\\\/antykomunistyczni.pl\\\/index.php\\\/directory-antykomuna\\\/organizacje_antykomunistyczne\\\/stowarzyszenie-podbeskidzie-wspolna-pamiec\\\/\",\"url\":\"https:\\\/\\\/antykomunistyczni.pl\\\/index.php\\\/directory-antykomuna\\\/organizacje_antykomunistyczne\\\/stowarzyszenie-podbeskidzie-wspolna-pamiec\\\/\",\"name\":\"Stowarzyszenie \u201ePodbeskidzie Wsp\u00f3lna Pami\u0119\u0107\u201d - Antykomunistyczni.pl\",\"isPartOf\":{\"@id\":\"https:\\\/\\\/antykomunistyczni.pl\\\/#website\"},\"datePublished\":\"2026-03-14T09:16:42+00:00\",\"dateModified\":\"2026-03-16T18:03:58+00:00\",\"breadcrumb\":{\"@id\":\"https:\\\/\\\/antykomunistyczni.pl\\\/index.php\\\/directory-antykomuna\\\/organizacje_antykomunistyczne\\\/stowarzyszenie-podbeskidzie-wspolna-pamiec\\\/#breadcrumb\"},\"inLanguage\":\"pl-PL\",\"potentialAction\":[{\"@type\":\"ReadAction\",\"target\":[\"https:\\\/\\\/antykomunistyczni.pl\\\/index.php\\\/directory-antykomuna\\\/organizacje_antykomunistyczne\\\/stowarzyszenie-podbeskidzie-wspolna-pamiec\\\/\"]}]},{\"@type\":\"BreadcrumbList\",\"@id\":\"https:\\\/\\\/antykomunistyczni.pl\\\/index.php\\\/directory-antykomuna\\\/organizacje_antykomunistyczne\\\/stowarzyszenie-podbeskidzie-wspolna-pamiec\\\/#breadcrumb\",\"itemListElement\":[{\"@type\":\"ListItem\",\"position\":1,\"name\":\"Strona g\u0142\u00f3wna\",\"item\":\"https:\\\/\\\/antykomunistyczni.pl\\\/\"},{\"@type\":\"ListItem\",\"position\":2,\"name\":\"Stowarzyszenie \u201ePodbeskidzie Wsp\u00f3lna Pami\u0119\u0107\u201d\"}]},{\"@type\":\"WebSite\",\"@id\":\"https:\\\/\\\/antykomunistyczni.pl\\\/#website\",\"url\":\"https:\\\/\\\/antykomunistyczni.pl\\\/\",\"name\":\"Antykomunistyczni.pl\",\"description\":\"\",\"publisher\":{\"@id\":\"https:\\\/\\\/antykomunistyczni.pl\\\/#organization\"},\"alternateName\":\"Historia PRL, zbrodnie komunistyczne w Polsce i na \u015bwiecie\",\"potentialAction\":[{\"@type\":\"SearchAction\",\"target\":{\"@type\":\"EntryPoint\",\"urlTemplate\":\"https:\\\/\\\/antykomunistyczni.pl\\\/?s={search_term_string}\"},\"query-input\":{\"@type\":\"PropertyValueSpecification\",\"valueRequired\":true,\"valueName\":\"search_term_string\"}}],\"inLanguage\":\"pl-PL\"},{\"@type\":\"Organization\",\"@id\":\"https:\\\/\\\/antykomunistyczni.pl\\\/#organization\",\"name\":\"Antykomunistyczni.pl\",\"url\":\"https:\\\/\\\/antykomunistyczni.pl\\\/\",\"logo\":{\"@type\":\"ImageObject\",\"inLanguage\":\"pl-PL\",\"@id\":\"https:\\\/\\\/antykomunistyczni.pl\\\/#\\\/schema\\\/logo\\\/image\\\/\",\"url\":\"https:\\\/\\\/antykomunistyczni.pl\\\/wp-content\\\/uploads\\\/2026\\\/02\\\/cropped-AntykomunistyczniLogoSquare150x150-2.png\",\"contentUrl\":\"https:\\\/\\\/antykomunistyczni.pl\\\/wp-content\\\/uploads\\\/2026\\\/02\\\/cropped-AntykomunistyczniLogoSquare150x150-2.png\",\"width\":150,\"height\":150,\"caption\":\"Antykomunistyczni.pl\"},\"image\":{\"@id\":\"https:\\\/\\\/antykomunistyczni.pl\\\/#\\\/schema\\\/logo\\\/image\\\/\"},\"sameAs\":[\"https:\\\/\\\/www.facebook.com\\\/antykomunistyczni\\\/\",\"https:\\\/\\\/x.com\\\/anty_komunisci\"]}]}<\/script>\n<!-- \/ Yoast SEO plugin. -->","yoast_head_json":{"title":"Stowarzyszenie \u201ePodbeskidzie Wsp\u00f3lna Pami\u0119\u0107\u201d - Antykomunistyczni.pl","robots":{"index":"index","follow":"follow","max-snippet":"max-snippet:-1","max-image-preview":"max-image-preview:large","max-video-preview":"max-video-preview:-1"},"canonical":"https:\/\/antykomunistyczni.pl\/index.php\/directory-antykomuna\/organizacje_antykomunistyczne\/stowarzyszenie-podbeskidzie-wspolna-pamiec\/","og_locale":"pl_PL","og_type":"article","og_title":"Stowarzyszenie \u201ePodbeskidzie Wsp\u00f3lna Pami\u0119\u0107\u201d - Antykomunistyczni.pl","og_description":"Stowarzyszenie \u201ePodbeskidzie Wsp\u00f3lna Pami\u0119\u0107\u201d to wa\u017cna, lokalna inicjatywa upami\u0119tniaj\u0105ca op\u00f3r wobec komunizmu na Podbeskidziu \u2013 organizacja \u0142\u0105cz\u0105ca pokolenia, edukuj\u0105ca m\u0142odzie\u017c i wspieraj\u0105ca weteran\u00f3w walki o woln\u0105 Polsk\u0119. Zrzesza osoby represjonowane z powod\u00f3w politycznych w PRL (1956\u20131989) oraz dzia\u0142aczy opozycji antykomunistycznej z regionu Podbeskidzia (Bielsko-Bia\u0142a, Cieszyn, \u017bywiec, Skocz\u00f3w itp.). G\u0142\u00f3wne cele statutowe i dzia\u0142alno\u015b\u0107:","og_url":"https:\/\/antykomunistyczni.pl\/index.php\/directory-antykomuna\/organizacje_antykomunistyczne\/stowarzyszenie-podbeskidzie-wspolna-pamiec\/","og_site_name":"Antykomunistyczni.pl","article_publisher":"https:\/\/www.facebook.com\/antykomunistyczni\/","article_modified_time":"2026-03-16T18:03:58+00:00","og_image":[{"width":1024,"height":1024,"url":"https:\/\/antykomunistyczni.pl\/wp-content\/uploads\/2026\/02\/AntykomunistyczniLogoSquare.png","type":"image\/png"}],"twitter_card":"summary_large_image","twitter_site":"@anty_komunisci","twitter_misc":{"Szacowany czas czytania":"1 minuta"},"schema":{"@context":"https:\/\/schema.org","@graph":[{"@type":"WebPage","@id":"https:\/\/antykomunistyczni.pl\/index.php\/directory-antykomuna\/organizacje_antykomunistyczne\/stowarzyszenie-podbeskidzie-wspolna-pamiec\/","url":"https:\/\/antykomunistyczni.pl\/index.php\/directory-antykomuna\/organizacje_antykomunistyczne\/stowarzyszenie-podbeskidzie-wspolna-pamiec\/","name":"Stowarzyszenie \u201ePodbeskidzie Wsp\u00f3lna Pami\u0119\u0107\u201d - Antykomunistyczni.pl","isPartOf":{"@id":"https:\/\/antykomunistyczni.pl\/#website"},"datePublished":"2026-03-14T09:16:42+00:00","dateModified":"2026-03-16T18:03:58+00:00","breadcrumb":{"@id":"https:\/\/antykomunistyczni.pl\/index.php\/directory-antykomuna\/organizacje_antykomunistyczne\/stowarzyszenie-podbeskidzie-wspolna-pamiec\/#breadcrumb"},"inLanguage":"pl-PL","potentialAction":[{"@type":"ReadAction","target":["https:\/\/antykomunistyczni.pl\/index.php\/directory-antykomuna\/organizacje_antykomunistyczne\/stowarzyszenie-podbeskidzie-wspolna-pamiec\/"]}]},{"@type":"BreadcrumbList","@id":"https:\/\/antykomunistyczni.pl\/index.php\/directory-antykomuna\/organizacje_antykomunistyczne\/stowarzyszenie-podbeskidzie-wspolna-pamiec\/#breadcrumb","itemListElement":[{"@type":"ListItem","position":1,"name":"Strona g\u0142\u00f3wna","item":"https:\/\/antykomunistyczni.pl\/"},{"@type":"ListItem","position":2,"name":"Stowarzyszenie \u201ePodbeskidzie Wsp\u00f3lna Pami\u0119\u0107\u201d"}]},{"@type":"WebSite","@id":"https:\/\/antykomunistyczni.pl\/#website","url":"https:\/\/antykomunistyczni.pl\/","name":"Antykomunistyczni.pl","description":"","publisher":{"@id":"https:\/\/antykomunistyczni.pl\/#organization"},"alternateName":"Historia PRL, zbrodnie komunistyczne w Polsce i na \u015bwiecie","potentialAction":[{"@type":"SearchAction","target":{"@type":"EntryPoint","urlTemplate":"https:\/\/antykomunistyczni.pl\/?s={search_term_string}"},"query-input":{"@type":"PropertyValueSpecification","valueRequired":true,"valueName":"search_term_string"}}],"inLanguage":"pl-PL"},{"@type":"Organization","@id":"https:\/\/antykomunistyczni.pl\/#organization","name":"Antykomunistyczni.pl","url":"https:\/\/antykomunistyczni.pl\/","logo":{"@type":"ImageObject","inLanguage":"pl-PL","@id":"https:\/\/antykomunistyczni.pl\/#\/schema\/logo\/image\/","url":"https:\/\/antykomunistyczni.pl\/wp-content\/uploads\/2026\/02\/cropped-AntykomunistyczniLogoSquare150x150-2.png","contentUrl":"https:\/\/antykomunistyczni.pl\/wp-content\/uploads\/2026\/02\/cropped-AntykomunistyczniLogoSquare150x150-2.png","width":150,"height":150,"caption":"Antykomunistyczni.pl"},"image":{"@id":"https:\/\/antykomunistyczni.pl\/#\/schema\/logo\/image\/"},"sameAs":["https:\/\/www.facebook.com\/antykomunistyczni\/","https:\/\/x.com\/anty_komunisci"]}]}},"drts_fields":{"field_phone":["502 273 376"],"field_email":["kontakt@podbeskidziewp.pl"],"field_website":["https:\/\/podbeskidziewp.pl\/"],"field_date_established":[],"location_address":[{"address":"19, Adama Asnyka, Osiedle Mieszka I, G\u00f3rne Przedmie\u015bcie, Bielsko-Bia\u0142a, wojew\u00f3dztwo \u015bl\u0105skie, 43-300, Polska","street":"Asnyka 19","street2":"","city":"Bielsko-Bia\u0142a","province":"wojew\u00f3dztwo \u015bl\u0105skie","zip":"43-300","country":"","timezone":"","zoom":10,"lat":49.826908000000003,"lng":19.032111,"term_id":0,"display_address":"Asnyka 19, 43-300, Bielsko-Bia\u0142a"}],"field_skrot_nazwy_popularna_nazwa2":[],"field_status_organizacji2":["Aktywna"],"field_data_rozwiazania_delegalizacji2":[],"field_powod_delegalizacji2":[false],"field_szacunkowa_liczba_czlonkow2":["Kilkaset"],"field_powiazania_miedzynarodowe2":false,"field_kluczowe_wydarzenia2":["2016 \u2013 rejestracja i wyb\u00f3r zarz\u0105du (Bogdan Szozda \u2013 prezes od pocz\u0105tku).\r\n\r\n2017\u20132023 \u2013 coroczne edycje gry miejskiej \u201eNa tropach Solidarno\u015bci\u201d (V, VI, VII edycja \u2013 \u015bladami podziemnej \u201eSolidarno\u015bci\u201d w Bielsku-Bia\u0142ej).\r\n\r\n2023 \u2013 fina\u0142 XII Podbeskidzkiego Konkursu Historycznego \u201eSolidarni Bielsko-Bia\u0142a\u201d (wsp\u00f3\u0142praca z IPN Katowice).\r\n\r\n2024 \u2013 upami\u0119tnienie zwyci\u0119skiego strajku bielskiego sprzed 43 lat (wsp\u00f3lne obchody z NSZZ \u201eSolidarno\u015b\u0107\u201d).\r\n\r\n2025\u20132026 \u2013 kontynuacja gier miejskich, konkurs\u00f3w, spotka\u0144 opozycjonist\u00f3w; publikacja \u015bwiadectw historii na stronie; wnioski o pomoc kombatanck\u0105."],"field_liderzy_organizacji2":["Bogdan Szozda \u2013 Prezes Zarz\u0105du od 28 wrze\u015bnia 2016 r. (tel. 502 273 376); dzia\u0142acz opozycji antykomunistycznej, odznaczony Krzy\u017cem Wolno\u015bci i Solidarno\u015bci (2017).\r\n\r\nAndrzej Jacek Solecki \u2013 Sekretarz Zarz\u0105du (od 2016).\r\n\r\nW\u0142adys\u0142awa Bobowska \u2013 Skarbnik Zarz\u0105du."],"field_powiazania_miedzynarodowe_opis1":[false]},"_links":{"self":[{"href":"https:\/\/antykomunistyczni.pl\/index.php\/wp-json\/wp\/v2\/antykomuna_dir_ltg\/1395","targetHints":{"allow":["GET"]}}],"collection":[{"href":"https:\/\/antykomunistyczni.pl\/index.php\/wp-json\/wp\/v2\/antykomuna_dir_ltg"}],"about":[{"href":"https:\/\/antykomunistyczni.pl\/index.php\/wp-json\/wp\/v2\/types\/antykomuna_dir_ltg"}],"replies":[{"embeddable":true,"href":"https:\/\/antykomunistyczni.pl\/index.php\/wp-json\/wp\/v2\/comments?post=1395"}],"wp:attachment":[{"href":"https:\/\/antykomunistyczni.pl\/index.php\/wp-json\/wp\/v2\/media?parent=1395"}],"wp:term":[{"taxonomy":"antykomuna_dir_tag","embeddable":true,"href":"https:\/\/antykomunistyczni.pl\/index.php\/wp-json\/wp\/v2\/antykomuna_dir_tag?post=1395"},{"taxonomy":"antykomuna_loc_loc","embeddable":true,"href":"https:\/\/antykomunistyczni.pl\/index.php\/wp-json\/wp\/v2\/antykomuna_loc_loc?post=1395"}],"curies":[{"name":"wp","href":"https:\/\/api.w.org\/{rel}","templated":true}]}}