{"id":1396,"date":"2026-03-14T10:16:42","date_gmt":"2026-03-14T09:16:42","guid":{"rendered":"https:\/\/antykomunistyczni.pl\/index.php\/directory-antykomuna\/organizacje_antykomunistyczne\/stowarzyszenie-ruch-mlodziezy-niezaleznej\/"},"modified":"2026-03-16T19:14:25","modified_gmt":"2026-03-16T18:14:25","slug":"stowarzyszenie-ruch-mlodziezy-niezaleznej","status":"publish","type":"antykomuna_dir_ltg","link":"https:\/\/antykomunistyczni.pl\/index.php\/directory-antykomuna\/organizacje_antykomunistyczne\/stowarzyszenie-ruch-mlodziezy-niezaleznej\/","title":{"rendered":"Stowarzyszenie \u201eRuch M\u0142odzie\u017cy Niezale\u017cnej\u201d"},"author":0,"comment_status":"closed","ping_status":"closed","template":"","antykomuna_dir_tag":[],"antykomuna_loc_loc":[],"class_list":["post-1396","antykomuna_dir_ltg","type-antykomuna_dir_ltg","status-publish","hentry"],"yoast_head":"<!-- This site is optimized with the Yoast SEO plugin v28.4 - https:\/\/yoast.com\/product\/yoast-seo-wordpress\/ -->\n<title>Stowarzyszenie \u201eRuch M\u0142odzie\u017cy Niezale\u017cnej\u201d - Antykomunistyczni.pl<\/title>\n<meta name=\"robots\" content=\"index, follow, max-snippet:-1, max-image-preview:large, max-video-preview:-1\" \/>\n<link rel=\"canonical\" href=\"https:\/\/antykomunistyczni.pl\/index.php\/directory-antykomuna\/organizacje_antykomunistyczne\/stowarzyszenie-ruch-mlodziezy-niezaleznej\/\" \/>\n<meta property=\"og:locale\" content=\"pl_PL\" \/>\n<meta property=\"og:type\" content=\"article\" \/>\n<meta property=\"og:title\" content=\"Stowarzyszenie \u201eRuch M\u0142odzie\u017cy Niezale\u017cnej\u201d - Antykomunistyczni.pl\" \/>\n<meta property=\"og:description\" content=\"Stowarzyszenie \u201eRuch M\u0142odzie\u017cy Niezale\u017cnej\u201d zrzesza osoby zwi\u0105zane z podziemn\u0105, antykomunistyczn\u0105 organizacj\u0105 m\u0142odzie\u017cow\u0105 RMN z lat 80. (kontynuacja M\u0142odzie\u017cowego Ruchu Oporu rozbitego w 1982 r.). G\u0142\u00f3wne cele statutowe i dzia\u0142alno\u015b\u0107: Organizacja wpisana jest na list\u0119 stowarzysze\u0144 dzia\u0142aczy opozycji i os\u00f3b represjonowanych 1956\u20131989 prowadzon\u0105 przez Urz\u0105d do Spraw Kombatant\u00f3w i Os\u00f3b Represjonowanych. &nbsp;\" \/>\n<meta property=\"og:url\" content=\"https:\/\/antykomunistyczni.pl\/index.php\/directory-antykomuna\/organizacje_antykomunistyczne\/stowarzyszenie-ruch-mlodziezy-niezaleznej\/\" \/>\n<meta property=\"og:site_name\" content=\"Antykomunistyczni.pl\" \/>\n<meta property=\"article:publisher\" content=\"https:\/\/www.facebook.com\/antykomunistyczni\/\" \/>\n<meta property=\"article:modified_time\" content=\"2026-03-16T18:14:25+00:00\" \/>\n<meta property=\"og:image\" content=\"https:\/\/antykomunistyczni.pl\/wp-content\/uploads\/2026\/02\/AntykomunistyczniLogoSquare.png\" \/>\n\t<meta property=\"og:image:width\" content=\"1024\" \/>\n\t<meta property=\"og:image:height\" content=\"1024\" \/>\n\t<meta property=\"og:image:type\" content=\"image\/png\" \/>\n<meta name=\"twitter:card\" content=\"summary_large_image\" \/>\n<meta name=\"twitter:site\" content=\"@anty_komunisci\" \/>\n<meta name=\"twitter:label1\" content=\"Szacowany czas czytania\" \/>\n\t<meta name=\"twitter:data1\" content=\"1 minuta\" \/>\n<script type=\"application\/ld+json\" class=\"yoast-schema-graph\">{\"@context\":\"https:\\\/\\\/schema.org\",\"@graph\":[{\"@type\":\"WebPage\",\"@id\":\"https:\\\/\\\/antykomunistyczni.pl\\\/index.php\\\/directory-antykomuna\\\/organizacje_antykomunistyczne\\\/stowarzyszenie-ruch-mlodziezy-niezaleznej\\\/\",\"url\":\"https:\\\/\\\/antykomunistyczni.pl\\\/index.php\\\/directory-antykomuna\\\/organizacje_antykomunistyczne\\\/stowarzyszenie-ruch-mlodziezy-niezaleznej\\\/\",\"name\":\"Stowarzyszenie \u201eRuch M\u0142odzie\u017cy Niezale\u017cnej\u201d - Antykomunistyczni.pl\",\"isPartOf\":{\"@id\":\"https:\\\/\\\/antykomunistyczni.pl\\\/#website\"},\"datePublished\":\"2026-03-14T09:16:42+00:00\",\"dateModified\":\"2026-03-16T18:14:25+00:00\",\"breadcrumb\":{\"@id\":\"https:\\\/\\\/antykomunistyczni.pl\\\/index.php\\\/directory-antykomuna\\\/organizacje_antykomunistyczne\\\/stowarzyszenie-ruch-mlodziezy-niezaleznej\\\/#breadcrumb\"},\"inLanguage\":\"pl-PL\",\"potentialAction\":[{\"@type\":\"ReadAction\",\"target\":[\"https:\\\/\\\/antykomunistyczni.pl\\\/index.php\\\/directory-antykomuna\\\/organizacje_antykomunistyczne\\\/stowarzyszenie-ruch-mlodziezy-niezaleznej\\\/\"]}]},{\"@type\":\"BreadcrumbList\",\"@id\":\"https:\\\/\\\/antykomunistyczni.pl\\\/index.php\\\/directory-antykomuna\\\/organizacje_antykomunistyczne\\\/stowarzyszenie-ruch-mlodziezy-niezaleznej\\\/#breadcrumb\",\"itemListElement\":[{\"@type\":\"ListItem\",\"position\":1,\"name\":\"Strona g\u0142\u00f3wna\",\"item\":\"https:\\\/\\\/antykomunistyczni.pl\\\/\"},{\"@type\":\"ListItem\",\"position\":2,\"name\":\"Stowarzyszenie \u201eRuch M\u0142odzie\u017cy Niezale\u017cnej\u201d\"}]},{\"@type\":\"WebSite\",\"@id\":\"https:\\\/\\\/antykomunistyczni.pl\\\/#website\",\"url\":\"https:\\\/\\\/antykomunistyczni.pl\\\/\",\"name\":\"Antykomunistyczni.pl\",\"description\":\"\",\"publisher\":{\"@id\":\"https:\\\/\\\/antykomunistyczni.pl\\\/#organization\"},\"alternateName\":\"Historia PRL, zbrodnie komunistyczne w Polsce i na \u015bwiecie\",\"potentialAction\":[{\"@type\":\"SearchAction\",\"target\":{\"@type\":\"EntryPoint\",\"urlTemplate\":\"https:\\\/\\\/antykomunistyczni.pl\\\/?s={search_term_string}\"},\"query-input\":{\"@type\":\"PropertyValueSpecification\",\"valueRequired\":true,\"valueName\":\"search_term_string\"}}],\"inLanguage\":\"pl-PL\"},{\"@type\":\"Organization\",\"@id\":\"https:\\\/\\\/antykomunistyczni.pl\\\/#organization\",\"name\":\"Antykomunistyczni.pl\",\"url\":\"https:\\\/\\\/antykomunistyczni.pl\\\/\",\"logo\":{\"@type\":\"ImageObject\",\"inLanguage\":\"pl-PL\",\"@id\":\"https:\\\/\\\/antykomunistyczni.pl\\\/#\\\/schema\\\/logo\\\/image\\\/\",\"url\":\"https:\\\/\\\/antykomunistyczni.pl\\\/wp-content\\\/uploads\\\/2026\\\/02\\\/cropped-AntykomunistyczniLogoSquare150x150-2.png\",\"contentUrl\":\"https:\\\/\\\/antykomunistyczni.pl\\\/wp-content\\\/uploads\\\/2026\\\/02\\\/cropped-AntykomunistyczniLogoSquare150x150-2.png\",\"width\":150,\"height\":150,\"caption\":\"Antykomunistyczni.pl\"},\"image\":{\"@id\":\"https:\\\/\\\/antykomunistyczni.pl\\\/#\\\/schema\\\/logo\\\/image\\\/\"},\"sameAs\":[\"https:\\\/\\\/www.facebook.com\\\/antykomunistyczni\\\/\",\"https:\\\/\\\/x.com\\\/anty_komunisci\"]}]}<\/script>\n<!-- \/ Yoast SEO plugin. -->","yoast_head_json":{"title":"Stowarzyszenie \u201eRuch M\u0142odzie\u017cy Niezale\u017cnej\u201d - Antykomunistyczni.pl","robots":{"index":"index","follow":"follow","max-snippet":"max-snippet:-1","max-image-preview":"max-image-preview:large","max-video-preview":"max-video-preview:-1"},"canonical":"https:\/\/antykomunistyczni.pl\/index.php\/directory-antykomuna\/organizacje_antykomunistyczne\/stowarzyszenie-ruch-mlodziezy-niezaleznej\/","og_locale":"pl_PL","og_type":"article","og_title":"Stowarzyszenie \u201eRuch M\u0142odzie\u017cy Niezale\u017cnej\u201d - Antykomunistyczni.pl","og_description":"Stowarzyszenie \u201eRuch M\u0142odzie\u017cy Niezale\u017cnej\u201d zrzesza osoby zwi\u0105zane z podziemn\u0105, antykomunistyczn\u0105 organizacj\u0105 m\u0142odzie\u017cow\u0105 RMN z lat 80. (kontynuacja M\u0142odzie\u017cowego Ruchu Oporu rozbitego w 1982 r.). G\u0142\u00f3wne cele statutowe i dzia\u0142alno\u015b\u0107: Organizacja wpisana jest na list\u0119 stowarzysze\u0144 dzia\u0142aczy opozycji i os\u00f3b represjonowanych 1956\u20131989 prowadzon\u0105 przez Urz\u0105d do Spraw Kombatant\u00f3w i Os\u00f3b Represjonowanych. &nbsp;","og_url":"https:\/\/antykomunistyczni.pl\/index.php\/directory-antykomuna\/organizacje_antykomunistyczne\/stowarzyszenie-ruch-mlodziezy-niezaleznej\/","og_site_name":"Antykomunistyczni.pl","article_publisher":"https:\/\/www.facebook.com\/antykomunistyczni\/","article_modified_time":"2026-03-16T18:14:25+00:00","og_image":[{"width":1024,"height":1024,"url":"https:\/\/antykomunistyczni.pl\/wp-content\/uploads\/2026\/02\/AntykomunistyczniLogoSquare.png","type":"image\/png"}],"twitter_card":"summary_large_image","twitter_site":"@anty_komunisci","twitter_misc":{"Szacowany czas czytania":"1 minuta"},"schema":{"@context":"https:\/\/schema.org","@graph":[{"@type":"WebPage","@id":"https:\/\/antykomunistyczni.pl\/index.php\/directory-antykomuna\/organizacje_antykomunistyczne\/stowarzyszenie-ruch-mlodziezy-niezaleznej\/","url":"https:\/\/antykomunistyczni.pl\/index.php\/directory-antykomuna\/organizacje_antykomunistyczne\/stowarzyszenie-ruch-mlodziezy-niezaleznej\/","name":"Stowarzyszenie \u201eRuch M\u0142odzie\u017cy Niezale\u017cnej\u201d - Antykomunistyczni.pl","isPartOf":{"@id":"https:\/\/antykomunistyczni.pl\/#website"},"datePublished":"2026-03-14T09:16:42+00:00","dateModified":"2026-03-16T18:14:25+00:00","breadcrumb":{"@id":"https:\/\/antykomunistyczni.pl\/index.php\/directory-antykomuna\/organizacje_antykomunistyczne\/stowarzyszenie-ruch-mlodziezy-niezaleznej\/#breadcrumb"},"inLanguage":"pl-PL","potentialAction":[{"@type":"ReadAction","target":["https:\/\/antykomunistyczni.pl\/index.php\/directory-antykomuna\/organizacje_antykomunistyczne\/stowarzyszenie-ruch-mlodziezy-niezaleznej\/"]}]},{"@type":"BreadcrumbList","@id":"https:\/\/antykomunistyczni.pl\/index.php\/directory-antykomuna\/organizacje_antykomunistyczne\/stowarzyszenie-ruch-mlodziezy-niezaleznej\/#breadcrumb","itemListElement":[{"@type":"ListItem","position":1,"name":"Strona g\u0142\u00f3wna","item":"https:\/\/antykomunistyczni.pl\/"},{"@type":"ListItem","position":2,"name":"Stowarzyszenie \u201eRuch M\u0142odzie\u017cy Niezale\u017cnej\u201d"}]},{"@type":"WebSite","@id":"https:\/\/antykomunistyczni.pl\/#website","url":"https:\/\/antykomunistyczni.pl\/","name":"Antykomunistyczni.pl","description":"","publisher":{"@id":"https:\/\/antykomunistyczni.pl\/#organization"},"alternateName":"Historia PRL, zbrodnie komunistyczne w Polsce i na \u015bwiecie","potentialAction":[{"@type":"SearchAction","target":{"@type":"EntryPoint","urlTemplate":"https:\/\/antykomunistyczni.pl\/?s={search_term_string}"},"query-input":{"@type":"PropertyValueSpecification","valueRequired":true,"valueName":"search_term_string"}}],"inLanguage":"pl-PL"},{"@type":"Organization","@id":"https:\/\/antykomunistyczni.pl\/#organization","name":"Antykomunistyczni.pl","url":"https:\/\/antykomunistyczni.pl\/","logo":{"@type":"ImageObject","inLanguage":"pl-PL","@id":"https:\/\/antykomunistyczni.pl\/#\/schema\/logo\/image\/","url":"https:\/\/antykomunistyczni.pl\/wp-content\/uploads\/2026\/02\/cropped-AntykomunistyczniLogoSquare150x150-2.png","contentUrl":"https:\/\/antykomunistyczni.pl\/wp-content\/uploads\/2026\/02\/cropped-AntykomunistyczniLogoSquare150x150-2.png","width":150,"height":150,"caption":"Antykomunistyczni.pl"},"image":{"@id":"https:\/\/antykomunistyczni.pl\/#\/schema\/logo\/image\/"},"sameAs":["https:\/\/www.facebook.com\/antykomunistyczni\/","https:\/\/x.com\/anty_komunisci"]}]}},"drts_fields":{"field_phone":["609 318 773"],"field_email":["rmn@rmn.cba.pl"],"field_website":["https:\/\/rmngorzow.org\/"],"field_date_established":[],"location_address":[{"address":"63, S\u0142oneczna, Osiedle S\u0142oneczne, Os. S\u0142oneczne, Frydrychowo, Gorz\u00f3w Wielkopolski, wojew\u00f3dztwo lubuskie, 66-400, Polska","street":"S\u0142oneczna 63","street2":"","city":"Gorz\u00f3w Wielkopolski","province":"wojew\u00f3dztwo lubuskie","zip":"66-400","country":"","timezone":"","zoom":10,"lat":52.725423999999997,"lng":15.205299999999999,"term_id":0,"display_address":"S\u0142oneczna 63, 66-400, Gorz\u00f3w Wielkopolski"}],"field_skrot_nazwy_popularna_nazwa2":[],"field_status_organizacji2":["Aktywna"],"field_data_rozwiazania_delegalizacji2":[],"field_powod_delegalizacji2":[false],"field_szacunkowa_liczba_czlonkow2":[],"field_powiazania_miedzynarodowe2":false,"field_kluczowe_wydarzenia2":["2018 \u2013 rejestracja stowarzyszenia; pocz\u0105tek gromadzenia \u015bwiadectw i archiw\u00f3w dawnych cz\u0142onk\u00f3w RMN.\r\n\r\n2023 \u2013 obchody 40-lecia powstania Ruchu M\u0142odzie\u017cy Niezale\u017cnej (wystawy, spotkania z dawnymi dzia\u0142aczami w Gorzowie).\r\n\r\n2025 \u2013 uroczyste otwarcie Skweru Ruchu M\u0142odzie\u017cy Niezale\u017cnej w Gorzowie Wielkopolskim (27 sierpnia 2025; wydarzenie z udzia\u0142em w\u0142adz miasta, IPN, kombatant\u00f3w).\r\n\r\n2025\u20132026 \u2013 kontynuacja publikacji \u015bwiadectw, spotka\u0144 rocznicowych, wsp\u00f3\u0142praca z IPN Szczecin i lokalnymi mediami w kontek\u015bcie 45-lecia \u201eSolidarno\u015bci\u201d i gorzowskich strajk\u00f3w."],"field_liderzy_organizacji2":["Lubomir Fajfer \u2013 Prezes Zarz\u0105du od rejestracji (2018); dawny dzia\u0142acz opozycji antykomunistycznej w Gorzowie.\r\n\r\nInni cz\u0142onkowie zarz\u0105du: Andrzej Kamrad (wiceprezes), osoby z dawnego \u015brodowiska RMN"],"field_powiazania_miedzynarodowe_opis1":[false]},"_links":{"self":[{"href":"https:\/\/antykomunistyczni.pl\/index.php\/wp-json\/wp\/v2\/antykomuna_dir_ltg\/1396","targetHints":{"allow":["GET"]}}],"collection":[{"href":"https:\/\/antykomunistyczni.pl\/index.php\/wp-json\/wp\/v2\/antykomuna_dir_ltg"}],"about":[{"href":"https:\/\/antykomunistyczni.pl\/index.php\/wp-json\/wp\/v2\/types\/antykomuna_dir_ltg"}],"replies":[{"embeddable":true,"href":"https:\/\/antykomunistyczni.pl\/index.php\/wp-json\/wp\/v2\/comments?post=1396"}],"wp:attachment":[{"href":"https:\/\/antykomunistyczni.pl\/index.php\/wp-json\/wp\/v2\/media?parent=1396"}],"wp:term":[{"taxonomy":"antykomuna_dir_tag","embeddable":true,"href":"https:\/\/antykomunistyczni.pl\/index.php\/wp-json\/wp\/v2\/antykomuna_dir_tag?post=1396"},{"taxonomy":"antykomuna_loc_loc","embeddable":true,"href":"https:\/\/antykomunistyczni.pl\/index.php\/wp-json\/wp\/v2\/antykomuna_loc_loc?post=1396"}],"curies":[{"name":"wp","href":"https:\/\/api.w.org\/{rel}","templated":true}]}}