{"id":1397,"date":"2026-03-14T10:16:42","date_gmt":"2026-03-14T09:16:42","guid":{"rendered":"https:\/\/antykomunistyczni.pl\/index.php\/directory-antykomuna\/organizacje_antykomunistyczne\/stowarzyszenie-siec-solidarnosci\/"},"modified":"2026-03-16T19:22:08","modified_gmt":"2026-03-16T18:22:08","slug":"stowarzyszenie-siec-solidarnosci","status":"publish","type":"antykomuna_dir_ltg","link":"https:\/\/antykomunistyczni.pl\/index.php\/directory-antykomuna\/organizacje_antykomunistyczne\/stowarzyszenie-siec-solidarnosci\/","title":{"rendered":"Stowarzyszenie &#8222;Sie\u0107 Solidarno\u015bci&#8221;"},"author":0,"comment_status":"closed","ping_status":"closed","template":"","antykomuna_dir_tag":[],"antykomuna_loc_loc":[],"class_list":["post-1397","antykomuna_dir_ltg","type-antykomuna_dir_ltg","status-publish","hentry"],"yoast_head":"<!-- This site is optimized with the Yoast SEO plugin v28.4 - https:\/\/yoast.com\/product\/yoast-seo-wordpress\/ -->\n<title>Stowarzyszenie &quot;Sie\u0107 Solidarno\u015bci&quot; - Antykomunistyczni.pl<\/title>\n<meta name=\"robots\" content=\"index, follow, max-snippet:-1, max-image-preview:large, max-video-preview:-1\" \/>\n<link rel=\"canonical\" href=\"https:\/\/antykomunistyczni.pl\/index.php\/directory-antykomuna\/organizacje_antykomunistyczne\/stowarzyszenie-siec-solidarnosci\/\" \/>\n<meta property=\"og:locale\" content=\"pl_PL\" \/>\n<meta property=\"og:type\" content=\"article\" \/>\n<meta property=\"og:title\" content=\"Stowarzyszenie &quot;Sie\u0107 Solidarno\u015bci&quot; - Antykomunistyczni.pl\" \/>\n<meta property=\"og:description\" content=\"Organizacja skupiona na pami\u0119ci o walce z komunizmem, wsparciu weteran\u00f3w opozycji i przekazywaniu warto\u015bci solidarno\u015bciowych m\u0142odemu pokoleniu w dobie nowych wyzwa\u0144 (wojna na Ukrainie, zagro\u017cenia dla demokracji). To inicjatywa kole\u017ce\u0144ska i obywatelska, kt\u00f3rej celem jest kultywowanie oraz upowszechnianie idea\u0142\u00f3w i warto\u015bci ruchu spo\u0142ecznego \u201eSolidarno\u015b\u0107\u201d \u2013 wolno\u015bci, niepodleg\u0142o\u015bci, demokracji, solidarno\u015bci mi\u0119dzyludzkiej i praw cz\u0142owieka. G\u0142\u00f3wne obszary [&hellip;]\" \/>\n<meta property=\"og:url\" content=\"https:\/\/antykomunistyczni.pl\/index.php\/directory-antykomuna\/organizacje_antykomunistyczne\/stowarzyszenie-siec-solidarnosci\/\" \/>\n<meta property=\"og:site_name\" content=\"Antykomunistyczni.pl\" \/>\n<meta property=\"article:publisher\" content=\"https:\/\/www.facebook.com\/antykomunistyczni\/\" \/>\n<meta property=\"article:modified_time\" content=\"2026-03-16T18:22:08+00:00\" \/>\n<meta property=\"og:image\" content=\"https:\/\/antykomunistyczni.pl\/wp-content\/uploads\/2026\/02\/AntykomunistyczniLogoSquare.png\" \/>\n\t<meta property=\"og:image:width\" content=\"1024\" \/>\n\t<meta property=\"og:image:height\" content=\"1024\" \/>\n\t<meta property=\"og:image:type\" content=\"image\/png\" \/>\n<meta name=\"twitter:card\" content=\"summary_large_image\" \/>\n<meta name=\"twitter:site\" content=\"@anty_komunisci\" \/>\n<meta name=\"twitter:label1\" content=\"Szacowany czas czytania\" \/>\n\t<meta name=\"twitter:data1\" content=\"1 minuta\" \/>\n<script type=\"application\/ld+json\" class=\"yoast-schema-graph\">{\"@context\":\"https:\\\/\\\/schema.org\",\"@graph\":[{\"@type\":\"WebPage\",\"@id\":\"https:\\\/\\\/antykomunistyczni.pl\\\/index.php\\\/directory-antykomuna\\\/organizacje_antykomunistyczne\\\/stowarzyszenie-siec-solidarnosci\\\/\",\"url\":\"https:\\\/\\\/antykomunistyczni.pl\\\/index.php\\\/directory-antykomuna\\\/organizacje_antykomunistyczne\\\/stowarzyszenie-siec-solidarnosci\\\/\",\"name\":\"Stowarzyszenie \\\"Sie\u0107 Solidarno\u015bci\\\" - Antykomunistyczni.pl\",\"isPartOf\":{\"@id\":\"https:\\\/\\\/antykomunistyczni.pl\\\/#website\"},\"datePublished\":\"2026-03-14T09:16:42+00:00\",\"dateModified\":\"2026-03-16T18:22:08+00:00\",\"breadcrumb\":{\"@id\":\"https:\\\/\\\/antykomunistyczni.pl\\\/index.php\\\/directory-antykomuna\\\/organizacje_antykomunistyczne\\\/stowarzyszenie-siec-solidarnosci\\\/#breadcrumb\"},\"inLanguage\":\"pl-PL\",\"potentialAction\":[{\"@type\":\"ReadAction\",\"target\":[\"https:\\\/\\\/antykomunistyczni.pl\\\/index.php\\\/directory-antykomuna\\\/organizacje_antykomunistyczne\\\/stowarzyszenie-siec-solidarnosci\\\/\"]}]},{\"@type\":\"BreadcrumbList\",\"@id\":\"https:\\\/\\\/antykomunistyczni.pl\\\/index.php\\\/directory-antykomuna\\\/organizacje_antykomunistyczne\\\/stowarzyszenie-siec-solidarnosci\\\/#breadcrumb\",\"itemListElement\":[{\"@type\":\"ListItem\",\"position\":1,\"name\":\"Strona g\u0142\u00f3wna\",\"item\":\"https:\\\/\\\/antykomunistyczni.pl\\\/\"},{\"@type\":\"ListItem\",\"position\":2,\"name\":\"Stowarzyszenie &#8222;Sie\u0107 Solidarno\u015bci&#8221;\"}]},{\"@type\":\"WebSite\",\"@id\":\"https:\\\/\\\/antykomunistyczni.pl\\\/#website\",\"url\":\"https:\\\/\\\/antykomunistyczni.pl\\\/\",\"name\":\"Antykomunistyczni.pl\",\"description\":\"\",\"publisher\":{\"@id\":\"https:\\\/\\\/antykomunistyczni.pl\\\/#organization\"},\"alternateName\":\"Historia PRL, zbrodnie komunistyczne w Polsce i na \u015bwiecie\",\"potentialAction\":[{\"@type\":\"SearchAction\",\"target\":{\"@type\":\"EntryPoint\",\"urlTemplate\":\"https:\\\/\\\/antykomunistyczni.pl\\\/?s={search_term_string}\"},\"query-input\":{\"@type\":\"PropertyValueSpecification\",\"valueRequired\":true,\"valueName\":\"search_term_string\"}}],\"inLanguage\":\"pl-PL\"},{\"@type\":\"Organization\",\"@id\":\"https:\\\/\\\/antykomunistyczni.pl\\\/#organization\",\"name\":\"Antykomunistyczni.pl\",\"url\":\"https:\\\/\\\/antykomunistyczni.pl\\\/\",\"logo\":{\"@type\":\"ImageObject\",\"inLanguage\":\"pl-PL\",\"@id\":\"https:\\\/\\\/antykomunistyczni.pl\\\/#\\\/schema\\\/logo\\\/image\\\/\",\"url\":\"https:\\\/\\\/antykomunistyczni.pl\\\/wp-content\\\/uploads\\\/2026\\\/02\\\/cropped-AntykomunistyczniLogoSquare150x150-2.png\",\"contentUrl\":\"https:\\\/\\\/antykomunistyczni.pl\\\/wp-content\\\/uploads\\\/2026\\\/02\\\/cropped-AntykomunistyczniLogoSquare150x150-2.png\",\"width\":150,\"height\":150,\"caption\":\"Antykomunistyczni.pl\"},\"image\":{\"@id\":\"https:\\\/\\\/antykomunistyczni.pl\\\/#\\\/schema\\\/logo\\\/image\\\/\"},\"sameAs\":[\"https:\\\/\\\/www.facebook.com\\\/antykomunistyczni\\\/\",\"https:\\\/\\\/x.com\\\/anty_komunisci\"]}]}<\/script>\n<!-- \/ Yoast SEO plugin. -->","yoast_head_json":{"title":"Stowarzyszenie \"Sie\u0107 Solidarno\u015bci\" - Antykomunistyczni.pl","robots":{"index":"index","follow":"follow","max-snippet":"max-snippet:-1","max-image-preview":"max-image-preview:large","max-video-preview":"max-video-preview:-1"},"canonical":"https:\/\/antykomunistyczni.pl\/index.php\/directory-antykomuna\/organizacje_antykomunistyczne\/stowarzyszenie-siec-solidarnosci\/","og_locale":"pl_PL","og_type":"article","og_title":"Stowarzyszenie \"Sie\u0107 Solidarno\u015bci\" - Antykomunistyczni.pl","og_description":"Organizacja skupiona na pami\u0119ci o walce z komunizmem, wsparciu weteran\u00f3w opozycji i przekazywaniu warto\u015bci solidarno\u015bciowych m\u0142odemu pokoleniu w dobie nowych wyzwa\u0144 (wojna na Ukrainie, zagro\u017cenia dla demokracji). To inicjatywa kole\u017ce\u0144ska i obywatelska, kt\u00f3rej celem jest kultywowanie oraz upowszechnianie idea\u0142\u00f3w i warto\u015bci ruchu spo\u0142ecznego \u201eSolidarno\u015b\u0107\u201d \u2013 wolno\u015bci, niepodleg\u0142o\u015bci, demokracji, solidarno\u015bci mi\u0119dzyludzkiej i praw cz\u0142owieka. G\u0142\u00f3wne obszary [&hellip;]","og_url":"https:\/\/antykomunistyczni.pl\/index.php\/directory-antykomuna\/organizacje_antykomunistyczne\/stowarzyszenie-siec-solidarnosci\/","og_site_name":"Antykomunistyczni.pl","article_publisher":"https:\/\/www.facebook.com\/antykomunistyczni\/","article_modified_time":"2026-03-16T18:22:08+00:00","og_image":[{"width":1024,"height":1024,"url":"https:\/\/antykomunistyczni.pl\/wp-content\/uploads\/2026\/02\/AntykomunistyczniLogoSquare.png","type":"image\/png"}],"twitter_card":"summary_large_image","twitter_site":"@anty_komunisci","twitter_misc":{"Szacowany czas czytania":"1 minuta"},"schema":{"@context":"https:\/\/schema.org","@graph":[{"@type":"WebPage","@id":"https:\/\/antykomunistyczni.pl\/index.php\/directory-antykomuna\/organizacje_antykomunistyczne\/stowarzyszenie-siec-solidarnosci\/","url":"https:\/\/antykomunistyczni.pl\/index.php\/directory-antykomuna\/organizacje_antykomunistyczne\/stowarzyszenie-siec-solidarnosci\/","name":"Stowarzyszenie \"Sie\u0107 Solidarno\u015bci\" - Antykomunistyczni.pl","isPartOf":{"@id":"https:\/\/antykomunistyczni.pl\/#website"},"datePublished":"2026-03-14T09:16:42+00:00","dateModified":"2026-03-16T18:22:08+00:00","breadcrumb":{"@id":"https:\/\/antykomunistyczni.pl\/index.php\/directory-antykomuna\/organizacje_antykomunistyczne\/stowarzyszenie-siec-solidarnosci\/#breadcrumb"},"inLanguage":"pl-PL","potentialAction":[{"@type":"ReadAction","target":["https:\/\/antykomunistyczni.pl\/index.php\/directory-antykomuna\/organizacje_antykomunistyczne\/stowarzyszenie-siec-solidarnosci\/"]}]},{"@type":"BreadcrumbList","@id":"https:\/\/antykomunistyczni.pl\/index.php\/directory-antykomuna\/organizacje_antykomunistyczne\/stowarzyszenie-siec-solidarnosci\/#breadcrumb","itemListElement":[{"@type":"ListItem","position":1,"name":"Strona g\u0142\u00f3wna","item":"https:\/\/antykomunistyczni.pl\/"},{"@type":"ListItem","position":2,"name":"Stowarzyszenie &#8222;Sie\u0107 Solidarno\u015bci&#8221;"}]},{"@type":"WebSite","@id":"https:\/\/antykomunistyczni.pl\/#website","url":"https:\/\/antykomunistyczni.pl\/","name":"Antykomunistyczni.pl","description":"","publisher":{"@id":"https:\/\/antykomunistyczni.pl\/#organization"},"alternateName":"Historia PRL, zbrodnie komunistyczne w Polsce i na \u015bwiecie","potentialAction":[{"@type":"SearchAction","target":{"@type":"EntryPoint","urlTemplate":"https:\/\/antykomunistyczni.pl\/?s={search_term_string}"},"query-input":{"@type":"PropertyValueSpecification","valueRequired":true,"valueName":"search_term_string"}}],"inLanguage":"pl-PL"},{"@type":"Organization","@id":"https:\/\/antykomunistyczni.pl\/#organization","name":"Antykomunistyczni.pl","url":"https:\/\/antykomunistyczni.pl\/","logo":{"@type":"ImageObject","inLanguage":"pl-PL","@id":"https:\/\/antykomunistyczni.pl\/#\/schema\/logo\/image\/","url":"https:\/\/antykomunistyczni.pl\/wp-content\/uploads\/2026\/02\/cropped-AntykomunistyczniLogoSquare150x150-2.png","contentUrl":"https:\/\/antykomunistyczni.pl\/wp-content\/uploads\/2026\/02\/cropped-AntykomunistyczniLogoSquare150x150-2.png","width":150,"height":150,"caption":"Antykomunistyczni.pl"},"image":{"@id":"https:\/\/antykomunistyczni.pl\/#\/schema\/logo\/image\/"},"sameAs":["https:\/\/www.facebook.com\/antykomunistyczni\/","https:\/\/x.com\/anty_komunisci"]}]}},"drts_fields":{"field_phone":["600-005-723"],"field_email":[],"field_website":["https:\/\/sss.net.pl\/"],"field_date_established":[],"location_address":[{"address":"43, \u0141obzowska, Piasek, Stare Miasto, Krak\u00f3w, wojew\u00f3dztwo ma\u0142opolskie, 31-139, Polska","street":"\u0141obzowska 57\/108\/2","street2":"","city":"Krak\u00f3w","province":"wojew\u00f3dztwo ma\u0142opolskie","zip":"31-139","country":"","timezone":"","zoom":10,"lat":50.069668999999998,"lng":19.93262,"term_id":0,"display_address":"\u0141obzowska 57\/108\/2, 31-139, Krak\u00f3w"}],"field_skrot_nazwy_popularna_nazwa2":[],"field_status_organizacji2":["Aktywna"],"field_data_rozwiazania_delegalizacji2":[],"field_powod_delegalizacji2":[false],"field_szacunkowa_liczba_czlonkow2":[],"field_powiazania_miedzynarodowe2":false,"field_kluczowe_wydarzenia2":["2012 \u2013 rejestracja i pocz\u0105tek dzia\u0142alno\u015bci kole\u017ce\u0144skiej w Krakowie.\r\n\r\n2015\u20132023 \u2013 coroczne medale \u201eDzi\u0119kujemy za Wolno\u015b\u0107\u201d (nagrody dla dzia\u0142aczy opozycji, np. 50 os\u00f3b uhonorowanych w jednym z lat).\r\n\r\n2024 \u2013 9. Konferencja naukowa \u201e35. rocznica roku 1989\u201d (Krak\u00f3w, pa\u017adziernik 2024).\r\n\r\n2026 \u2013 spotkanie z Danut\u0105 Wa\u0142\u0119s\u0105 (6 marca 2026 \u2013 nagroda im. Andrzeja Wajdy dla niej; \u017cywio\u0142owe wspomnienia i refleksje kobiet \u201eSolidarno\u015bci\u201d).\r\n\r\n24 lutego 2026 \u2013 Wiec Pami\u0119ci i Solidarno\u015bci z Ukrain\u0105 na Skwerze Wolnej Ukrainy w Krakowie (4. rocznica agresji Rosji).\r\n\r\n2025\u20132026 \u2013 projekty \u201eMyEuropejczycy.pl\u201d, stanowiska w sprawie nowelizacji ustawy o dzia\u0142aczach opozycji antykomunistycznej, kontynuacja kalendarium wydarze\u0144."],"field_liderzy_organizacji2":["Edward Nowak \u2013 Prezes Zarz\u0105du (od wielu lat; dawny dzia\u0142acz opozycji, odznaczony Krzy\u017cem Kawalerskim Orderu Odrodzenia Polski w 2011 r. za dzia\u0142alno\u015b\u0107 na rzecz wolno\u015bci i demokracji).\r\nZarz\u0105d dzia\u0142a kolektywnie; stowarzyszenie ma charakter oddolny i kole\u017ce\u0144ski \u2013 decyzje podejmowane na zebraniach i w radach (np. Ma\u0142opolska Rada Dzia\u0142aczy Opozycji Antykomunistycznej)."],"field_powiazania_miedzynarodowe_opis1":[false]},"_links":{"self":[{"href":"https:\/\/antykomunistyczni.pl\/index.php\/wp-json\/wp\/v2\/antykomuna_dir_ltg\/1397","targetHints":{"allow":["GET"]}}],"collection":[{"href":"https:\/\/antykomunistyczni.pl\/index.php\/wp-json\/wp\/v2\/antykomuna_dir_ltg"}],"about":[{"href":"https:\/\/antykomunistyczni.pl\/index.php\/wp-json\/wp\/v2\/types\/antykomuna_dir_ltg"}],"replies":[{"embeddable":true,"href":"https:\/\/antykomunistyczni.pl\/index.php\/wp-json\/wp\/v2\/comments?post=1397"}],"wp:attachment":[{"href":"https:\/\/antykomunistyczni.pl\/index.php\/wp-json\/wp\/v2\/media?parent=1397"}],"wp:term":[{"taxonomy":"antykomuna_dir_tag","embeddable":true,"href":"https:\/\/antykomunistyczni.pl\/index.php\/wp-json\/wp\/v2\/antykomuna_dir_tag?post=1397"},{"taxonomy":"antykomuna_loc_loc","embeddable":true,"href":"https:\/\/antykomunistyczni.pl\/index.php\/wp-json\/wp\/v2\/antykomuna_loc_loc?post=1397"}],"curies":[{"name":"wp","href":"https:\/\/api.w.org\/{rel}","templated":true}]}}