{"id":1841,"date":"2026-03-27T16:34:29","date_gmt":"2026-03-27T15:34:29","guid":{"rendered":"https:\/\/antykomunistyczni.pl\/index.php\/directory-antykomuna\/organizacje_antykomunistyczne\/"},"modified":"2026-03-31T13:17:05","modified_gmt":"2026-03-31T11:17:05","slug":"stowarzyszenie-dzialaczy-opozycji-antykomunistycznej-i-osob-represjonowanych-ziemi-zlotoryjskiej-im-gen-bryg-ryszarda-kuklinskiego","status":"publish","type":"antykomuna_dir_ltg","link":"https:\/\/antykomunistyczni.pl\/index.php\/directory-antykomuna\/organizacje_antykomunistyczne\/stowarzyszenie-dzialaczy-opozycji-antykomunistycznej-i-osob-represjonowanych-ziemi-zlotoryjskiej-im-gen-bryg-ryszarda-kuklinskiego\/","title":{"rendered":"Stowarzyszenie Dzia\u0142aczy Opozycji Antykomunistycznej i Os\u00f3b Represjonowanych Ziemi Z\u0142otoryjskiej im. gen. bryg. Ryszarda Kukli\u0144skiego"},"author":1,"comment_status":"closed","ping_status":"closed","template":"","antykomuna_dir_tag":[],"antykomuna_loc_loc":[],"class_list":["post-1841","antykomuna_dir_ltg","type-antykomuna_dir_ltg","status-publish","hentry"],"yoast_head":"<!-- This site is optimized with the Yoast SEO plugin v28.4 - https:\/\/yoast.com\/product\/yoast-seo-wordpress\/ -->\n<title>Stowarzyszenie Dzia\u0142aczy Opozycji Antykomunistycznej i Os\u00f3b Represjonowanych Ziemi Z\u0142otoryjskiej im. gen. bryg. Ryszarda Kukli\u0144skiego - Antykomunistyczni.pl<\/title>\n<meta name=\"robots\" content=\"index, follow, max-snippet:-1, max-image-preview:large, max-video-preview:-1\" \/>\n<link rel=\"canonical\" href=\"https:\/\/antykomunistyczni.pl\/index.php\/directory-antykomuna\/organizacje_antykomunistyczne\/stowarzyszenie-dzialaczy-opozycji-antykomunistycznej-i-osob-represjonowanych-ziemi-zlotoryjskiej-im-gen-bryg-ryszarda-kuklinskiego\/\" \/>\n<meta property=\"og:locale\" content=\"pl_PL\" \/>\n<meta property=\"og:type\" content=\"article\" \/>\n<meta property=\"og:title\" content=\"Stowarzyszenie Dzia\u0142aczy Opozycji Antykomunistycznej i Os\u00f3b Represjonowanych Ziemi Z\u0142otoryjskiej im. gen. bryg. Ryszarda Kukli\u0144skiego - Antykomunistyczni.pl\" \/>\n<meta property=\"og:description\" content=\"Stowarzyszenie Dzia\u0142aczy Opozycji Antykomunistycznej i Os\u00f3b Represjonowanych Ziemi Z\u0142otoryjskiej im. gen. bryg. Ryszarda Kukli\u0144skiego opiera dzialalno\u015b\u0107 na warto\u015bciach B\u00f3g \u2013 Honor \u2013 Ojczyzna, poszanowaniu Konstytucji RP oraz chrze\u015bcija\u0144skim dziedzictwie Narodu Polskiego. Patronem Stowarzyszenia jest gen. bryg. Ryszard Kukli\u0144ski \u2013 symbol niez\u0142omnej postawy i walki o woln\u0105 Polsk\u0119. G\u0142\u00f3wne cele Stowarzyszenia: Integracja \u015brodowiska dzia\u0142aczy opozycji antykomunistycznej [&hellip;]\" \/>\n<meta property=\"og:url\" content=\"https:\/\/antykomunistyczni.pl\/index.php\/directory-antykomuna\/organizacje_antykomunistyczne\/stowarzyszenie-dzialaczy-opozycji-antykomunistycznej-i-osob-represjonowanych-ziemi-zlotoryjskiej-im-gen-bryg-ryszarda-kuklinskiego\/\" \/>\n<meta property=\"og:site_name\" content=\"Antykomunistyczni.pl\" \/>\n<meta property=\"article:publisher\" content=\"https:\/\/www.facebook.com\/antykomunistyczni\/\" \/>\n<meta property=\"article:modified_time\" content=\"2026-03-31T11:17:05+00:00\" \/>\n<meta property=\"og:image\" content=\"https:\/\/antykomunistyczni.pl\/wp-content\/uploads\/2026\/03\/SteafanKarabczynski.jpeg\" \/>\n\t<meta property=\"og:image:width\" content=\"866\" \/>\n\t<meta property=\"og:image:height\" content=\"1208\" \/>\n\t<meta property=\"og:image:type\" content=\"image\/jpeg\" \/>\n<meta name=\"twitter:card\" content=\"summary_large_image\" \/>\n<meta name=\"twitter:site\" content=\"@anty_komunisci\" \/>\n<meta name=\"twitter:label1\" content=\"Szacowany czas czytania\" \/>\n\t<meta name=\"twitter:data1\" content=\"1 minuta\" \/>\n<script type=\"application\/ld+json\" class=\"yoast-schema-graph\">{\"@context\":\"https:\\\/\\\/schema.org\",\"@graph\":[{\"@type\":\"WebPage\",\"@id\":\"https:\\\/\\\/antykomunistyczni.pl\\\/index.php\\\/directory-antykomuna\\\/organizacje_antykomunistyczne\\\/stowarzyszenie-dzialaczy-opozycji-antykomunistycznej-i-osob-represjonowanych-ziemi-zlotoryjskiej-im-gen-bryg-ryszarda-kuklinskiego\\\/\",\"url\":\"https:\\\/\\\/antykomunistyczni.pl\\\/index.php\\\/directory-antykomuna\\\/organizacje_antykomunistyczne\\\/stowarzyszenie-dzialaczy-opozycji-antykomunistycznej-i-osob-represjonowanych-ziemi-zlotoryjskiej-im-gen-bryg-ryszarda-kuklinskiego\\\/\",\"name\":\"Stowarzyszenie Dzia\u0142aczy Opozycji Antykomunistycznej i Os\u00f3b Represjonowanych Ziemi Z\u0142otoryjskiej im. gen. bryg. Ryszarda Kukli\u0144skiego - Antykomunistyczni.pl\",\"isPartOf\":{\"@id\":\"https:\\\/\\\/antykomunistyczni.pl\\\/#website\"},\"primaryImageOfPage\":{\"@id\":\"https:\\\/\\\/antykomunistyczni.pl\\\/index.php\\\/directory-antykomuna\\\/organizacje_antykomunistyczne\\\/stowarzyszenie-dzialaczy-opozycji-antykomunistycznej-i-osob-represjonowanych-ziemi-zlotoryjskiej-im-gen-bryg-ryszarda-kuklinskiego\\\/#primaryimage\"},\"image\":{\"@id\":\"https:\\\/\\\/antykomunistyczni.pl\\\/index.php\\\/directory-antykomuna\\\/organizacje_antykomunistyczne\\\/stowarzyszenie-dzialaczy-opozycji-antykomunistycznej-i-osob-represjonowanych-ziemi-zlotoryjskiej-im-gen-bryg-ryszarda-kuklinskiego\\\/#primaryimage\"},\"thumbnailUrl\":\"https:\\\/\\\/antykomunistyczni.pl\\\/wp-content\\\/uploads\\\/2026\\\/03\\\/SteafanKarabczynski-215x300.jpeg\",\"datePublished\":\"2026-03-27T15:34:29+00:00\",\"dateModified\":\"2026-03-31T11:17:05+00:00\",\"breadcrumb\":{\"@id\":\"https:\\\/\\\/antykomunistyczni.pl\\\/index.php\\\/directory-antykomuna\\\/organizacje_antykomunistyczne\\\/stowarzyszenie-dzialaczy-opozycji-antykomunistycznej-i-osob-represjonowanych-ziemi-zlotoryjskiej-im-gen-bryg-ryszarda-kuklinskiego\\\/#breadcrumb\"},\"inLanguage\":\"pl-PL\",\"potentialAction\":[{\"@type\":\"ReadAction\",\"target\":[\"https:\\\/\\\/antykomunistyczni.pl\\\/index.php\\\/directory-antykomuna\\\/organizacje_antykomunistyczne\\\/stowarzyszenie-dzialaczy-opozycji-antykomunistycznej-i-osob-represjonowanych-ziemi-zlotoryjskiej-im-gen-bryg-ryszarda-kuklinskiego\\\/\"]}]},{\"@type\":\"ImageObject\",\"inLanguage\":\"pl-PL\",\"@id\":\"https:\\\/\\\/antykomunistyczni.pl\\\/index.php\\\/directory-antykomuna\\\/organizacje_antykomunistyczne\\\/stowarzyszenie-dzialaczy-opozycji-antykomunistycznej-i-osob-represjonowanych-ziemi-zlotoryjskiej-im-gen-bryg-ryszarda-kuklinskiego\\\/#primaryimage\",\"url\":\"https:\\\/\\\/antykomunistyczni.pl\\\/wp-content\\\/uploads\\\/2026\\\/03\\\/SteafanKarabczynski.jpeg\",\"contentUrl\":\"https:\\\/\\\/antykomunistyczni.pl\\\/wp-content\\\/uploads\\\/2026\\\/03\\\/SteafanKarabczynski.jpeg\",\"width\":866,\"height\":1208},{\"@type\":\"BreadcrumbList\",\"@id\":\"https:\\\/\\\/antykomunistyczni.pl\\\/index.php\\\/directory-antykomuna\\\/organizacje_antykomunistyczne\\\/stowarzyszenie-dzialaczy-opozycji-antykomunistycznej-i-osob-represjonowanych-ziemi-zlotoryjskiej-im-gen-bryg-ryszarda-kuklinskiego\\\/#breadcrumb\",\"itemListElement\":[{\"@type\":\"ListItem\",\"position\":1,\"name\":\"Strona g\u0142\u00f3wna\",\"item\":\"https:\\\/\\\/antykomunistyczni.pl\\\/\"},{\"@type\":\"ListItem\",\"position\":2,\"name\":\"Stowarzyszenie Dzia\u0142aczy Opozycji Antykomunistycznej i Os\u00f3b Represjonowanych Ziemi Z\u0142otoryjskiej im. gen. bryg. Ryszarda Kukli\u0144skiego\"}]},{\"@type\":\"WebSite\",\"@id\":\"https:\\\/\\\/antykomunistyczni.pl\\\/#website\",\"url\":\"https:\\\/\\\/antykomunistyczni.pl\\\/\",\"name\":\"Antykomunistyczni.pl\",\"description\":\"\",\"publisher\":{\"@id\":\"https:\\\/\\\/antykomunistyczni.pl\\\/#organization\"},\"alternateName\":\"Historia PRL, zbrodnie komunistyczne w Polsce i na \u015bwiecie\",\"potentialAction\":[{\"@type\":\"SearchAction\",\"target\":{\"@type\":\"EntryPoint\",\"urlTemplate\":\"https:\\\/\\\/antykomunistyczni.pl\\\/?s={search_term_string}\"},\"query-input\":{\"@type\":\"PropertyValueSpecification\",\"valueRequired\":true,\"valueName\":\"search_term_string\"}}],\"inLanguage\":\"pl-PL\"},{\"@type\":\"Organization\",\"@id\":\"https:\\\/\\\/antykomunistyczni.pl\\\/#organization\",\"name\":\"Antykomunistyczni.pl\",\"url\":\"https:\\\/\\\/antykomunistyczni.pl\\\/\",\"logo\":{\"@type\":\"ImageObject\",\"inLanguage\":\"pl-PL\",\"@id\":\"https:\\\/\\\/antykomunistyczni.pl\\\/#\\\/schema\\\/logo\\\/image\\\/\",\"url\":\"https:\\\/\\\/antykomunistyczni.pl\\\/wp-content\\\/uploads\\\/2026\\\/02\\\/cropped-AntykomunistyczniLogoSquare150x150-2.png\",\"contentUrl\":\"https:\\\/\\\/antykomunistyczni.pl\\\/wp-content\\\/uploads\\\/2026\\\/02\\\/cropped-AntykomunistyczniLogoSquare150x150-2.png\",\"width\":150,\"height\":150,\"caption\":\"Antykomunistyczni.pl\"},\"image\":{\"@id\":\"https:\\\/\\\/antykomunistyczni.pl\\\/#\\\/schema\\\/logo\\\/image\\\/\"},\"sameAs\":[\"https:\\\/\\\/www.facebook.com\\\/antykomunistyczni\\\/\",\"https:\\\/\\\/x.com\\\/anty_komunisci\"]}]}<\/script>\n<!-- \/ Yoast SEO plugin. -->","yoast_head_json":{"title":"Stowarzyszenie Dzia\u0142aczy Opozycji Antykomunistycznej i Os\u00f3b Represjonowanych Ziemi Z\u0142otoryjskiej im. gen. bryg. Ryszarda Kukli\u0144skiego - Antykomunistyczni.pl","robots":{"index":"index","follow":"follow","max-snippet":"max-snippet:-1","max-image-preview":"max-image-preview:large","max-video-preview":"max-video-preview:-1"},"canonical":"https:\/\/antykomunistyczni.pl\/index.php\/directory-antykomuna\/organizacje_antykomunistyczne\/stowarzyszenie-dzialaczy-opozycji-antykomunistycznej-i-osob-represjonowanych-ziemi-zlotoryjskiej-im-gen-bryg-ryszarda-kuklinskiego\/","og_locale":"pl_PL","og_type":"article","og_title":"Stowarzyszenie Dzia\u0142aczy Opozycji Antykomunistycznej i Os\u00f3b Represjonowanych Ziemi Z\u0142otoryjskiej im. gen. bryg. Ryszarda Kukli\u0144skiego - Antykomunistyczni.pl","og_description":"Stowarzyszenie Dzia\u0142aczy Opozycji Antykomunistycznej i Os\u00f3b Represjonowanych Ziemi Z\u0142otoryjskiej im. gen. bryg. Ryszarda Kukli\u0144skiego opiera dzialalno\u015b\u0107 na warto\u015bciach B\u00f3g \u2013 Honor \u2013 Ojczyzna, poszanowaniu Konstytucji RP oraz chrze\u015bcija\u0144skim dziedzictwie Narodu Polskiego. Patronem Stowarzyszenia jest gen. bryg. Ryszard Kukli\u0144ski \u2013 symbol niez\u0142omnej postawy i walki o woln\u0105 Polsk\u0119. G\u0142\u00f3wne cele Stowarzyszenia: Integracja \u015brodowiska dzia\u0142aczy opozycji antykomunistycznej [&hellip;]","og_url":"https:\/\/antykomunistyczni.pl\/index.php\/directory-antykomuna\/organizacje_antykomunistyczne\/stowarzyszenie-dzialaczy-opozycji-antykomunistycznej-i-osob-represjonowanych-ziemi-zlotoryjskiej-im-gen-bryg-ryszarda-kuklinskiego\/","og_site_name":"Antykomunistyczni.pl","article_publisher":"https:\/\/www.facebook.com\/antykomunistyczni\/","article_modified_time":"2026-03-31T11:17:05+00:00","og_image":[{"width":866,"height":1208,"url":"https:\/\/antykomunistyczni.pl\/wp-content\/uploads\/2026\/03\/SteafanKarabczynski.jpeg","type":"image\/jpeg"}],"twitter_card":"summary_large_image","twitter_site":"@anty_komunisci","twitter_misc":{"Szacowany czas czytania":"1 minuta"},"schema":{"@context":"https:\/\/schema.org","@graph":[{"@type":"WebPage","@id":"https:\/\/antykomunistyczni.pl\/index.php\/directory-antykomuna\/organizacje_antykomunistyczne\/stowarzyszenie-dzialaczy-opozycji-antykomunistycznej-i-osob-represjonowanych-ziemi-zlotoryjskiej-im-gen-bryg-ryszarda-kuklinskiego\/","url":"https:\/\/antykomunistyczni.pl\/index.php\/directory-antykomuna\/organizacje_antykomunistyczne\/stowarzyszenie-dzialaczy-opozycji-antykomunistycznej-i-osob-represjonowanych-ziemi-zlotoryjskiej-im-gen-bryg-ryszarda-kuklinskiego\/","name":"Stowarzyszenie Dzia\u0142aczy Opozycji Antykomunistycznej i Os\u00f3b Represjonowanych Ziemi Z\u0142otoryjskiej im. gen. bryg. Ryszarda Kukli\u0144skiego - Antykomunistyczni.pl","isPartOf":{"@id":"https:\/\/antykomunistyczni.pl\/#website"},"primaryImageOfPage":{"@id":"https:\/\/antykomunistyczni.pl\/index.php\/directory-antykomuna\/organizacje_antykomunistyczne\/stowarzyszenie-dzialaczy-opozycji-antykomunistycznej-i-osob-represjonowanych-ziemi-zlotoryjskiej-im-gen-bryg-ryszarda-kuklinskiego\/#primaryimage"},"image":{"@id":"https:\/\/antykomunistyczni.pl\/index.php\/directory-antykomuna\/organizacje_antykomunistyczne\/stowarzyszenie-dzialaczy-opozycji-antykomunistycznej-i-osob-represjonowanych-ziemi-zlotoryjskiej-im-gen-bryg-ryszarda-kuklinskiego\/#primaryimage"},"thumbnailUrl":"https:\/\/antykomunistyczni.pl\/wp-content\/uploads\/2026\/03\/SteafanKarabczynski-215x300.jpeg","datePublished":"2026-03-27T15:34:29+00:00","dateModified":"2026-03-31T11:17:05+00:00","breadcrumb":{"@id":"https:\/\/antykomunistyczni.pl\/index.php\/directory-antykomuna\/organizacje_antykomunistyczne\/stowarzyszenie-dzialaczy-opozycji-antykomunistycznej-i-osob-represjonowanych-ziemi-zlotoryjskiej-im-gen-bryg-ryszarda-kuklinskiego\/#breadcrumb"},"inLanguage":"pl-PL","potentialAction":[{"@type":"ReadAction","target":["https:\/\/antykomunistyczni.pl\/index.php\/directory-antykomuna\/organizacje_antykomunistyczne\/stowarzyszenie-dzialaczy-opozycji-antykomunistycznej-i-osob-represjonowanych-ziemi-zlotoryjskiej-im-gen-bryg-ryszarda-kuklinskiego\/"]}]},{"@type":"ImageObject","inLanguage":"pl-PL","@id":"https:\/\/antykomunistyczni.pl\/index.php\/directory-antykomuna\/organizacje_antykomunistyczne\/stowarzyszenie-dzialaczy-opozycji-antykomunistycznej-i-osob-represjonowanych-ziemi-zlotoryjskiej-im-gen-bryg-ryszarda-kuklinskiego\/#primaryimage","url":"https:\/\/antykomunistyczni.pl\/wp-content\/uploads\/2026\/03\/SteafanKarabczynski.jpeg","contentUrl":"https:\/\/antykomunistyczni.pl\/wp-content\/uploads\/2026\/03\/SteafanKarabczynski.jpeg","width":866,"height":1208},{"@type":"BreadcrumbList","@id":"https:\/\/antykomunistyczni.pl\/index.php\/directory-antykomuna\/organizacje_antykomunistyczne\/stowarzyszenie-dzialaczy-opozycji-antykomunistycznej-i-osob-represjonowanych-ziemi-zlotoryjskiej-im-gen-bryg-ryszarda-kuklinskiego\/#breadcrumb","itemListElement":[{"@type":"ListItem","position":1,"name":"Strona g\u0142\u00f3wna","item":"https:\/\/antykomunistyczni.pl\/"},{"@type":"ListItem","position":2,"name":"Stowarzyszenie Dzia\u0142aczy Opozycji Antykomunistycznej i Os\u00f3b Represjonowanych Ziemi Z\u0142otoryjskiej im. gen. bryg. Ryszarda Kukli\u0144skiego"}]},{"@type":"WebSite","@id":"https:\/\/antykomunistyczni.pl\/#website","url":"https:\/\/antykomunistyczni.pl\/","name":"Antykomunistyczni.pl","description":"","publisher":{"@id":"https:\/\/antykomunistyczni.pl\/#organization"},"alternateName":"Historia PRL, zbrodnie komunistyczne w Polsce i na \u015bwiecie","potentialAction":[{"@type":"SearchAction","target":{"@type":"EntryPoint","urlTemplate":"https:\/\/antykomunistyczni.pl\/?s={search_term_string}"},"query-input":{"@type":"PropertyValueSpecification","valueRequired":true,"valueName":"search_term_string"}}],"inLanguage":"pl-PL"},{"@type":"Organization","@id":"https:\/\/antykomunistyczni.pl\/#organization","name":"Antykomunistyczni.pl","url":"https:\/\/antykomunistyczni.pl\/","logo":{"@type":"ImageObject","inLanguage":"pl-PL","@id":"https:\/\/antykomunistyczni.pl\/#\/schema\/logo\/image\/","url":"https:\/\/antykomunistyczni.pl\/wp-content\/uploads\/2026\/02\/cropped-AntykomunistyczniLogoSquare150x150-2.png","contentUrl":"https:\/\/antykomunistyczni.pl\/wp-content\/uploads\/2026\/02\/cropped-AntykomunistyczniLogoSquare150x150-2.png","width":150,"height":150,"caption":"Antykomunistyczni.pl"},"image":{"@id":"https:\/\/antykomunistyczni.pl\/#\/schema\/logo\/image\/"},"sameAs":["https:\/\/www.facebook.com\/antykomunistyczni\/","https:\/\/x.com\/anty_komunisci"]}]}},"drts_fields":{"field_phone":[],"field_email":["kontakt@represjonowanizlotoryja.pl"],"field_website":["https:\/\/represjonowanizlotoryja.pl"],"field_date_established":["2026-03-01T00:00:00+01:00"],"location_address":[{"address":"1D, Jerzmanice-Zdr\u00f3j, gmina Z\u0142otoryja, powiat z\u0142otoryjski, wojew\u00f3dztwo dolno\u015bl\u0105skie, 59-500, Polska","street":"Jerzmanice-Zdr\u00f3j 1D","street2":"","city":"Z\u0142otoryja","province":"wojew\u00f3dztwo dolno\u015bl\u0105skie","zip":"59-500","country":"Polska","timezone":"Europe\/Warsaw","zoom":10,"lat":51.110836999999997,"lng":15.902282,"term_id":0,"display_address":"Jerzmanice-Zdr\u00f3j 1D, 59-500, Z\u0142otoryja, Polska"}],"field_skrot_nazwy_popularna_nazwa2":[],"field_status_organizacji2":["Aktywna"],"field_data_rozwiazania_delegalizacji2":[],"field_powod_delegalizacji2":[false],"field_szacunkowa_liczba_czlonkow2":["Kilkadziesi\u0105t"],"field_powiazania_miedzynarodowe2":false,"field_kluczowe_wydarzenia2":[],"field_liderzy_organizacji2":["Jan Cz. Kusek\r\nSylwester Dorabia\u0142a\r\nTadeusz Stasiewicz"],"field_powiazania_miedzynarodowe_opis1":[false]},"_links":{"self":[{"href":"https:\/\/antykomunistyczni.pl\/index.php\/wp-json\/wp\/v2\/antykomuna_dir_ltg\/1841","targetHints":{"allow":["GET"]}}],"collection":[{"href":"https:\/\/antykomunistyczni.pl\/index.php\/wp-json\/wp\/v2\/antykomuna_dir_ltg"}],"about":[{"href":"https:\/\/antykomunistyczni.pl\/index.php\/wp-json\/wp\/v2\/types\/antykomuna_dir_ltg"}],"author":[{"embeddable":true,"href":"https:\/\/antykomunistyczni.pl\/index.php\/wp-json\/wp\/v2\/users\/1"}],"replies":[{"embeddable":true,"href":"https:\/\/antykomunistyczni.pl\/index.php\/wp-json\/wp\/v2\/comments?post=1841"}],"wp:attachment":[{"href":"https:\/\/antykomunistyczni.pl\/index.php\/wp-json\/wp\/v2\/media?parent=1841"}],"wp:term":[{"taxonomy":"antykomuna_dir_tag","embeddable":true,"href":"https:\/\/antykomunistyczni.pl\/index.php\/wp-json\/wp\/v2\/antykomuna_dir_tag?post=1841"},{"taxonomy":"antykomuna_loc_loc","embeddable":true,"href":"https:\/\/antykomunistyczni.pl\/index.php\/wp-json\/wp\/v2\/antykomuna_loc_loc?post=1841"}],"curies":[{"name":"wp","href":"https:\/\/api.w.org\/{rel}","templated":true}]}}