{"id":1136,"date":"2026-03-12T20:20:51","date_gmt":"2026-03-12T19:20:51","guid":{"rendered":"https:\/\/antykomunistyczni.pl\/?post_type=komunisci_dir_ltg&#038;p=1136"},"modified":"2026-05-06T10:41:56","modified_gmt":"2026-05-06T08:41:56","slug":"komunistyczna-partia-polski","status":"publish","type":"komunisci_dir_ltg","link":"https:\/\/antykomunistyczni.pl\/index.php\/directory-komunisci\/organizacje_komunistyczne\/komunistyczna-partia-polski\/","title":{"rendered":"Komunistyczna Partia Polski"},"author":1,"comment_status":"closed","ping_status":"closed","template":"","komunisci_dir_tag":[],"komunisci_loc_loc":[],"class_list":["post-1136","komunisci_dir_ltg","type-komunisci_dir_ltg","status-publish","hentry"],"yoast_head":"<!-- This site is optimized with the Yoast SEO plugin v28.4 - https:\/\/yoast.com\/product\/yoast-seo-wordpress\/ -->\n<title>Komunistyczna Partia Polski - Antykomunistyczni.pl<\/title>\n<meta name=\"robots\" content=\"index, follow, max-snippet:-1, max-image-preview:large, max-video-preview:-1\" \/>\n<link rel=\"canonical\" href=\"https:\/\/antykomunistyczni.pl\/index.php\/directory-komunisci\/organizacje_komunistyczne\/komunistyczna-partia-polski\/\" \/>\n<meta property=\"og:locale\" content=\"pl_PL\" \/>\n<meta property=\"og:type\" content=\"article\" \/>\n<meta property=\"og:title\" content=\"Komunistyczna Partia Polski - Antykomunistyczni.pl\" \/>\n<meta property=\"og:description\" content=\"Komunistyczna Partia Polski g\u0142osi\u0142a has\u0142a antykapitalistyczne i antyimperialistyczne. D\u0105\u017cy\u0142a do wprowadzenia socjalizmu i przej\u0119cia w\u0142adzy politycznej oraz ekonomicznej przez proletariat. Postulowa\u0142a r\u00f3wnie\u017c zast\u0105pienie w\u0142asno\u015bci kapitalistycznej w\u0142asno\u015bci\u0105 spo\u0142eczn\u0105 poprzez nacjonalizacj\u0119 przemys\u0142u, handlu i zasob\u00f3w naturalnych. Opowiada\u0142a si\u0119 r\u00f3wnie\u017c za szerokimi prawami socjalnymi (m.in. bezp\u0142atn\u0105 i powszechn\u0105 o\u015bwiat\u0105 oraz bezp\u0142atn\u0105 s\u0142u\u017cb\u0105 zdrowia). Partia by\u0142a za r\u00f3wnouprawnieniem i [&hellip;]\" \/>\n<meta property=\"og:url\" content=\"https:\/\/antykomunistyczni.pl\/index.php\/directory-komunisci\/organizacje_komunistyczne\/komunistyczna-partia-polski\/\" \/>\n<meta property=\"og:site_name\" content=\"Antykomunistyczni.pl\" \/>\n<meta property=\"article:publisher\" content=\"https:\/\/www.facebook.com\/antykomunistyczni\/\" \/>\n<meta property=\"article:modified_time\" content=\"2026-05-06T08:41:56+00:00\" \/>\n<meta property=\"og:image\" content=\"https:\/\/antykomunistyczni.pl\/wp-content\/uploads\/2026\/02\/AntykomunistyczniLogoSquare.png\" \/>\n\t<meta property=\"og:image:width\" content=\"1024\" \/>\n\t<meta property=\"og:image:height\" content=\"1024\" \/>\n\t<meta property=\"og:image:type\" content=\"image\/png\" \/>\n<meta name=\"twitter:card\" content=\"summary_large_image\" \/>\n<meta name=\"twitter:site\" content=\"@anty_komunisci\" \/>\n<meta name=\"twitter:label1\" content=\"Szacowany czas czytania\" \/>\n\t<meta name=\"twitter:data1\" content=\"1 minuta\" \/>\n<script type=\"application\/ld+json\" class=\"yoast-schema-graph\">{\"@context\":\"https:\\\/\\\/schema.org\",\"@graph\":[{\"@type\":\"WebPage\",\"@id\":\"https:\\\/\\\/antykomunistyczni.pl\\\/index.php\\\/directory-komunisci\\\/organizacje_komunistyczne\\\/komunistyczna-partia-polski\\\/\",\"url\":\"https:\\\/\\\/antykomunistyczni.pl\\\/index.php\\\/directory-komunisci\\\/organizacje_komunistyczne\\\/komunistyczna-partia-polski\\\/\",\"name\":\"Komunistyczna Partia Polski - Antykomunistyczni.pl\",\"isPartOf\":{\"@id\":\"https:\\\/\\\/antykomunistyczni.pl\\\/#website\"},\"datePublished\":\"2026-03-12T19:20:51+00:00\",\"dateModified\":\"2026-05-06T08:41:56+00:00\",\"breadcrumb\":{\"@id\":\"https:\\\/\\\/antykomunistyczni.pl\\\/index.php\\\/directory-komunisci\\\/organizacje_komunistyczne\\\/komunistyczna-partia-polski\\\/#breadcrumb\"},\"inLanguage\":\"pl-PL\",\"potentialAction\":[{\"@type\":\"ReadAction\",\"target\":[\"https:\\\/\\\/antykomunistyczni.pl\\\/index.php\\\/directory-komunisci\\\/organizacje_komunistyczne\\\/komunistyczna-partia-polski\\\/\"]}]},{\"@type\":\"BreadcrumbList\",\"@id\":\"https:\\\/\\\/antykomunistyczni.pl\\\/index.php\\\/directory-komunisci\\\/organizacje_komunistyczne\\\/komunistyczna-partia-polski\\\/#breadcrumb\",\"itemListElement\":[{\"@type\":\"ListItem\",\"position\":1,\"name\":\"Strona g\u0142\u00f3wna\",\"item\":\"https:\\\/\\\/antykomunistyczni.pl\\\/\"},{\"@type\":\"ListItem\",\"position\":2,\"name\":\"Komunistyczna Partia Polski\"}]},{\"@type\":\"WebSite\",\"@id\":\"https:\\\/\\\/antykomunistyczni.pl\\\/#website\",\"url\":\"https:\\\/\\\/antykomunistyczni.pl\\\/\",\"name\":\"Antykomunistyczni.pl\",\"description\":\"\",\"publisher\":{\"@id\":\"https:\\\/\\\/antykomunistyczni.pl\\\/#organization\"},\"alternateName\":\"Historia PRL, zbrodnie komunistyczne w Polsce i na \u015bwiecie\",\"potentialAction\":[{\"@type\":\"SearchAction\",\"target\":{\"@type\":\"EntryPoint\",\"urlTemplate\":\"https:\\\/\\\/antykomunistyczni.pl\\\/?s={search_term_string}\"},\"query-input\":{\"@type\":\"PropertyValueSpecification\",\"valueRequired\":true,\"valueName\":\"search_term_string\"}}],\"inLanguage\":\"pl-PL\"},{\"@type\":\"Organization\",\"@id\":\"https:\\\/\\\/antykomunistyczni.pl\\\/#organization\",\"name\":\"Antykomunistyczni.pl\",\"url\":\"https:\\\/\\\/antykomunistyczni.pl\\\/\",\"logo\":{\"@type\":\"ImageObject\",\"inLanguage\":\"pl-PL\",\"@id\":\"https:\\\/\\\/antykomunistyczni.pl\\\/#\\\/schema\\\/logo\\\/image\\\/\",\"url\":\"https:\\\/\\\/antykomunistyczni.pl\\\/wp-content\\\/uploads\\\/2026\\\/02\\\/cropped-AntykomunistyczniLogoSquare150x150-2.png\",\"contentUrl\":\"https:\\\/\\\/antykomunistyczni.pl\\\/wp-content\\\/uploads\\\/2026\\\/02\\\/cropped-AntykomunistyczniLogoSquare150x150-2.png\",\"width\":150,\"height\":150,\"caption\":\"Antykomunistyczni.pl\"},\"image\":{\"@id\":\"https:\\\/\\\/antykomunistyczni.pl\\\/#\\\/schema\\\/logo\\\/image\\\/\"},\"sameAs\":[\"https:\\\/\\\/www.facebook.com\\\/antykomunistyczni\\\/\",\"https:\\\/\\\/x.com\\\/anty_komunisci\"]}]}<\/script>\n<!-- \/ Yoast SEO plugin. -->","yoast_head_json":{"title":"Komunistyczna Partia Polski - Antykomunistyczni.pl","robots":{"index":"index","follow":"follow","max-snippet":"max-snippet:-1","max-image-preview":"max-image-preview:large","max-video-preview":"max-video-preview:-1"},"canonical":"https:\/\/antykomunistyczni.pl\/index.php\/directory-komunisci\/organizacje_komunistyczne\/komunistyczna-partia-polski\/","og_locale":"pl_PL","og_type":"article","og_title":"Komunistyczna Partia Polski - Antykomunistyczni.pl","og_description":"Komunistyczna Partia Polski g\u0142osi\u0142a has\u0142a antykapitalistyczne i antyimperialistyczne. D\u0105\u017cy\u0142a do wprowadzenia socjalizmu i przej\u0119cia w\u0142adzy politycznej oraz ekonomicznej przez proletariat. Postulowa\u0142a r\u00f3wnie\u017c zast\u0105pienie w\u0142asno\u015bci kapitalistycznej w\u0142asno\u015bci\u0105 spo\u0142eczn\u0105 poprzez nacjonalizacj\u0119 przemys\u0142u, handlu i zasob\u00f3w naturalnych. Opowiada\u0142a si\u0119 r\u00f3wnie\u017c za szerokimi prawami socjalnymi (m.in. bezp\u0142atn\u0105 i powszechn\u0105 o\u015bwiat\u0105 oraz bezp\u0142atn\u0105 s\u0142u\u017cb\u0105 zdrowia). Partia by\u0142a za r\u00f3wnouprawnieniem i [&hellip;]","og_url":"https:\/\/antykomunistyczni.pl\/index.php\/directory-komunisci\/organizacje_komunistyczne\/komunistyczna-partia-polski\/","og_site_name":"Antykomunistyczni.pl","article_publisher":"https:\/\/www.facebook.com\/antykomunistyczni\/","article_modified_time":"2026-05-06T08:41:56+00:00","og_image":[{"width":1024,"height":1024,"url":"https:\/\/antykomunistyczni.pl\/wp-content\/uploads\/2026\/02\/AntykomunistyczniLogoSquare.png","type":"image\/png"}],"twitter_card":"summary_large_image","twitter_site":"@anty_komunisci","twitter_misc":{"Szacowany czas czytania":"1 minuta"},"schema":{"@context":"https:\/\/schema.org","@graph":[{"@type":"WebPage","@id":"https:\/\/antykomunistyczni.pl\/index.php\/directory-komunisci\/organizacje_komunistyczne\/komunistyczna-partia-polski\/","url":"https:\/\/antykomunistyczni.pl\/index.php\/directory-komunisci\/organizacje_komunistyczne\/komunistyczna-partia-polski\/","name":"Komunistyczna Partia Polski - Antykomunistyczni.pl","isPartOf":{"@id":"https:\/\/antykomunistyczni.pl\/#website"},"datePublished":"2026-03-12T19:20:51+00:00","dateModified":"2026-05-06T08:41:56+00:00","breadcrumb":{"@id":"https:\/\/antykomunistyczni.pl\/index.php\/directory-komunisci\/organizacje_komunistyczne\/komunistyczna-partia-polski\/#breadcrumb"},"inLanguage":"pl-PL","potentialAction":[{"@type":"ReadAction","target":["https:\/\/antykomunistyczni.pl\/index.php\/directory-komunisci\/organizacje_komunistyczne\/komunistyczna-partia-polski\/"]}]},{"@type":"BreadcrumbList","@id":"https:\/\/antykomunistyczni.pl\/index.php\/directory-komunisci\/organizacje_komunistyczne\/komunistyczna-partia-polski\/#breadcrumb","itemListElement":[{"@type":"ListItem","position":1,"name":"Strona g\u0142\u00f3wna","item":"https:\/\/antykomunistyczni.pl\/"},{"@type":"ListItem","position":2,"name":"Komunistyczna Partia Polski"}]},{"@type":"WebSite","@id":"https:\/\/antykomunistyczni.pl\/#website","url":"https:\/\/antykomunistyczni.pl\/","name":"Antykomunistyczni.pl","description":"","publisher":{"@id":"https:\/\/antykomunistyczni.pl\/#organization"},"alternateName":"Historia PRL, zbrodnie komunistyczne w Polsce i na \u015bwiecie","potentialAction":[{"@type":"SearchAction","target":{"@type":"EntryPoint","urlTemplate":"https:\/\/antykomunistyczni.pl\/?s={search_term_string}"},"query-input":{"@type":"PropertyValueSpecification","valueRequired":true,"valueName":"search_term_string"}}],"inLanguage":"pl-PL"},{"@type":"Organization","@id":"https:\/\/antykomunistyczni.pl\/#organization","name":"Antykomunistyczni.pl","url":"https:\/\/antykomunistyczni.pl\/","logo":{"@type":"ImageObject","inLanguage":"pl-PL","@id":"https:\/\/antykomunistyczni.pl\/#\/schema\/logo\/image\/","url":"https:\/\/antykomunistyczni.pl\/wp-content\/uploads\/2026\/02\/cropped-AntykomunistyczniLogoSquare150x150-2.png","contentUrl":"https:\/\/antykomunistyczni.pl\/wp-content\/uploads\/2026\/02\/cropped-AntykomunistyczniLogoSquare150x150-2.png","width":150,"height":150,"caption":"Antykomunistyczni.pl"},"image":{"@id":"https:\/\/antykomunistyczni.pl\/#\/schema\/logo\/image\/"},"sameAs":["https:\/\/www.facebook.com\/antykomunistyczni\/","https:\/\/x.com\/anty_komunisci"]}]}},"drts_fields":{"field_phone":[],"field_email":[],"field_website":[],"field_date_established":["2002-07-20T00:00:00+02:00"],"field_skrot_nazwy_popularna_nazwa":["KPP"],"field_status_organizacji":["Zdelegalizowana"],"field_data_rozwiazania_delegalizacji_1":["2025-12-15T00:00:00+01:00"],"field_powod_delegalizacji1":["Decyzja Trybuna\u0142u Konstytucyjnego z 3 grudnia 2025 o delegalizacji. 15 grudnia 2025 s\u0105d wyrejestrowa\u0142 parti\u0119."],"field_szacunkowa_liczba_czlonkow1":["Kilkaset"],"field_powiazania_miedzynarodowe1":true,"field_czerwona_flaga1":["Propaguje ideologi\u0119 totalitarn\u0105","Gloryfikuje zbrodniarzy komunistycznych","Powi\u0105zania z re\u017cimem putinowskim"],"field_kluczowe_wydarzenia":["W wyborach parlamentarnych w 2005 i 2007 cz\u0142onkowie KPP startowali z list Polskiej Partii Pracy. W wyborach prezydenckich w 2005 partia udzieli\u0142a poparcia Danielowi Podrzyckiemu z PPP (kt\u00f3ry na kr\u00f3tko przed wyborami zgin\u0105\u0142 w wypadku drogowym). Przed wyborami prezydenckimi w 2010 przewodnicz\u0105cy partii J\u00f3zef \u0141achut wyrazi\u0142 na Kongresie Porozumienia Lewicy (w ramach kt\u00f3rego KPP podj\u0119\u0142a w 2007 wsp\u00f3\u0142prac\u0119 z innymi lewicowymi ugrupowaniami politycznymi, takimi jak PPP, ROG, Racja PL i PPS) poparcie dla kandydatury Grzegorza Napieralskiego z Sojuszu Lewicy Demokratycznej. W wyborach samorz\u0105dowych w 2010 KPP wsp\u00f3\u0142tworzy\u0142a KWW Czerwony Wroc\u0142aw w wyborach do rady miejskiej Wroc\u0142awia.\r\n\r\nW wyborach parlamentarnych w 2011 pojedynczy cz\u0142onkowie Komunistycznej Partii Polski startowali do Sejmu z ramienia SLD b\u0105d\u017a PPP. KPP wezwa\u0142a natomiast do bojkotu wybor\u00f3w parlamentarnych w 2015. Nawi\u0105za\u0142a ponadto kontakty z Polsk\u0105 Lewic\u0105. W wyborach parlamentarnych w 2019 jeden z cz\u0142onk\u00f3w KPP ponownie znajdowa\u0142 si\u0119 na li\u015bcie SLD (w ramach porozumienia Lewica) do Sejmu. W wyborach prezydenckich w 2020 KPP popar\u0142a kandydatur\u0119 Waldemara Witkowskiego, przewodnicz\u0105cego Unii Pracy. Opowiedzia\u0142a si\u0119 jednocze\u015bnie przeciwko kontynuacji prezydentury Andrzeja Dudy. W wyborach parlamentarnych w 2023 cz\u0142onkowie KPP nie wystartowali."],"field_liderzy_organizacji":["Przewodnicz\u0105cy:\r\nod 14 grudnia 2002 do 8 grudnia 2006 \u2013 Marcin Adam\r\nod 8 grudnia 2006 do 11 grudnia 2010 \u2013 J\u00f3zef \u0141achut\r\nod 11 grudnia 2010 do 28 pa\u017adziernika 2023 \u2013 Krzysztof Szwej\r\nod 28 pa\u017adziernika 2023 do 15 grudnia 2025 \u2013 Beata Karo\u0144"],"location_address":[{"address":"26, Chemik\u00f3w, T\u0142uczyk\u0105t, Pniowiec, Tarnowskie G\u00f3ry, powiat tarnog\u00f3rski, G\u00f3rno\u015bl\u0105sko-Zag\u0142\u0119biowska Metropolia, wojew\u00f3dztwo \u015bl\u0105skie, 42-609, Polska","street":"Chemik\u00f3w 26","street2":"","city":"Tarnowskie g\u00f3ry","province":"wojew\u00f3dztwo \u015bl\u0105skie","zip":"42-609","country":"Polska","timezone":"","zoom":10,"lat":50.490361999999998,"lng":18.846163000000001,"term_id":0,"display_address":"Chemik\u00f3w 26, 42-609, Tarnowskie g\u00f3ry, Polska"}],"field_ideologia":["Marksizm-leninizm, Antykapitalizm, Neokomunizm, Eurosceptycyzm, Antyklerykalizm"],"field_powiazania_miedzynarodowe_opis":["Initiative CWPE - https:\/\/www.initiative-cwpe.org\/en\/participating-parties\/\r\nInternational Meeting of Communist & Workers' Parties https:\/\/www.solidnet.org\/links\/communist-and-workers-parties\/"]},"_links":{"self":[{"href":"https:\/\/antykomunistyczni.pl\/index.php\/wp-json\/wp\/v2\/komunisci_dir_ltg\/1136","targetHints":{"allow":["GET"]}}],"collection":[{"href":"https:\/\/antykomunistyczni.pl\/index.php\/wp-json\/wp\/v2\/komunisci_dir_ltg"}],"about":[{"href":"https:\/\/antykomunistyczni.pl\/index.php\/wp-json\/wp\/v2\/types\/komunisci_dir_ltg"}],"author":[{"embeddable":true,"href":"https:\/\/antykomunistyczni.pl\/index.php\/wp-json\/wp\/v2\/users\/1"}],"replies":[{"embeddable":true,"href":"https:\/\/antykomunistyczni.pl\/index.php\/wp-json\/wp\/v2\/comments?post=1136"}],"wp:attachment":[{"href":"https:\/\/antykomunistyczni.pl\/index.php\/wp-json\/wp\/v2\/media?parent=1136"}],"wp:term":[{"taxonomy":"komunisci_dir_tag","embeddable":true,"href":"https:\/\/antykomunistyczni.pl\/index.php\/wp-json\/wp\/v2\/komunisci_dir_tag?post=1136"},{"taxonomy":"komunisci_loc_loc","embeddable":true,"href":"https:\/\/antykomunistyczni.pl\/index.php\/wp-json\/wp\/v2\/komunisci_loc_loc?post=1136"}],"curies":[{"name":"wp","href":"https:\/\/api.w.org\/{rel}","templated":true}]}}