{"id":1150,"date":"2026-03-13T07:17:51","date_gmt":"2026-03-13T07:17:51","guid":{"rendered":"https:\/\/antykomunistyczni.pl\/index.php\/directory-komunisci\/organizacje_komunistyczne\/akcja-socjalistyczna\/"},"modified":"2026-03-13T17:00:36","modified_gmt":"2026-03-13T16:00:36","slug":"akcja-socjalistyczna","status":"publish","type":"komunisci_dir_ltg","link":"https:\/\/antykomunistyczni.pl\/index.php\/directory-komunisci\/organizacje_komunistyczne\/akcja-socjalistyczna\/","title":{"rendered":"Akcja Socjalistyczna"},"author":0,"comment_status":"closed","ping_status":"closed","template":"","komunisci_dir_tag":[],"komunisci_loc_loc":[],"class_list":["post-1150","komunisci_dir_ltg","type-komunisci_dir_ltg","status-publish","hentry"],"yoast_head":"<!-- This site is optimized with the Yoast SEO plugin v28.4 - https:\/\/yoast.com\/product\/yoast-seo-wordpress\/ -->\n<title>Akcja Socjalistyczna - Antykomunistyczni.pl<\/title>\n<meta name=\"robots\" content=\"index, follow, max-snippet:-1, max-image-preview:large, max-video-preview:-1\" \/>\n<link rel=\"canonical\" href=\"https:\/\/antykomunistyczni.pl\/index.php\/directory-komunisci\/organizacje_komunistyczne\/akcja-socjalistyczna\/\" \/>\n<meta property=\"og:locale\" content=\"pl_PL\" \/>\n<meta property=\"og:type\" content=\"article\" \/>\n<meta property=\"og:title\" content=\"Akcja Socjalistyczna - Antykomunistyczni.pl\" \/>\n<meta property=\"og:description\" content=\"Akcja Socjalistyczna to wsp\u00f3\u0142czesne, radykalnie lewicowe stowarzyszenie dzia\u0142aj\u0105ce w Polsce (stan na marzec 2026). Organizacja rejestruje si\u0119 jako stowarzyszenie (KRS zarejestrowane m.in. w Rzeszowie w listopadzie 2024), ale funkcjonuje jako aktywna grupa polityczna o profilu socjalistycznym \/ marksistowsko-rewolucyjnym. Has\u0142a i ideologia Organizacja deklaruje d\u0105\u017cenie do \u015bwiata wolnego od dominacji klasowej, p\u0142ciowej i rasowej, opartego na [&hellip;]\" \/>\n<meta property=\"og:url\" content=\"https:\/\/antykomunistyczni.pl\/index.php\/directory-komunisci\/organizacje_komunistyczne\/akcja-socjalistyczna\/\" \/>\n<meta property=\"og:site_name\" content=\"Antykomunistyczni.pl\" \/>\n<meta property=\"article:publisher\" content=\"https:\/\/www.facebook.com\/antykomunistyczni\/\" \/>\n<meta property=\"article:modified_time\" content=\"2026-03-13T16:00:36+00:00\" \/>\n<meta property=\"og:image\" content=\"https:\/\/antykomunistyczni.pl\/wp-content\/uploads\/2026\/02\/AntykomunistyczniLogoSquare.png\" \/>\n\t<meta property=\"og:image:width\" content=\"1024\" \/>\n\t<meta property=\"og:image:height\" content=\"1024\" \/>\n\t<meta property=\"og:image:type\" content=\"image\/png\" \/>\n<meta name=\"twitter:card\" content=\"summary_large_image\" \/>\n<meta name=\"twitter:site\" content=\"@anty_komunisci\" \/>\n<meta name=\"twitter:label1\" content=\"Szacowany czas czytania\" \/>\n\t<meta name=\"twitter:data1\" content=\"1 minuta\" \/>\n<script type=\"application\/ld+json\" class=\"yoast-schema-graph\">{\"@context\":\"https:\\\/\\\/schema.org\",\"@graph\":[{\"@type\":\"WebPage\",\"@id\":\"https:\\\/\\\/antykomunistyczni.pl\\\/index.php\\\/directory-komunisci\\\/organizacje_komunistyczne\\\/akcja-socjalistyczna\\\/\",\"url\":\"https:\\\/\\\/antykomunistyczni.pl\\\/index.php\\\/directory-komunisci\\\/organizacje_komunistyczne\\\/akcja-socjalistyczna\\\/\",\"name\":\"Akcja Socjalistyczna - Antykomunistyczni.pl\",\"isPartOf\":{\"@id\":\"https:\\\/\\\/antykomunistyczni.pl\\\/#website\"},\"datePublished\":\"2026-03-13T07:17:51+00:00\",\"dateModified\":\"2026-03-13T16:00:36+00:00\",\"breadcrumb\":{\"@id\":\"https:\\\/\\\/antykomunistyczni.pl\\\/index.php\\\/directory-komunisci\\\/organizacje_komunistyczne\\\/akcja-socjalistyczna\\\/#breadcrumb\"},\"inLanguage\":\"pl-PL\",\"potentialAction\":[{\"@type\":\"ReadAction\",\"target\":[\"https:\\\/\\\/antykomunistyczni.pl\\\/index.php\\\/directory-komunisci\\\/organizacje_komunistyczne\\\/akcja-socjalistyczna\\\/\"]}]},{\"@type\":\"BreadcrumbList\",\"@id\":\"https:\\\/\\\/antykomunistyczni.pl\\\/index.php\\\/directory-komunisci\\\/organizacje_komunistyczne\\\/akcja-socjalistyczna\\\/#breadcrumb\",\"itemListElement\":[{\"@type\":\"ListItem\",\"position\":1,\"name\":\"Strona g\u0142\u00f3wna\",\"item\":\"https:\\\/\\\/antykomunistyczni.pl\\\/\"},{\"@type\":\"ListItem\",\"position\":2,\"name\":\"Akcja Socjalistyczna\"}]},{\"@type\":\"WebSite\",\"@id\":\"https:\\\/\\\/antykomunistyczni.pl\\\/#website\",\"url\":\"https:\\\/\\\/antykomunistyczni.pl\\\/\",\"name\":\"Antykomunistyczni.pl\",\"description\":\"\",\"publisher\":{\"@id\":\"https:\\\/\\\/antykomunistyczni.pl\\\/#organization\"},\"alternateName\":\"Historia PRL, zbrodnie komunistyczne w Polsce i na \u015bwiecie\",\"potentialAction\":[{\"@type\":\"SearchAction\",\"target\":{\"@type\":\"EntryPoint\",\"urlTemplate\":\"https:\\\/\\\/antykomunistyczni.pl\\\/?s={search_term_string}\"},\"query-input\":{\"@type\":\"PropertyValueSpecification\",\"valueRequired\":true,\"valueName\":\"search_term_string\"}}],\"inLanguage\":\"pl-PL\"},{\"@type\":\"Organization\",\"@id\":\"https:\\\/\\\/antykomunistyczni.pl\\\/#organization\",\"name\":\"Antykomunistyczni.pl\",\"url\":\"https:\\\/\\\/antykomunistyczni.pl\\\/\",\"logo\":{\"@type\":\"ImageObject\",\"inLanguage\":\"pl-PL\",\"@id\":\"https:\\\/\\\/antykomunistyczni.pl\\\/#\\\/schema\\\/logo\\\/image\\\/\",\"url\":\"https:\\\/\\\/antykomunistyczni.pl\\\/wp-content\\\/uploads\\\/2026\\\/02\\\/cropped-AntykomunistyczniLogoSquare150x150-2.png\",\"contentUrl\":\"https:\\\/\\\/antykomunistyczni.pl\\\/wp-content\\\/uploads\\\/2026\\\/02\\\/cropped-AntykomunistyczniLogoSquare150x150-2.png\",\"width\":150,\"height\":150,\"caption\":\"Antykomunistyczni.pl\"},\"image\":{\"@id\":\"https:\\\/\\\/antykomunistyczni.pl\\\/#\\\/schema\\\/logo\\\/image\\\/\"},\"sameAs\":[\"https:\\\/\\\/www.facebook.com\\\/antykomunistyczni\\\/\",\"https:\\\/\\\/x.com\\\/anty_komunisci\"]}]}<\/script>\n<!-- \/ Yoast SEO plugin. -->","yoast_head_json":{"title":"Akcja Socjalistyczna - Antykomunistyczni.pl","robots":{"index":"index","follow":"follow","max-snippet":"max-snippet:-1","max-image-preview":"max-image-preview:large","max-video-preview":"max-video-preview:-1"},"canonical":"https:\/\/antykomunistyczni.pl\/index.php\/directory-komunisci\/organizacje_komunistyczne\/akcja-socjalistyczna\/","og_locale":"pl_PL","og_type":"article","og_title":"Akcja Socjalistyczna - Antykomunistyczni.pl","og_description":"Akcja Socjalistyczna to wsp\u00f3\u0142czesne, radykalnie lewicowe stowarzyszenie dzia\u0142aj\u0105ce w Polsce (stan na marzec 2026). Organizacja rejestruje si\u0119 jako stowarzyszenie (KRS zarejestrowane m.in. w Rzeszowie w listopadzie 2024), ale funkcjonuje jako aktywna grupa polityczna o profilu socjalistycznym \/ marksistowsko-rewolucyjnym. Has\u0142a i ideologia Organizacja deklaruje d\u0105\u017cenie do \u015bwiata wolnego od dominacji klasowej, p\u0142ciowej i rasowej, opartego na [&hellip;]","og_url":"https:\/\/antykomunistyczni.pl\/index.php\/directory-komunisci\/organizacje_komunistyczne\/akcja-socjalistyczna\/","og_site_name":"Antykomunistyczni.pl","article_publisher":"https:\/\/www.facebook.com\/antykomunistyczni\/","article_modified_time":"2026-03-13T16:00:36+00:00","og_image":[{"width":1024,"height":1024,"url":"https:\/\/antykomunistyczni.pl\/wp-content\/uploads\/2026\/02\/AntykomunistyczniLogoSquare.png","type":"image\/png"}],"twitter_card":"summary_large_image","twitter_site":"@anty_komunisci","twitter_misc":{"Szacowany czas czytania":"1 minuta"},"schema":{"@context":"https:\/\/schema.org","@graph":[{"@type":"WebPage","@id":"https:\/\/antykomunistyczni.pl\/index.php\/directory-komunisci\/organizacje_komunistyczne\/akcja-socjalistyczna\/","url":"https:\/\/antykomunistyczni.pl\/index.php\/directory-komunisci\/organizacje_komunistyczne\/akcja-socjalistyczna\/","name":"Akcja Socjalistyczna - Antykomunistyczni.pl","isPartOf":{"@id":"https:\/\/antykomunistyczni.pl\/#website"},"datePublished":"2026-03-13T07:17:51+00:00","dateModified":"2026-03-13T16:00:36+00:00","breadcrumb":{"@id":"https:\/\/antykomunistyczni.pl\/index.php\/directory-komunisci\/organizacje_komunistyczne\/akcja-socjalistyczna\/#breadcrumb"},"inLanguage":"pl-PL","potentialAction":[{"@type":"ReadAction","target":["https:\/\/antykomunistyczni.pl\/index.php\/directory-komunisci\/organizacje_komunistyczne\/akcja-socjalistyczna\/"]}]},{"@type":"BreadcrumbList","@id":"https:\/\/antykomunistyczni.pl\/index.php\/directory-komunisci\/organizacje_komunistyczne\/akcja-socjalistyczna\/#breadcrumb","itemListElement":[{"@type":"ListItem","position":1,"name":"Strona g\u0142\u00f3wna","item":"https:\/\/antykomunistyczni.pl\/"},{"@type":"ListItem","position":2,"name":"Akcja Socjalistyczna"}]},{"@type":"WebSite","@id":"https:\/\/antykomunistyczni.pl\/#website","url":"https:\/\/antykomunistyczni.pl\/","name":"Antykomunistyczni.pl","description":"","publisher":{"@id":"https:\/\/antykomunistyczni.pl\/#organization"},"alternateName":"Historia PRL, zbrodnie komunistyczne w Polsce i na \u015bwiecie","potentialAction":[{"@type":"SearchAction","target":{"@type":"EntryPoint","urlTemplate":"https:\/\/antykomunistyczni.pl\/?s={search_term_string}"},"query-input":{"@type":"PropertyValueSpecification","valueRequired":true,"valueName":"search_term_string"}}],"inLanguage":"pl-PL"},{"@type":"Organization","@id":"https:\/\/antykomunistyczni.pl\/#organization","name":"Antykomunistyczni.pl","url":"https:\/\/antykomunistyczni.pl\/","logo":{"@type":"ImageObject","inLanguage":"pl-PL","@id":"https:\/\/antykomunistyczni.pl\/#\/schema\/logo\/image\/","url":"https:\/\/antykomunistyczni.pl\/wp-content\/uploads\/2026\/02\/cropped-AntykomunistyczniLogoSquare150x150-2.png","contentUrl":"https:\/\/antykomunistyczni.pl\/wp-content\/uploads\/2026\/02\/cropped-AntykomunistyczniLogoSquare150x150-2.png","width":150,"height":150,"caption":"Antykomunistyczni.pl"},"image":{"@id":"https:\/\/antykomunistyczni.pl\/#\/schema\/logo\/image\/"},"sameAs":["https:\/\/www.facebook.com\/antykomunistyczni\/","https:\/\/x.com\/anty_komunisci"]}]}},"drts_fields":{"field_phone":[],"field_email":["kontakt@akcjasocjalistyczna.pl"],"field_website":["https:\/\/akcjasocjalistyczna.pl\/"],"field_date_established":[],"field_skrot_nazwy_popularna_nazwa":["Akcja Socjalistyczna"],"field_status_organizacji":["Aktywna"],"field_data_rozwiazania_delegalizacji_1":[],"field_powod_delegalizacji1":[false],"field_szacunkowa_liczba_czlonkow1":[],"field_powiazania_miedzynarodowe1":true,"field_czerwona_flaga1":["Propaguje ideologi\u0119 totalitarn\u0105"],"field_kluczowe_wydarzenia":["M\u0142oda organizacja \u2013 powsta\u0142a w ostatnich latach (aktywna zw\u0142aszcza od ~2020\u20132024), opisuje siebie jako \u201em\u0142od\u0105 organizacj\u0119 walcz\u0105c\u0105 o zmian\u0119 paradygmatu gospodarczego\u201d (Progressive International).\r\n\r\nAntykapitalistyczna, antyimperialistyczna, pro-pracownicza.\r\n\r\nSilny akcent na ekosocjalizm, queerowe wyzwolenie (ale krytyka \u201et\u0119czowego kapitalizmu\u201d i pinkwashingu), feminizm, walk\u0119 z rasizmem i migranck\u0105 solidarno\u015bci\u0105 klasow\u0105.\r\n\r\nAktywna na ulicach: blokady korporacji podczas Parad R\u00f3wno\u015bci (np. Maersk w 2025\/2026), protesty pracownicze, akcje antywojenne.\r\n\r\nPublikuje teksty teoretyczne, audiobooki (Lenin, Luksemburg, Foster), analizy kryzysu kapitalizmu.\r\n\r\nSprzeciwia si\u0119 represjom politycznym \u2013 m.in. publicznie broni\u0142a wolno\u015bci s\u0142owa po delegalizacji Komunistycznej Partii Polski w grudniu 2025 (artyku\u0142 \u201eLikwidacja KPP. Nawrocki i Stalin \u2013 tragedia i farsa\u201d).\r\n\r\nWsp\u00f3\u0142pracuje z innymi grupami lewicowymi, zwi\u0105zkami zawodowymi i ruchami mniejszo\u015bciowymi."],"field_liderzy_organizacji":["Aktualny zarz\u0105d (z KRS 0001136004, zarejestrowane 4 listopada 2024 w Rzeszowie)\r\nZarz\u0105d stowarzyszenia sk\u0142ada si\u0119 z trzech cz\u0142onk\u00f3w (ka\u017cdy mo\u017ce reprezentowa\u0107 samodzielnie):\r\n\r\n- Pawe\u0142 Krzysztof Preneta \u2013 cz\u0142onek zarz\u0105du od 4 listopada 2024  \r\n- Jan Michalik \u2013 cz\u0142onek zarz\u0105du od 4 listopada 2024  \r\n  (cz\u0119sto pojawia si\u0119 w tekstach i podcastach organizacji, np. wsp\u00f3\u0142autor eseju \u201eDlaczego socjalizm?\u201d)  \r\n- Bruno Szyszka \u2013 cz\u0142onek zarz\u0105du od 4 listopada 2024  \r\n\r\nKomisja rewizyjna (organ nadzoru)\r\n- Hubert Adamczyk\r\n- Jakub Miko\u0142aj Dzieciuch\r\n- Filip Szymczak\r\n\r\nInni widoczni aktywi\u015bci i autorzy\r\n- Tosia Levi \u2013 wsp\u00f3\u0142autorka tekst\u00f3w teoretycznych (np. \u201eDlaczego socjalizm?\u201d z Janem Michalikiem)  \r\n- \u0141ukasz Kozak \u2013 autor analiz geopolitycznych i antyimperialistycznych (np. teksty o Palestynie, ekonomii ludob\u00f3jstwa)"],"location_address":[{"address":"20, Aleja profesora Adama Krzy\u017canowskiego, Paderewskiego, Rzesz\u00f3w, wojew\u00f3dztwo podkarpackie, 35-310, Polska","street":"Al. Prof. Adama Krzy\u017canowskiego 12 \/ 16,","street2":"","city":"Rzesz\u00f3w","province":"wojew\u00f3dztwo podkarpackie","zip":"35-329","country":"Polska","timezone":"","zoom":10,"lat":50.026719,"lng":22.019666000000001,"term_id":0,"display_address":"Al. Prof. Adama Krzy\u017canowskiego 12 \/ 16, 35-329, Rzesz\u00f3w, Polska"}],"field_ideologia":["Mamy do\u015b\u0107 przygl\u0105dania si\u0119, jak kapitali\u015bci urz\u0105dzaj\u0105 nam \u015bwiat."],"field_powiazania_miedzynarodowe_opis":["https:\/\/www.linksjugend-solid.de\/"]},"_links":{"self":[{"href":"https:\/\/antykomunistyczni.pl\/index.php\/wp-json\/wp\/v2\/komunisci_dir_ltg\/1150","targetHints":{"allow":["GET"]}}],"collection":[{"href":"https:\/\/antykomunistyczni.pl\/index.php\/wp-json\/wp\/v2\/komunisci_dir_ltg"}],"about":[{"href":"https:\/\/antykomunistyczni.pl\/index.php\/wp-json\/wp\/v2\/types\/komunisci_dir_ltg"}],"replies":[{"embeddable":true,"href":"https:\/\/antykomunistyczni.pl\/index.php\/wp-json\/wp\/v2\/comments?post=1150"}],"wp:attachment":[{"href":"https:\/\/antykomunistyczni.pl\/index.php\/wp-json\/wp\/v2\/media?parent=1150"}],"wp:term":[{"taxonomy":"komunisci_dir_tag","embeddable":true,"href":"https:\/\/antykomunistyczni.pl\/index.php\/wp-json\/wp\/v2\/komunisci_dir_tag?post=1150"},{"taxonomy":"komunisci_loc_loc","embeddable":true,"href":"https:\/\/antykomunistyczni.pl\/index.php\/wp-json\/wp\/v2\/komunisci_loc_loc?post=1150"}],"curies":[{"name":"wp","href":"https:\/\/api.w.org\/{rel}","templated":true}]}}