{"id":1151,"date":"2026-03-13T08:17:51","date_gmt":"2026-03-13T07:17:51","guid":{"rendered":"https:\/\/antykomunistyczni.pl\/index.php\/directory-komunisci\/organizacje_komunistyczne\/stowarzyszenie-historia-czerwona\/"},"modified":"2026-03-13T18:01:24","modified_gmt":"2026-03-13T17:01:24","slug":"stowarzyszenie-historia-czerwona","status":"publish","type":"komunisci_dir_ltg","link":"https:\/\/antykomunistyczni.pl\/index.php\/directory-komunisci\/organizacje_komunistyczne\/stowarzyszenie-historia-czerwona\/","title":{"rendered":"Stowarzyszenie Historia Czerwona"},"author":0,"comment_status":"closed","ping_status":"closed","template":"","komunisci_dir_tag":[],"komunisci_loc_loc":[],"class_list":["post-1151","komunisci_dir_ltg","type-komunisci_dir_ltg","status-publish","hentry"],"yoast_head":"<!-- This site is optimized with the Yoast SEO plugin v28.4 - https:\/\/yoast.com\/product\/yoast-seo-wordpress\/ -->\n<title>Stowarzyszenie Historia Czerwona - Antykomunistyczni.pl<\/title>\n<meta name=\"description\" content=\"Stowarzyszenie Historia Czerwona to jeden z ostatnich bastion\u00f3w \u201eczerwonej narracji\u201d w Polsce po delegalizacji KPP. Pod p\u0142aszczykiem \u201epromowania historii ruchu robotniczego\u201d i \u201eobrony miejsc pami\u0119ci\u201d organizacja konsekwentnie upami\u0119tnia morderc\u00f3w z UB, dzia\u0142aczy KPP\" \/>\n<meta name=\"robots\" content=\"index, follow, max-snippet:-1, max-image-preview:large, max-video-preview:-1\" \/>\n<link rel=\"canonical\" href=\"https:\/\/antykomunistyczni.pl\/index.php\/directory-komunisci\/organizacje_komunistyczne\/stowarzyszenie-historia-czerwona\/\" \/>\n<meta property=\"og:locale\" content=\"pl_PL\" \/>\n<meta property=\"og:type\" content=\"article\" \/>\n<meta property=\"og:title\" content=\"Stowarzyszenie Historia Czerwona - Antykomunistyczni.pl\" \/>\n<meta property=\"og:description\" content=\"Stowarzyszenie Historia Czerwona to jeden z ostatnich bastion\u00f3w \u201eczerwonej narracji\u201d w Polsce po delegalizacji KPP. Pod p\u0142aszczykiem \u201epromowania historii ruchu robotniczego\u201d i \u201eobrony miejsc pami\u0119ci\u201d organizacja konsekwentnie upami\u0119tnia morderc\u00f3w z UB, dzia\u0142aczy KPP\" \/>\n<meta property=\"og:url\" content=\"https:\/\/antykomunistyczni.pl\/index.php\/directory-komunisci\/organizacje_komunistyczne\/stowarzyszenie-historia-czerwona\/\" \/>\n<meta property=\"og:site_name\" content=\"Antykomunistyczni.pl\" \/>\n<meta property=\"article:publisher\" content=\"https:\/\/www.facebook.com\/antykomunistyczni\/\" \/>\n<meta property=\"article:modified_time\" content=\"2026-03-13T17:01:24+00:00\" \/>\n<meta property=\"og:image\" content=\"https:\/\/antykomunistyczni.pl\/wp-content\/uploads\/2026\/02\/AntykomunistyczniLogoSquare.png\" \/>\n\t<meta property=\"og:image:width\" content=\"1024\" \/>\n\t<meta property=\"og:image:height\" content=\"1024\" \/>\n\t<meta property=\"og:image:type\" content=\"image\/png\" \/>\n<meta name=\"twitter:card\" content=\"summary_large_image\" \/>\n<meta name=\"twitter:site\" content=\"@anty_komunisci\" \/>\n<meta name=\"twitter:label1\" content=\"Szacowany czas czytania\" \/>\n\t<meta name=\"twitter:data1\" content=\"2 minuty\" \/>\n<script type=\"application\/ld+json\" class=\"yoast-schema-graph\">{\"@context\":\"https:\\\/\\\/schema.org\",\"@graph\":[{\"@type\":\"WebPage\",\"@id\":\"https:\\\/\\\/antykomunistyczni.pl\\\/index.php\\\/directory-komunisci\\\/organizacje_komunistyczne\\\/stowarzyszenie-historia-czerwona\\\/\",\"url\":\"https:\\\/\\\/antykomunistyczni.pl\\\/index.php\\\/directory-komunisci\\\/organizacje_komunistyczne\\\/stowarzyszenie-historia-czerwona\\\/\",\"name\":\"Stowarzyszenie Historia Czerwona - Antykomunistyczni.pl\",\"isPartOf\":{\"@id\":\"https:\\\/\\\/antykomunistyczni.pl\\\/#website\"},\"datePublished\":\"2026-03-13T07:17:51+00:00\",\"dateModified\":\"2026-03-13T17:01:24+00:00\",\"description\":\"Stowarzyszenie Historia Czerwona to jeden z ostatnich bastion\u00f3w \u201eczerwonej narracji\u201d w Polsce po delegalizacji KPP. Pod p\u0142aszczykiem \u201epromowania historii ruchu robotniczego\u201d i \u201eobrony miejsc pami\u0119ci\u201d organizacja konsekwentnie upami\u0119tnia morderc\u00f3w z UB, dzia\u0142aczy KPP\",\"breadcrumb\":{\"@id\":\"https:\\\/\\\/antykomunistyczni.pl\\\/index.php\\\/directory-komunisci\\\/organizacje_komunistyczne\\\/stowarzyszenie-historia-czerwona\\\/#breadcrumb\"},\"inLanguage\":\"pl-PL\",\"potentialAction\":[{\"@type\":\"ReadAction\",\"target\":[\"https:\\\/\\\/antykomunistyczni.pl\\\/index.php\\\/directory-komunisci\\\/organizacje_komunistyczne\\\/stowarzyszenie-historia-czerwona\\\/\"]}]},{\"@type\":\"BreadcrumbList\",\"@id\":\"https:\\\/\\\/antykomunistyczni.pl\\\/index.php\\\/directory-komunisci\\\/organizacje_komunistyczne\\\/stowarzyszenie-historia-czerwona\\\/#breadcrumb\",\"itemListElement\":[{\"@type\":\"ListItem\",\"position\":1,\"name\":\"Strona g\u0142\u00f3wna\",\"item\":\"https:\\\/\\\/antykomunistyczni.pl\\\/\"},{\"@type\":\"ListItem\",\"position\":2,\"name\":\"Stowarzyszenie Historia Czerwona\"}]},{\"@type\":\"WebSite\",\"@id\":\"https:\\\/\\\/antykomunistyczni.pl\\\/#website\",\"url\":\"https:\\\/\\\/antykomunistyczni.pl\\\/\",\"name\":\"Antykomunistyczni.pl\",\"description\":\"\",\"publisher\":{\"@id\":\"https:\\\/\\\/antykomunistyczni.pl\\\/#organization\"},\"alternateName\":\"Historia PRL, zbrodnie komunistyczne w Polsce i na \u015bwiecie\",\"potentialAction\":[{\"@type\":\"SearchAction\",\"target\":{\"@type\":\"EntryPoint\",\"urlTemplate\":\"https:\\\/\\\/antykomunistyczni.pl\\\/?s={search_term_string}\"},\"query-input\":{\"@type\":\"PropertyValueSpecification\",\"valueRequired\":true,\"valueName\":\"search_term_string\"}}],\"inLanguage\":\"pl-PL\"},{\"@type\":\"Organization\",\"@id\":\"https:\\\/\\\/antykomunistyczni.pl\\\/#organization\",\"name\":\"Antykomunistyczni.pl\",\"url\":\"https:\\\/\\\/antykomunistyczni.pl\\\/\",\"logo\":{\"@type\":\"ImageObject\",\"inLanguage\":\"pl-PL\",\"@id\":\"https:\\\/\\\/antykomunistyczni.pl\\\/#\\\/schema\\\/logo\\\/image\\\/\",\"url\":\"https:\\\/\\\/antykomunistyczni.pl\\\/wp-content\\\/uploads\\\/2026\\\/02\\\/cropped-AntykomunistyczniLogoSquare150x150-2.png\",\"contentUrl\":\"https:\\\/\\\/antykomunistyczni.pl\\\/wp-content\\\/uploads\\\/2026\\\/02\\\/cropped-AntykomunistyczniLogoSquare150x150-2.png\",\"width\":150,\"height\":150,\"caption\":\"Antykomunistyczni.pl\"},\"image\":{\"@id\":\"https:\\\/\\\/antykomunistyczni.pl\\\/#\\\/schema\\\/logo\\\/image\\\/\"},\"sameAs\":[\"https:\\\/\\\/www.facebook.com\\\/antykomunistyczni\\\/\",\"https:\\\/\\\/x.com\\\/anty_komunisci\"]}]}<\/script>\n<!-- \/ Yoast SEO plugin. -->","yoast_head_json":{"title":"Stowarzyszenie Historia Czerwona - Antykomunistyczni.pl","description":"Stowarzyszenie Historia Czerwona to jeden z ostatnich bastion\u00f3w \u201eczerwonej narracji\u201d w Polsce po delegalizacji KPP. Pod p\u0142aszczykiem \u201epromowania historii ruchu robotniczego\u201d i \u201eobrony miejsc pami\u0119ci\u201d organizacja konsekwentnie upami\u0119tnia morderc\u00f3w z UB, dzia\u0142aczy KPP","robots":{"index":"index","follow":"follow","max-snippet":"max-snippet:-1","max-image-preview":"max-image-preview:large","max-video-preview":"max-video-preview:-1"},"canonical":"https:\/\/antykomunistyczni.pl\/index.php\/directory-komunisci\/organizacje_komunistyczne\/stowarzyszenie-historia-czerwona\/","og_locale":"pl_PL","og_type":"article","og_title":"Stowarzyszenie Historia Czerwona - Antykomunistyczni.pl","og_description":"Stowarzyszenie Historia Czerwona to jeden z ostatnich bastion\u00f3w \u201eczerwonej narracji\u201d w Polsce po delegalizacji KPP. Pod p\u0142aszczykiem \u201epromowania historii ruchu robotniczego\u201d i \u201eobrony miejsc pami\u0119ci\u201d organizacja konsekwentnie upami\u0119tnia morderc\u00f3w z UB, dzia\u0142aczy KPP","og_url":"https:\/\/antykomunistyczni.pl\/index.php\/directory-komunisci\/organizacje_komunistyczne\/stowarzyszenie-historia-czerwona\/","og_site_name":"Antykomunistyczni.pl","article_publisher":"https:\/\/www.facebook.com\/antykomunistyczni\/","article_modified_time":"2026-03-13T17:01:24+00:00","og_image":[{"width":1024,"height":1024,"url":"https:\/\/antykomunistyczni.pl\/wp-content\/uploads\/2026\/02\/AntykomunistyczniLogoSquare.png","type":"image\/png"}],"twitter_card":"summary_large_image","twitter_site":"@anty_komunisci","twitter_misc":{"Szacowany czas czytania":"2 minuty"},"schema":{"@context":"https:\/\/schema.org","@graph":[{"@type":"WebPage","@id":"https:\/\/antykomunistyczni.pl\/index.php\/directory-komunisci\/organizacje_komunistyczne\/stowarzyszenie-historia-czerwona\/","url":"https:\/\/antykomunistyczni.pl\/index.php\/directory-komunisci\/organizacje_komunistyczne\/stowarzyszenie-historia-czerwona\/","name":"Stowarzyszenie Historia Czerwona - Antykomunistyczni.pl","isPartOf":{"@id":"https:\/\/antykomunistyczni.pl\/#website"},"datePublished":"2026-03-13T07:17:51+00:00","dateModified":"2026-03-13T17:01:24+00:00","description":"Stowarzyszenie Historia Czerwona to jeden z ostatnich bastion\u00f3w \u201eczerwonej narracji\u201d w Polsce po delegalizacji KPP. Pod p\u0142aszczykiem \u201epromowania historii ruchu robotniczego\u201d i \u201eobrony miejsc pami\u0119ci\u201d organizacja konsekwentnie upami\u0119tnia morderc\u00f3w z UB, dzia\u0142aczy KPP","breadcrumb":{"@id":"https:\/\/antykomunistyczni.pl\/index.php\/directory-komunisci\/organizacje_komunistyczne\/stowarzyszenie-historia-czerwona\/#breadcrumb"},"inLanguage":"pl-PL","potentialAction":[{"@type":"ReadAction","target":["https:\/\/antykomunistyczni.pl\/index.php\/directory-komunisci\/organizacje_komunistyczne\/stowarzyszenie-historia-czerwona\/"]}]},{"@type":"BreadcrumbList","@id":"https:\/\/antykomunistyczni.pl\/index.php\/directory-komunisci\/organizacje_komunistyczne\/stowarzyszenie-historia-czerwona\/#breadcrumb","itemListElement":[{"@type":"ListItem","position":1,"name":"Strona g\u0142\u00f3wna","item":"https:\/\/antykomunistyczni.pl\/"},{"@type":"ListItem","position":2,"name":"Stowarzyszenie Historia Czerwona"}]},{"@type":"WebSite","@id":"https:\/\/antykomunistyczni.pl\/#website","url":"https:\/\/antykomunistyczni.pl\/","name":"Antykomunistyczni.pl","description":"","publisher":{"@id":"https:\/\/antykomunistyczni.pl\/#organization"},"alternateName":"Historia PRL, zbrodnie komunistyczne w Polsce i na \u015bwiecie","potentialAction":[{"@type":"SearchAction","target":{"@type":"EntryPoint","urlTemplate":"https:\/\/antykomunistyczni.pl\/?s={search_term_string}"},"query-input":{"@type":"PropertyValueSpecification","valueRequired":true,"valueName":"search_term_string"}}],"inLanguage":"pl-PL"},{"@type":"Organization","@id":"https:\/\/antykomunistyczni.pl\/#organization","name":"Antykomunistyczni.pl","url":"https:\/\/antykomunistyczni.pl\/","logo":{"@type":"ImageObject","inLanguage":"pl-PL","@id":"https:\/\/antykomunistyczni.pl\/#\/schema\/logo\/image\/","url":"https:\/\/antykomunistyczni.pl\/wp-content\/uploads\/2026\/02\/cropped-AntykomunistyczniLogoSquare150x150-2.png","contentUrl":"https:\/\/antykomunistyczni.pl\/wp-content\/uploads\/2026\/02\/cropped-AntykomunistyczniLogoSquare150x150-2.png","width":150,"height":150,"caption":"Antykomunistyczni.pl"},"image":{"@id":"https:\/\/antykomunistyczni.pl\/#\/schema\/logo\/image\/"},"sameAs":["https:\/\/www.facebook.com\/antykomunistyczni\/","https:\/\/x.com\/anty_komunisci"]}]}},"drts_fields":{"field_phone":[],"field_email":[],"field_website":[],"field_date_established":["2020-03-09T00:00:00+01:00"],"field_skrot_nazwy_popularna_nazwa":["Historia Czerwona"],"field_status_organizacji":["Aktywna"],"field_data_rozwiazania_delegalizacji_1":[],"field_powod_delegalizacji1":[false],"field_szacunkowa_liczba_czlonkow1":[],"field_powiazania_miedzynarodowe1":false,"field_czerwona_flaga1":[],"field_kluczowe_wydarzenia":["Obchody i wydarzenia: Coroczne uroczysto\u015bci na stokach Cytadeli ku czci pomordowanych komunist\u00f3w (od 2012 nieformalnie, potem jako stowarzyszenie), marsze 1 Maja (wsp\u00f3lnie z KPP, Polskim Ruchem Lewicowym itp.), konferencje o represjach wobec komunist\u00f3w w II RP.\r\n\r\nIncydenty: W 2025 roku podczas obchod\u00f3w 1 Maja w Warszawie \u2013 starcia z policj\u0105; stowarzyszenie z\u0142o\u017cy\u0142o skargi i zawiadomienia do prokuratury."],"field_liderzy_organizacji":["Piotr Robert Ciszewski Od 9 marca 2020 r. PRZEWODNICZ\u0104CY\r\nBeata W\u0142adys\u0142awa Karo\u0144 Od 9 marca 2020 r. CZ\u0141ONKINI\r\nPiotr Adam Ciara Od 9 marca 2020 r. CZ\u0141ONEK ZARZ\u0104DU\r\n\r\nPowi\u0105zania: Silne zwi\u0105zki z dawn\u0105 KPP (Beata Karo\u0144 \u2013 by\u0142a przewodnicz\u0105ca KPP do delegalizacji w grudniu 2025), Polskim Stowarzyszeniem Przyjaci\u00f3\u0142 Kuby (prezeska Karo\u0144), innymi grupami lewicowymi. Wsp\u00f3\u0142praca z mediami typu Strajk.eu."],"location_address":[{"address":"24, Klaudyny, Marymont-Ruda, Warszawa, wojew\u00f3dztwo mazowieckie, 01-684, Polska","street":"Klaudyny 28 \/ 38","street2":"","city":"Warszawa","province":"wojew\u00f3dztwo mazowieckie","zip":"01-684","country":"Polska","timezone":"","zoom":10,"lat":52.282536,"lng":20.972187999999999,"term_id":0,"display_address":"Klaudyny 28 \/ 38, 01-684, Warszawa, Polska"}],"field_ideologia":[],"field_powiazania_miedzynarodowe_opis":[false]},"_links":{"self":[{"href":"https:\/\/antykomunistyczni.pl\/index.php\/wp-json\/wp\/v2\/komunisci_dir_ltg\/1151","targetHints":{"allow":["GET"]}}],"collection":[{"href":"https:\/\/antykomunistyczni.pl\/index.php\/wp-json\/wp\/v2\/komunisci_dir_ltg"}],"about":[{"href":"https:\/\/antykomunistyczni.pl\/index.php\/wp-json\/wp\/v2\/types\/komunisci_dir_ltg"}],"replies":[{"embeddable":true,"href":"https:\/\/antykomunistyczni.pl\/index.php\/wp-json\/wp\/v2\/comments?post=1151"}],"wp:attachment":[{"href":"https:\/\/antykomunistyczni.pl\/index.php\/wp-json\/wp\/v2\/media?parent=1151"}],"wp:term":[{"taxonomy":"komunisci_dir_tag","embeddable":true,"href":"https:\/\/antykomunistyczni.pl\/index.php\/wp-json\/wp\/v2\/komunisci_dir_tag?post=1151"},{"taxonomy":"komunisci_loc_loc","embeddable":true,"href":"https:\/\/antykomunistyczni.pl\/index.php\/wp-json\/wp\/v2\/komunisci_loc_loc?post=1151"}],"curies":[{"name":"wp","href":"https:\/\/api.w.org\/{rel}","templated":true}]}}