{"id":1154,"date":"2026-03-13T08:17:52","date_gmt":"2026-03-13T07:17:52","guid":{"rendered":"https:\/\/antykomunistyczni.pl\/index.php\/directory-komunisci\/organizacje_komunistyczne\/stowarzyszenie-tradycji-ludowego-wojska-polskiego-im-generala-zygmunta-berlinga\/"},"modified":"2026-03-13T17:48:16","modified_gmt":"2026-03-13T16:48:16","slug":"stowarzyszenie-tradycji-ludowego-wojska-polskiego-im-generala-zygmunta-berlinga","status":"publish","type":"komunisci_dir_ltg","link":"https:\/\/antykomunistyczni.pl\/index.php\/directory-komunisci\/organizacje_komunistyczne\/stowarzyszenie-tradycji-ludowego-wojska-polskiego-im-generala-zygmunta-berlinga\/","title":{"rendered":"Stowarzyszenie Tradycji Ludowego Wojska Polskiego im. Genera\u0142a Zygmunta Berlinga"},"author":0,"comment_status":"closed","ping_status":"closed","template":"","komunisci_dir_tag":[],"komunisci_loc_loc":[],"class_list":["post-1154","komunisci_dir_ltg","type-komunisci_dir_ltg","status-publish","hentry"],"yoast_head":"<!-- This site is optimized with the Yoast SEO plugin v28.4 - https:\/\/yoast.com\/product\/yoast-seo-wordpress\/ -->\n<title>Stowarzyszenie Tradycji Ludowego Wojska Polskiego im. Genera\u0142a Zygmunta Berlinga - Antykomunistyczni.pl<\/title>\n<meta name=\"robots\" content=\"index, follow, max-snippet:-1, max-image-preview:large, max-video-preview:-1\" \/>\n<link rel=\"canonical\" href=\"https:\/\/antykomunistyczni.pl\/index.php\/directory-komunisci\/organizacje_komunistyczne\/stowarzyszenie-tradycji-ludowego-wojska-polskiego-im-generala-zygmunta-berlinga\/\" \/>\n<meta property=\"og:locale\" content=\"pl_PL\" \/>\n<meta property=\"og:type\" content=\"article\" \/>\n<meta property=\"og:title\" content=\"Stowarzyszenie Tradycji Ludowego Wojska Polskiego im. Genera\u0142a Zygmunta Berlinga - Antykomunistyczni.pl\" \/>\n<meta property=\"og:description\" content=\"Stowarzyszenie Tradycji Ludowego Wojska Polskiego im. gen. Zygmunta Berlinga pozostaje jedn\u0105 z nielicznych organizacji w III RP, kt\u00f3re jawnie gloryfikuj\u0105 dziedzictwo LWP \u2013 armii utworzonej pod kontrol\u0105 NKWD i polityk\u00f3w komunistycznych, symbolu sowieckiej dominacji nad Polsk\u0105 po 1944 roku. Gen. Berling, dezerter z Wojska Polskiego 1939, tw\u00f3rca formacji uznawanej przez rz\u0105d londy\u0144ski za \u201ekomunistyczn\u0105 dywizj\u0119 [&hellip;]\" \/>\n<meta property=\"og:url\" content=\"https:\/\/antykomunistyczni.pl\/index.php\/directory-komunisci\/organizacje_komunistyczne\/stowarzyszenie-tradycji-ludowego-wojska-polskiego-im-generala-zygmunta-berlinga\/\" \/>\n<meta property=\"og:site_name\" content=\"Antykomunistyczni.pl\" \/>\n<meta property=\"article:publisher\" content=\"https:\/\/www.facebook.com\/antykomunistyczni\/\" \/>\n<meta property=\"article:modified_time\" content=\"2026-03-13T16:48:16+00:00\" \/>\n<meta property=\"og:image\" content=\"https:\/\/antykomunistyczni.pl\/wp-content\/uploads\/2026\/02\/AntykomunistyczniLogoSquare.png\" \/>\n\t<meta property=\"og:image:width\" content=\"1024\" \/>\n\t<meta property=\"og:image:height\" content=\"1024\" \/>\n\t<meta property=\"og:image:type\" content=\"image\/png\" \/>\n<meta name=\"twitter:card\" content=\"summary_large_image\" \/>\n<meta name=\"twitter:site\" content=\"@anty_komunisci\" \/>\n<meta name=\"twitter:label1\" content=\"Szacowany czas czytania\" \/>\n\t<meta name=\"twitter:data1\" content=\"1 minuta\" \/>\n<script type=\"application\/ld+json\" class=\"yoast-schema-graph\">{\"@context\":\"https:\\\/\\\/schema.org\",\"@graph\":[{\"@type\":\"WebPage\",\"@id\":\"https:\\\/\\\/antykomunistyczni.pl\\\/index.php\\\/directory-komunisci\\\/organizacje_komunistyczne\\\/stowarzyszenie-tradycji-ludowego-wojska-polskiego-im-generala-zygmunta-berlinga\\\/\",\"url\":\"https:\\\/\\\/antykomunistyczni.pl\\\/index.php\\\/directory-komunisci\\\/organizacje_komunistyczne\\\/stowarzyszenie-tradycji-ludowego-wojska-polskiego-im-generala-zygmunta-berlinga\\\/\",\"name\":\"Stowarzyszenie Tradycji Ludowego Wojska Polskiego im. Genera\u0142a Zygmunta Berlinga - Antykomunistyczni.pl\",\"isPartOf\":{\"@id\":\"https:\\\/\\\/antykomunistyczni.pl\\\/#website\"},\"datePublished\":\"2026-03-13T07:17:52+00:00\",\"dateModified\":\"2026-03-13T16:48:16+00:00\",\"breadcrumb\":{\"@id\":\"https:\\\/\\\/antykomunistyczni.pl\\\/index.php\\\/directory-komunisci\\\/organizacje_komunistyczne\\\/stowarzyszenie-tradycji-ludowego-wojska-polskiego-im-generala-zygmunta-berlinga\\\/#breadcrumb\"},\"inLanguage\":\"pl-PL\",\"potentialAction\":[{\"@type\":\"ReadAction\",\"target\":[\"https:\\\/\\\/antykomunistyczni.pl\\\/index.php\\\/directory-komunisci\\\/organizacje_komunistyczne\\\/stowarzyszenie-tradycji-ludowego-wojska-polskiego-im-generala-zygmunta-berlinga\\\/\"]}]},{\"@type\":\"BreadcrumbList\",\"@id\":\"https:\\\/\\\/antykomunistyczni.pl\\\/index.php\\\/directory-komunisci\\\/organizacje_komunistyczne\\\/stowarzyszenie-tradycji-ludowego-wojska-polskiego-im-generala-zygmunta-berlinga\\\/#breadcrumb\",\"itemListElement\":[{\"@type\":\"ListItem\",\"position\":1,\"name\":\"Strona g\u0142\u00f3wna\",\"item\":\"https:\\\/\\\/antykomunistyczni.pl\\\/\"},{\"@type\":\"ListItem\",\"position\":2,\"name\":\"Stowarzyszenie Tradycji Ludowego Wojska Polskiego im. Genera\u0142a Zygmunta Berlinga\"}]},{\"@type\":\"WebSite\",\"@id\":\"https:\\\/\\\/antykomunistyczni.pl\\\/#website\",\"url\":\"https:\\\/\\\/antykomunistyczni.pl\\\/\",\"name\":\"Antykomunistyczni.pl\",\"description\":\"\",\"publisher\":{\"@id\":\"https:\\\/\\\/antykomunistyczni.pl\\\/#organization\"},\"alternateName\":\"Historia PRL, zbrodnie komunistyczne w Polsce i na \u015bwiecie\",\"potentialAction\":[{\"@type\":\"SearchAction\",\"target\":{\"@type\":\"EntryPoint\",\"urlTemplate\":\"https:\\\/\\\/antykomunistyczni.pl\\\/?s={search_term_string}\"},\"query-input\":{\"@type\":\"PropertyValueSpecification\",\"valueRequired\":true,\"valueName\":\"search_term_string\"}}],\"inLanguage\":\"pl-PL\"},{\"@type\":\"Organization\",\"@id\":\"https:\\\/\\\/antykomunistyczni.pl\\\/#organization\",\"name\":\"Antykomunistyczni.pl\",\"url\":\"https:\\\/\\\/antykomunistyczni.pl\\\/\",\"logo\":{\"@type\":\"ImageObject\",\"inLanguage\":\"pl-PL\",\"@id\":\"https:\\\/\\\/antykomunistyczni.pl\\\/#\\\/schema\\\/logo\\\/image\\\/\",\"url\":\"https:\\\/\\\/antykomunistyczni.pl\\\/wp-content\\\/uploads\\\/2026\\\/02\\\/cropped-AntykomunistyczniLogoSquare150x150-2.png\",\"contentUrl\":\"https:\\\/\\\/antykomunistyczni.pl\\\/wp-content\\\/uploads\\\/2026\\\/02\\\/cropped-AntykomunistyczniLogoSquare150x150-2.png\",\"width\":150,\"height\":150,\"caption\":\"Antykomunistyczni.pl\"},\"image\":{\"@id\":\"https:\\\/\\\/antykomunistyczni.pl\\\/#\\\/schema\\\/logo\\\/image\\\/\"},\"sameAs\":[\"https:\\\/\\\/www.facebook.com\\\/antykomunistyczni\\\/\",\"https:\\\/\\\/x.com\\\/anty_komunisci\"]}]}<\/script>\n<!-- \/ Yoast SEO plugin. -->","yoast_head_json":{"title":"Stowarzyszenie Tradycji Ludowego Wojska Polskiego im. Genera\u0142a Zygmunta Berlinga - Antykomunistyczni.pl","robots":{"index":"index","follow":"follow","max-snippet":"max-snippet:-1","max-image-preview":"max-image-preview:large","max-video-preview":"max-video-preview:-1"},"canonical":"https:\/\/antykomunistyczni.pl\/index.php\/directory-komunisci\/organizacje_komunistyczne\/stowarzyszenie-tradycji-ludowego-wojska-polskiego-im-generala-zygmunta-berlinga\/","og_locale":"pl_PL","og_type":"article","og_title":"Stowarzyszenie Tradycji Ludowego Wojska Polskiego im. Genera\u0142a Zygmunta Berlinga - Antykomunistyczni.pl","og_description":"Stowarzyszenie Tradycji Ludowego Wojska Polskiego im. gen. Zygmunta Berlinga pozostaje jedn\u0105 z nielicznych organizacji w III RP, kt\u00f3re jawnie gloryfikuj\u0105 dziedzictwo LWP \u2013 armii utworzonej pod kontrol\u0105 NKWD i polityk\u00f3w komunistycznych, symbolu sowieckiej dominacji nad Polsk\u0105 po 1944 roku. Gen. Berling, dezerter z Wojska Polskiego 1939, tw\u00f3rca formacji uznawanej przez rz\u0105d londy\u0144ski za \u201ekomunistyczn\u0105 dywizj\u0119 [&hellip;]","og_url":"https:\/\/antykomunistyczni.pl\/index.php\/directory-komunisci\/organizacje_komunistyczne\/stowarzyszenie-tradycji-ludowego-wojska-polskiego-im-generala-zygmunta-berlinga\/","og_site_name":"Antykomunistyczni.pl","article_publisher":"https:\/\/www.facebook.com\/antykomunistyczni\/","article_modified_time":"2026-03-13T16:48:16+00:00","og_image":[{"width":1024,"height":1024,"url":"https:\/\/antykomunistyczni.pl\/wp-content\/uploads\/2026\/02\/AntykomunistyczniLogoSquare.png","type":"image\/png"}],"twitter_card":"summary_large_image","twitter_site":"@anty_komunisci","twitter_misc":{"Szacowany czas czytania":"1 minuta"},"schema":{"@context":"https:\/\/schema.org","@graph":[{"@type":"WebPage","@id":"https:\/\/antykomunistyczni.pl\/index.php\/directory-komunisci\/organizacje_komunistyczne\/stowarzyszenie-tradycji-ludowego-wojska-polskiego-im-generala-zygmunta-berlinga\/","url":"https:\/\/antykomunistyczni.pl\/index.php\/directory-komunisci\/organizacje_komunistyczne\/stowarzyszenie-tradycji-ludowego-wojska-polskiego-im-generala-zygmunta-berlinga\/","name":"Stowarzyszenie Tradycji Ludowego Wojska Polskiego im. Genera\u0142a Zygmunta Berlinga - Antykomunistyczni.pl","isPartOf":{"@id":"https:\/\/antykomunistyczni.pl\/#website"},"datePublished":"2026-03-13T07:17:52+00:00","dateModified":"2026-03-13T16:48:16+00:00","breadcrumb":{"@id":"https:\/\/antykomunistyczni.pl\/index.php\/directory-komunisci\/organizacje_komunistyczne\/stowarzyszenie-tradycji-ludowego-wojska-polskiego-im-generala-zygmunta-berlinga\/#breadcrumb"},"inLanguage":"pl-PL","potentialAction":[{"@type":"ReadAction","target":["https:\/\/antykomunistyczni.pl\/index.php\/directory-komunisci\/organizacje_komunistyczne\/stowarzyszenie-tradycji-ludowego-wojska-polskiego-im-generala-zygmunta-berlinga\/"]}]},{"@type":"BreadcrumbList","@id":"https:\/\/antykomunistyczni.pl\/index.php\/directory-komunisci\/organizacje_komunistyczne\/stowarzyszenie-tradycji-ludowego-wojska-polskiego-im-generala-zygmunta-berlinga\/#breadcrumb","itemListElement":[{"@type":"ListItem","position":1,"name":"Strona g\u0142\u00f3wna","item":"https:\/\/antykomunistyczni.pl\/"},{"@type":"ListItem","position":2,"name":"Stowarzyszenie Tradycji Ludowego Wojska Polskiego im. Genera\u0142a Zygmunta Berlinga"}]},{"@type":"WebSite","@id":"https:\/\/antykomunistyczni.pl\/#website","url":"https:\/\/antykomunistyczni.pl\/","name":"Antykomunistyczni.pl","description":"","publisher":{"@id":"https:\/\/antykomunistyczni.pl\/#organization"},"alternateName":"Historia PRL, zbrodnie komunistyczne w Polsce i na \u015bwiecie","potentialAction":[{"@type":"SearchAction","target":{"@type":"EntryPoint","urlTemplate":"https:\/\/antykomunistyczni.pl\/?s={search_term_string}"},"query-input":{"@type":"PropertyValueSpecification","valueRequired":true,"valueName":"search_term_string"}}],"inLanguage":"pl-PL"},{"@type":"Organization","@id":"https:\/\/antykomunistyczni.pl\/#organization","name":"Antykomunistyczni.pl","url":"https:\/\/antykomunistyczni.pl\/","logo":{"@type":"ImageObject","inLanguage":"pl-PL","@id":"https:\/\/antykomunistyczni.pl\/#\/schema\/logo\/image\/","url":"https:\/\/antykomunistyczni.pl\/wp-content\/uploads\/2026\/02\/cropped-AntykomunistyczniLogoSquare150x150-2.png","contentUrl":"https:\/\/antykomunistyczni.pl\/wp-content\/uploads\/2026\/02\/cropped-AntykomunistyczniLogoSquare150x150-2.png","width":150,"height":150,"caption":"Antykomunistyczni.pl"},"image":{"@id":"https:\/\/antykomunistyczni.pl\/#\/schema\/logo\/image\/"},"sameAs":["https:\/\/www.facebook.com\/antykomunistyczni\/","https:\/\/x.com\/anty_komunisci"]}]}},"drts_fields":{"field_phone":[],"field_email":[],"field_website":[],"field_date_established":["2010-12-22T00:00:00+01:00"],"field_skrot_nazwy_popularna_nazwa":["Tradycji LWP"],"field_status_organizacji":["Aktywna"],"field_data_rozwiazania_delegalizacji_1":[],"field_powod_delegalizacji1":[false],"field_szacunkowa_liczba_czlonkow1":[],"field_powiazania_miedzynarodowe1":false,"field_czerwona_flaga1":["Propaguje ideologi\u0119 totalitarn\u0105","Gloryfikuje zbrodniarzy komunistycznych"],"field_kluczowe_wydarzenia":["2010 rejestracja;aktywne uroczysto\u015bci"],"field_liderzy_organizacji":["- Prezes Zarz\u0105du G\u0142\u00f3wnego: Kazimierz Rdzanek\r\n- Inni cz\u0142onkowie zarz\u0105du: Bogdan Tadeusz Pokrowski, El\u017cbieta  Sadzy\u0144ska, Mariusz Edmund Bochentin \r\n- Powi\u0105zane osoby: Leszek Piotrowski (wiceprezes), \u0141ukasz Jastrz\u0119bski, Dawid Hajder"],"location_address":[{"address":"Klub Polskiej Rady Biznesu, 13, Aleje Ujazdowskie, Powi\u015ble-Solec, Ujazd\u00f3w, \u015ar\u00f3dmie\u015bcie, Warszawa, wojew\u00f3dztwo mazowieckie, 00-567, Polska","street":"Al. Ujazdowskie 6A \/ 148","street2":"","city":"Warszawa","province":"wojew\u00f3dztwo mazowieckie","zip":"00-567","country":"Polska","timezone":"","zoom":10,"lat":52.221482999999999,"lng":21.02469,"term_id":0,"display_address":"Al. Ujazdowskie 6A \/ 148, 00-567, Warszawa, Polska"}],"field_ideologia":[],"field_powiazania_miedzynarodowe_opis":[false]},"_links":{"self":[{"href":"https:\/\/antykomunistyczni.pl\/index.php\/wp-json\/wp\/v2\/komunisci_dir_ltg\/1154","targetHints":{"allow":["GET"]}}],"collection":[{"href":"https:\/\/antykomunistyczni.pl\/index.php\/wp-json\/wp\/v2\/komunisci_dir_ltg"}],"about":[{"href":"https:\/\/antykomunistyczni.pl\/index.php\/wp-json\/wp\/v2\/types\/komunisci_dir_ltg"}],"replies":[{"embeddable":true,"href":"https:\/\/antykomunistyczni.pl\/index.php\/wp-json\/wp\/v2\/comments?post=1154"}],"wp:attachment":[{"href":"https:\/\/antykomunistyczni.pl\/index.php\/wp-json\/wp\/v2\/media?parent=1154"}],"wp:term":[{"taxonomy":"komunisci_dir_tag","embeddable":true,"href":"https:\/\/antykomunistyczni.pl\/index.php\/wp-json\/wp\/v2\/komunisci_dir_tag?post=1154"},{"taxonomy":"komunisci_loc_loc","embeddable":true,"href":"https:\/\/antykomunistyczni.pl\/index.php\/wp-json\/wp\/v2\/komunisci_loc_loc?post=1154"}],"curies":[{"name":"wp","href":"https:\/\/api.w.org\/{rel}","templated":true}]}}