{"id":1249,"date":"2026-03-13T21:53:58","date_gmt":"2026-03-13T21:58:11","guid":{"rendered":"https:\/\/antykomunistyczni.pl\/?post_type=komunisci_dir_ltg&#038;p=1249"},"modified":"2026-03-13T23:00:54","modified_gmt":"2026-03-13T22:00:54","slug":"mlodzi-socjalisci-pps","status":"publish","type":"komunisci_dir_ltg","link":"https:\/\/antykomunistyczni.pl\/index.php\/directory-komunisci\/organizacje_komunistyczne\/mlodzi-socjalisci-pps\/","title":{"rendered":"M\u0142odzi Socjali\u015bci PPS"},"author":1,"comment_status":"closed","ping_status":"closed","template":"","komunisci_dir_tag":[],"komunisci_loc_loc":[],"class_list":["post-1249","komunisci_dir_ltg","type-komunisci_dir_ltg","status-publish","hentry"],"yoast_head":"<!-- This site is optimized with the Yoast SEO plugin v28.4 - https:\/\/yoast.com\/product\/yoast-seo-wordpress\/ -->\n<title>M\u0142odzi Socjali\u015bci PPS - Antykomunistyczni.pl<\/title>\n<meta name=\"robots\" content=\"index, follow, max-snippet:-1, max-image-preview:large, max-video-preview:-1\" \/>\n<link rel=\"canonical\" href=\"https:\/\/antykomunistyczni.pl\/index.php\/directory-komunisci\/organizacje_komunistyczne\/mlodzi-socjalisci-pps\/\" \/>\n<meta property=\"og:locale\" content=\"pl_PL\" \/>\n<meta property=\"og:type\" content=\"article\" \/>\n<meta property=\"og:title\" content=\"M\u0142odzi Socjali\u015bci PPS - Antykomunistyczni.pl\" \/>\n<meta property=\"og:description\" content=\"M\u0142odzi Socjali\u015bci PPS to wsp\u00f3\u0142czesna, cho\u0107 marginalna, kontynuacja lewicowo-socjalistycznej tradycji m\u0142odzie\u017cowej \u2013 organizacja promuj\u0105ca ideologi\u0119 socjalistyczn\u0105 pod p\u0142aszczykiem patriotyzmu i antyfaszyzmu, krytykuj\u0105ca kapitalizm i III RP, ale bez bezpo\u015brednich powi\u0105za\u0144 z totalitaryzmem czy prorosyjsko\u015bci\u0105 (PPS dystansuje si\u0119 od skrajnej lewicy i Rosji po 2022 r.). M\u0142odzi Socjali\u015bci PPS to oficjalna organizacja m\u0142odzie\u017cowa Polskiej Partii Socjalistycznej [&hellip;]\" \/>\n<meta property=\"og:url\" content=\"https:\/\/antykomunistyczni.pl\/index.php\/directory-komunisci\/organizacje_komunistyczne\/mlodzi-socjalisci-pps\/\" \/>\n<meta property=\"og:site_name\" content=\"Antykomunistyczni.pl\" \/>\n<meta property=\"article:publisher\" content=\"https:\/\/www.facebook.com\/antykomunistyczni\/\" \/>\n<meta property=\"article:modified_time\" content=\"2026-03-13T22:00:54+00:00\" \/>\n<meta property=\"og:image\" content=\"https:\/\/antykomunistyczni.pl\/wp-content\/uploads\/2026\/02\/AntykomunistyczniLogoSquare.png\" \/>\n\t<meta property=\"og:image:width\" content=\"1024\" \/>\n\t<meta property=\"og:image:height\" content=\"1024\" \/>\n\t<meta property=\"og:image:type\" content=\"image\/png\" \/>\n<meta name=\"twitter:card\" content=\"summary_large_image\" \/>\n<meta name=\"twitter:site\" content=\"@anty_komunisci\" \/>\n<meta name=\"twitter:label1\" content=\"Szacowany czas czytania\" \/>\n\t<meta name=\"twitter:data1\" content=\"2 minuty\" \/>\n<script type=\"application\/ld+json\" class=\"yoast-schema-graph\">{\"@context\":\"https:\\\/\\\/schema.org\",\"@graph\":[{\"@type\":\"WebPage\",\"@id\":\"https:\\\/\\\/antykomunistyczni.pl\\\/index.php\\\/directory-komunisci\\\/organizacje_komunistyczne\\\/mlodzi-socjalisci-pps\\\/\",\"url\":\"https:\\\/\\\/antykomunistyczni.pl\\\/index.php\\\/directory-komunisci\\\/organizacje_komunistyczne\\\/mlodzi-socjalisci-pps\\\/\",\"name\":\"M\u0142odzi Socjali\u015bci PPS - Antykomunistyczni.pl\",\"isPartOf\":{\"@id\":\"https:\\\/\\\/antykomunistyczni.pl\\\/#website\"},\"datePublished\":\"2026-03-13T21:58:11+00:00\",\"dateModified\":\"2026-03-13T22:00:54+00:00\",\"breadcrumb\":{\"@id\":\"https:\\\/\\\/antykomunistyczni.pl\\\/index.php\\\/directory-komunisci\\\/organizacje_komunistyczne\\\/mlodzi-socjalisci-pps\\\/#breadcrumb\"},\"inLanguage\":\"pl-PL\",\"potentialAction\":[{\"@type\":\"ReadAction\",\"target\":[\"https:\\\/\\\/antykomunistyczni.pl\\\/index.php\\\/directory-komunisci\\\/organizacje_komunistyczne\\\/mlodzi-socjalisci-pps\\\/\"]}]},{\"@type\":\"BreadcrumbList\",\"@id\":\"https:\\\/\\\/antykomunistyczni.pl\\\/index.php\\\/directory-komunisci\\\/organizacje_komunistyczne\\\/mlodzi-socjalisci-pps\\\/#breadcrumb\",\"itemListElement\":[{\"@type\":\"ListItem\",\"position\":1,\"name\":\"Strona g\u0142\u00f3wna\",\"item\":\"https:\\\/\\\/antykomunistyczni.pl\\\/\"},{\"@type\":\"ListItem\",\"position\":2,\"name\":\"M\u0142odzi Socjali\u015bci PPS\"}]},{\"@type\":\"WebSite\",\"@id\":\"https:\\\/\\\/antykomunistyczni.pl\\\/#website\",\"url\":\"https:\\\/\\\/antykomunistyczni.pl\\\/\",\"name\":\"Antykomunistyczni.pl\",\"description\":\"\",\"publisher\":{\"@id\":\"https:\\\/\\\/antykomunistyczni.pl\\\/#organization\"},\"alternateName\":\"Historia PRL, zbrodnie komunistyczne w Polsce i na \u015bwiecie\",\"potentialAction\":[{\"@type\":\"SearchAction\",\"target\":{\"@type\":\"EntryPoint\",\"urlTemplate\":\"https:\\\/\\\/antykomunistyczni.pl\\\/?s={search_term_string}\"},\"query-input\":{\"@type\":\"PropertyValueSpecification\",\"valueRequired\":true,\"valueName\":\"search_term_string\"}}],\"inLanguage\":\"pl-PL\"},{\"@type\":\"Organization\",\"@id\":\"https:\\\/\\\/antykomunistyczni.pl\\\/#organization\",\"name\":\"Antykomunistyczni.pl\",\"url\":\"https:\\\/\\\/antykomunistyczni.pl\\\/\",\"logo\":{\"@type\":\"ImageObject\",\"inLanguage\":\"pl-PL\",\"@id\":\"https:\\\/\\\/antykomunistyczni.pl\\\/#\\\/schema\\\/logo\\\/image\\\/\",\"url\":\"https:\\\/\\\/antykomunistyczni.pl\\\/wp-content\\\/uploads\\\/2026\\\/02\\\/cropped-AntykomunistyczniLogoSquare150x150-2.png\",\"contentUrl\":\"https:\\\/\\\/antykomunistyczni.pl\\\/wp-content\\\/uploads\\\/2026\\\/02\\\/cropped-AntykomunistyczniLogoSquare150x150-2.png\",\"width\":150,\"height\":150,\"caption\":\"Antykomunistyczni.pl\"},\"image\":{\"@id\":\"https:\\\/\\\/antykomunistyczni.pl\\\/#\\\/schema\\\/logo\\\/image\\\/\"},\"sameAs\":[\"https:\\\/\\\/www.facebook.com\\\/antykomunistyczni\\\/\",\"https:\\\/\\\/x.com\\\/anty_komunisci\"]}]}<\/script>\n<!-- \/ Yoast SEO plugin. -->","yoast_head_json":{"title":"M\u0142odzi Socjali\u015bci PPS - Antykomunistyczni.pl","robots":{"index":"index","follow":"follow","max-snippet":"max-snippet:-1","max-image-preview":"max-image-preview:large","max-video-preview":"max-video-preview:-1"},"canonical":"https:\/\/antykomunistyczni.pl\/index.php\/directory-komunisci\/organizacje_komunistyczne\/mlodzi-socjalisci-pps\/","og_locale":"pl_PL","og_type":"article","og_title":"M\u0142odzi Socjali\u015bci PPS - Antykomunistyczni.pl","og_description":"M\u0142odzi Socjali\u015bci PPS to wsp\u00f3\u0142czesna, cho\u0107 marginalna, kontynuacja lewicowo-socjalistycznej tradycji m\u0142odzie\u017cowej \u2013 organizacja promuj\u0105ca ideologi\u0119 socjalistyczn\u0105 pod p\u0142aszczykiem patriotyzmu i antyfaszyzmu, krytykuj\u0105ca kapitalizm i III RP, ale bez bezpo\u015brednich powi\u0105za\u0144 z totalitaryzmem czy prorosyjsko\u015bci\u0105 (PPS dystansuje si\u0119 od skrajnej lewicy i Rosji po 2022 r.). M\u0142odzi Socjali\u015bci PPS to oficjalna organizacja m\u0142odzie\u017cowa Polskiej Partii Socjalistycznej [&hellip;]","og_url":"https:\/\/antykomunistyczni.pl\/index.php\/directory-komunisci\/organizacje_komunistyczne\/mlodzi-socjalisci-pps\/","og_site_name":"Antykomunistyczni.pl","article_publisher":"https:\/\/www.facebook.com\/antykomunistyczni\/","article_modified_time":"2026-03-13T22:00:54+00:00","og_image":[{"width":1024,"height":1024,"url":"https:\/\/antykomunistyczni.pl\/wp-content\/uploads\/2026\/02\/AntykomunistyczniLogoSquare.png","type":"image\/png"}],"twitter_card":"summary_large_image","twitter_site":"@anty_komunisci","twitter_misc":{"Szacowany czas czytania":"2 minuty"},"schema":{"@context":"https:\/\/schema.org","@graph":[{"@type":"WebPage","@id":"https:\/\/antykomunistyczni.pl\/index.php\/directory-komunisci\/organizacje_komunistyczne\/mlodzi-socjalisci-pps\/","url":"https:\/\/antykomunistyczni.pl\/index.php\/directory-komunisci\/organizacje_komunistyczne\/mlodzi-socjalisci-pps\/","name":"M\u0142odzi Socjali\u015bci PPS - Antykomunistyczni.pl","isPartOf":{"@id":"https:\/\/antykomunistyczni.pl\/#website"},"datePublished":"2026-03-13T21:58:11+00:00","dateModified":"2026-03-13T22:00:54+00:00","breadcrumb":{"@id":"https:\/\/antykomunistyczni.pl\/index.php\/directory-komunisci\/organizacje_komunistyczne\/mlodzi-socjalisci-pps\/#breadcrumb"},"inLanguage":"pl-PL","potentialAction":[{"@type":"ReadAction","target":["https:\/\/antykomunistyczni.pl\/index.php\/directory-komunisci\/organizacje_komunistyczne\/mlodzi-socjalisci-pps\/"]}]},{"@type":"BreadcrumbList","@id":"https:\/\/antykomunistyczni.pl\/index.php\/directory-komunisci\/organizacje_komunistyczne\/mlodzi-socjalisci-pps\/#breadcrumb","itemListElement":[{"@type":"ListItem","position":1,"name":"Strona g\u0142\u00f3wna","item":"https:\/\/antykomunistyczni.pl\/"},{"@type":"ListItem","position":2,"name":"M\u0142odzi Socjali\u015bci PPS"}]},{"@type":"WebSite","@id":"https:\/\/antykomunistyczni.pl\/#website","url":"https:\/\/antykomunistyczni.pl\/","name":"Antykomunistyczni.pl","description":"","publisher":{"@id":"https:\/\/antykomunistyczni.pl\/#organization"},"alternateName":"Historia PRL, zbrodnie komunistyczne w Polsce i na \u015bwiecie","potentialAction":[{"@type":"SearchAction","target":{"@type":"EntryPoint","urlTemplate":"https:\/\/antykomunistyczni.pl\/?s={search_term_string}"},"query-input":{"@type":"PropertyValueSpecification","valueRequired":true,"valueName":"search_term_string"}}],"inLanguage":"pl-PL"},{"@type":"Organization","@id":"https:\/\/antykomunistyczni.pl\/#organization","name":"Antykomunistyczni.pl","url":"https:\/\/antykomunistyczni.pl\/","logo":{"@type":"ImageObject","inLanguage":"pl-PL","@id":"https:\/\/antykomunistyczni.pl\/#\/schema\/logo\/image\/","url":"https:\/\/antykomunistyczni.pl\/wp-content\/uploads\/2026\/02\/cropped-AntykomunistyczniLogoSquare150x150-2.png","contentUrl":"https:\/\/antykomunistyczni.pl\/wp-content\/uploads\/2026\/02\/cropped-AntykomunistyczniLogoSquare150x150-2.png","width":150,"height":150,"caption":"Antykomunistyczni.pl"},"image":{"@id":"https:\/\/antykomunistyczni.pl\/#\/schema\/logo\/image\/"},"sameAs":["https:\/\/www.facebook.com\/antykomunistyczni\/","https:\/\/x.com\/anty_komunisci"]}]}},"drts_fields":{"field_phone":[],"field_email":[],"field_website":[],"field_date_established":[],"field_skrot_nazwy_popularna_nazwa":["M\u0142odzi Socjali\u015bci PPS"],"field_status_organizacji":["Aktywna"],"field_data_rozwiazania_delegalizacji_1":[],"field_powod_delegalizacji1":[false],"field_szacunkowa_liczba_czlonkow1":["Kilkadziesi\u0105t"],"field_powiazania_miedzynarodowe1":false,"field_czerwona_flaga1":[],"field_kluczowe_wydarzenia":["2005\u20132015 \u2013 dzia\u0142alno\u015b\u0107 niezale\u017cnych M\u0142odych Socjalist\u00f3w (roz\u0142am z FMiUP, akcje antywojenne, antyneoliberalne, wsp\u00f3\u0142praca z ruchem alterglobalistycznym; rozwi\u0105zanie w 2015, cz\u0119\u015b\u0107 cz\u0142onk\u00f3w przesz\u0142a do Partii Razem lub innych struktur lewicowych).\r\n\r\n2024 \u2013 formalne powo\u0142anie M\u0142odych Socjalist\u00f3w jako organizacji m\u0142odzie\u017cowej PPS; pierwsze profile w social mediach i komunikaty o naborze.\r\n\r\n2024\u20132025 \u2013 udzia\u0142 w kampanii samorz\u0105dowej Lewicy (kandydaci M\u0142odych Socjalist\u00f3w PPS na listach w Warszawie i innych miastach).\r\n\r\n2025\u20132026 \u2013 akcje antyfaszystowskie, rocznice historyczne PPS (np. 107. rocznica niepodleg\u0142o\u015bci w socjalistycznej narracji), protesty pracownicze i antywojenne, aktywno\u015b\u0107 w mediach spo\u0142eczno\u015bciowych (posty o socjalizmie, patriotyzmie, krytyce prawicy i korporacji)."],"field_liderzy_organizacji":["Wsp\u00f3\u0142za\u0142o\u017cyciele i koordynatorzy: m\u0142odzi dzia\u0142acze PPS (brak publicznie eksponowanego przewodnicz\u0105cego; komunikaty sygnowane zbiorczo \u201eM\u0142odzi Socjali\u015bci PPS\u201d).\r\n\r\nPowi\u0105zani prominentni dzia\u0142acze PPS: dzia\u0142acze z Warszawy, Bielan, innych okr\u0119g\u00f3w (np. kandydaci w wyborach lokalnych)."],"location_address":[{"address":"Euronet, 78\/80, Marsza\u0142kowska, Krucza, \u015ar\u00f3dmie\u015bcie Po\u0142udniowe, \u015ar\u00f3dmie\u015bcie, Warszawa, wojew\u00f3dztwo mazowieckie, 00-517, Polska","street":"Marsza\u0142kowska 83 lok. 52","street2":"","city":"Warszawa","province":"wojew\u00f3dztwo mazowieckie","zip":"00-683","country":"Polska","timezone":"","zoom":10,"lat":52.226652000000001,"lng":21.013777999999999,"term_id":0,"display_address":"Marsza\u0142kowska 83 lok. 52, 00-683, Warszawa, Polska"}],"field_ideologia":["Lewicowa organizacja m\u0142odzie\u017cowa o profilu socjalistycznym i patriotyczno-antyfaszystowskim"],"field_powiazania_miedzynarodowe_opis":[false]},"_links":{"self":[{"href":"https:\/\/antykomunistyczni.pl\/index.php\/wp-json\/wp\/v2\/komunisci_dir_ltg\/1249","targetHints":{"allow":["GET"]}}],"collection":[{"href":"https:\/\/antykomunistyczni.pl\/index.php\/wp-json\/wp\/v2\/komunisci_dir_ltg"}],"about":[{"href":"https:\/\/antykomunistyczni.pl\/index.php\/wp-json\/wp\/v2\/types\/komunisci_dir_ltg"}],"author":[{"embeddable":true,"href":"https:\/\/antykomunistyczni.pl\/index.php\/wp-json\/wp\/v2\/users\/1"}],"replies":[{"embeddable":true,"href":"https:\/\/antykomunistyczni.pl\/index.php\/wp-json\/wp\/v2\/comments?post=1249"}],"wp:attachment":[{"href":"https:\/\/antykomunistyczni.pl\/index.php\/wp-json\/wp\/v2\/media?parent=1249"}],"wp:term":[{"taxonomy":"komunisci_dir_tag","embeddable":true,"href":"https:\/\/antykomunistyczni.pl\/index.php\/wp-json\/wp\/v2\/komunisci_dir_tag?post=1249"},{"taxonomy":"komunisci_loc_loc","embeddable":true,"href":"https:\/\/antykomunistyczni.pl\/index.php\/wp-json\/wp\/v2\/komunisci_loc_loc?post=1249"}],"curies":[{"name":"wp","href":"https:\/\/api.w.org\/{rel}","templated":true}]}}