{"id":1252,"date":"2026-03-13T21:56:09","date_gmt":"2026-03-13T20:56:09","guid":{"rendered":"https:\/\/antykomunistyczni.pl\/?post_type=komunisci_dir_ltg&#038;p=1252"},"modified":"2026-03-13T22:23:47","modified_gmt":"2026-03-13T21:23:47","slug":"inicjatywa-pracownicza","status":"publish","type":"komunisci_dir_ltg","link":"https:\/\/antykomunistyczni.pl\/index.php\/directory-komunisci\/organizacje_komunistyczne\/inicjatywa-pracownicza\/","title":{"rendered":"Inicjatywa Pracownicza"},"author":1,"comment_status":"closed","ping_status":"closed","template":"","komunisci_dir_tag":[],"komunisci_loc_loc":[],"class_list":["post-1252","komunisci_dir_ltg","type-komunisci_dir_ltg","status-publish","hentry"],"yoast_head":"<!-- This site is optimized with the Yoast SEO plugin v28.4 - https:\/\/yoast.com\/product\/yoast-seo-wordpress\/ -->\n<title>Inicjatywa Pracownicza - Antykomunistyczni.pl<\/title>\n<meta name=\"description\" content=\"anty-kapitalistyczna, anty-pa\u0144stwowa (w sensie krytyki pa\u0144stwa bur\u017cuazyjnego) i anty-parlamentarna organizacja zwi\u0105zkowa\" \/>\n<meta name=\"robots\" content=\"index, follow, max-snippet:-1, max-image-preview:large, max-video-preview:-1\" \/>\n<link rel=\"canonical\" href=\"https:\/\/antykomunistyczni.pl\/index.php\/directory-komunisci\/organizacje_komunistyczne\/inicjatywa-pracownicza\/\" \/>\n<meta property=\"og:locale\" content=\"pl_PL\" \/>\n<meta property=\"og:type\" content=\"article\" \/>\n<meta property=\"og:title\" content=\"Inicjatywa Pracownicza - Antykomunistyczni.pl\" \/>\n<meta property=\"og:description\" content=\"anty-kapitalistyczna, anty-pa\u0144stwowa (w sensie krytyki pa\u0144stwa bur\u017cuazyjnego) i anty-parlamentarna organizacja zwi\u0105zkowa\" \/>\n<meta property=\"og:url\" content=\"https:\/\/antykomunistyczni.pl\/index.php\/directory-komunisci\/organizacje_komunistyczne\/inicjatywa-pracownicza\/\" \/>\n<meta property=\"og:site_name\" content=\"Antykomunistyczni.pl\" \/>\n<meta property=\"article:publisher\" content=\"https:\/\/www.facebook.com\/antykomunistyczni\/\" \/>\n<meta property=\"article:modified_time\" content=\"2026-03-13T21:23:47+00:00\" \/>\n<meta property=\"og:image\" content=\"https:\/\/antykomunistyczni.pl\/wp-content\/uploads\/2026\/02\/AntykomunistyczniLogoSquare.png\" \/>\n\t<meta property=\"og:image:width\" content=\"1024\" \/>\n\t<meta property=\"og:image:height\" content=\"1024\" \/>\n\t<meta property=\"og:image:type\" content=\"image\/png\" \/>\n<meta name=\"twitter:card\" content=\"summary_large_image\" \/>\n<meta name=\"twitter:site\" content=\"@anty_komunisci\" \/>\n<meta name=\"twitter:label1\" content=\"Szacowany czas czytania\" \/>\n\t<meta name=\"twitter:data1\" content=\"2 minuty\" \/>\n<script type=\"application\/ld+json\" class=\"yoast-schema-graph\">{\"@context\":\"https:\\\/\\\/schema.org\",\"@graph\":[{\"@type\":\"WebPage\",\"@id\":\"https:\\\/\\\/antykomunistyczni.pl\\\/index.php\\\/directory-komunisci\\\/organizacje_komunistyczne\\\/inicjatywa-pracownicza\\\/\",\"url\":\"https:\\\/\\\/antykomunistyczni.pl\\\/index.php\\\/directory-komunisci\\\/organizacje_komunistyczne\\\/inicjatywa-pracownicza\\\/\",\"name\":\"Inicjatywa Pracownicza - Antykomunistyczni.pl\",\"isPartOf\":{\"@id\":\"https:\\\/\\\/antykomunistyczni.pl\\\/#website\"},\"datePublished\":\"2026-03-13T20:56:09+00:00\",\"dateModified\":\"2026-03-13T21:23:47+00:00\",\"description\":\"anty-kapitalistyczna, anty-pa\u0144stwowa (w sensie krytyki pa\u0144stwa bur\u017cuazyjnego) i anty-parlamentarna organizacja zwi\u0105zkowa\",\"breadcrumb\":{\"@id\":\"https:\\\/\\\/antykomunistyczni.pl\\\/index.php\\\/directory-komunisci\\\/organizacje_komunistyczne\\\/inicjatywa-pracownicza\\\/#breadcrumb\"},\"inLanguage\":\"pl-PL\",\"potentialAction\":[{\"@type\":\"ReadAction\",\"target\":[\"https:\\\/\\\/antykomunistyczni.pl\\\/index.php\\\/directory-komunisci\\\/organizacje_komunistyczne\\\/inicjatywa-pracownicza\\\/\"]}]},{\"@type\":\"BreadcrumbList\",\"@id\":\"https:\\\/\\\/antykomunistyczni.pl\\\/index.php\\\/directory-komunisci\\\/organizacje_komunistyczne\\\/inicjatywa-pracownicza\\\/#breadcrumb\",\"itemListElement\":[{\"@type\":\"ListItem\",\"position\":1,\"name\":\"Strona g\u0142\u00f3wna\",\"item\":\"https:\\\/\\\/antykomunistyczni.pl\\\/\"},{\"@type\":\"ListItem\",\"position\":2,\"name\":\"Inicjatywa Pracownicza\"}]},{\"@type\":\"WebSite\",\"@id\":\"https:\\\/\\\/antykomunistyczni.pl\\\/#website\",\"url\":\"https:\\\/\\\/antykomunistyczni.pl\\\/\",\"name\":\"Antykomunistyczni.pl\",\"description\":\"\",\"publisher\":{\"@id\":\"https:\\\/\\\/antykomunistyczni.pl\\\/#organization\"},\"alternateName\":\"Historia PRL, zbrodnie komunistyczne w Polsce i na \u015bwiecie\",\"potentialAction\":[{\"@type\":\"SearchAction\",\"target\":{\"@type\":\"EntryPoint\",\"urlTemplate\":\"https:\\\/\\\/antykomunistyczni.pl\\\/?s={search_term_string}\"},\"query-input\":{\"@type\":\"PropertyValueSpecification\",\"valueRequired\":true,\"valueName\":\"search_term_string\"}}],\"inLanguage\":\"pl-PL\"},{\"@type\":\"Organization\",\"@id\":\"https:\\\/\\\/antykomunistyczni.pl\\\/#organization\",\"name\":\"Antykomunistyczni.pl\",\"url\":\"https:\\\/\\\/antykomunistyczni.pl\\\/\",\"logo\":{\"@type\":\"ImageObject\",\"inLanguage\":\"pl-PL\",\"@id\":\"https:\\\/\\\/antykomunistyczni.pl\\\/#\\\/schema\\\/logo\\\/image\\\/\",\"url\":\"https:\\\/\\\/antykomunistyczni.pl\\\/wp-content\\\/uploads\\\/2026\\\/02\\\/cropped-AntykomunistyczniLogoSquare150x150-2.png\",\"contentUrl\":\"https:\\\/\\\/antykomunistyczni.pl\\\/wp-content\\\/uploads\\\/2026\\\/02\\\/cropped-AntykomunistyczniLogoSquare150x150-2.png\",\"width\":150,\"height\":150,\"caption\":\"Antykomunistyczni.pl\"},\"image\":{\"@id\":\"https:\\\/\\\/antykomunistyczni.pl\\\/#\\\/schema\\\/logo\\\/image\\\/\"},\"sameAs\":[\"https:\\\/\\\/www.facebook.com\\\/antykomunistyczni\\\/\",\"https:\\\/\\\/x.com\\\/anty_komunisci\"]}]}<\/script>\n<!-- \/ Yoast SEO plugin. -->","yoast_head_json":{"title":"Inicjatywa Pracownicza - Antykomunistyczni.pl","description":"anty-kapitalistyczna, anty-pa\u0144stwowa (w sensie krytyki pa\u0144stwa bur\u017cuazyjnego) i anty-parlamentarna organizacja zwi\u0105zkowa","robots":{"index":"index","follow":"follow","max-snippet":"max-snippet:-1","max-image-preview":"max-image-preview:large","max-video-preview":"max-video-preview:-1"},"canonical":"https:\/\/antykomunistyczni.pl\/index.php\/directory-komunisci\/organizacje_komunistyczne\/inicjatywa-pracownicza\/","og_locale":"pl_PL","og_type":"article","og_title":"Inicjatywa Pracownicza - Antykomunistyczni.pl","og_description":"anty-kapitalistyczna, anty-pa\u0144stwowa (w sensie krytyki pa\u0144stwa bur\u017cuazyjnego) i anty-parlamentarna organizacja zwi\u0105zkowa","og_url":"https:\/\/antykomunistyczni.pl\/index.php\/directory-komunisci\/organizacje_komunistyczne\/inicjatywa-pracownicza\/","og_site_name":"Antykomunistyczni.pl","article_publisher":"https:\/\/www.facebook.com\/antykomunistyczni\/","article_modified_time":"2026-03-13T21:23:47+00:00","og_image":[{"width":1024,"height":1024,"url":"https:\/\/antykomunistyczni.pl\/wp-content\/uploads\/2026\/02\/AntykomunistyczniLogoSquare.png","type":"image\/png"}],"twitter_card":"summary_large_image","twitter_site":"@anty_komunisci","twitter_misc":{"Szacowany czas czytania":"2 minuty"},"schema":{"@context":"https:\/\/schema.org","@graph":[{"@type":"WebPage","@id":"https:\/\/antykomunistyczni.pl\/index.php\/directory-komunisci\/organizacje_komunistyczne\/inicjatywa-pracownicza\/","url":"https:\/\/antykomunistyczni.pl\/index.php\/directory-komunisci\/organizacje_komunistyczne\/inicjatywa-pracownicza\/","name":"Inicjatywa Pracownicza - Antykomunistyczni.pl","isPartOf":{"@id":"https:\/\/antykomunistyczni.pl\/#website"},"datePublished":"2026-03-13T20:56:09+00:00","dateModified":"2026-03-13T21:23:47+00:00","description":"anty-kapitalistyczna, anty-pa\u0144stwowa (w sensie krytyki pa\u0144stwa bur\u017cuazyjnego) i anty-parlamentarna organizacja zwi\u0105zkowa","breadcrumb":{"@id":"https:\/\/antykomunistyczni.pl\/index.php\/directory-komunisci\/organizacje_komunistyczne\/inicjatywa-pracownicza\/#breadcrumb"},"inLanguage":"pl-PL","potentialAction":[{"@type":"ReadAction","target":["https:\/\/antykomunistyczni.pl\/index.php\/directory-komunisci\/organizacje_komunistyczne\/inicjatywa-pracownicza\/"]}]},{"@type":"BreadcrumbList","@id":"https:\/\/antykomunistyczni.pl\/index.php\/directory-komunisci\/organizacje_komunistyczne\/inicjatywa-pracownicza\/#breadcrumb","itemListElement":[{"@type":"ListItem","position":1,"name":"Strona g\u0142\u00f3wna","item":"https:\/\/antykomunistyczni.pl\/"},{"@type":"ListItem","position":2,"name":"Inicjatywa Pracownicza"}]},{"@type":"WebSite","@id":"https:\/\/antykomunistyczni.pl\/#website","url":"https:\/\/antykomunistyczni.pl\/","name":"Antykomunistyczni.pl","description":"","publisher":{"@id":"https:\/\/antykomunistyczni.pl\/#organization"},"alternateName":"Historia PRL, zbrodnie komunistyczne w Polsce i na \u015bwiecie","potentialAction":[{"@type":"SearchAction","target":{"@type":"EntryPoint","urlTemplate":"https:\/\/antykomunistyczni.pl\/?s={search_term_string}"},"query-input":{"@type":"PropertyValueSpecification","valueRequired":true,"valueName":"search_term_string"}}],"inLanguage":"pl-PL"},{"@type":"Organization","@id":"https:\/\/antykomunistyczni.pl\/#organization","name":"Antykomunistyczni.pl","url":"https:\/\/antykomunistyczni.pl\/","logo":{"@type":"ImageObject","inLanguage":"pl-PL","@id":"https:\/\/antykomunistyczni.pl\/#\/schema\/logo\/image\/","url":"https:\/\/antykomunistyczni.pl\/wp-content\/uploads\/2026\/02\/cropped-AntykomunistyczniLogoSquare150x150-2.png","contentUrl":"https:\/\/antykomunistyczni.pl\/wp-content\/uploads\/2026\/02\/cropped-AntykomunistyczniLogoSquare150x150-2.png","width":150,"height":150,"caption":"Antykomunistyczni.pl"},"image":{"@id":"https:\/\/antykomunistyczni.pl\/#\/schema\/logo\/image\/"},"sameAs":["https:\/\/www.facebook.com\/antykomunistyczni\/","https:\/\/x.com\/anty_komunisci"]}]}},"drts_fields":{"field_phone":[],"field_email":["ip@ozzip.pl"],"field_website":["https:\/\/www.ozzip.pl\/"],"field_date_established":["2004-08-23T01:00:00+02:00"],"field_skrot_nazwy_popularna_nazwa":[],"field_status_organizacji":["Aktywna"],"field_data_rozwiazania_delegalizacji_1":[],"field_powod_delegalizacji1":[false],"field_szacunkowa_liczba_czlonkow1":["Kilka tysi\u0119cy"],"field_powiazania_miedzynarodowe1":false,"field_czerwona_flaga1":["Antypolska narracja"],"field_kluczowe_wydarzenia":["2002\u20132004 \u2013 powstanie w Poznaniu na fali protest\u00f3w w HCP\/Cegielski; pierwsze strajki i okupacje,\r\n2010\u20132015 \u2013 g\u0142o\u015bne akcje w firmach sprz\u0105taj\u0105cych, ochronie, logistyce; blokady Amazon w 2015\u20132016,\r\n2018\u20132020 \u2013 masowe protesty w Amazon Polska; strajki i referendum w kilku magazynach,\r\n2021\u20132023 \u2013 liczne konflikty w Jeremias Gniezno (zwolnienia zwi\u0105zkowc\u00f3w, przywr\u00f3cenie do pracy przez s\u0105d w 2025),\r\n2023\u20132025 \u2013 rozw\u00f3j k\u00f3\u0142 m\u0142odych w 8 miastach (ponad 300 os\u00f3b); akcje przeciwko inflacji, dro\u017cy\u017anie i polityce rz\u0105du; protesty antywojenne i anty-NATO,\r\n2025\u20132026 \u2013 XIV Krajowy Zjazd Delegat\u00f3w w Poznaniu (luty\/marzec 2026); dalsze akcje w logistyce i sektorze publicznym; wsparcie dla strajk\u00f3w w Provident i innych firmach."],"field_liderzy_organizacji":["Organizacja unika silnej centralizacji i \u201eetatowych dzia\u0142aczy\u201d \u2013 decyzje podejmowane s\u0105 kolektywnie na zjazdach i w komisjach. Najbardziej widoczne postaci (Komisja Krajowa i prominentni dzia\u0142acze):\r\n- Jakub Grzegorczyk \u2013 cz\u0142onek Komisji Krajowej, jeden z g\u0142\u00f3wnych rzecznik\u00f3w i publicyst\u00f3w w mediach (cz\u0119sto komentuje wyzwania rynku pracy),\r\n- Mariusz Piotrowski \u2013 przewodnicz\u0105cy komisji zak\u0142adowej w Jeremias Gniezno; symbol walki z zwolnieniami zwi\u0105zkowc\u00f3w (przywr\u00f3cony do pracy po procesie s\u0105dowym),\r\n- Piotr Ikonowicz (Ruch Sprawiedliwo\u015bci Spo\u0142ecznej) \u2013 bliski wsp\u00f3\u0142pracownik i sojusznik (nieformalny patron ideowy, wspiera wiele akcji IP, cho\u0107 nie jest formalnym liderem zwi\u0105zku)."],"location_address":[{"address":"Robocza, Wierzbi\u0119cice, Wilda, Pozna\u0144, wojew\u00f3dztwo wielkopolskie, 61-538, Polska","street":"ul. Ko\u015bcielna 4\/1a","street2":"","city":"Pozna\u0144","province":"wojew\u00f3dztwo wielkopolskie","zip":"60-538","country":"Polska","timezone":"","zoom":10,"lat":52.396172,"lng":16.916073000000001,"term_id":0,"display_address":"ul. Ko\u015bcielna 4\/1a, 60-538, Pozna\u0144, Polska"}],"field_ideologia":["anty-kapitalistyczna, anty-pa\u0144stwowa (w sensie krytyki pa\u0144stwa bur\u017cuazyjnego) i anty-parlamentarna"],"field_powiazania_miedzynarodowe_opis":[false]},"_links":{"self":[{"href":"https:\/\/antykomunistyczni.pl\/index.php\/wp-json\/wp\/v2\/komunisci_dir_ltg\/1252","targetHints":{"allow":["GET"]}}],"collection":[{"href":"https:\/\/antykomunistyczni.pl\/index.php\/wp-json\/wp\/v2\/komunisci_dir_ltg"}],"about":[{"href":"https:\/\/antykomunistyczni.pl\/index.php\/wp-json\/wp\/v2\/types\/komunisci_dir_ltg"}],"author":[{"embeddable":true,"href":"https:\/\/antykomunistyczni.pl\/index.php\/wp-json\/wp\/v2\/users\/1"}],"replies":[{"embeddable":true,"href":"https:\/\/antykomunistyczni.pl\/index.php\/wp-json\/wp\/v2\/comments?post=1252"}],"wp:attachment":[{"href":"https:\/\/antykomunistyczni.pl\/index.php\/wp-json\/wp\/v2\/media?parent=1252"}],"wp:term":[{"taxonomy":"komunisci_dir_tag","embeddable":true,"href":"https:\/\/antykomunistyczni.pl\/index.php\/wp-json\/wp\/v2\/komunisci_dir_tag?post=1252"},{"taxonomy":"komunisci_loc_loc","embeddable":true,"href":"https:\/\/antykomunistyczni.pl\/index.php\/wp-json\/wp\/v2\/komunisci_loc_loc?post=1252"}],"curies":[{"name":"wp","href":"https:\/\/api.w.org\/{rel}","templated":true}]}}