{"id":1928,"date":"2026-03-31T15:38:21","date_gmt":"2026-03-31T13:38:21","guid":{"rendered":"https:\/\/antykomunistyczni.pl\/index.php\/directory-komunisci\/organizacje_komunistyczne\/"},"modified":"2026-03-31T20:56:08","modified_gmt":"2026-03-31T18:56:08","slug":"nowa-lewica","status":"publish","type":"komunisci_dir_ltg","link":"https:\/\/antykomunistyczni.pl\/index.php\/directory-komunisci\/organizacje_komunistyczne\/nowa-lewica\/","title":{"rendered":"Nowa Lewica"},"author":1,"comment_status":"closed","ping_status":"closed","template":"","komunisci_dir_tag":[],"komunisci_loc_loc":[],"class_list":["post-1928","komunisci_dir_ltg","type-komunisci_dir_ltg","status-publish","hentry"],"yoast_head":"<!-- This site is optimized with the Yoast SEO plugin v28.4 - https:\/\/yoast.com\/product\/yoast-seo-wordpress\/ -->\n<title>Nowa Lewica - Antykomunistyczni.pl<\/title>\n<meta name=\"description\" content=\"Nowa Lewica regularnie broni \u201eosi\u0105gni\u0119\u0107 spo\u0142ecznych PRL-u\u201d, krytykuje antykomunistyczn\u0105 polityk\u0119 historyczn\u0105 i sprzeciwia si\u0119 wielu inicjatywom dekomunizacyjnym.\" \/>\n<meta name=\"robots\" content=\"index, follow, max-snippet:-1, max-image-preview:large, max-video-preview:-1\" \/>\n<link rel=\"canonical\" href=\"https:\/\/antykomunistyczni.pl\/index.php\/directory-komunisci\/organizacje_komunistyczne\/nowa-lewica\/\" \/>\n<meta property=\"og:locale\" content=\"pl_PL\" \/>\n<meta property=\"og:type\" content=\"article\" \/>\n<meta property=\"og:title\" content=\"Nowa Lewica - Antykomunistyczni.pl\" \/>\n<meta property=\"og:description\" content=\"Nowa Lewica regularnie broni \u201eosi\u0105gni\u0119\u0107 spo\u0142ecznych PRL-u\u201d, krytykuje antykomunistyczn\u0105 polityk\u0119 historyczn\u0105 i sprzeciwia si\u0119 wielu inicjatywom dekomunizacyjnym.\" \/>\n<meta property=\"og:url\" content=\"https:\/\/antykomunistyczni.pl\/index.php\/directory-komunisci\/organizacje_komunistyczne\/nowa-lewica\/\" \/>\n<meta property=\"og:site_name\" content=\"Antykomunistyczni.pl\" \/>\n<meta property=\"article:publisher\" content=\"https:\/\/www.facebook.com\/antykomunistyczni\/\" \/>\n<meta property=\"article:modified_time\" content=\"2026-03-31T18:56:08+00:00\" \/>\n<meta property=\"og:image\" content=\"https:\/\/antykomunistyczni.pl\/wp-content\/uploads\/2026\/02\/AntykomunistyczniLogoSquare.png\" \/>\n\t<meta property=\"og:image:width\" content=\"1024\" \/>\n\t<meta property=\"og:image:height\" content=\"1024\" \/>\n\t<meta property=\"og:image:type\" content=\"image\/png\" \/>\n<meta name=\"twitter:card\" content=\"summary_large_image\" \/>\n<meta name=\"twitter:site\" content=\"@anty_komunisci\" \/>\n<meta name=\"twitter:label1\" content=\"Szacowany czas czytania\" \/>\n\t<meta name=\"twitter:data1\" content=\"1 minuta\" \/>\n<script type=\"application\/ld+json\" class=\"yoast-schema-graph\">{\"@context\":\"https:\\\/\\\/schema.org\",\"@graph\":[{\"@type\":\"WebPage\",\"@id\":\"https:\\\/\\\/antykomunistyczni.pl\\\/index.php\\\/directory-komunisci\\\/organizacje_komunistyczne\\\/nowa-lewica\\\/\",\"url\":\"https:\\\/\\\/antykomunistyczni.pl\\\/index.php\\\/directory-komunisci\\\/organizacje_komunistyczne\\\/nowa-lewica\\\/\",\"name\":\"Nowa Lewica - Antykomunistyczni.pl\",\"isPartOf\":{\"@id\":\"https:\\\/\\\/antykomunistyczni.pl\\\/#website\"},\"datePublished\":\"2026-03-31T13:38:21+00:00\",\"dateModified\":\"2026-03-31T18:56:08+00:00\",\"description\":\"Nowa Lewica regularnie broni \u201eosi\u0105gni\u0119\u0107 spo\u0142ecznych PRL-u\u201d, krytykuje antykomunistyczn\u0105 polityk\u0119 historyczn\u0105 i sprzeciwia si\u0119 wielu inicjatywom dekomunizacyjnym.\",\"breadcrumb\":{\"@id\":\"https:\\\/\\\/antykomunistyczni.pl\\\/index.php\\\/directory-komunisci\\\/organizacje_komunistyczne\\\/nowa-lewica\\\/#breadcrumb\"},\"inLanguage\":\"pl-PL\",\"potentialAction\":[{\"@type\":\"ReadAction\",\"target\":[\"https:\\\/\\\/antykomunistyczni.pl\\\/index.php\\\/directory-komunisci\\\/organizacje_komunistyczne\\\/nowa-lewica\\\/\"]}]},{\"@type\":\"BreadcrumbList\",\"@id\":\"https:\\\/\\\/antykomunistyczni.pl\\\/index.php\\\/directory-komunisci\\\/organizacje_komunistyczne\\\/nowa-lewica\\\/#breadcrumb\",\"itemListElement\":[{\"@type\":\"ListItem\",\"position\":1,\"name\":\"Strona g\u0142\u00f3wna\",\"item\":\"https:\\\/\\\/antykomunistyczni.pl\\\/\"},{\"@type\":\"ListItem\",\"position\":2,\"name\":\"Nowa Lewica\"}]},{\"@type\":\"WebSite\",\"@id\":\"https:\\\/\\\/antykomunistyczni.pl\\\/#website\",\"url\":\"https:\\\/\\\/antykomunistyczni.pl\\\/\",\"name\":\"Antykomunistyczni.pl\",\"description\":\"\",\"publisher\":{\"@id\":\"https:\\\/\\\/antykomunistyczni.pl\\\/#organization\"},\"alternateName\":\"Historia PRL, zbrodnie komunistyczne w Polsce i na \u015bwiecie\",\"potentialAction\":[{\"@type\":\"SearchAction\",\"target\":{\"@type\":\"EntryPoint\",\"urlTemplate\":\"https:\\\/\\\/antykomunistyczni.pl\\\/?s={search_term_string}\"},\"query-input\":{\"@type\":\"PropertyValueSpecification\",\"valueRequired\":true,\"valueName\":\"search_term_string\"}}],\"inLanguage\":\"pl-PL\"},{\"@type\":\"Organization\",\"@id\":\"https:\\\/\\\/antykomunistyczni.pl\\\/#organization\",\"name\":\"Antykomunistyczni.pl\",\"url\":\"https:\\\/\\\/antykomunistyczni.pl\\\/\",\"logo\":{\"@type\":\"ImageObject\",\"inLanguage\":\"pl-PL\",\"@id\":\"https:\\\/\\\/antykomunistyczni.pl\\\/#\\\/schema\\\/logo\\\/image\\\/\",\"url\":\"https:\\\/\\\/antykomunistyczni.pl\\\/wp-content\\\/uploads\\\/2026\\\/02\\\/cropped-AntykomunistyczniLogoSquare150x150-2.png\",\"contentUrl\":\"https:\\\/\\\/antykomunistyczni.pl\\\/wp-content\\\/uploads\\\/2026\\\/02\\\/cropped-AntykomunistyczniLogoSquare150x150-2.png\",\"width\":150,\"height\":150,\"caption\":\"Antykomunistyczni.pl\"},\"image\":{\"@id\":\"https:\\\/\\\/antykomunistyczni.pl\\\/#\\\/schema\\\/logo\\\/image\\\/\"},\"sameAs\":[\"https:\\\/\\\/www.facebook.com\\\/antykomunistyczni\\\/\",\"https:\\\/\\\/x.com\\\/anty_komunisci\"]}]}<\/script>\n<!-- \/ Yoast SEO plugin. -->","yoast_head_json":{"title":"Nowa Lewica - Antykomunistyczni.pl","description":"Nowa Lewica regularnie broni \u201eosi\u0105gni\u0119\u0107 spo\u0142ecznych PRL-u\u201d, krytykuje antykomunistyczn\u0105 polityk\u0119 historyczn\u0105 i sprzeciwia si\u0119 wielu inicjatywom dekomunizacyjnym.","robots":{"index":"index","follow":"follow","max-snippet":"max-snippet:-1","max-image-preview":"max-image-preview:large","max-video-preview":"max-video-preview:-1"},"canonical":"https:\/\/antykomunistyczni.pl\/index.php\/directory-komunisci\/organizacje_komunistyczne\/nowa-lewica\/","og_locale":"pl_PL","og_type":"article","og_title":"Nowa Lewica - Antykomunistyczni.pl","og_description":"Nowa Lewica regularnie broni \u201eosi\u0105gni\u0119\u0107 spo\u0142ecznych PRL-u\u201d, krytykuje antykomunistyczn\u0105 polityk\u0119 historyczn\u0105 i sprzeciwia si\u0119 wielu inicjatywom dekomunizacyjnym.","og_url":"https:\/\/antykomunistyczni.pl\/index.php\/directory-komunisci\/organizacje_komunistyczne\/nowa-lewica\/","og_site_name":"Antykomunistyczni.pl","article_publisher":"https:\/\/www.facebook.com\/antykomunistyczni\/","article_modified_time":"2026-03-31T18:56:08+00:00","og_image":[{"width":1024,"height":1024,"url":"https:\/\/antykomunistyczni.pl\/wp-content\/uploads\/2026\/02\/AntykomunistyczniLogoSquare.png","type":"image\/png"}],"twitter_card":"summary_large_image","twitter_site":"@anty_komunisci","twitter_misc":{"Szacowany czas czytania":"1 minuta"},"schema":{"@context":"https:\/\/schema.org","@graph":[{"@type":"WebPage","@id":"https:\/\/antykomunistyczni.pl\/index.php\/directory-komunisci\/organizacje_komunistyczne\/nowa-lewica\/","url":"https:\/\/antykomunistyczni.pl\/index.php\/directory-komunisci\/organizacje_komunistyczne\/nowa-lewica\/","name":"Nowa Lewica - Antykomunistyczni.pl","isPartOf":{"@id":"https:\/\/antykomunistyczni.pl\/#website"},"datePublished":"2026-03-31T13:38:21+00:00","dateModified":"2026-03-31T18:56:08+00:00","description":"Nowa Lewica regularnie broni \u201eosi\u0105gni\u0119\u0107 spo\u0142ecznych PRL-u\u201d, krytykuje antykomunistyczn\u0105 polityk\u0119 historyczn\u0105 i sprzeciwia si\u0119 wielu inicjatywom dekomunizacyjnym.","breadcrumb":{"@id":"https:\/\/antykomunistyczni.pl\/index.php\/directory-komunisci\/organizacje_komunistyczne\/nowa-lewica\/#breadcrumb"},"inLanguage":"pl-PL","potentialAction":[{"@type":"ReadAction","target":["https:\/\/antykomunistyczni.pl\/index.php\/directory-komunisci\/organizacje_komunistyczne\/nowa-lewica\/"]}]},{"@type":"BreadcrumbList","@id":"https:\/\/antykomunistyczni.pl\/index.php\/directory-komunisci\/organizacje_komunistyczne\/nowa-lewica\/#breadcrumb","itemListElement":[{"@type":"ListItem","position":1,"name":"Strona g\u0142\u00f3wna","item":"https:\/\/antykomunistyczni.pl\/"},{"@type":"ListItem","position":2,"name":"Nowa Lewica"}]},{"@type":"WebSite","@id":"https:\/\/antykomunistyczni.pl\/#website","url":"https:\/\/antykomunistyczni.pl\/","name":"Antykomunistyczni.pl","description":"","publisher":{"@id":"https:\/\/antykomunistyczni.pl\/#organization"},"alternateName":"Historia PRL, zbrodnie komunistyczne w Polsce i na \u015bwiecie","potentialAction":[{"@type":"SearchAction","target":{"@type":"EntryPoint","urlTemplate":"https:\/\/antykomunistyczni.pl\/?s={search_term_string}"},"query-input":{"@type":"PropertyValueSpecification","valueRequired":true,"valueName":"search_term_string"}}],"inLanguage":"pl-PL"},{"@type":"Organization","@id":"https:\/\/antykomunistyczni.pl\/#organization","name":"Antykomunistyczni.pl","url":"https:\/\/antykomunistyczni.pl\/","logo":{"@type":"ImageObject","inLanguage":"pl-PL","@id":"https:\/\/antykomunistyczni.pl\/#\/schema\/logo\/image\/","url":"https:\/\/antykomunistyczni.pl\/wp-content\/uploads\/2026\/02\/cropped-AntykomunistyczniLogoSquare150x150-2.png","contentUrl":"https:\/\/antykomunistyczni.pl\/wp-content\/uploads\/2026\/02\/cropped-AntykomunistyczniLogoSquare150x150-2.png","width":150,"height":150,"caption":"Antykomunistyczni.pl"},"image":{"@id":"https:\/\/antykomunistyczni.pl\/#\/schema\/logo\/image\/"},"sameAs":["https:\/\/www.facebook.com\/antykomunistyczni\/","https:\/\/x.com\/anty_komunisci"]}]}},"drts_fields":{"field_phone":["+48 22 621 03 41"],"field_email":["sekretariat@lewica.org.pl"],"field_website":["https:\/\/lewica.org.pl\/"],"field_date_established":["2021-06-30T00:00:00+02:00"],"field_skrot_nazwy_popularna_nazwa":["NL"],"field_status_organizacji":["Aktywna"],"field_data_rozwiazania_delegalizacji_1":[],"field_powod_delegalizacji1":[false],"field_szacunkowa_liczba_czlonkow1":["Kilka tysi\u0119cy"],"field_powiazania_miedzynarodowe1":true,"field_czerwona_flaga1":["Gloryfikuje zbrodniarzy komunistycznych"],"field_kluczowe_wydarzenia":["- **2021 \u2013 Powstanie partii**  \r\n  9 pa\u017adziernika 2021 odby\u0142 si\u0119 kongres zjednoczeniowy, na kt\u00f3rym oficjalnie powsta\u0142a Nowa Lewica poprzez po\u0142\u0105czenie Sojuszu Lewicy Demokratycznej (SLD) i partii Wiosna Roberta Biedronia. Na wsp\u00f3\u0142przewodnicz\u0105cych wybrano **W\u0142odzimierza Czarzastego** (frakcja SLD) i **Roberta Biedronia** (frakcja Wiosna). By\u0142o to formalne scalenie postkomunistycznej lewicy z nowsz\u0105, progresywn\u0105 lewic\u0105.\r\n\r\n- **2023 \u2013 Wej\u015bcie do rz\u0105du Donalda Tuska**  \r\n  Po wyborach parlamentarnych Nowa Lewica wesz\u0142a w koalicj\u0119 z KO, Trzeci\u0105 Drog\u0105 i Polsk\u0105 2050, tworz\u0105c trzeci rz\u0105d Donalda Tuska. Po raz pierwszy od 20 lat lewica postkomunistyczna znalaz\u0142a si\u0119 w rz\u0105dzie. Partia podkre\u015bla\u0142a to jako \u201epowr\u00f3t do w\u0142adzy\u201d i realizacj\u0119 programu \u201edobrej zmiany\u201d.\r\n\r\n- **2024\u20132025 \u2013 Spory wewn\u0119trzne i ultimatum dla Razem**  \r\n  Trwa\u0142y napi\u0119cia mi\u0119dzy frakcj\u0105 Czarzastego a frakcj\u0105 Biedronia oraz z parti\u0105 Razem. W pa\u017adzierniku 2024 Nowa Lewica postawi\u0142a ultimatum Razem \u2013 do ko\u0144ca 2024 roku partia musia\u0142a zdecydowa\u0107 o dalszej wsp\u00f3\u0142pracy w klubie parlamentarnym Lewicy.\r\n\r\n- **Maj 2025 \u2013 Kongres statutowy**  \r\n  Kongres zrezygnowa\u0142 z modelu podw\u00f3jnego przewodniczenia. W\u0142odzimierz Czarzasty zosta\u0142 jedynym przewodnicz\u0105cym partii, co wzmocni\u0142o wp\u0142ywy starej frakcji SLD.\r\n\r\n- **Grudzie\u0144 2025 \u2013 Wybory w\u0142adz partii**  \r\n  Na kongresie ponownie wybrano W\u0142odzimierza Czarzastego na przewodnicz\u0105cego. Do zarz\u0105du weszli m.in. Agnieszka Dziemianowicz-B\u0105k, Krzysztof Gawkowski i Tomasz Trela. Partia chwali\u0142a si\u0119 osi\u0105gni\u0119ciami dw\u00f3ch lat w rz\u0105dzie (m.in. zmiany w prawie pracy, polityka mieszkaniowa, zielona transformacja).\r\n\r\n- **2026 \u2013 Przygotowania do wybor\u00f3w parlamentarnych**  \r\n  Nowa Lewica zapowiada budow\u0119 szerokiego frontu lewicowego na wybory 2027 (w tym ewentualn\u0105 wsp\u00f3\u0142prac\u0119 z Razem). W sonda\u017cach oscyluje wok\u00f3\u0142 7\u20138%, walcz\u0105c o utrzymanie pozycji parlamentarnej."],"field_liderzy_organizacji":["W\u0142odzimierz Czarzasty (przewodnicz\u0105cy od 2025)\r\nAgnieszka Dziemianowicz-B\u0105k, Katarzyna Kotula, Krzysztof Gawkowski i inni"],"location_address":[{"address":"Nowa Lewica, 11, Z\u0142ota, Centrum, \u015ar\u00f3dmie\u015bcie P\u00f3\u0142nocne, \u015ar\u00f3dmie\u015bcie, Warszawa, wojew\u00f3dztwo mazowieckie, 00-019, Polska","street":"Z\u0142ota","street2":"9 lok. 4","city":"Warszawa","province":"wojew\u00f3dztwo mazowieckie","zip":"00-019","country":"Polska","timezone":"Europe\/Warsaw","zoom":10,"lat":52.232765000000001,"lng":21.011132,"term_id":0,"display_address":"Z\u0142ota 9 lok. 4, 00-019, Warszawa, Polska"}],"field_ideologia":[],"field_powiazania_miedzynarodowe_opis":["Silne powi\u0105zania z europejsk\u0105 lewic\u0105 socjalistyczn\u0105 (Partia Europejskich Socjalist\u00f3w)."]},"_links":{"self":[{"href":"https:\/\/antykomunistyczni.pl\/index.php\/wp-json\/wp\/v2\/komunisci_dir_ltg\/1928","targetHints":{"allow":["GET"]}}],"collection":[{"href":"https:\/\/antykomunistyczni.pl\/index.php\/wp-json\/wp\/v2\/komunisci_dir_ltg"}],"about":[{"href":"https:\/\/antykomunistyczni.pl\/index.php\/wp-json\/wp\/v2\/types\/komunisci_dir_ltg"}],"author":[{"embeddable":true,"href":"https:\/\/antykomunistyczni.pl\/index.php\/wp-json\/wp\/v2\/users\/1"}],"replies":[{"embeddable":true,"href":"https:\/\/antykomunistyczni.pl\/index.php\/wp-json\/wp\/v2\/comments?post=1928"}],"wp:attachment":[{"href":"https:\/\/antykomunistyczni.pl\/index.php\/wp-json\/wp\/v2\/media?parent=1928"}],"wp:term":[{"taxonomy":"komunisci_dir_tag","embeddable":true,"href":"https:\/\/antykomunistyczni.pl\/index.php\/wp-json\/wp\/v2\/komunisci_dir_tag?post=1928"},{"taxonomy":"komunisci_loc_loc","embeddable":true,"href":"https:\/\/antykomunistyczni.pl\/index.php\/wp-json\/wp\/v2\/komunisci_loc_loc?post=1928"}],"curies":[{"name":"wp","href":"https:\/\/api.w.org\/{rel}","templated":true}]}}