{"id":1003,"date":"2026-03-11T19:30:15","date_gmt":"2026-03-11T18:30:15","guid":{"rendered":"https:\/\/antykomunistyczni.pl\/?page_id=1003"},"modified":"2026-03-12T09:25:10","modified_gmt":"2026-03-12T08:25:10","slug":"wspolczesny-komunizm-blog","status":"publish","type":"page","link":"https:\/\/antykomunistyczni.pl\/index.php\/wspolczesny-komunizm-blog\/","title":{"rendered":"Wsp\u00f3\u0142czesny Komunizm Blog"},"content":{"rendered":"\t\t<div data-elementor-type=\"wp-page\" data-elementor-id=\"1003\" class=\"elementor elementor-1003\">\n\t\t\t\t<div class=\"elementor-element elementor-element-29a1146 e-flex e-con-boxed e-con e-parent\" data-id=\"29a1146\" data-element_type=\"container\" data-e-type=\"container\">\n\t\t\t\t\t<div class=\"e-con-inner\">\n\t\t\t\t<div class=\"elementor-element elementor-element-5cbf083 elementor-widget elementor-widget-contentviews_widget_grid1\" data-id=\"5cbf083\" data-element_type=\"widget\" data-e-type=\"widget\" data-widget_type=\"contentviews_widget_grid1.default\">\n\t\t\t\t<div class=\"elementor-widget-container\">\n\t\t\t\t\t<div class='pt-cv-wrapper'> <h1 class=\"pt-cv-heading-container heading1\" data-blockid=\"5cbf083\"><span class=\"pt-cv-heading\"> Wsp\u00f3\u0142czesny Komunizm Blog <\/span><\/h1><div class=\"pt-cv-view pt-cv-blockgrid iscvblock iscvelementor grid1 layout1\" id=\"pt-cv-view-5cbf083\"><div data-id=\"pt-cv-page-1\" class=\"pt-cv-page\" data-cvc=\"3\"><div class=\" pt-cv-content-item pt-cv-1-col\" ><div class=\"pt-cv-thumb-wrapper  \"><a href=\"https:\/\/antykomunistyczni.pl\/index.php\/czy-4-czerwca-1989-naprawde-skonczyl-sie-komunizm-w-polsce\/\" class=\"_self pt-cv-href-thumbnail pt-cv-thumb-default\" target=\"_self\" ><img fetchpriority=\"high\" decoding=\"async\" width=\"799\" height=\"421\" src=\"https:\/\/antykomunistyczni.pl\/wp-content\/uploads\/2026\/06\/Obrady-Okraglego-Stolu-1989-\u2013-pakt-komunistow-z-czescia-opozycji.jpg\" class=\"pt-cv-thumbnail\" alt=\"\" \/><\/a><\/div>\n<div class=\"pt-cv-taxoterm above_title\"><a href='https:\/\/antykomunistyczni.pl\/index.php\/category\/aktualnosci\/' title='Aktualno\u015bci' class='pt-cv-tax-aktualnosci'>Aktualno\u015bci<\/a><a href='https:\/\/antykomunistyczni.pl\/index.php\/category\/wspolczesny-komunizm\/komunizm-w-ideologiach-i-ruchach-wspolczesnych\/' title='Komunizm w ideologiach i ruchach wsp\u00f3\u0142czesnych' class='pt-cv-tax-komunizm-w-ideologiach-i-ruchach-wspolczesnych'>Komunizm w ideologiach i ruchach wsp\u00f3\u0142czesnych<\/a><a href='https:\/\/antykomunistyczni.pl\/index.php\/category\/wspolczesny-komunizm\/komunizm-w-panstwach-wspolczesnych\/' title='Komunizm w pa\u0144stwach wsp\u00f3\u0142czesnych' class='pt-cv-tax-komunizm-w-panstwach-wspolczesnych'>Komunizm w pa\u0144stwach wsp\u00f3\u0142czesnych<\/a><a href='https:\/\/antykomunistyczni.pl\/index.php\/category\/wspolczesny-komunizm\/mechanizmy-wspolczesnego-komunizmu\/' title='Mechanizmy wsp\u00f3\u0142czesnego komunizmu' class='pt-cv-tax-mechanizmy-wspolczesnego-komunizmu'>Mechanizmy wsp\u00f3\u0142czesnego komunizmu<\/a><a href='https:\/\/antykomunistyczni.pl\/index.php\/category\/wspolczesny-komunizm\/' title='Wsp\u00f3\u0142czesny komunizm' class='pt-cv-tax-wspolczesny-komunizm'>Wsp\u00f3\u0142czesny komunizm<\/a><\/div>\n<h4 class=\"pt-cv-title\"><a href=\"https:\/\/antykomunistyczni.pl\/index.php\/czy-4-czerwca-1989-naprawde-skonczyl-sie-komunizm-w-polsce\/\" class=\"_self\" target=\"_self\" >Czy 4 czerwca 1989 naprawd\u0119 sko\u0144czy\u0142 si\u0119 w Polsce komunizm? Zdrada Okr\u0105g\u0142ego Sto\u0142u<\/a><\/h4>\n<div class=\"pt-cv-content\">Czy 4 czerwca 1989 naprawd\u0119 sko\u0144czy\u0142 si\u0119 w Polsce komunizm? Zdrada, iluzja i postkomunistyczny nowotw\u00f3r Afera FOZZ \u2013 najwie\u0328ksza kradziez\u0307 ...<\/div>\n<div class=\"pt-cv-rmwrap\"><a href=\"https:\/\/antykomunistyczni.pl\/index.php\/czy-4-czerwca-1989-naprawde-skonczyl-sie-komunizm-w-polsce\/\" class=\"_self pt-cv-readmore btn btn-success\" target=\"_self\" >Dowiedz Si\u0119 Wi\u0119cej\u2026<\/a><\/div>\n<div class=\"pt-cv-meta-fields\"><span class=\"entry-date\"> <time datetime=\"2026-06-04T09:09:51+02:00\">2026-06-04<\/time><\/span><span> \/ <\/span><span class=\"author\"> <a href=\"https:\/\/antykomunistyczni.pl\/index.php\/author\/admin0\/\" rel=\"author\">Antykomunistyczni<\/a><\/span><\/div><\/div>\n<div class=\" pt-cv-content-item pt-cv-1-col\" ><div class=\"pt-cv-thumb-wrapper  \"><a href=\"https:\/\/antykomunistyczni.pl\/index.php\/warszawa-jedna-z-najbardziej-czerwonych-stolic-europy-srodkowej\/\" class=\"_self pt-cv-href-thumbnail pt-cv-thumb-default\" target=\"_self\" ><img decoding=\"async\" width=\"800\" height=\"542\" src=\"https:\/\/antykomunistyczni.pl\/wp-content\/uploads\/2026\/05\/Palac-Kultury-im-Jozefa-Stalina-1024x694.jpg\" class=\"pt-cv-thumbnail\" alt=\"\" \/><\/a><\/div>\n<div class=\"pt-cv-taxoterm above_title\"><a href='https:\/\/antykomunistyczni.pl\/index.php\/category\/aktualnosci\/' title='Aktualno\u015bci' class='pt-cv-tax-aktualnosci'>Aktualno\u015bci<\/a><a href='https:\/\/antykomunistyczni.pl\/index.php\/category\/wspolczesny-komunizm\/komunizm-w-panstwach-wspolczesnych\/' title='Komunizm w pa\u0144stwach wsp\u00f3\u0142czesnych' class='pt-cv-tax-komunizm-w-panstwach-wspolczesnych'>Komunizm w pa\u0144stwach wsp\u00f3\u0142czesnych<\/a><a href='https:\/\/antykomunistyczni.pl\/index.php\/category\/wspolczesny-komunizm\/' title='Wsp\u00f3\u0142czesny komunizm' class='pt-cv-tax-wspolczesny-komunizm'>Wsp\u00f3\u0142czesny komunizm<\/a><\/div>\n<h4 class=\"pt-cv-title\"><a href=\"https:\/\/antykomunistyczni.pl\/index.php\/warszawa-jedna-z-najbardziej-czerwonych-stolic-europy-srodkowej\/\" class=\"_self\" target=\"_self\" >Warszawa jedn\u0105 z najbardziej \u201eczerwonych\u201d stolic Europy \u015arodkowej<\/a><\/h4>\n<div class=\"pt-cv-content\">Warszawa najbardziej \u201eczerwona\u201d stolica Europy \u015arodkowej. 50 komunistycznych ulic Pa\u0142\u0105c Kultury im J\u00f3zefa Stalina Zdj\u0119cie Pa\u0142acu Kultury im. J\u00f3zefa Stalina ...<\/div>\n<div class=\"pt-cv-rmwrap\"><a href=\"https:\/\/antykomunistyczni.pl\/index.php\/warszawa-jedna-z-najbardziej-czerwonych-stolic-europy-srodkowej\/\" class=\"_self pt-cv-readmore btn btn-success\" target=\"_self\" >Dowiedz Si\u0119 Wi\u0119cej\u2026<\/a><\/div>\n<div class=\"pt-cv-meta-fields\"><span class=\"entry-date\"> <time datetime=\"2026-05-19T11:50:27+02:00\">2026-05-19<\/time><\/span><span> \/ <\/span><span class=\"author\"> <a href=\"https:\/\/antykomunistyczni.pl\/index.php\/author\/admin0\/\" rel=\"author\">Antykomunistyczni<\/a><\/span><\/div><\/div>\n<div class=\" pt-cv-content-item pt-cv-1-col\" ><div class=\"pt-cv-thumb-wrapper  \"><a href=\"https:\/\/antykomunistyczni.pl\/index.php\/komunistyczna-partia-polski-dalej-dziala-delegalizacja-wycofana\/\" class=\"_self pt-cv-href-thumbnail pt-cv-thumb-default\" target=\"_self\" ><img decoding=\"async\" width=\"800\" height=\"534\" src=\"https:\/\/antykomunistyczni.pl\/wp-content\/uploads\/2026\/03\/KPPDelegalizacja-1024x683.jpg\" class=\"pt-cv-thumbnail\" alt=\"\" \/><\/a><\/div>\n<div class=\"pt-cv-taxoterm above_title\"><a href='https:\/\/antykomunistyczni.pl\/index.php\/category\/aktualnosci\/' title='Aktualno\u015bci' class='pt-cv-tax-aktualnosci'>Aktualno\u015bci<\/a><a href='https:\/\/antykomunistyczni.pl\/index.php\/category\/komunisci\/' title='Komuni\u015bci' class='pt-cv-tax-komunisci'>Komuni\u015bci<\/a><a href='https:\/\/antykomunistyczni.pl\/index.php\/category\/wspolczesny-komunizm\/komunizm-w-panstwach-wspolczesnych\/' title='Komunizm w pa\u0144stwach wsp\u00f3\u0142czesnych' class='pt-cv-tax-komunizm-w-panstwach-wspolczesnych'>Komunizm w pa\u0144stwach wsp\u00f3\u0142czesnych<\/a><a href='https:\/\/antykomunistyczni.pl\/index.php\/category\/wspolczesny-komunizm\/' title='Wsp\u00f3\u0142czesny komunizm' class='pt-cv-tax-wspolczesny-komunizm'>Wsp\u00f3\u0142czesny komunizm<\/a><\/div>\n<h4 class=\"pt-cv-title\"><a href=\"https:\/\/antykomunistyczni.pl\/index.php\/komunistyczna-partia-polski-dalej-dziala-delegalizacja-wycofana\/\" class=\"_self\" target=\"_self\" >Komunistyczna Partia Polski dalej dzia\u0142a. Delegalizacja wycofana \u2013 skandal w 2026 roku<\/a><\/h4>\n<div class=\"pt-cv-content\">Komunistyczna Partia Polski (KPP), pomimo wyroku Trybuna\u0142u Konstytucyjnego z grudnia 2025 roku, wr\u00f3ci\u0142a do oficjalnego rejestru partii politycznych i mo\u017ce ...<\/div>\n<div class=\"pt-cv-rmwrap\"><a href=\"https:\/\/antykomunistyczni.pl\/index.php\/komunistyczna-partia-polski-dalej-dziala-delegalizacja-wycofana\/\" class=\"_self pt-cv-readmore btn btn-success\" target=\"_self\" >Dowiedz Si\u0119 Wi\u0119cej\u2026<\/a><\/div>\n<div class=\"pt-cv-meta-fields\"><span class=\"entry-date\"> <time datetime=\"2026-05-06T10:41:08+02:00\">2026-05-06<\/time><\/span><span> \/ <\/span><span class=\"author\"> <a href=\"https:\/\/antykomunistyczni.pl\/index.php\/author\/admin0\/\" rel=\"author\">Antykomunistyczni<\/a><\/span><\/div><\/div>\n<div class=\" pt-cv-content-item pt-cv-1-col\" ><div class=\"pt-cv-thumb-wrapper  \"><a href=\"https:\/\/antykomunistyczni.pl\/index.php\/rozliczenie-sedziow-nrd-niemcy-polska\/\" class=\"_self pt-cv-href-thumbnail pt-cv-thumb-default\" target=\"_self\" ><img loading=\"lazy\" decoding=\"async\" width=\"800\" height=\"450\" src=\"https:\/\/antykomunistyczni.pl\/wp-content\/uploads\/2026\/04\/1920x1080-589594918-1024x576.jpg\" class=\"pt-cv-thumbnail\" alt=\"\" \/><\/a><\/div>\n<div class=\"pt-cv-taxoterm above_title\"><a href='https:\/\/antykomunistyczni.pl\/index.php\/category\/aktualnosci\/' title='Aktualno\u015bci' class='pt-cv-tax-aktualnosci'>Aktualno\u015bci<\/a><a href='https:\/\/antykomunistyczni.pl\/index.php\/category\/komunisci\/' title='Komuni\u015bci' class='pt-cv-tax-komunisci'>Komuni\u015bci<\/a><a href='https:\/\/antykomunistyczni.pl\/index.php\/category\/komunistyczne-zbrodnie-w-polsce\/' title='Komunistyczne zbrodnie w Polsce' class='pt-cv-tax-komunistyczne-zbrodnie-w-polsce'>Komunistyczne zbrodnie w Polsce<\/a><a href='https:\/\/antykomunistyczni.pl\/index.php\/category\/wspolczesny-komunizm\/komunizm-w-panstwach-wspolczesnych\/' title='Komunizm w pa\u0144stwach wsp\u00f3\u0142czesnych' class='pt-cv-tax-komunizm-w-panstwach-wspolczesnych'>Komunizm w pa\u0144stwach wsp\u00f3\u0142czesnych<\/a><\/div>\n<h4 class=\"pt-cv-title\"><a href=\"https:\/\/antykomunistyczni.pl\/index.php\/rozliczenie-sedziow-nrd-niemcy-polska\/\" class=\"_self\" target=\"_self\" >Rozliczenie s\u0119dzi\u00f3w po komunizmie: Niemcy wymienili ponad 60%, Polska prawie \u017cadnego<\/a><\/h4>\n<div class=\"pt-cv-content\">Rozliczenie s\u0119dzi\u00f3w po komunizmie: Niemcy wymienili ponad 60%, Polska prawie \u017cadnego W 1989\u20131990 roku obie strony \u017celaznej kurtyny stan\u0119\u0142y przed ...<\/div>\n<div class=\"pt-cv-rmwrap\"><a href=\"https:\/\/antykomunistyczni.pl\/index.php\/rozliczenie-sedziow-nrd-niemcy-polska\/\" class=\"_self pt-cv-readmore btn btn-success\" target=\"_self\" >Dowiedz Si\u0119 Wi\u0119cej\u2026<\/a><\/div>\n<div class=\"pt-cv-meta-fields\"><span class=\"entry-date\"> <time datetime=\"2026-04-15T20:31:43+02:00\">2026-04-15<\/time><\/span><span> \/ <\/span><span class=\"author\"> <a href=\"https:\/\/antykomunistyczni.pl\/index.php\/author\/admin0\/\" rel=\"author\">Antykomunistyczni<\/a><\/span><\/div><\/div>\n<div class=\" pt-cv-content-item pt-cv-1-col\" ><div class=\"pt-cv-thumb-wrapper  \"><a href=\"https:\/\/antykomunistyczni.pl\/index.php\/komunistyczne-partie-w-europie-w-2026\/\" class=\"_self pt-cv-href-thumbnail pt-cv-thumb-default\" target=\"_self\" ><img loading=\"lazy\" decoding=\"async\" width=\"800\" height=\"534\" src=\"https:\/\/antykomunistyczni.pl\/wp-content\/uploads\/2026\/04\/20250907comiciofestaavante14-1024x683.jpg\" class=\"pt-cv-thumbnail\" alt=\"\" \/><\/a><\/div>\n<div class=\"pt-cv-taxoterm above_title\"><a href='https:\/\/antykomunistyczni.pl\/index.php\/category\/aktualnosci\/' title='Aktualno\u015bci' class='pt-cv-tax-aktualnosci'>Aktualno\u015bci<\/a><a href='https:\/\/antykomunistyczni.pl\/index.php\/category\/wspolczesny-komunizm\/komunizm-w-panstwach-wspolczesnych\/' title='Komunizm w pa\u0144stwach wsp\u00f3\u0142czesnych' class='pt-cv-tax-komunizm-w-panstwach-wspolczesnych'>Komunizm w pa\u0144stwach wsp\u00f3\u0142czesnych<\/a><a href='https:\/\/antykomunistyczni.pl\/index.php\/category\/wspolczesny-komunizm\/mechanizmy-wspolczesnego-komunizmu\/' title='Mechanizmy wsp\u00f3\u0142czesnego komunizmu' class='pt-cv-tax-mechanizmy-wspolczesnego-komunizmu'>Mechanizmy wsp\u00f3\u0142czesnego komunizmu<\/a><a href='https:\/\/antykomunistyczni.pl\/index.php\/category\/wspolczesny-komunizm\/' title='Wsp\u00f3\u0142czesny komunizm' class='pt-cv-tax-wspolczesny-komunizm'>Wsp\u00f3\u0142czesny komunizm<\/a><\/div>\n<h4 class=\"pt-cv-title\"><a href=\"https:\/\/antykomunistyczni.pl\/index.php\/komunistyczne-partie-w-europie-w-2026\/\" class=\"_self\" target=\"_self\" >Komunistyczne partie w Europie w 2026 \u2013 kto jeszcze wierzy w czerwony raj?<\/a><\/h4>\n<div class=\"pt-cv-content\">Komunistyczne partie w Europie w 2026 \u2013 kto jeszcze wierzy w czerwony raj? Mimo upadku Zwi\u0105zku Sowieckiego w 1991 roku ...<\/div>\n<div class=\"pt-cv-rmwrap\"><a href=\"https:\/\/antykomunistyczni.pl\/index.php\/komunistyczne-partie-w-europie-w-2026\/\" class=\"_self pt-cv-readmore btn btn-success\" target=\"_self\" >Dowiedz Si\u0119 Wi\u0119cej\u2026<\/a><\/div>\n<div class=\"pt-cv-meta-fields\"><span class=\"entry-date\"> <time datetime=\"2026-04-15T16:52:04+02:00\">2026-04-15<\/time><\/span><span> \/ <\/span><span class=\"author\"> <a href=\"https:\/\/antykomunistyczni.pl\/index.php\/author\/admin0\/\" rel=\"author\">Antykomunistyczni<\/a><\/span><\/div><\/div>\n<div class=\" pt-cv-content-item pt-cv-1-col\" ><div class=\"pt-cv-thumb-wrapper  \"><a href=\"https:\/\/antykomunistyczni.pl\/index.php\/rosja-od-250-lat-uzywa-tego-samego-scenariusza-do-niszczenia-sasiadow\/\" class=\"_self pt-cv-href-thumbnail pt-cv-thumb-default\" target=\"_self\" ><img loading=\"lazy\" decoding=\"async\" width=\"800\" height=\"573\" src=\"https:\/\/antykomunistyczni.pl\/wp-content\/uploads\/2026\/03\/ZeielonaGranica1-1024x734.jpeg\" class=\"pt-cv-thumbnail\" alt=\"\" \/><\/a><\/div>\n<div class=\"pt-cv-taxoterm above_title\"><a href='https:\/\/antykomunistyczni.pl\/index.php\/category\/aktualnosci\/' title='Aktualno\u015bci' class='pt-cv-tax-aktualnosci'>Aktualno\u015bci<\/a><a href='https:\/\/antykomunistyczni.pl\/index.php\/category\/komunistyczne-zbrodnie-na-swiecie\/' title='Komunistyczne zbrodnie na \u015bwiecie' class='pt-cv-tax-komunistyczne-zbrodnie-na-swiecie'>Komunistyczne zbrodnie na \u015bwiecie<\/a><a href='https:\/\/antykomunistyczni.pl\/index.php\/category\/wspolczesny-komunizm\/komunizm-w-panstwach-wspolczesnych\/' title='Komunizm w pa\u0144stwach wsp\u00f3\u0142czesnych' class='pt-cv-tax-komunizm-w-panstwach-wspolczesnych'>Komunizm w pa\u0144stwach wsp\u00f3\u0142czesnych<\/a><a href='https:\/\/antykomunistyczni.pl\/index.php\/category\/wspolczesny-komunizm\/mechanizmy-wspolczesnego-komunizmu\/' title='Mechanizmy wsp\u00f3\u0142czesnego komunizmu' class='pt-cv-tax-mechanizmy-wspolczesnego-komunizmu'>Mechanizmy wsp\u00f3\u0142czesnego komunizmu<\/a><a href='https:\/\/antykomunistyczni.pl\/index.php\/category\/wspolczesny-komunizm\/' title='Wsp\u00f3\u0142czesny komunizm' class='pt-cv-tax-wspolczesny-komunizm'>Wsp\u00f3\u0142czesny komunizm<\/a><\/div>\n<h4 class=\"pt-cv-title\"><a href=\"https:\/\/antykomunistyczni.pl\/index.php\/rosja-od-250-lat-uzywa-tego-samego-scenariusza-do-niszczenia-sasiadow\/\" class=\"_self\" target=\"_self\" >Rosja od 250 lat u\u017cywa tego samego scenariusza do niszczenia s\u0105siad\u00f3w<\/a><\/h4>\n<div class=\"pt-cv-content\">Ten sam teatr, nowa scena: Jak Rosja od 250 lat u\u017cywa tego samego scenariusza do niszczenia s\u0105siad\u00f3w Wst\u0119p: Historia, kt\u00f3ra ...<\/div>\n<div class=\"pt-cv-rmwrap\"><a href=\"https:\/\/antykomunistyczni.pl\/index.php\/rosja-od-250-lat-uzywa-tego-samego-scenariusza-do-niszczenia-sasiadow\/\" class=\"_self pt-cv-readmore btn btn-success\" target=\"_self\" >Dowiedz Si\u0119 Wi\u0119cej\u2026<\/a><\/div>\n<div class=\"pt-cv-meta-fields\"><span class=\"entry-date\"> <time datetime=\"2026-03-29T09:57:20+02:00\">2026-03-29<\/time><\/span><span> \/ <\/span><span class=\"author\"> <a href=\"https:\/\/antykomunistyczni.pl\/index.php\/author\/admin0\/\" rel=\"author\">Antykomunistyczni<\/a><\/span><\/div><\/div><\/div><\/div> <\/div> \t\t\t\t<\/div>\n\t\t\t\t<\/div>\n\t\t\t\t\t<\/div>\n\t\t\t\t<\/div>\n\t\t\t\t<\/div>\n\t\t","protected":false},"excerpt":{"rendered":"<p>Wsp\u00f3\u0142czesny Komunizm Blog Komuni\u015bciKomunizm w popkulturzeKultura i sztukaMechanizmy wsp\u00f3\u0142czesnego komunizmuWsp\u00f3\u0142czesny komunizm Gramsci wymy\u015bli\u0142 plan d\u0142ugiego marszu, Frankfurtczycy uzbroili go w teori\u0119 i psychologi\u0119 Gramsci wymy\u015bli\u0142 plan \u201ed\u0142ugiego marszu\u201d, Frankfurtczycy uzbroili go w teori\u0119 i psychologi\u0119 W latach 20. i 30. XX wieku Antonio &#8230; Dowiedz Si\u0119 Wi\u0119cej\u2026 2026-03-11 \/ Antykomunistyczni Aktualno\u015bciKomunizm w popkulturzeKultura i sztukaWsp\u00f3\u0142czesny [&hellip;]<\/p>\n","protected":false},"author":1,"featured_media":0,"parent":0,"menu_order":0,"comment_status":"closed","ping_status":"closed","template":"","meta":{"give_campaign_id":0,"footnotes":""},"class_list":["post-1003","page","type-page","status-publish","hentry"],"yoast_head":"<!-- This site is optimized with the Yoast SEO plugin v28.4 - https:\/\/yoast.com\/product\/yoast-seo-wordpress\/ -->\n<title>Wsp\u00f3\u0142czesny Komunizm Blog - Antykomunistyczni.pl<\/title>\n<meta name=\"robots\" content=\"index, follow, max-snippet:-1, max-image-preview:large, max-video-preview:-1\" \/>\n<link rel=\"canonical\" href=\"https:\/\/antykomunistyczni.pl\/index.php\/wspolczesny-komunizm-blog\/\" \/>\n<meta property=\"og:locale\" content=\"pl_PL\" \/>\n<meta property=\"og:type\" content=\"article\" \/>\n<meta property=\"og:title\" content=\"Wsp\u00f3\u0142czesny Komunizm Blog - Antykomunistyczni.pl\" \/>\n<meta property=\"og:description\" content=\"Wsp\u00f3\u0142czesny Komunizm Blog Komuni\u015bciKomunizm w popkulturzeKultura i sztukaMechanizmy wsp\u00f3\u0142czesnego komunizmuWsp\u00f3\u0142czesny komunizm Gramsci wymy\u015bli\u0142 plan d\u0142ugiego marszu, Frankfurtczycy uzbroili go w teori\u0119 i psychologi\u0119 Gramsci wymy\u015bli\u0142 plan \u201ed\u0142ugiego marszu\u201d, Frankfurtczycy uzbroili go w teori\u0119 i psychologi\u0119 W latach 20. i 30. XX wieku Antonio &#8230; Dowiedz Si\u0119 Wi\u0119cej\u2026 2026-03-11 \/ Antykomunistyczni Aktualno\u015bciKomunizm w popkulturzeKultura i sztukaWsp\u00f3\u0142czesny [&hellip;]\" \/>\n<meta property=\"og:url\" content=\"https:\/\/antykomunistyczni.pl\/index.php\/wspolczesny-komunizm-blog\/\" \/>\n<meta property=\"og:site_name\" content=\"Antykomunistyczni.pl\" \/>\n<meta property=\"article:publisher\" content=\"https:\/\/www.facebook.com\/antykomunistyczni\/\" \/>\n<meta property=\"article:modified_time\" content=\"2026-03-12T08:25:10+00:00\" \/>\n<meta property=\"og:image\" content=\"https:\/\/antykomunistyczni.pl\/wp-content\/uploads\/2026\/03\/SzkolaFrankfurcka.jpg\" \/>\n<meta name=\"twitter:card\" content=\"summary_large_image\" \/>\n<meta name=\"twitter:site\" content=\"@anty_komunisci\" \/>\n<meta name=\"twitter:label1\" content=\"Szacowany czas czytania\" \/>\n\t<meta name=\"twitter:data1\" content=\"2 minuty\" \/>\n<script type=\"application\/ld+json\" class=\"yoast-schema-graph\">{\"@context\":\"https:\\\/\\\/schema.org\",\"@graph\":[{\"@type\":\"WebPage\",\"@id\":\"https:\\\/\\\/antykomunistyczni.pl\\\/index.php\\\/wspolczesny-komunizm-blog\\\/\",\"url\":\"https:\\\/\\\/antykomunistyczni.pl\\\/index.php\\\/wspolczesny-komunizm-blog\\\/\",\"name\":\"Wsp\u00f3\u0142czesny Komunizm Blog - Antykomunistyczni.pl\",\"isPartOf\":{\"@id\":\"https:\\\/\\\/antykomunistyczni.pl\\\/#website\"},\"primaryImageOfPage\":{\"@id\":\"https:\\\/\\\/antykomunistyczni.pl\\\/index.php\\\/wspolczesny-komunizm-blog\\\/#primaryimage\"},\"image\":{\"@id\":\"https:\\\/\\\/antykomunistyczni.pl\\\/index.php\\\/wspolczesny-komunizm-blog\\\/#primaryimage\"},\"thumbnailUrl\":\"https:\\\/\\\/antykomunistyczni.pl\\\/wp-content\\\/uploads\\\/2026\\\/03\\\/SzkolaFrankfurcka.jpg\",\"datePublished\":\"2026-03-11T18:30:15+00:00\",\"dateModified\":\"2026-03-12T08:25:10+00:00\",\"breadcrumb\":{\"@id\":\"https:\\\/\\\/antykomunistyczni.pl\\\/index.php\\\/wspolczesny-komunizm-blog\\\/#breadcrumb\"},\"inLanguage\":\"pl-PL\",\"potentialAction\":[{\"@type\":\"ReadAction\",\"target\":[\"https:\\\/\\\/antykomunistyczni.pl\\\/index.php\\\/wspolczesny-komunizm-blog\\\/\"]}]},{\"@type\":\"ImageObject\",\"inLanguage\":\"pl-PL\",\"@id\":\"https:\\\/\\\/antykomunistyczni.pl\\\/index.php\\\/wspolczesny-komunizm-blog\\\/#primaryimage\",\"url\":\"https:\\\/\\\/antykomunistyczni.pl\\\/wp-content\\\/uploads\\\/2026\\\/03\\\/SzkolaFrankfurcka.jpg\",\"contentUrl\":\"https:\\\/\\\/antykomunistyczni.pl\\\/wp-content\\\/uploads\\\/2026\\\/03\\\/SzkolaFrankfurcka.jpg\",\"width\":1024,\"height\":683},{\"@type\":\"BreadcrumbList\",\"@id\":\"https:\\\/\\\/antykomunistyczni.pl\\\/index.php\\\/wspolczesny-komunizm-blog\\\/#breadcrumb\",\"itemListElement\":[{\"@type\":\"ListItem\",\"position\":1,\"name\":\"Strona g\u0142\u00f3wna\",\"item\":\"https:\\\/\\\/antykomunistyczni.pl\\\/\"},{\"@type\":\"ListItem\",\"position\":2,\"name\":\"Wsp\u00f3\u0142czesny Komunizm Blog\"}]},{\"@type\":\"WebSite\",\"@id\":\"https:\\\/\\\/antykomunistyczni.pl\\\/#website\",\"url\":\"https:\\\/\\\/antykomunistyczni.pl\\\/\",\"name\":\"Antykomunistyczni.pl\",\"description\":\"\",\"publisher\":{\"@id\":\"https:\\\/\\\/antykomunistyczni.pl\\\/#organization\"},\"alternateName\":\"Historia PRL, zbrodnie komunistyczne w Polsce i na \u015bwiecie\",\"potentialAction\":[{\"@type\":\"SearchAction\",\"target\":{\"@type\":\"EntryPoint\",\"urlTemplate\":\"https:\\\/\\\/antykomunistyczni.pl\\\/?s={search_term_string}\"},\"query-input\":{\"@type\":\"PropertyValueSpecification\",\"valueRequired\":true,\"valueName\":\"search_term_string\"}}],\"inLanguage\":\"pl-PL\"},{\"@type\":\"Organization\",\"@id\":\"https:\\\/\\\/antykomunistyczni.pl\\\/#organization\",\"name\":\"Antykomunistyczni.pl\",\"url\":\"https:\\\/\\\/antykomunistyczni.pl\\\/\",\"logo\":{\"@type\":\"ImageObject\",\"inLanguage\":\"pl-PL\",\"@id\":\"https:\\\/\\\/antykomunistyczni.pl\\\/#\\\/schema\\\/logo\\\/image\\\/\",\"url\":\"https:\\\/\\\/antykomunistyczni.pl\\\/wp-content\\\/uploads\\\/2026\\\/02\\\/cropped-AntykomunistyczniLogoSquare150x150-2.png\",\"contentUrl\":\"https:\\\/\\\/antykomunistyczni.pl\\\/wp-content\\\/uploads\\\/2026\\\/02\\\/cropped-AntykomunistyczniLogoSquare150x150-2.png\",\"width\":150,\"height\":150,\"caption\":\"Antykomunistyczni.pl\"},\"image\":{\"@id\":\"https:\\\/\\\/antykomunistyczni.pl\\\/#\\\/schema\\\/logo\\\/image\\\/\"},\"sameAs\":[\"https:\\\/\\\/www.facebook.com\\\/antykomunistyczni\\\/\",\"https:\\\/\\\/x.com\\\/anty_komunisci\"]}]}<\/script>\n<!-- \/ Yoast SEO plugin. -->","yoast_head_json":{"title":"Wsp\u00f3\u0142czesny Komunizm Blog - Antykomunistyczni.pl","robots":{"index":"index","follow":"follow","max-snippet":"max-snippet:-1","max-image-preview":"max-image-preview:large","max-video-preview":"max-video-preview:-1"},"canonical":"https:\/\/antykomunistyczni.pl\/index.php\/wspolczesny-komunizm-blog\/","og_locale":"pl_PL","og_type":"article","og_title":"Wsp\u00f3\u0142czesny Komunizm Blog - Antykomunistyczni.pl","og_description":"Wsp\u00f3\u0142czesny Komunizm Blog Komuni\u015bciKomunizm w popkulturzeKultura i sztukaMechanizmy wsp\u00f3\u0142czesnego komunizmuWsp\u00f3\u0142czesny komunizm Gramsci wymy\u015bli\u0142 plan d\u0142ugiego marszu, Frankfurtczycy uzbroili go w teori\u0119 i psychologi\u0119 Gramsci wymy\u015bli\u0142 plan \u201ed\u0142ugiego marszu\u201d, Frankfurtczycy uzbroili go w teori\u0119 i psychologi\u0119 W latach 20. i 30. XX wieku Antonio &#8230; Dowiedz Si\u0119 Wi\u0119cej\u2026 2026-03-11 \/ Antykomunistyczni Aktualno\u015bciKomunizm w popkulturzeKultura i sztukaWsp\u00f3\u0142czesny [&hellip;]","og_url":"https:\/\/antykomunistyczni.pl\/index.php\/wspolczesny-komunizm-blog\/","og_site_name":"Antykomunistyczni.pl","article_publisher":"https:\/\/www.facebook.com\/antykomunistyczni\/","article_modified_time":"2026-03-12T08:25:10+00:00","og_image":[{"url":"https:\/\/antykomunistyczni.pl\/wp-content\/uploads\/2026\/03\/SzkolaFrankfurcka.jpg","type":"","width":"","height":""}],"twitter_card":"summary_large_image","twitter_site":"@anty_komunisci","twitter_misc":{"Szacowany czas czytania":"2 minuty"},"schema":{"@context":"https:\/\/schema.org","@graph":[{"@type":"WebPage","@id":"https:\/\/antykomunistyczni.pl\/index.php\/wspolczesny-komunizm-blog\/","url":"https:\/\/antykomunistyczni.pl\/index.php\/wspolczesny-komunizm-blog\/","name":"Wsp\u00f3\u0142czesny Komunizm Blog - Antykomunistyczni.pl","isPartOf":{"@id":"https:\/\/antykomunistyczni.pl\/#website"},"primaryImageOfPage":{"@id":"https:\/\/antykomunistyczni.pl\/index.php\/wspolczesny-komunizm-blog\/#primaryimage"},"image":{"@id":"https:\/\/antykomunistyczni.pl\/index.php\/wspolczesny-komunizm-blog\/#primaryimage"},"thumbnailUrl":"https:\/\/antykomunistyczni.pl\/wp-content\/uploads\/2026\/03\/SzkolaFrankfurcka.jpg","datePublished":"2026-03-11T18:30:15+00:00","dateModified":"2026-03-12T08:25:10+00:00","breadcrumb":{"@id":"https:\/\/antykomunistyczni.pl\/index.php\/wspolczesny-komunizm-blog\/#breadcrumb"},"inLanguage":"pl-PL","potentialAction":[{"@type":"ReadAction","target":["https:\/\/antykomunistyczni.pl\/index.php\/wspolczesny-komunizm-blog\/"]}]},{"@type":"ImageObject","inLanguage":"pl-PL","@id":"https:\/\/antykomunistyczni.pl\/index.php\/wspolczesny-komunizm-blog\/#primaryimage","url":"https:\/\/antykomunistyczni.pl\/wp-content\/uploads\/2026\/03\/SzkolaFrankfurcka.jpg","contentUrl":"https:\/\/antykomunistyczni.pl\/wp-content\/uploads\/2026\/03\/SzkolaFrankfurcka.jpg","width":1024,"height":683},{"@type":"BreadcrumbList","@id":"https:\/\/antykomunistyczni.pl\/index.php\/wspolczesny-komunizm-blog\/#breadcrumb","itemListElement":[{"@type":"ListItem","position":1,"name":"Strona g\u0142\u00f3wna","item":"https:\/\/antykomunistyczni.pl\/"},{"@type":"ListItem","position":2,"name":"Wsp\u00f3\u0142czesny Komunizm Blog"}]},{"@type":"WebSite","@id":"https:\/\/antykomunistyczni.pl\/#website","url":"https:\/\/antykomunistyczni.pl\/","name":"Antykomunistyczni.pl","description":"","publisher":{"@id":"https:\/\/antykomunistyczni.pl\/#organization"},"alternateName":"Historia PRL, zbrodnie komunistyczne w Polsce i na \u015bwiecie","potentialAction":[{"@type":"SearchAction","target":{"@type":"EntryPoint","urlTemplate":"https:\/\/antykomunistyczni.pl\/?s={search_term_string}"},"query-input":{"@type":"PropertyValueSpecification","valueRequired":true,"valueName":"search_term_string"}}],"inLanguage":"pl-PL"},{"@type":"Organization","@id":"https:\/\/antykomunistyczni.pl\/#organization","name":"Antykomunistyczni.pl","url":"https:\/\/antykomunistyczni.pl\/","logo":{"@type":"ImageObject","inLanguage":"pl-PL","@id":"https:\/\/antykomunistyczni.pl\/#\/schema\/logo\/image\/","url":"https:\/\/antykomunistyczni.pl\/wp-content\/uploads\/2026\/02\/cropped-AntykomunistyczniLogoSquare150x150-2.png","contentUrl":"https:\/\/antykomunistyczni.pl\/wp-content\/uploads\/2026\/02\/cropped-AntykomunistyczniLogoSquare150x150-2.png","width":150,"height":150,"caption":"Antykomunistyczni.pl"},"image":{"@id":"https:\/\/antykomunistyczni.pl\/#\/schema\/logo\/image\/"},"sameAs":["https:\/\/www.facebook.com\/antykomunistyczni\/","https:\/\/x.com\/anty_komunisci"]}]}},"campaignId":"","_links":{"self":[{"href":"https:\/\/antykomunistyczni.pl\/index.php\/wp-json\/wp\/v2\/pages\/1003","targetHints":{"allow":["GET"]}}],"collection":[{"href":"https:\/\/antykomunistyczni.pl\/index.php\/wp-json\/wp\/v2\/pages"}],"about":[{"href":"https:\/\/antykomunistyczni.pl\/index.php\/wp-json\/wp\/v2\/types\/page"}],"author":[{"embeddable":true,"href":"https:\/\/antykomunistyczni.pl\/index.php\/wp-json\/wp\/v2\/users\/1"}],"replies":[{"embeddable":true,"href":"https:\/\/antykomunistyczni.pl\/index.php\/wp-json\/wp\/v2\/comments?post=1003"}],"version-history":[{"count":10,"href":"https:\/\/antykomunistyczni.pl\/index.php\/wp-json\/wp\/v2\/pages\/1003\/revisions"}],"predecessor-version":[{"id":1069,"href":"https:\/\/antykomunistyczni.pl\/index.php\/wp-json\/wp\/v2\/pages\/1003\/revisions\/1069"}],"wp:attachment":[{"href":"https:\/\/antykomunistyczni.pl\/index.php\/wp-json\/wp\/v2\/media?parent=1003"}],"curies":[{"name":"wp","href":"https:\/\/api.w.org\/{rel}","templated":true}]}}