{"id":1462,"date":"2026-03-14T11:38:13","date_gmt":"2026-03-14T10:38:13","guid":{"rendered":"https:\/\/antykomunistyczni.pl\/?page_id=1462"},"modified":"2026-04-01T10:08:16","modified_gmt":"2026-04-01T08:08:16","slug":"mapa-organizacji-antykomunistycznych","status":"publish","type":"page","link":"https:\/\/antykomunistyczni.pl\/index.php\/mapa-organizacji-antykomunistycznych\/","title":{"rendered":"Organizacje antykomunistyczne RP"},"content":{"rendered":"\t\t<div data-elementor-type=\"wp-page\" data-elementor-id=\"1462\" class=\"elementor elementor-1462\">\n\t\t\t\t<div class=\"elementor-element elementor-element-5a360d6e e-flex e-con-boxed e-con e-parent\" data-id=\"5a360d6e\" data-element_type=\"container\" data-e-type=\"container\">\n\t\t\t\t\t<div class=\"e-con-inner\">\n\t\t\t\t<div class=\"elementor-element elementor-element-72d42066 elementor-widget elementor-widget-text-editor\" data-id=\"72d42066\" data-element_type=\"widget\" data-e-type=\"widget\" data-widget_type=\"text-editor.default\">\n\t\t\t\t\t\t\t\t\t<p>Komunizm w Polsce nie znikn\u0105\u0142 w 1989 roku. Zmieni\u0142 jedynie form\u0119 \u2013 przeni\u00f3s\u0142 si\u0119 do medi\u00f3w, uczelni, instytucji kultury i cz\u0119\u015bci sceny politycznej.\u00a0<span style=\"font-size: 1rem;\">Dlatego samo pami\u0119tanie nie wystarczy. Trzeba dzia\u0142a\u0107.<\/span><\/p>\n<p><!-- \/wp:paragraph --><!-- wp:paragraph --><\/p>\n<p>Ta strona zawiera <a href=\"https:\/\/antykomunistyczni.pl\/index.php\/mapa-organizacji-antykomunistycznych-w-polsce\/\"><strong>interaktywn\u0105 map\u0119 oraz baz\u0119<\/strong> <\/a>aktywnych organizacji, stowarzysze\u0144, fundacji i <b>inicjatyw antykomunistycznych <\/b>w wsp\u00f3\u0142czesnej Polsce.<\/p>\n<p><!-- \/wp:paragraph --><!-- wp:paragraph --><\/p>\n<p>Znajdziesz tutaj grupy, kt\u00f3re na co dzie\u0144:<\/p>\n<p><!-- \/wp:paragraph --><!-- wp:list --><\/p>\n<ul class=\"wp-block-list\">\n<li style=\"list-style-type: none;\">\n<ul class=\"wp-block-list\"><!-- wp:list-item --><\/ul>\n<\/li>\n<\/ul>\n<ul class=\"wp-block-list\">\n<li style=\"list-style-type: none;\">\n<ul class=\"wp-block-list\">\n<li><b>walcz\u0105<\/b> <b>o prawdziw\u0105 dekomunizacj\u0119 <\/b>przestrzeni publicznej,<\/li>\n<\/ul>\n<\/li>\n<\/ul>\n<p><!-- \/wp:list-item --><!-- wp:list-item --><\/p>\n<ul class=\"wp-block-list\">\n<li style=\"list-style-type: none;\">\n<ul class=\"wp-block-list\">\n<li>edukuj\u0105 m\u0142ode pokolenia <b>o zbrodniach komunizmu<\/b>,<\/li>\n<\/ul>\n<\/li>\n<\/ul>\n<p><!-- \/wp:list-item --><!-- wp:list-item --><\/p>\n<ul class=\"wp-block-list\">\n<li style=\"list-style-type: none;\">\n<ul class=\"wp-block-list\">\n<li><b>broni\u0105 pami\u0119ci <\/b>\u017bo\u0142nierzy Wykl\u0119tych, Powsta\u0144c\u00f3w Warszawskich i wszystkich ofiar czerwonego terroru,<\/li>\n<\/ul>\n<\/li>\n<\/ul>\n<p><!-- \/wp:list-item --><!-- wp:list-item --><\/p>\n<ul class=\"wp-block-list\">\n<li style=\"list-style-type: none;\">\n<ul class=\"wp-block-list\">\n<li><b>demaskuj\u0105 k\u0142amstwa <\/b>o \u201edobrym PRL-u\u201d,<\/li>\n<\/ul>\n<\/li>\n<\/ul>\n<p><!-- \/wp:list-item --><!-- wp:list-item --><\/p>\n<ul class=\"wp-block-list\">\n<li style=\"list-style-type: none;\">\n<ul class=\"wp-block-list\">\n<li>organizuj\u0105 <b>marsze, wystawy, konferencje<\/b> i akcje edukacyjne,<\/li>\n<\/ul>\n<\/li>\n<\/ul>\n<p><!-- \/wp:list-item --><!-- wp:list-item --><\/p>\n<ul class=\"wp-block-list\">\n<li style=\"list-style-type: none;\">\n<ul class=\"wp-block-list\">\n<li><b>przeciwstawiaj\u0105 si\u0119<\/b> odradzaj\u0105cej si\u0119 lewicowej i postkomunistycznej ideologii.<\/li>\n<\/ul>\n<\/li>\n<\/ul>\n<p><!-- \/wp:list-item --><\/p>\n<p><!-- \/wp:list --><!-- wp:paragraph --><\/p>\n<p><!-- \/wp:paragraph --><!-- wp:paragraph --><!-- \/wp:paragraph --><\/p>\t\t\t\t\t\t\t\t<\/div>\n\t\t\t\t\t<\/div>\n\t\t\t\t<\/div>\n\t\t<div class=\"elementor-element elementor-element-2785692 e-flex e-con-boxed e-con e-parent\" data-id=\"2785692\" data-element_type=\"container\" data-e-type=\"container\">\n\t\t\t\t\t<div class=\"e-con-inner\">\n\t\t\t\t<div class=\"elementor-element elementor-element-f8b2f91 elementor-widget elementor-widget-shortcode\" data-id=\"f8b2f91\" data-element_type=\"widget\" data-e-type=\"widget\" data-widget_type=\"shortcode.default\">\n\t\t\t\t\t\t\t<div class=\"elementor-shortcode\"><\/div>\n\t\t\t\t\t\t<\/div>\n\t\t\t\t\t<\/div>\n\t\t\t\t<\/div>\n\t\t<div class=\"elementor-element elementor-element-da2e228 e-flex e-con-boxed e-con e-parent\" data-id=\"da2e228\" data-element_type=\"container\" data-e-type=\"container\">\n\t\t\t\t\t<div class=\"e-con-inner\">\n\t\t\t\t<div class=\"elementor-element elementor-element-8d4d148 elementor-widget elementor-widget-text-editor\" data-id=\"8d4d148\" data-element_type=\"widget\" data-e-type=\"widget\" data-widget_type=\"text-editor.default\">\n\t\t\t\t\t\t\t\t\t<!-- wp:shortcode -->\n<p>To nie jest muzeum ani archiwum. To <a href=\"https:\/\/antykomunistyczni.pl\/index.php\/mapa-organizacji-antykomunistycznych-w-polsce\/\"><strong>\u017cywa mapa polskiego oporu<\/strong><\/a> wobec czerwonej zarazy \u2013 zar\u00f3wno tej starej, jak i tej w nowej, \u201epost\u0119powo-liberalnej\u201d wersji.<\/p>\n<p><!-- \/wp:paragraph --><!-- wp:paragraph --><\/p>\n<p><strong>Cel bazy jest prosty: <\/strong>Pom\u00f3c ka\u017cdemu Polakowi znale\u017a\u0107 najbli\u017csz\u0105 aktywn\u0105 organizacj\u0119 antykomunistyczn\u0105 w swoim regionie, mie\u015bcie lub \u015brodowisku \u2013 i umo\u017cliwi\u0107 realne w\u0142\u0105czenie si\u0119 do walki.<\/p>\n<p><!-- \/wp:paragraph --><!-- wp:paragraph --><\/p>\n<p><a href=\"https:\/\/antykomunistyczni.pl\/index.php\/mapa-organizacji-antykomunistycznych-w-polsce\/\"><strong>Sprawd\u017a map\u0119<\/strong><\/a> \u2013 mo\u017ce w\u0142a\u015bnie w Twojej okolicy kto\u015b ju\u017c dzia\u0142a.<\/p>\n<p><span style=\"font-family: -apple-system, BlinkMacSystemFont, 'Segoe UI', Roboto, 'Helvetica Neue', Arial, 'Noto Sans', sans-serif, 'Apple Color Emoji', 'Segoe UI Emoji', 'Segoe UI Symbol', 'Noto Color Emoji';\">Je\u015bli prowadzisz lub znasz godn\u0105 zaufania inicjatyw\u0119 antykomunistyczn\u0105, kt\u00f3ra powinna znale\u017a\u0107 si\u0119 w bazie \u2013 napisz do nas. <\/span>Sprawdzimy i dodamy.<\/p>\n<!-- \/wp:paragraph --><!-- wp:paragraph -->\n<p><strong>Pami\u0119taj:<\/strong><br \/>Wolna Polska nie obroni si\u0119 sama.<\/p>\n<!-- \/wp:paragraph -->\t\t\t\t\t\t\t\t<\/div>\n\t\t\t\t\t<\/div>\n\t\t\t\t<\/div>\n\t\t\t\t<\/div>\n\t\t","protected":false},"excerpt":{"rendered":"<p>Komunizm w Polsce nie znikn\u0105\u0142 w 1989 roku. Zmieni\u0142 jedynie form\u0119 \u2013 przeni\u00f3s\u0142 si\u0119 do medi\u00f3w, uczelni, instytucji kultury i cz\u0119\u015bci sceny politycznej.\u00a0Dlatego samo pami\u0119tanie nie wystarczy. Trzeba dzia\u0142a\u0107. Ta strona zawiera interaktywn\u0105 map\u0119 oraz baz\u0119 aktywnych organizacji, stowarzysze\u0144, fundacji i inicjatyw antykomunistycznych w wsp\u00f3\u0142czesnej Polsce. Znajdziesz tutaj grupy, kt\u00f3re na co dzie\u0144: walcz\u0105 o [&hellip;]<\/p>\n","protected":false},"author":1,"featured_media":0,"parent":0,"menu_order":0,"comment_status":"closed","ping_status":"closed","template":"","meta":{"give_campaign_id":0,"footnotes":""},"class_list":["post-1462","page","type-page","status-publish","hentry"],"yoast_head":"<!-- This site is optimized with the Yoast SEO plugin v28.4 - https:\/\/yoast.com\/product\/yoast-seo-wordpress\/ -->\n<title>Organizacje antykomunistyczne RP - Antykomunistyczni.pl<\/title>\n<meta name=\"description\" content=\"Mapa organizacji antykomunistycznych w Polsce \u2013 kompletna baza aktywnych stowarzysze\u0144, fundacji i inicjatyw walcz\u0105cych z komunizmem, jego spu\u015bcizn\u0105 i dzisiejszymi lewicowymi formami totalitaryzmu. Dekomunizacja przestrzeni publicznej, edukacja historyczna, obrona pami\u0119ci \u017bo\u0142nierzy Wykl\u0119tych i Powsta\u0144c\u00f3w. Znajd\u017a grup\u0119 w swoim regionie i w\u0142\u0105cz si\u0119 do realnej walki o woln\u0105 Polsk\u0119.\" \/>\n<meta name=\"robots\" content=\"index, follow, max-snippet:-1, max-image-preview:large, max-video-preview:-1\" \/>\n<link rel=\"canonical\" href=\"https:\/\/antykomunistyczni.pl\/index.php\/mapa-organizacji-antykomunistycznych\/\" \/>\n<meta property=\"og:locale\" content=\"pl_PL\" \/>\n<meta property=\"og:type\" content=\"article\" \/>\n<meta property=\"og:title\" content=\"Organizacje antykomunistyczne RP - Antykomunistyczni.pl\" \/>\n<meta property=\"og:description\" content=\"Mapa organizacji antykomunistycznych w Polsce \u2013 kompletna baza aktywnych stowarzysze\u0144, fundacji i inicjatyw walcz\u0105cych z komunizmem, jego spu\u015bcizn\u0105 i dzisiejszymi lewicowymi formami totalitaryzmu. Dekomunizacja przestrzeni publicznej, edukacja historyczna, obrona pami\u0119ci \u017bo\u0142nierzy Wykl\u0119tych i Powsta\u0144c\u00f3w. Znajd\u017a grup\u0119 w swoim regionie i w\u0142\u0105cz si\u0119 do realnej walki o woln\u0105 Polsk\u0119.\" \/>\n<meta property=\"og:url\" content=\"https:\/\/antykomunistyczni.pl\/index.php\/mapa-organizacji-antykomunistycznych\/\" \/>\n<meta property=\"og:site_name\" content=\"Antykomunistyczni.pl\" \/>\n<meta property=\"article:publisher\" content=\"https:\/\/www.facebook.com\/antykomunistyczni\/\" \/>\n<meta property=\"article:modified_time\" content=\"2026-04-01T08:08:16+00:00\" \/>\n<meta property=\"og:image\" content=\"https:\/\/antykomunistyczni.pl\/wp-content\/uploads\/2026\/02\/AntykomunistyczniLogoSquare.png\" \/>\n\t<meta property=\"og:image:width\" content=\"1024\" \/>\n\t<meta property=\"og:image:height\" content=\"1024\" \/>\n\t<meta property=\"og:image:type\" content=\"image\/png\" \/>\n<meta name=\"twitter:card\" content=\"summary_large_image\" \/>\n<meta name=\"twitter:site\" content=\"@anty_komunisci\" \/>\n<meta name=\"twitter:label1\" content=\"Szacowany czas czytania\" \/>\n\t<meta name=\"twitter:data1\" content=\"2 minuty\" \/>\n<script type=\"application\/ld+json\" class=\"yoast-schema-graph\">{\"@context\":\"https:\\\/\\\/schema.org\",\"@graph\":[{\"@type\":\"WebPage\",\"@id\":\"https:\\\/\\\/antykomunistyczni.pl\\\/index.php\\\/mapa-organizacji-antykomunistycznych\\\/\",\"url\":\"https:\\\/\\\/antykomunistyczni.pl\\\/index.php\\\/mapa-organizacji-antykomunistycznych\\\/\",\"name\":\"Organizacje antykomunistyczne RP - Antykomunistyczni.pl\",\"isPartOf\":{\"@id\":\"https:\\\/\\\/antykomunistyczni.pl\\\/#website\"},\"datePublished\":\"2026-03-14T10:38:13+00:00\",\"dateModified\":\"2026-04-01T08:08:16+00:00\",\"description\":\"Mapa organizacji antykomunistycznych w Polsce \u2013 kompletna baza aktywnych stowarzysze\u0144, fundacji i inicjatyw walcz\u0105cych z komunizmem, jego spu\u015bcizn\u0105 i dzisiejszymi lewicowymi formami totalitaryzmu. Dekomunizacja przestrzeni publicznej, edukacja historyczna, obrona pami\u0119ci \u017bo\u0142nierzy Wykl\u0119tych i Powsta\u0144c\u00f3w. Znajd\u017a grup\u0119 w swoim regionie i w\u0142\u0105cz si\u0119 do realnej walki o woln\u0105 Polsk\u0119.\",\"breadcrumb\":{\"@id\":\"https:\\\/\\\/antykomunistyczni.pl\\\/index.php\\\/mapa-organizacji-antykomunistycznych\\\/#breadcrumb\"},\"inLanguage\":\"pl-PL\",\"potentialAction\":[{\"@type\":\"ReadAction\",\"target\":[\"https:\\\/\\\/antykomunistyczni.pl\\\/index.php\\\/mapa-organizacji-antykomunistycznych\\\/\"]}]},{\"@type\":\"BreadcrumbList\",\"@id\":\"https:\\\/\\\/antykomunistyczni.pl\\\/index.php\\\/mapa-organizacji-antykomunistycznych\\\/#breadcrumb\",\"itemListElement\":[{\"@type\":\"ListItem\",\"position\":1,\"name\":\"Strona g\u0142\u00f3wna\",\"item\":\"https:\\\/\\\/antykomunistyczni.pl\\\/\"},{\"@type\":\"ListItem\",\"position\":2,\"name\":\"Organizacje antykomunistyczne RP\"}]},{\"@type\":\"WebSite\",\"@id\":\"https:\\\/\\\/antykomunistyczni.pl\\\/#website\",\"url\":\"https:\\\/\\\/antykomunistyczni.pl\\\/\",\"name\":\"Antykomunistyczni.pl\",\"description\":\"\",\"publisher\":{\"@id\":\"https:\\\/\\\/antykomunistyczni.pl\\\/#organization\"},\"alternateName\":\"Historia PRL, zbrodnie komunistyczne w Polsce i na \u015bwiecie\",\"potentialAction\":[{\"@type\":\"SearchAction\",\"target\":{\"@type\":\"EntryPoint\",\"urlTemplate\":\"https:\\\/\\\/antykomunistyczni.pl\\\/?s={search_term_string}\"},\"query-input\":{\"@type\":\"PropertyValueSpecification\",\"valueRequired\":true,\"valueName\":\"search_term_string\"}}],\"inLanguage\":\"pl-PL\"},{\"@type\":\"Organization\",\"@id\":\"https:\\\/\\\/antykomunistyczni.pl\\\/#organization\",\"name\":\"Antykomunistyczni.pl\",\"url\":\"https:\\\/\\\/antykomunistyczni.pl\\\/\",\"logo\":{\"@type\":\"ImageObject\",\"inLanguage\":\"pl-PL\",\"@id\":\"https:\\\/\\\/antykomunistyczni.pl\\\/#\\\/schema\\\/logo\\\/image\\\/\",\"url\":\"https:\\\/\\\/antykomunistyczni.pl\\\/wp-content\\\/uploads\\\/2026\\\/02\\\/cropped-AntykomunistyczniLogoSquare150x150-2.png\",\"contentUrl\":\"https:\\\/\\\/antykomunistyczni.pl\\\/wp-content\\\/uploads\\\/2026\\\/02\\\/cropped-AntykomunistyczniLogoSquare150x150-2.png\",\"width\":150,\"height\":150,\"caption\":\"Antykomunistyczni.pl\"},\"image\":{\"@id\":\"https:\\\/\\\/antykomunistyczni.pl\\\/#\\\/schema\\\/logo\\\/image\\\/\"},\"sameAs\":[\"https:\\\/\\\/www.facebook.com\\\/antykomunistyczni\\\/\",\"https:\\\/\\\/x.com\\\/anty_komunisci\"]}]}<\/script>\n<!-- \/ Yoast SEO plugin. -->","yoast_head_json":{"title":"Organizacje antykomunistyczne RP - Antykomunistyczni.pl","description":"Mapa organizacji antykomunistycznych w Polsce \u2013 kompletna baza aktywnych stowarzysze\u0144, fundacji i inicjatyw walcz\u0105cych z komunizmem, jego spu\u015bcizn\u0105 i dzisiejszymi lewicowymi formami totalitaryzmu. Dekomunizacja przestrzeni publicznej, edukacja historyczna, obrona pami\u0119ci \u017bo\u0142nierzy Wykl\u0119tych i Powsta\u0144c\u00f3w. Znajd\u017a grup\u0119 w swoim regionie i w\u0142\u0105cz si\u0119 do realnej walki o woln\u0105 Polsk\u0119.","robots":{"index":"index","follow":"follow","max-snippet":"max-snippet:-1","max-image-preview":"max-image-preview:large","max-video-preview":"max-video-preview:-1"},"canonical":"https:\/\/antykomunistyczni.pl\/index.php\/mapa-organizacji-antykomunistycznych\/","og_locale":"pl_PL","og_type":"article","og_title":"Organizacje antykomunistyczne RP - Antykomunistyczni.pl","og_description":"Mapa organizacji antykomunistycznych w Polsce \u2013 kompletna baza aktywnych stowarzysze\u0144, fundacji i inicjatyw walcz\u0105cych z komunizmem, jego spu\u015bcizn\u0105 i dzisiejszymi lewicowymi formami totalitaryzmu. Dekomunizacja przestrzeni publicznej, edukacja historyczna, obrona pami\u0119ci \u017bo\u0142nierzy Wykl\u0119tych i Powsta\u0144c\u00f3w. Znajd\u017a grup\u0119 w swoim regionie i w\u0142\u0105cz si\u0119 do realnej walki o woln\u0105 Polsk\u0119.","og_url":"https:\/\/antykomunistyczni.pl\/index.php\/mapa-organizacji-antykomunistycznych\/","og_site_name":"Antykomunistyczni.pl","article_publisher":"https:\/\/www.facebook.com\/antykomunistyczni\/","article_modified_time":"2026-04-01T08:08:16+00:00","og_image":[{"width":1024,"height":1024,"url":"https:\/\/antykomunistyczni.pl\/wp-content\/uploads\/2026\/02\/AntykomunistyczniLogoSquare.png","type":"image\/png"}],"twitter_card":"summary_large_image","twitter_site":"@anty_komunisci","twitter_misc":{"Szacowany czas czytania":"2 minuty"},"schema":{"@context":"https:\/\/schema.org","@graph":[{"@type":"WebPage","@id":"https:\/\/antykomunistyczni.pl\/index.php\/mapa-organizacji-antykomunistycznych\/","url":"https:\/\/antykomunistyczni.pl\/index.php\/mapa-organizacji-antykomunistycznych\/","name":"Organizacje antykomunistyczne RP - Antykomunistyczni.pl","isPartOf":{"@id":"https:\/\/antykomunistyczni.pl\/#website"},"datePublished":"2026-03-14T10:38:13+00:00","dateModified":"2026-04-01T08:08:16+00:00","description":"Mapa organizacji antykomunistycznych w Polsce \u2013 kompletna baza aktywnych stowarzysze\u0144, fundacji i inicjatyw walcz\u0105cych z komunizmem, jego spu\u015bcizn\u0105 i dzisiejszymi lewicowymi formami totalitaryzmu. Dekomunizacja przestrzeni publicznej, edukacja historyczna, obrona pami\u0119ci \u017bo\u0142nierzy Wykl\u0119tych i Powsta\u0144c\u00f3w. Znajd\u017a grup\u0119 w swoim regionie i w\u0142\u0105cz si\u0119 do realnej walki o woln\u0105 Polsk\u0119.","breadcrumb":{"@id":"https:\/\/antykomunistyczni.pl\/index.php\/mapa-organizacji-antykomunistycznych\/#breadcrumb"},"inLanguage":"pl-PL","potentialAction":[{"@type":"ReadAction","target":["https:\/\/antykomunistyczni.pl\/index.php\/mapa-organizacji-antykomunistycznych\/"]}]},{"@type":"BreadcrumbList","@id":"https:\/\/antykomunistyczni.pl\/index.php\/mapa-organizacji-antykomunistycznych\/#breadcrumb","itemListElement":[{"@type":"ListItem","position":1,"name":"Strona g\u0142\u00f3wna","item":"https:\/\/antykomunistyczni.pl\/"},{"@type":"ListItem","position":2,"name":"Organizacje antykomunistyczne RP"}]},{"@type":"WebSite","@id":"https:\/\/antykomunistyczni.pl\/#website","url":"https:\/\/antykomunistyczni.pl\/","name":"Antykomunistyczni.pl","description":"","publisher":{"@id":"https:\/\/antykomunistyczni.pl\/#organization"},"alternateName":"Historia PRL, zbrodnie komunistyczne w Polsce i na \u015bwiecie","potentialAction":[{"@type":"SearchAction","target":{"@type":"EntryPoint","urlTemplate":"https:\/\/antykomunistyczni.pl\/?s={search_term_string}"},"query-input":{"@type":"PropertyValueSpecification","valueRequired":true,"valueName":"search_term_string"}}],"inLanguage":"pl-PL"},{"@type":"Organization","@id":"https:\/\/antykomunistyczni.pl\/#organization","name":"Antykomunistyczni.pl","url":"https:\/\/antykomunistyczni.pl\/","logo":{"@type":"ImageObject","inLanguage":"pl-PL","@id":"https:\/\/antykomunistyczni.pl\/#\/schema\/logo\/image\/","url":"https:\/\/antykomunistyczni.pl\/wp-content\/uploads\/2026\/02\/cropped-AntykomunistyczniLogoSquare150x150-2.png","contentUrl":"https:\/\/antykomunistyczni.pl\/wp-content\/uploads\/2026\/02\/cropped-AntykomunistyczniLogoSquare150x150-2.png","width":150,"height":150,"caption":"Antykomunistyczni.pl"},"image":{"@id":"https:\/\/antykomunistyczni.pl\/#\/schema\/logo\/image\/"},"sameAs":["https:\/\/www.facebook.com\/antykomunistyczni\/","https:\/\/x.com\/anty_komunisci"]}]}},"campaignId":"","_links":{"self":[{"href":"https:\/\/antykomunistyczni.pl\/index.php\/wp-json\/wp\/v2\/pages\/1462","targetHints":{"allow":["GET"]}}],"collection":[{"href":"https:\/\/antykomunistyczni.pl\/index.php\/wp-json\/wp\/v2\/pages"}],"about":[{"href":"https:\/\/antykomunistyczni.pl\/index.php\/wp-json\/wp\/v2\/types\/page"}],"author":[{"embeddable":true,"href":"https:\/\/antykomunistyczni.pl\/index.php\/wp-json\/wp\/v2\/users\/1"}],"replies":[{"embeddable":true,"href":"https:\/\/antykomunistyczni.pl\/index.php\/wp-json\/wp\/v2\/comments?post=1462"}],"version-history":[{"count":22,"href":"https:\/\/antykomunistyczni.pl\/index.php\/wp-json\/wp\/v2\/pages\/1462\/revisions"}],"predecessor-version":[{"id":1993,"href":"https:\/\/antykomunistyczni.pl\/index.php\/wp-json\/wp\/v2\/pages\/1462\/revisions\/1993"}],"wp:attachment":[{"href":"https:\/\/antykomunistyczni.pl\/index.php\/wp-json\/wp\/v2\/media?parent=1462"}],"curies":[{"name":"wp","href":"https:\/\/api.w.org\/{rel}","templated":true}]}}