{"id":149,"date":"2026-02-27T13:42:26","date_gmt":"2026-02-27T12:42:26","guid":{"rendered":"https:\/\/antykomunistyczni.pl\/?page_id=149"},"modified":"2026-02-28T08:22:49","modified_gmt":"2026-02-28T07:22:49","slug":"dane","status":"publish","type":"page","link":"https:\/\/antykomunistyczni.pl\/index.php\/dane\/","title":{"rendered":"Dane"},"content":{"rendered":"\t\t<div data-elementor-type=\"wp-page\" data-elementor-id=\"149\" class=\"elementor elementor-149\">\n\t\t\t\t<div class=\"elementor-element elementor-element-edda3cd e-flex e-con-boxed e-con e-parent\" data-id=\"edda3cd\" data-element_type=\"container\" data-e-type=\"container\">\n\t\t\t\t\t<div class=\"e-con-inner\">\n\t\t\t\t<div class=\"elementor-element elementor-element-bff5145 elementor-widget elementor-widget-text-editor\" data-id=\"bff5145\" data-element_type=\"widget\" data-e-type=\"widget\" data-widget_type=\"text-editor.default\">\n\t\t\t\t\t\t\t\t\t<h2 data-start=\"154\" data-end=\"195\">Skala zbrodni system\u00f3w komunistycznych<\/h2><p data-start=\"197\" data-end=\"388\">Komunistyczne re\u017cimy XX wieku pozostawi\u0142y po sobie dziesi\u0105tki milion\u00f3w ofiar. Szacunki r\u00f3\u017cni\u0105 si\u0119 w zale\u017cno\u015bci od metodologii badawczej, dost\u0119pu do archiw\u00f3w oraz definicji \u201eofiary systemu\u201d.<\/p><p data-start=\"390\" data-end=\"474\">Wi\u0119kszo\u015b\u0107 historyk\u00f3w wskazuje, \u017ce \u0142\u0105czna liczba ofiar przekracza 100 milion\u00f3w ludzi.<\/p><h1 data-start=\"481\" data-end=\"525\">Szacunkowa liczba ofiar wed\u0142ug region\u00f3w<\/h1><p data-start=\"527\" data-end=\"590\"><em data-start=\"527\" data-end=\"590\">(zakresy oparte na badaniach historycznych i demograficznych)<\/em><\/p><h2 data-start=\"592\" data-end=\"618\">Europa Wschodnia i ZSRR<\/h2><p data-start=\"620\" data-end=\"820\"><span class=\"hover:entity-accent entity-underline inline cursor-pointer align-baseline\"><span class=\"whitespace-normal\">Zwi\u0105zek Radziecki<\/span><\/span><br data-start=\"657\" data-end=\"660\" \/>Szacunkowo: 15\u201320 milion\u00f3w ofiar represji politycznych, czystek, deportacji, systemu Gu\u0142ag oraz sztucznie wywo\u0142anych g\u0142od\u00f3w (w tym Wielkiego G\u0142odu na Ukrainie).<\/p><p data-start=\"822\" data-end=\"833\">Mechanizmy:<\/p><ul data-start=\"834\" data-end=\"935\"><li data-start=\"834\" data-end=\"856\"><p data-start=\"836\" data-end=\"856\">terror stalinowski<\/p><\/li><li data-start=\"857\" data-end=\"880\"><p data-start=\"859\" data-end=\"880\">obozy pracy (Gu\u0142ag)<\/p><\/li><li data-start=\"881\" data-end=\"910\"><p data-start=\"883\" data-end=\"910\">deportacje ca\u0142ych narod\u00f3w<\/p><\/li><li data-start=\"911\" data-end=\"935\"><p data-start=\"913\" data-end=\"935\">egzekucje polityczne<\/p><\/li><\/ul><hr data-start=\"937\" data-end=\"940\" \/><h2 data-start=\"942\" data-end=\"949\">Azja<\/h2><p data-start=\"951\" data-end=\"1094\"><span class=\"hover:entity-accent entity-underline inline cursor-pointer align-baseline\"><span class=\"whitespace-normal\">Chiny<\/span><\/span><br data-start=\"988\" data-end=\"991\" \/>Szacunki: 40\u201360 milion\u00f3w ofiar, g\u0142\u00f3wnie w okresie \u201eWielkiego Skoku Naprz\u00f3d\u201d oraz rewolucji kulturalnej.<\/p><p data-start=\"1096\" data-end=\"1204\"><span class=\"hover:entity-accent entity-underline inline cursor-pointer align-baseline\"><span class=\"whitespace-normal\">Kambod\u017ca<\/span><\/span><br data-start=\"1133\" data-end=\"1136\" \/>Szacunki: 1,5\u20132 miliony ofiar rz\u0105d\u00f3w Czerwonych Khmer\u00f3w (1975\u20131979).<\/p><p data-start=\"1206\" data-end=\"1340\"><span class=\"hover:entity-accent entity-underline inline cursor-pointer align-baseline\"><span class=\"whitespace-normal\">Korea P\u00f3\u0142nocna<\/span><\/span><br data-start=\"1243\" data-end=\"1246\" \/>Brak pe\u0142nych danych; szacunki obejmuj\u0105 setki tysi\u0119cy do kilku milion\u00f3w ofiar represji i g\u0142odu.<\/p><hr data-start=\"1342\" data-end=\"1345\" \/><h2 data-start=\"1347\" data-end=\"1366\">Ameryka \u0141aci\u0144ska<\/h2><p data-start=\"1368\" data-end=\"1507\"><span class=\"hover:entity-accent entity-underline inline cursor-pointer align-baseline\"><span class=\"whitespace-normal\">Kuba<\/span><\/span><br data-start=\"1405\" data-end=\"1408\" \/>Szacunki: tysi\u0105ce egzekucji politycznych oraz dziesi\u0105tki tysi\u0119cy wi\u0119\u017ani\u00f3w politycznych i uchod\u017ac\u00f3w.<\/p><hr data-start=\"1509\" data-end=\"1512\" \/><h1 data-start=\"1514\" data-end=\"1534\">Kategorie ofiar<\/h1><p data-start=\"1536\" data-end=\"1581\">Zbrodnie system\u00f3w komunistycznych obejmowa\u0142y:<\/p><ul data-start=\"1583\" data-end=\"1797\"><li data-start=\"1583\" data-end=\"1607\"><p data-start=\"1585\" data-end=\"1607\">egzekucje polityczne<\/p><\/li><li data-start=\"1608\" data-end=\"1653\"><p data-start=\"1610\" data-end=\"1653\">ofiary g\u0142odu wywo\u0142anego decyzjami pa\u0144stwa<\/p><\/li><li data-start=\"1654\" data-end=\"1680\"><p data-start=\"1656\" data-end=\"1680\">\u015bmier\u0107 w obozach pracy<\/p><\/li><li data-start=\"1681\" data-end=\"1731\"><p data-start=\"1683\" data-end=\"1731\">deportacje w warunkach prowadz\u0105cych do \u015bmierci<\/p><\/li><li data-start=\"1732\" data-end=\"1797\"><p data-start=\"1734\" data-end=\"1797\">represje prowadz\u0105ce do wyniszczenia fizycznego i psychicznego<\/p><\/li><\/ul><hr data-start=\"1799\" data-end=\"1802\" \/><h1 data-start=\"1804\" data-end=\"1844\">Dane dotycz\u0105ce Polski (1944\u20131989)<\/h1><p data-start=\"1846\" data-end=\"1885\"><span class=\"hover:entity-accent entity-underline inline cursor-pointer align-baseline\"><span class=\"whitespace-normal\">Polska<\/span><\/span><\/p><p data-start=\"1887\" data-end=\"1898\">Szacunkowo:<\/p><ul data-start=\"1899\" data-end=\"2096\"><li data-start=\"1899\" data-end=\"1939\"><p data-start=\"1901\" data-end=\"1939\">tysi\u0105ce ofiar egzekucji politycznych<\/p><\/li><li data-start=\"1940\" data-end=\"1984\"><p data-start=\"1942\" data-end=\"1984\">dziesi\u0105tki tysi\u0119cy wi\u0119\u017ani\u00f3w politycznych<\/p><\/li><li data-start=\"1985\" data-end=\"2045\"><p data-start=\"1987\" data-end=\"2045\">setki tysi\u0119cy os\u00f3b obj\u0119tych represjami administracyjnymi<\/p><\/li><li data-start=\"2046\" data-end=\"2096\"><p data-start=\"2048\" data-end=\"2096\">tysi\u0105ce internowanych w czasie stanu wojennego<\/p><\/li><\/ul><p data-start=\"2098\" data-end=\"2116\">Represje dotyka\u0142y:<\/p><ul data-start=\"2117\" data-end=\"2243\"><li data-start=\"2117\" data-end=\"2160\"><p data-start=\"2119\" data-end=\"2160\">\u017co\u0142nierzy podziemia niepodleg\u0142o\u015bciowego<\/p><\/li><li data-start=\"2161\" data-end=\"2183\"><p data-start=\"2163\" data-end=\"2183\">dzia\u0142aczy opozycji<\/p><\/li><li data-start=\"2184\" data-end=\"2201\"><p data-start=\"2186\" data-end=\"2201\">duchowie\u0144stwa<\/p><\/li><li data-start=\"2202\" data-end=\"2243\"><p data-start=\"2204\" data-end=\"2243\">\u015brodowisk akademickich i robotniczych<\/p><\/li><\/ul><hr data-start=\"2245\" data-end=\"2248\" \/><h1 data-start=\"2636\" data-end=\"2666\">Dlaczego publikujemy dane?<\/h1><p data-start=\"2668\" data-end=\"2735\">Celem tej strony nie jest uproszczenie historii do jednej liczby.<\/p><p data-start=\"2737\" data-end=\"2806\">Za ka\u017cd\u0105 statystyk\u0105 stoi cz\u0142owiek \u2014 z imieniem, rodzin\u0105 i histori\u0105.<\/p><p data-start=\"2808\" data-end=\"2867\">Rzetelne dane s\u0105 fundamentem uczciwej pami\u0119ci historycznej.<\/p>\t\t\t\t\t\t\t\t<\/div>\n\t\t\t\t\t<\/div>\n\t\t\t\t<\/div>\n\t\t\t\t<\/div>\n\t\t","protected":false},"excerpt":{"rendered":"<p>Skala zbrodni system\u00f3w komunistycznych Komunistyczne re\u017cimy XX wieku pozostawi\u0142y po sobie dziesi\u0105tki milion\u00f3w ofiar. Szacunki r\u00f3\u017cni\u0105 si\u0119 w zale\u017cno\u015bci od metodologii badawczej, dost\u0119pu do archiw\u00f3w oraz definicji \u201eofiary systemu\u201d. Wi\u0119kszo\u015b\u0107 historyk\u00f3w wskazuje, \u017ce \u0142\u0105czna liczba ofiar przekracza 100 milion\u00f3w ludzi. Szacunkowa liczba ofiar wed\u0142ug region\u00f3w (zakresy oparte na badaniach historycznych i demograficznych) Europa Wschodnia i [&hellip;]<\/p>\n","protected":false},"author":1,"featured_media":0,"parent":0,"menu_order":0,"comment_status":"closed","ping_status":"closed","template":"","meta":{"give_campaign_id":0,"footnotes":""},"class_list":["post-149","page","type-page","status-publish","hentry"],"yoast_head":"<!-- This site is optimized with the Yoast SEO plugin v28.4 - https:\/\/yoast.com\/product\/yoast-seo-wordpress\/ -->\n<title>Dane - Antykomunistyczni.pl<\/title>\n<meta name=\"robots\" content=\"index, follow, max-snippet:-1, max-image-preview:large, max-video-preview:-1\" \/>\n<link rel=\"canonical\" href=\"https:\/\/antykomunistyczni.pl\/index.php\/dane\/\" \/>\n<meta property=\"og:locale\" content=\"pl_PL\" \/>\n<meta property=\"og:type\" content=\"article\" \/>\n<meta property=\"og:title\" content=\"Dane - Antykomunistyczni.pl\" \/>\n<meta property=\"og:description\" content=\"Skala zbrodni system\u00f3w komunistycznych Komunistyczne re\u017cimy XX wieku pozostawi\u0142y po sobie dziesi\u0105tki milion\u00f3w ofiar. Szacunki r\u00f3\u017cni\u0105 si\u0119 w zale\u017cno\u015bci od metodologii badawczej, dost\u0119pu do archiw\u00f3w oraz definicji \u201eofiary systemu\u201d. Wi\u0119kszo\u015b\u0107 historyk\u00f3w wskazuje, \u017ce \u0142\u0105czna liczba ofiar przekracza 100 milion\u00f3w ludzi. Szacunkowa liczba ofiar wed\u0142ug region\u00f3w (zakresy oparte na badaniach historycznych i demograficznych) Europa Wschodnia i [&hellip;]\" \/>\n<meta property=\"og:url\" content=\"https:\/\/antykomunistyczni.pl\/index.php\/dane\/\" \/>\n<meta property=\"og:site_name\" content=\"Antykomunistyczni.pl\" \/>\n<meta property=\"article:publisher\" content=\"https:\/\/www.facebook.com\/antykomunistyczni\/\" \/>\n<meta property=\"article:modified_time\" content=\"2026-02-28T07:22:49+00:00\" \/>\n<meta property=\"og:image\" content=\"https:\/\/antykomunistyczni.pl\/wp-content\/uploads\/2026\/02\/AntykomunistyczniLogoSquare.png\" \/>\n\t<meta property=\"og:image:width\" content=\"1024\" \/>\n\t<meta property=\"og:image:height\" content=\"1024\" \/>\n\t<meta property=\"og:image:type\" content=\"image\/png\" \/>\n<meta name=\"twitter:card\" content=\"summary_large_image\" \/>\n<meta name=\"twitter:site\" content=\"@anty_komunisci\" \/>\n<meta name=\"twitter:label1\" content=\"Szacowany czas czytania\" \/>\n\t<meta name=\"twitter:data1\" content=\"1 minuta\" \/>\n<script type=\"application\/ld+json\" class=\"yoast-schema-graph\">{\"@context\":\"https:\\\/\\\/schema.org\",\"@graph\":[{\"@type\":\"WebPage\",\"@id\":\"https:\\\/\\\/antykomunistyczni.pl\\\/index.php\\\/dane\\\/\",\"url\":\"https:\\\/\\\/antykomunistyczni.pl\\\/index.php\\\/dane\\\/\",\"name\":\"Dane - Antykomunistyczni.pl\",\"isPartOf\":{\"@id\":\"https:\\\/\\\/antykomunistyczni.pl\\\/#website\"},\"datePublished\":\"2026-02-27T12:42:26+00:00\",\"dateModified\":\"2026-02-28T07:22:49+00:00\",\"breadcrumb\":{\"@id\":\"https:\\\/\\\/antykomunistyczni.pl\\\/index.php\\\/dane\\\/#breadcrumb\"},\"inLanguage\":\"pl-PL\",\"potentialAction\":[{\"@type\":\"ReadAction\",\"target\":[\"https:\\\/\\\/antykomunistyczni.pl\\\/index.php\\\/dane\\\/\"]}]},{\"@type\":\"BreadcrumbList\",\"@id\":\"https:\\\/\\\/antykomunistyczni.pl\\\/index.php\\\/dane\\\/#breadcrumb\",\"itemListElement\":[{\"@type\":\"ListItem\",\"position\":1,\"name\":\"Strona g\u0142\u00f3wna\",\"item\":\"https:\\\/\\\/antykomunistyczni.pl\\\/\"},{\"@type\":\"ListItem\",\"position\":2,\"name\":\"Dane\"}]},{\"@type\":\"WebSite\",\"@id\":\"https:\\\/\\\/antykomunistyczni.pl\\\/#website\",\"url\":\"https:\\\/\\\/antykomunistyczni.pl\\\/\",\"name\":\"Antykomunistyczni.pl\",\"description\":\"\",\"publisher\":{\"@id\":\"https:\\\/\\\/antykomunistyczni.pl\\\/#organization\"},\"alternateName\":\"Historia PRL, zbrodnie komunistyczne w Polsce i na \u015bwiecie\",\"potentialAction\":[{\"@type\":\"SearchAction\",\"target\":{\"@type\":\"EntryPoint\",\"urlTemplate\":\"https:\\\/\\\/antykomunistyczni.pl\\\/?s={search_term_string}\"},\"query-input\":{\"@type\":\"PropertyValueSpecification\",\"valueRequired\":true,\"valueName\":\"search_term_string\"}}],\"inLanguage\":\"pl-PL\"},{\"@type\":\"Organization\",\"@id\":\"https:\\\/\\\/antykomunistyczni.pl\\\/#organization\",\"name\":\"Antykomunistyczni.pl\",\"url\":\"https:\\\/\\\/antykomunistyczni.pl\\\/\",\"logo\":{\"@type\":\"ImageObject\",\"inLanguage\":\"pl-PL\",\"@id\":\"https:\\\/\\\/antykomunistyczni.pl\\\/#\\\/schema\\\/logo\\\/image\\\/\",\"url\":\"https:\\\/\\\/antykomunistyczni.pl\\\/wp-content\\\/uploads\\\/2026\\\/02\\\/cropped-AntykomunistyczniLogoSquare150x150-2.png\",\"contentUrl\":\"https:\\\/\\\/antykomunistyczni.pl\\\/wp-content\\\/uploads\\\/2026\\\/02\\\/cropped-AntykomunistyczniLogoSquare150x150-2.png\",\"width\":150,\"height\":150,\"caption\":\"Antykomunistyczni.pl\"},\"image\":{\"@id\":\"https:\\\/\\\/antykomunistyczni.pl\\\/#\\\/schema\\\/logo\\\/image\\\/\"},\"sameAs\":[\"https:\\\/\\\/www.facebook.com\\\/antykomunistyczni\\\/\",\"https:\\\/\\\/x.com\\\/anty_komunisci\"]}]}<\/script>\n<!-- \/ Yoast SEO plugin. -->","yoast_head_json":{"title":"Dane - Antykomunistyczni.pl","robots":{"index":"index","follow":"follow","max-snippet":"max-snippet:-1","max-image-preview":"max-image-preview:large","max-video-preview":"max-video-preview:-1"},"canonical":"https:\/\/antykomunistyczni.pl\/index.php\/dane\/","og_locale":"pl_PL","og_type":"article","og_title":"Dane - Antykomunistyczni.pl","og_description":"Skala zbrodni system\u00f3w komunistycznych Komunistyczne re\u017cimy XX wieku pozostawi\u0142y po sobie dziesi\u0105tki milion\u00f3w ofiar. Szacunki r\u00f3\u017cni\u0105 si\u0119 w zale\u017cno\u015bci od metodologii badawczej, dost\u0119pu do archiw\u00f3w oraz definicji \u201eofiary systemu\u201d. Wi\u0119kszo\u015b\u0107 historyk\u00f3w wskazuje, \u017ce \u0142\u0105czna liczba ofiar przekracza 100 milion\u00f3w ludzi. Szacunkowa liczba ofiar wed\u0142ug region\u00f3w (zakresy oparte na badaniach historycznych i demograficznych) Europa Wschodnia i [&hellip;]","og_url":"https:\/\/antykomunistyczni.pl\/index.php\/dane\/","og_site_name":"Antykomunistyczni.pl","article_publisher":"https:\/\/www.facebook.com\/antykomunistyczni\/","article_modified_time":"2026-02-28T07:22:49+00:00","og_image":[{"width":1024,"height":1024,"url":"https:\/\/antykomunistyczni.pl\/wp-content\/uploads\/2026\/02\/AntykomunistyczniLogoSquare.png","type":"image\/png"}],"twitter_card":"summary_large_image","twitter_site":"@anty_komunisci","twitter_misc":{"Szacowany czas czytania":"1 minuta"},"schema":{"@context":"https:\/\/schema.org","@graph":[{"@type":"WebPage","@id":"https:\/\/antykomunistyczni.pl\/index.php\/dane\/","url":"https:\/\/antykomunistyczni.pl\/index.php\/dane\/","name":"Dane - Antykomunistyczni.pl","isPartOf":{"@id":"https:\/\/antykomunistyczni.pl\/#website"},"datePublished":"2026-02-27T12:42:26+00:00","dateModified":"2026-02-28T07:22:49+00:00","breadcrumb":{"@id":"https:\/\/antykomunistyczni.pl\/index.php\/dane\/#breadcrumb"},"inLanguage":"pl-PL","potentialAction":[{"@type":"ReadAction","target":["https:\/\/antykomunistyczni.pl\/index.php\/dane\/"]}]},{"@type":"BreadcrumbList","@id":"https:\/\/antykomunistyczni.pl\/index.php\/dane\/#breadcrumb","itemListElement":[{"@type":"ListItem","position":1,"name":"Strona g\u0142\u00f3wna","item":"https:\/\/antykomunistyczni.pl\/"},{"@type":"ListItem","position":2,"name":"Dane"}]},{"@type":"WebSite","@id":"https:\/\/antykomunistyczni.pl\/#website","url":"https:\/\/antykomunistyczni.pl\/","name":"Antykomunistyczni.pl","description":"","publisher":{"@id":"https:\/\/antykomunistyczni.pl\/#organization"},"alternateName":"Historia PRL, zbrodnie komunistyczne w Polsce i na \u015bwiecie","potentialAction":[{"@type":"SearchAction","target":{"@type":"EntryPoint","urlTemplate":"https:\/\/antykomunistyczni.pl\/?s={search_term_string}"},"query-input":{"@type":"PropertyValueSpecification","valueRequired":true,"valueName":"search_term_string"}}],"inLanguage":"pl-PL"},{"@type":"Organization","@id":"https:\/\/antykomunistyczni.pl\/#organization","name":"Antykomunistyczni.pl","url":"https:\/\/antykomunistyczni.pl\/","logo":{"@type":"ImageObject","inLanguage":"pl-PL","@id":"https:\/\/antykomunistyczni.pl\/#\/schema\/logo\/image\/","url":"https:\/\/antykomunistyczni.pl\/wp-content\/uploads\/2026\/02\/cropped-AntykomunistyczniLogoSquare150x150-2.png","contentUrl":"https:\/\/antykomunistyczni.pl\/wp-content\/uploads\/2026\/02\/cropped-AntykomunistyczniLogoSquare150x150-2.png","width":150,"height":150,"caption":"Antykomunistyczni.pl"},"image":{"@id":"https:\/\/antykomunistyczni.pl\/#\/schema\/logo\/image\/"},"sameAs":["https:\/\/www.facebook.com\/antykomunistyczni\/","https:\/\/x.com\/anty_komunisci"]}]}},"campaignId":"","_links":{"self":[{"href":"https:\/\/antykomunistyczni.pl\/index.php\/wp-json\/wp\/v2\/pages\/149","targetHints":{"allow":["GET"]}}],"collection":[{"href":"https:\/\/antykomunistyczni.pl\/index.php\/wp-json\/wp\/v2\/pages"}],"about":[{"href":"https:\/\/antykomunistyczni.pl\/index.php\/wp-json\/wp\/v2\/types\/page"}],"author":[{"embeddable":true,"href":"https:\/\/antykomunistyczni.pl\/index.php\/wp-json\/wp\/v2\/users\/1"}],"replies":[{"embeddable":true,"href":"https:\/\/antykomunistyczni.pl\/index.php\/wp-json\/wp\/v2\/comments?post=149"}],"version-history":[{"count":13,"href":"https:\/\/antykomunistyczni.pl\/index.php\/wp-json\/wp\/v2\/pages\/149\/revisions"}],"predecessor-version":[{"id":306,"href":"https:\/\/antykomunistyczni.pl\/index.php\/wp-json\/wp\/v2\/pages\/149\/revisions\/306"}],"wp:attachment":[{"href":"https:\/\/antykomunistyczni.pl\/index.php\/wp-json\/wp\/v2\/media?parent=149"}],"curies":[{"name":"wp","href":"https:\/\/api.w.org\/{rel}","templated":true}]}}