{"id":151,"date":"2026-02-27T13:42:41","date_gmt":"2026-02-27T12:42:41","guid":{"rendered":"https:\/\/antykomunistyczni.pl\/?page_id=151"},"modified":"2026-03-18T10:00:22","modified_gmt":"2026-03-18T09:00:22","slug":"multimedia","status":"publish","type":"page","link":"https:\/\/antykomunistyczni.pl\/index.php\/multimedia\/","title":{"rendered":"Multimedia"},"content":{"rendered":"\t\t<div data-elementor-type=\"wp-page\" data-elementor-id=\"151\" class=\"elementor elementor-151\">\n\t\t\t\t<div class=\"elementor-element elementor-element-b365d07 e-flex e-con-boxed e-con e-parent\" data-id=\"b365d07\" data-element_type=\"container\" data-e-type=\"container\">\n\t\t\t\t\t<div class=\"e-con-inner\">\n\t\t\t\t<div class=\"elementor-element elementor-element-10694f6 elementor-widget elementor-widget-text-editor\" data-id=\"10694f6\" data-element_type=\"widget\" data-e-type=\"widget\" data-widget_type=\"text-editor.default\">\n\t\t\t\t\t\t\t\t\t<p>W tej sekcji publikujemy wybrane materia\u0142y multimedialne zwi\u0105zane z histori\u0105 walki z komunizmem w Polsce i w Europie \u015arodkowo-Wschodniej.<\/p>\n<p><!-- \/wp:paragraph --><!-- wp:paragraph --><\/p>\n<p>Znajdziesz tu nagrania filmowe, audycje radiowe, podcasty, wywiady, nagrania \u015bwiadk\u00f3w historii, a tak\u017ce warto\u015bciowe materia\u0142y dokumentalne dost\u0119pne w internecie. Prezentowane tre\u015bci pomagaj\u0105 lepiej zrozumie\u0107 realia \u017cycia w systemie komunistycznym oraz histori\u0119 oporu wobec re\u017cimu.<\/p>\n<p><!-- \/wp:paragraph --><!-- wp:paragraph --><\/p>\n<p>Materia\u0142y pochodz\u0105 z og\u00f3lnodost\u0119pnych \u017ar\u00f3de\u0142 i s\u0105 wyszukiwane przez redakcj\u0119 portalu <strong>antykomunistyczni.pl<\/strong>. Ich celem jest popularyzowanie wiedzy historycznej oraz upami\u0119tnianie os\u00f3b i \u015brodowisk, kt\u00f3re sprzeciwia\u0142y si\u0119 komunistycznej dyktaturze.<\/p>\n<p>\u00a0<\/p>\n<p><!-- \/wp:paragraph --><!-- wp:heading --><\/p>\n<h2 class=\"wp-block-heading\">Co znajdziesz w tej sekcji<\/h2>\n<p><!-- \/wp:heading --><!-- wp:paragraph --><\/p>\n<p>Na stronie publikujemy m.in.:<\/p>\n<p><!-- \/wp:paragraph --><!-- wp:list --><\/p>\n<ul class=\"wp-block-list\"><!-- wp:list-item -->\n<li>\ud83c\udfa5 filmy dokumentalne i archiwalne nagrania<\/li>\n<!-- \/wp:list-item --><!-- wp:list-item -->\n<li>\ud83c\udf99 podcasty historyczne i audycje radiowe<\/li>\n<!-- \/wp:list-item --><!-- wp:list-item -->\n<li>\ud83d\udcfa nagrania debat, wyk\u0142ad\u00f3w i spotka\u0144 historycznych<\/li>\n<!-- \/wp:list-item --><!-- wp:list-item -->\n<li>\ud83d\udde3 relacje \u015bwiadk\u00f3w historii i uczestnik\u00f3w opozycji antykomunistycznej<\/li>\n<!-- \/wp:list-item --><!-- wp:list-item -->\n<li>\ud83d\udcfc materia\u0142y archiwalne dotycz\u0105ce represji komunistycznych<\/li>\n<!-- \/wp:list-item --><\/ul>\n<p><!-- \/wp:list --><!-- wp:heading --><\/p>\n<h2 class=\"wp-block-heading\">Cel projektu<\/h2>\n<p><!-- \/wp:heading --><!-- wp:paragraph --><\/p>\n<p>Sekcja <strong>Multimedia<\/strong> powsta\u0142a, aby u\u0142atwi\u0107 dost\u0119p do warto\u015bciowych materia\u0142\u00f3w edukacyjnych oraz popularyzowa\u0107 histori\u0119 walki o wolno\u015b\u0107 w czasach komunistycznego zniewolenia.<\/p>\n<p><!-- \/wp:paragraph --><!-- wp:paragraph --><\/p>\n<p>W czasach, gdy wiele tre\u015bci historycznych dost\u0119pnych jest w formie wideo i audio, chcemy gromadzi\u0107 i poleca\u0107 materia\u0142y, kt\u00f3re pomagaj\u0105 zrozumie\u0107 przesz\u0142o\u015b\u0107 oraz oddaj\u0105 g\u0142os \u015bwiadkom historii.<\/p>\n<p><!-- \/wp:paragraph --><!-- wp:heading --><\/p>\n<h2 class=\"wp-block-heading\">Zg\u0142o\u015b materia\u0142<\/h2>\n<p><!-- \/wp:heading --><!-- wp:paragraph --><\/p>\n<p>Je\u015bli znasz warto\u015bciowy materia\u0142 filmowy, nagranie lub podcast dotycz\u0105cy historii antykomunistycznej opozycji \u2013 prze\u015blij nam informacj\u0119. Po weryfikacji mo\u017cemy doda\u0107 go do tej sekcji.<\/p>\t\t\t\t\t\t\t\t<\/div>\n\t\t\t\t\t<\/div>\n\t\t\t\t<\/div>\n\t\t<div class=\"elementor-element elementor-element-664aadd e-flex e-con-boxed e-con e-parent\" data-id=\"664aadd\" data-element_type=\"container\" data-e-type=\"container\">\n\t\t\t\t\t<div class=\"e-con-inner\">\n\t\t\t\t<div class=\"elementor-element elementor-element-30a986b elementor-widget elementor-widget-contentviews_widget_grid1\" data-id=\"30a986b\" data-element_type=\"widget\" data-e-type=\"widget\" data-widget_type=\"contentviews_widget_grid1.default\">\n\t\t\t\t<div class=\"elementor-widget-container\">\n\t\t\t\t\t<div class='pt-cv-wrapper'> <h1 class=\"pt-cv-heading-container heading1\" data-blockid=\"30a986b\"><span class=\"pt-cv-heading\"> Biblioteka multimedi\u00f3w <\/span><\/h1><div class=\"pt-cv-view pt-cv-blockgrid iscvblock iscvelementor grid1 layout1\" id=\"pt-cv-view-30a986b\"><div data-id=\"pt-cv-page-1\" class=\"pt-cv-page\" data-cvc=\"3\"><div class=\" pt-cv-content-item pt-cv-1-col\" ><div class=\"pt-cv-thumb-wrapper  \"><a href=\"https:\/\/antykomunistyczni.pl\/index.php\/piosenki-antykomunistyczne\/\" class=\"_self pt-cv-href-thumbnail pt-cv-thumb-default\" target=\"_self\" ><img fetchpriority=\"high\" decoding=\"async\" width=\"800\" height=\"454\" src=\"https:\/\/antykomunistyczni.pl\/wp-content\/uploads\/2026\/03\/PiosenkiAntykomunistyczne-1024x581.jpeg\" class=\"pt-cv-thumbnail\" alt=\"\" \/><\/a><\/div>\n<div class=\"pt-cv-taxoterm above_title\"><a href='https:\/\/antykomunistyczni.pl\/index.php\/category\/kultura-i-sztuka\/' title='Kultura i sztuka' class='pt-cv-tax-kultura-i-sztuka'>Kultura i sztuka<\/a><a href='https:\/\/antykomunistyczni.pl\/index.php\/category\/multimedia\/' title='Multimedia' class='pt-cv-tax-multimedia'>Multimedia<\/a><\/div>\n<h4 class=\"pt-cv-title\"><a href=\"https:\/\/antykomunistyczni.pl\/index.php\/piosenki-antykomunistyczne\/\" class=\"_self\" target=\"_self\" >Piosenki Antykomunistyczne<\/a><\/h4>\n<div class=\"pt-cv-content\">Piosenki Antykomunistyczne \u2013 bro\u0144 kultury przeciwko czerwonej utopii Komunizm nie jest tylko reliktem przesz\u0142o\u015bci \u2013 odradza si\u0119 w nostalgicznych memach, ...<\/div>\n<div class=\"pt-cv-rmwrap\"><a href=\"https:\/\/antykomunistyczni.pl\/index.php\/piosenki-antykomunistyczne\/\" class=\"_self pt-cv-readmore btn btn-success\" target=\"_self\" >Dowiedz Si\u0119 Wi\u0119cej\u2026<\/a><\/div>\n<div class=\"pt-cv-meta-fields\"><span class=\"entry-date\"> <time datetime=\"2026-03-07T09:38:35+01:00\">2026-03-07<\/time><\/span><span> \/ <\/span><span class=\"author\"> <a href=\"https:\/\/antykomunistyczni.pl\/index.php\/author\/admin0\/\" rel=\"author\">Antykomunistyczni<\/a><\/span><\/div><\/div>\n<div class=\" pt-cv-content-item pt-cv-1-col\" ><div class=\"pt-cv-thumb-wrapper  \"><a href=\"https:\/\/antykomunistyczni.pl\/index.php\/zapora-nigdy-sie-nie-poddam-koncert-pamieci-mjr-hieronima-dekutowskiego\/\" class=\"_self pt-cv-href-thumbnail pt-cv-thumb-default\" target=\"_self\" ><img decoding=\"async\" width=\"800\" height=\"452\" src=\"https:\/\/antykomunistyczni.pl\/wp-content\/uploads\/2026\/03\/KoncertPamieciZapory-1024x579.png\" class=\"pt-cv-thumbnail\" alt=\"\" \/><\/a><\/div>\n<div class=\"pt-cv-taxoterm above_title\"><a href='https:\/\/antykomunistyczni.pl\/index.php\/category\/aktualnosci\/' title='Aktualno\u015bci' class='pt-cv-tax-aktualnosci'>Aktualno\u015bci<\/a><a href='https:\/\/antykomunistyczni.pl\/index.php\/category\/kultura-i-sztuka\/' title='Kultura i sztuka' class='pt-cv-tax-kultura-i-sztuka'>Kultura i sztuka<\/a><a href='https:\/\/antykomunistyczni.pl\/index.php\/category\/multimedia\/' title='Multimedia' class='pt-cv-tax-multimedia'>Multimedia<\/a><a href='https:\/\/antykomunistyczni.pl\/index.php\/category\/swiadectwa\/' title='\u015awiadectwa' class='pt-cv-tax-swiadectwa'>\u015awiadectwa<\/a><\/div>\n<h4 class=\"pt-cv-title\"><a href=\"https:\/\/antykomunistyczni.pl\/index.php\/zapora-nigdy-sie-nie-poddam-koncert-pamieci-mjr-hieronima-dekutowskiego\/\" class=\"_self\" target=\"_self\" >\u201eZapora. Nigdy si\u0119 nie poddam\u201d. Koncert pami\u0119ci mjr. Hieronima Dekutowskiego<\/a><\/h4>\n<div class=\"pt-cv-content\">Premiera koncertu odby\u0142a si\u0119 20 lutego 2023 roku w Filharmonia Krakowska. Natomiast 1 marca, w Narodowy Dzie\u0144 Pami\u0119ci \u017bo\u0142nierzy Wykl\u0119tych, ...<\/div>\n<div class=\"pt-cv-rmwrap\"><a href=\"https:\/\/antykomunistyczni.pl\/index.php\/zapora-nigdy-sie-nie-poddam-koncert-pamieci-mjr-hieronima-dekutowskiego\/\" class=\"_self pt-cv-readmore btn btn-success\" target=\"_self\" >Dowiedz Si\u0119 Wi\u0119cej\u2026<\/a><\/div>\n<div class=\"pt-cv-meta-fields\"><span class=\"entry-date\"> <time datetime=\"2026-03-07T08:44:11+01:00\">2026-03-07<\/time><\/span><span> \/ <\/span><span class=\"author\"> <a href=\"https:\/\/antykomunistyczni.pl\/index.php\/author\/admin0\/\" rel=\"author\">Antykomunistyczni<\/a><\/span><\/div><\/div><\/div><\/div> <\/div> \t\t\t\t<\/div>\n\t\t\t\t<\/div>\n\t\t\t\t\t<\/div>\n\t\t\t\t<\/div>\n\t\t\t\t<\/div>\n\t\t","protected":false},"excerpt":{"rendered":"<p>W tej sekcji publikujemy wybrane materia\u0142y multimedialne zwi\u0105zane z histori\u0105 walki z komunizmem w Polsce i w Europie \u015arodkowo-Wschodniej. Znajdziesz tu nagrania filmowe, audycje radiowe, podcasty, wywiady, nagrania \u015bwiadk\u00f3w historii, a tak\u017ce warto\u015bciowe materia\u0142y dokumentalne dost\u0119pne w internecie. Prezentowane tre\u015bci pomagaj\u0105 lepiej zrozumie\u0107 realia \u017cycia w systemie komunistycznym oraz histori\u0119 oporu wobec re\u017cimu. Materia\u0142y pochodz\u0105 [&hellip;]<\/p>\n","protected":false},"author":1,"featured_media":0,"parent":0,"menu_order":0,"comment_status":"closed","ping_status":"closed","template":"","meta":{"give_campaign_id":0,"footnotes":""},"class_list":["post-151","page","type-page","status-publish","hentry"],"yoast_head":"<!-- This site is optimized with the Yoast SEO plugin v28.4 - https:\/\/yoast.com\/product\/yoast-seo-wordpress\/ -->\n<title>Multimedia - Antykomunistyczni.pl<\/title>\n<meta name=\"description\" content=\"Antykomunistyczne nagrania filmowe, audycje radiowe, podcasty, wywiady, nagrania \u015bwiadk\u00f3w historii, a tak\u017ce warto\u015bciowe materia\u0142y dokumentalne\" \/>\n<meta name=\"robots\" content=\"index, follow, max-snippet:-1, max-image-preview:large, max-video-preview:-1\" \/>\n<link rel=\"canonical\" href=\"https:\/\/antykomunistyczni.pl\/index.php\/multimedia\/\" \/>\n<meta property=\"og:locale\" content=\"pl_PL\" \/>\n<meta property=\"og:type\" content=\"article\" \/>\n<meta property=\"og:title\" content=\"Multimedia - Antykomunistyczni.pl\" \/>\n<meta property=\"og:description\" content=\"Antykomunistyczne nagrania filmowe, audycje radiowe, podcasty, wywiady, nagrania \u015bwiadk\u00f3w historii, a tak\u017ce warto\u015bciowe materia\u0142y dokumentalne\" \/>\n<meta property=\"og:url\" content=\"https:\/\/antykomunistyczni.pl\/index.php\/multimedia\/\" \/>\n<meta property=\"og:site_name\" content=\"Antykomunistyczni.pl\" \/>\n<meta property=\"article:publisher\" content=\"https:\/\/www.facebook.com\/antykomunistyczni\/\" \/>\n<meta property=\"article:modified_time\" content=\"2026-03-18T09:00:22+00:00\" \/>\n<meta property=\"og:image\" content=\"https:\/\/antykomunistyczni.pl\/wp-content\/uploads\/2026\/03\/PiosenkiAntykomunistyczne-1024x581.jpeg\" \/>\n<meta name=\"twitter:card\" content=\"summary_large_image\" \/>\n<meta name=\"twitter:site\" content=\"@anty_komunisci\" \/>\n<meta name=\"twitter:label1\" content=\"Szacowany czas czytania\" \/>\n\t<meta name=\"twitter:data1\" content=\"2 minuty\" \/>\n<script type=\"application\/ld+json\" class=\"yoast-schema-graph\">{\"@context\":\"https:\\\/\\\/schema.org\",\"@graph\":[{\"@type\":\"WebPage\",\"@id\":\"https:\\\/\\\/antykomunistyczni.pl\\\/index.php\\\/multimedia\\\/\",\"url\":\"https:\\\/\\\/antykomunistyczni.pl\\\/index.php\\\/multimedia\\\/\",\"name\":\"Multimedia - Antykomunistyczni.pl\",\"isPartOf\":{\"@id\":\"https:\\\/\\\/antykomunistyczni.pl\\\/#website\"},\"primaryImageOfPage\":{\"@id\":\"https:\\\/\\\/antykomunistyczni.pl\\\/index.php\\\/multimedia\\\/#primaryimage\"},\"image\":{\"@id\":\"https:\\\/\\\/antykomunistyczni.pl\\\/index.php\\\/multimedia\\\/#primaryimage\"},\"thumbnailUrl\":\"https:\\\/\\\/antykomunistyczni.pl\\\/wp-content\\\/uploads\\\/2026\\\/03\\\/PiosenkiAntykomunistyczne-1024x581.jpeg\",\"datePublished\":\"2026-02-27T12:42:41+00:00\",\"dateModified\":\"2026-03-18T09:00:22+00:00\",\"description\":\"Antykomunistyczne nagrania filmowe, audycje radiowe, podcasty, wywiady, nagrania \u015bwiadk\u00f3w historii, a tak\u017ce warto\u015bciowe materia\u0142y dokumentalne\",\"breadcrumb\":{\"@id\":\"https:\\\/\\\/antykomunistyczni.pl\\\/index.php\\\/multimedia\\\/#breadcrumb\"},\"inLanguage\":\"pl-PL\",\"potentialAction\":[{\"@type\":\"ReadAction\",\"target\":[\"https:\\\/\\\/antykomunistyczni.pl\\\/index.php\\\/multimedia\\\/\"]}]},{\"@type\":\"ImageObject\",\"inLanguage\":\"pl-PL\",\"@id\":\"https:\\\/\\\/antykomunistyczni.pl\\\/index.php\\\/multimedia\\\/#primaryimage\",\"url\":\"https:\\\/\\\/antykomunistyczni.pl\\\/wp-content\\\/uploads\\\/2026\\\/03\\\/PiosenkiAntykomunistyczne-1024x581.jpeg\",\"contentUrl\":\"https:\\\/\\\/antykomunistyczni.pl\\\/wp-content\\\/uploads\\\/2026\\\/03\\\/PiosenkiAntykomunistyczne-1024x581.jpeg\"},{\"@type\":\"BreadcrumbList\",\"@id\":\"https:\\\/\\\/antykomunistyczni.pl\\\/index.php\\\/multimedia\\\/#breadcrumb\",\"itemListElement\":[{\"@type\":\"ListItem\",\"position\":1,\"name\":\"Strona g\u0142\u00f3wna\",\"item\":\"https:\\\/\\\/antykomunistyczni.pl\\\/\"},{\"@type\":\"ListItem\",\"position\":2,\"name\":\"Multimedia\"}]},{\"@type\":\"WebSite\",\"@id\":\"https:\\\/\\\/antykomunistyczni.pl\\\/#website\",\"url\":\"https:\\\/\\\/antykomunistyczni.pl\\\/\",\"name\":\"Antykomunistyczni.pl\",\"description\":\"\",\"publisher\":{\"@id\":\"https:\\\/\\\/antykomunistyczni.pl\\\/#organization\"},\"alternateName\":\"Historia PRL, zbrodnie komunistyczne w Polsce i na \u015bwiecie\",\"potentialAction\":[{\"@type\":\"SearchAction\",\"target\":{\"@type\":\"EntryPoint\",\"urlTemplate\":\"https:\\\/\\\/antykomunistyczni.pl\\\/?s={search_term_string}\"},\"query-input\":{\"@type\":\"PropertyValueSpecification\",\"valueRequired\":true,\"valueName\":\"search_term_string\"}}],\"inLanguage\":\"pl-PL\"},{\"@type\":\"Organization\",\"@id\":\"https:\\\/\\\/antykomunistyczni.pl\\\/#organization\",\"name\":\"Antykomunistyczni.pl\",\"url\":\"https:\\\/\\\/antykomunistyczni.pl\\\/\",\"logo\":{\"@type\":\"ImageObject\",\"inLanguage\":\"pl-PL\",\"@id\":\"https:\\\/\\\/antykomunistyczni.pl\\\/#\\\/schema\\\/logo\\\/image\\\/\",\"url\":\"https:\\\/\\\/antykomunistyczni.pl\\\/wp-content\\\/uploads\\\/2026\\\/02\\\/cropped-AntykomunistyczniLogoSquare150x150-2.png\",\"contentUrl\":\"https:\\\/\\\/antykomunistyczni.pl\\\/wp-content\\\/uploads\\\/2026\\\/02\\\/cropped-AntykomunistyczniLogoSquare150x150-2.png\",\"width\":150,\"height\":150,\"caption\":\"Antykomunistyczni.pl\"},\"image\":{\"@id\":\"https:\\\/\\\/antykomunistyczni.pl\\\/#\\\/schema\\\/logo\\\/image\\\/\"},\"sameAs\":[\"https:\\\/\\\/www.facebook.com\\\/antykomunistyczni\\\/\",\"https:\\\/\\\/x.com\\\/anty_komunisci\"]}]}<\/script>\n<!-- \/ Yoast SEO plugin. -->","yoast_head_json":{"title":"Multimedia - Antykomunistyczni.pl","description":"Antykomunistyczne nagrania filmowe, audycje radiowe, podcasty, wywiady, nagrania \u015bwiadk\u00f3w historii, a tak\u017ce warto\u015bciowe materia\u0142y dokumentalne","robots":{"index":"index","follow":"follow","max-snippet":"max-snippet:-1","max-image-preview":"max-image-preview:large","max-video-preview":"max-video-preview:-1"},"canonical":"https:\/\/antykomunistyczni.pl\/index.php\/multimedia\/","og_locale":"pl_PL","og_type":"article","og_title":"Multimedia - Antykomunistyczni.pl","og_description":"Antykomunistyczne nagrania filmowe, audycje radiowe, podcasty, wywiady, nagrania \u015bwiadk\u00f3w historii, a tak\u017ce warto\u015bciowe materia\u0142y dokumentalne","og_url":"https:\/\/antykomunistyczni.pl\/index.php\/multimedia\/","og_site_name":"Antykomunistyczni.pl","article_publisher":"https:\/\/www.facebook.com\/antykomunistyczni\/","article_modified_time":"2026-03-18T09:00:22+00:00","og_image":[{"url":"https:\/\/antykomunistyczni.pl\/wp-content\/uploads\/2026\/03\/PiosenkiAntykomunistyczne-1024x581.jpeg","type":"","width":"","height":""}],"twitter_card":"summary_large_image","twitter_site":"@anty_komunisci","twitter_misc":{"Szacowany czas czytania":"2 minuty"},"schema":{"@context":"https:\/\/schema.org","@graph":[{"@type":"WebPage","@id":"https:\/\/antykomunistyczni.pl\/index.php\/multimedia\/","url":"https:\/\/antykomunistyczni.pl\/index.php\/multimedia\/","name":"Multimedia - Antykomunistyczni.pl","isPartOf":{"@id":"https:\/\/antykomunistyczni.pl\/#website"},"primaryImageOfPage":{"@id":"https:\/\/antykomunistyczni.pl\/index.php\/multimedia\/#primaryimage"},"image":{"@id":"https:\/\/antykomunistyczni.pl\/index.php\/multimedia\/#primaryimage"},"thumbnailUrl":"https:\/\/antykomunistyczni.pl\/wp-content\/uploads\/2026\/03\/PiosenkiAntykomunistyczne-1024x581.jpeg","datePublished":"2026-02-27T12:42:41+00:00","dateModified":"2026-03-18T09:00:22+00:00","description":"Antykomunistyczne nagrania filmowe, audycje radiowe, podcasty, wywiady, nagrania \u015bwiadk\u00f3w historii, a tak\u017ce warto\u015bciowe materia\u0142y dokumentalne","breadcrumb":{"@id":"https:\/\/antykomunistyczni.pl\/index.php\/multimedia\/#breadcrumb"},"inLanguage":"pl-PL","potentialAction":[{"@type":"ReadAction","target":["https:\/\/antykomunistyczni.pl\/index.php\/multimedia\/"]}]},{"@type":"ImageObject","inLanguage":"pl-PL","@id":"https:\/\/antykomunistyczni.pl\/index.php\/multimedia\/#primaryimage","url":"https:\/\/antykomunistyczni.pl\/wp-content\/uploads\/2026\/03\/PiosenkiAntykomunistyczne-1024x581.jpeg","contentUrl":"https:\/\/antykomunistyczni.pl\/wp-content\/uploads\/2026\/03\/PiosenkiAntykomunistyczne-1024x581.jpeg"},{"@type":"BreadcrumbList","@id":"https:\/\/antykomunistyczni.pl\/index.php\/multimedia\/#breadcrumb","itemListElement":[{"@type":"ListItem","position":1,"name":"Strona g\u0142\u00f3wna","item":"https:\/\/antykomunistyczni.pl\/"},{"@type":"ListItem","position":2,"name":"Multimedia"}]},{"@type":"WebSite","@id":"https:\/\/antykomunistyczni.pl\/#website","url":"https:\/\/antykomunistyczni.pl\/","name":"Antykomunistyczni.pl","description":"","publisher":{"@id":"https:\/\/antykomunistyczni.pl\/#organization"},"alternateName":"Historia PRL, zbrodnie komunistyczne w Polsce i na \u015bwiecie","potentialAction":[{"@type":"SearchAction","target":{"@type":"EntryPoint","urlTemplate":"https:\/\/antykomunistyczni.pl\/?s={search_term_string}"},"query-input":{"@type":"PropertyValueSpecification","valueRequired":true,"valueName":"search_term_string"}}],"inLanguage":"pl-PL"},{"@type":"Organization","@id":"https:\/\/antykomunistyczni.pl\/#organization","name":"Antykomunistyczni.pl","url":"https:\/\/antykomunistyczni.pl\/","logo":{"@type":"ImageObject","inLanguage":"pl-PL","@id":"https:\/\/antykomunistyczni.pl\/#\/schema\/logo\/image\/","url":"https:\/\/antykomunistyczni.pl\/wp-content\/uploads\/2026\/02\/cropped-AntykomunistyczniLogoSquare150x150-2.png","contentUrl":"https:\/\/antykomunistyczni.pl\/wp-content\/uploads\/2026\/02\/cropped-AntykomunistyczniLogoSquare150x150-2.png","width":150,"height":150,"caption":"Antykomunistyczni.pl"},"image":{"@id":"https:\/\/antykomunistyczni.pl\/#\/schema\/logo\/image\/"},"sameAs":["https:\/\/www.facebook.com\/antykomunistyczni\/","https:\/\/x.com\/anty_komunisci"]}]}},"campaignId":"","_links":{"self":[{"href":"https:\/\/antykomunistyczni.pl\/index.php\/wp-json\/wp\/v2\/pages\/151","targetHints":{"allow":["GET"]}}],"collection":[{"href":"https:\/\/antykomunistyczni.pl\/index.php\/wp-json\/wp\/v2\/pages"}],"about":[{"href":"https:\/\/antykomunistyczni.pl\/index.php\/wp-json\/wp\/v2\/types\/page"}],"author":[{"embeddable":true,"href":"https:\/\/antykomunistyczni.pl\/index.php\/wp-json\/wp\/v2\/users\/1"}],"replies":[{"embeddable":true,"href":"https:\/\/antykomunistyczni.pl\/index.php\/wp-json\/wp\/v2\/comments?post=151"}],"version-history":[{"count":17,"href":"https:\/\/antykomunistyczni.pl\/index.php\/wp-json\/wp\/v2\/pages\/151\/revisions"}],"predecessor-version":[{"id":884,"href":"https:\/\/antykomunistyczni.pl\/index.php\/wp-json\/wp\/v2\/pages\/151\/revisions\/884"}],"wp:attachment":[{"href":"https:\/\/antykomunistyczni.pl\/index.php\/wp-json\/wp\/v2\/media?parent=151"}],"curies":[{"name":"wp","href":"https:\/\/api.w.org\/{rel}","templated":true}]}}