{"id":1641,"date":"2026-03-20T08:17:12","date_gmt":"2026-03-20T07:17:12","guid":{"rendered":"https:\/\/antykomunistyczni.pl\/?page_id=1641"},"modified":"2026-03-23T16:45:33","modified_gmt":"2026-03-23T15:45:33","slug":"memy-postery-plakaty","status":"publish","type":"page","link":"https:\/\/antykomunistyczni.pl\/index.php\/memy-postery-plakaty\/","title":{"rendered":"Memy, postery, plakaty"},"content":{"rendered":"\t\t<div data-elementor-type=\"wp-page\" data-elementor-id=\"1641\" class=\"elementor elementor-1641\">\n\t\t\t\t<div class=\"elementor-element elementor-element-8256b64 e-flex e-con-boxed e-con e-parent\" data-id=\"8256b64\" data-element_type=\"container\" data-e-type=\"container\">\n\t\t\t\t\t<div class=\"e-con-inner\">\n\t\t\t\t<div class=\"elementor-element elementor-element-1dd08bc elementor-widget elementor-widget-heading\" data-id=\"1dd08bc\" data-element_type=\"widget\" data-e-type=\"widget\" data-widget_type=\"heading.default\">\n\t\t\t\t\t<h2 class=\"elementor-heading-title elementor-size-default\"><span style=\"color: #000000\">Antykomunistyczna amunicja wizualna \u2013 memy, postery, plakaty PRL<\/span><\/h2>\t\t\t\t<\/div>\n\t\t\t\t\t<\/div>\n\t\t\t\t<\/div>\n\t\t<div class=\"elementor-element elementor-element-c578241 e-flex e-con-boxed e-con e-parent\" data-id=\"c578241\" data-element_type=\"container\" data-e-type=\"container\">\n\t\t\t\t\t<div class=\"e-con-inner\">\n\t\t\t\t<div class=\"elementor-element elementor-element-7b3ef9c4 elementor-widget elementor-widget-text-editor\" data-id=\"7b3ef9c4\" data-element_type=\"widget\" data-e-type=\"widget\" data-widget_type=\"text-editor.default\">\n\t\t\t\t\t\t\t\t\t<p><span style=\"color: #000000;\"><\/span><\/p>\n<p class=\"wp-block-paragraph\"><span style=\"color: #000000;\"><\/span><\/p>\n<p class=\"wp-block-paragraph\"><span style=\"color: #000000;\">Komunizm nie umar\u0142 \u2013 on tylko zmieni\u0142 mark\u0119 i kolory.<\/span><br \/><span style=\"color: #000000;\">Ale my nie zapominamy. Nie dajemy si\u0119 nabra\u0107 na \u201eto ju\u017c historia\u201d i \u201ewszyscy byli\u015bmy w PZPR\u201d.<\/span><\/p>\n<p><span style=\"color: #000000;\"><\/span><\/p>\n<p class=\"wp-block-paragraph\"><span style=\"color: #000000;\">W tej sekcji zbieramy to, co boli najbardziej komunist\u00f3w i ich dzisiejszych kontynuator\u00f3w:<\/span><\/p>\n<p><span style=\"color: #000000;\"><\/span><\/p>\n<ul class=\"wp-block-list\">\n<li style=\"list-style-type: none;\">\n<ul class=\"wp-block-list\"><\/ul>\n<\/li>\n<\/ul>\n<p>\u00a0<\/p>\n<ul class=\"wp-block-list\">\n<li style=\"list-style-type: none;\">\n<ul class=\"wp-block-list\">\n<li><span style=\"color: #000000;\"><strong>\u015awie\u017ce antykomunistyczne memy<\/strong> \u2013 te, kt\u00f3re wy\u015bmiewaj\u0105 k\u0142amstwa o \u201ez\u0142otym PRL-u\u201d, czerwone dynastie, \u201epostkomunistyczn\u0105 elity\u201d i dzisiejsze \u201emi\u0119kkie\u201d wersje tej samej trucizny<\/span><\/li>\n<\/ul>\n<\/li>\n<\/ul>\n<p><\/p>\n<ul class=\"wp-block-list\">\n<li style=\"list-style-type: none;\">\n<ul class=\"wp-block-list\">\n<li><span style=\"color: #000000;\"><strong>Antykomunistyczne postery i grafiki<\/strong> \u2013 ostrze\u017cenia, satyra, przypomnienia o prawdziwej cenie \u201erajskiego ustroju\u201d<\/span><\/li>\n<\/ul>\n<\/li>\n<\/ul>\n<p><\/p>\n<ul class=\"wp-block-list\">\n<li style=\"list-style-type: none;\">\n<ul class=\"wp-block-list\">\n<li><span style=\"color: #000000;\"><strong>Oryginalne propagandowe plakaty PRL<\/strong> \u2013 socrealistyczne arcydzie\u0142a k\u0142amstwa: \u201ePrzekraczamy normy \u2013 walczymy o pok\u00f3j\u201d, \u201eM\u0142odzie\u017c naprz\u00f3d do walki o socjalistyczn\u0105 wie\u015b\u201d, \u201eNar\u00f3d z Parti\u0105, Partia z Narodem\u201d, \u201eWrona or\u0142a nie pokona\u201d (i odpowiedzi w\u0142adzy na to has\u0142o), plakaty przeciwko \u201eimperialistom\u201d, \u201ebumelantom\u201d, \u201ewrogom ludu\u201d i ko\u015bcio\u0142owi<\/span><\/li>\n<\/ul>\n<\/li>\n<\/ul>\n<p><\/p>\n<p><span style=\"color: #000000;\"><\/span><\/p>\n<p class=\"wp-block-paragraph\"><span style=\"color: #000000;\">Tutaj zobaczysz, jak wygl\u0105da\u0142a maszynka do prania m\u00f3zg\u00f3w \u2013 i jak \u0142atwo rozpozna\u0107 jej dzisiejsze wcielenia.<\/span><\/p>\n<p><span style=\"color: #000000;\"><\/span><\/p>\n<p class=\"wp-block-paragraph\"><span style=\"color: #000000;\"><strong>Dodajemy nowe memy i plakaty regularnie.<\/strong><\/span><br \/><span style=\"color: #000000;\">Przysy\u0142ajcie swoje \u2013 najlepsze l\u0105duj\u0105 u nas! (DM \/ formularz \/ mail redakcja@antykomunistyczni.pl)<\/span><\/p>\n<p><span style=\"color: #000000;\"><\/span><\/p>\n<p class=\"wp-block-paragraph\"><span style=\"color: #000000;\">Niech si\u0119 czerwieni na twarzy ka\u017cdy, kto t\u0119skni za kolejkami, kartkami na mi\u0119so i \u201etowarzyszem\u201d na ka\u017cdym kroku.<\/span><\/p>\n<p><span style=\"color: #000000;\"><\/span><\/p>\n<p class=\"wp-block-paragraph\"><span style=\"color: #000000;\"><strong>Poni\u017cej pierwsze przyk\u0142ady \u2013 scrolluj i udost\u0119pniaj bez lito\u015bci!<\/strong><\/span><\/p>\n<p><span style=\"color: #000000;\"><\/span><\/p>\n<p class=\"wp-block-paragraph\">\u00a0<\/p>\n<p><span style=\"color: #000000;\"><\/span><\/p>\t\t\t\t\t\t\t\t<\/div>\n\t\t\t\t\t<\/div>\n\t\t\t\t<\/div>\n\t\t<div class=\"elementor-element elementor-element-6535ef5 e-flex e-con-boxed e-con e-parent\" data-id=\"6535ef5\" data-element_type=\"container\" data-e-type=\"container\">\n\t\t\t\t\t<div class=\"e-con-inner\">\n\t\t\t\t<div class=\"elementor-element elementor-element-63a6416 elementor-widget elementor-widget-contentviews_widget_grid1\" data-id=\"63a6416\" data-element_type=\"widget\" data-e-type=\"widget\" data-widget_type=\"contentviews_widget_grid1.default\">\n\t\t\t\t<div class=\"elementor-widget-container\">\n\t\t\t\t\t<div class='pt-cv-wrapper'> <div class=\"pt-cv-view pt-cv-blockgrid iscvblock iscvelementor grid1 layout1\" id=\"pt-cv-view-63a6416\"><div data-id=\"pt-cv-page-1\" class=\"pt-cv-page\" data-cvc=\"3\"><div class=\" pt-cv-content-item pt-cv-1-col\" ><div class=\"pt-cv-thumb-wrapper  \"><a href=\"https:\/\/antykomunistyczni.pl\/index.php\/idzcie-do-domu-wodki-nie-ma-czechy-1968\/\" class=\"_self pt-cv-href-thumbnail pt-cv-thumb-default\" target=\"_self\" ><img fetchpriority=\"high\" decoding=\"async\" width=\"800\" height=\"534\" src=\"https:\/\/antykomunistyczni.pl\/wp-content\/uploads\/2026\/03\/IdzciedoDomuWodkinieMaCzechy1968.webp\" class=\"pt-cv-thumbnail\" alt=\"\" \/><\/a><\/div>\n<div class=\"pt-cv-taxoterm above_title\"><a href='https:\/\/antykomunistyczni.pl\/index.php\/category\/kultura-i-sztuka\/memy-postery-plakaty-antykomunistyczne\/' title='Memy, postery, plakaty antykomunistyczne' class='pt-cv-tax-memy-postery-plakaty-antykomunistyczne'>Memy, postery, plakaty antykomunistyczne<\/a><\/div>\n<h4 class=\"pt-cv-title\"><a href=\"https:\/\/antykomunistyczni.pl\/index.php\/idzcie-do-domu-wodki-nie-ma-czechy-1968\/\" class=\"_self\" target=\"_self\" >Idzcie do domu w\u00f3dki nie ma &#8211; Czechy 1968<\/a><\/h4>\n<div class=\"pt-cv-content\"> ...<\/div>\n<div class=\"pt-cv-meta-fields\"><span class=\"entry-date\"> <time datetime=\"2026-03-20T09:42:05+01:00\">2026-03-20<\/time><\/span><span> \/ <\/span><span class=\"author\"> <a href=\"https:\/\/antykomunistyczni.pl\/index.php\/author\/admin0\/\" rel=\"author\">Antykomunistyczni<\/a><\/span><\/div><\/div>\n<div class=\" pt-cv-content-item pt-cv-1-col\" ><div class=\"pt-cv-thumb-wrapper  \"><a href=\"https:\/\/antykomunistyczni.pl\/index.php\/wspomnienia-mao-tse-tunga-usa-1976\/\" class=\"_self pt-cv-href-thumbnail pt-cv-thumb-default\" target=\"_self\" ><img decoding=\"async\" width=\"622\" height=\"824\" src=\"https:\/\/antykomunistyczni.pl\/wp-content\/uploads\/2026\/03\/WspomnieniaMaoTseTungaUSA1976.png\" class=\"pt-cv-thumbnail\" alt=\"\" \/><\/a><\/div>\n<div class=\"pt-cv-taxoterm above_title\"><a href='https:\/\/antykomunistyczni.pl\/index.php\/category\/kultura-i-sztuka\/memy-postery-plakaty-antykomunistyczne\/' title='Memy, postery, plakaty antykomunistyczne' class='pt-cv-tax-memy-postery-plakaty-antykomunistyczne'>Memy, postery, plakaty antykomunistyczne<\/a><\/div>\n<h4 class=\"pt-cv-title\"><a href=\"https:\/\/antykomunistyczni.pl\/index.php\/wspomnienia-mao-tse-tunga-usa-1976\/\" class=\"_self\" target=\"_self\" >Wspomnienia Mao Tse Tunga &#8211; USA 1976<\/a><\/h4>\n<div class=\"pt-cv-content\"> ...<\/div>\n<div class=\"pt-cv-meta-fields\"><span class=\"entry-date\"> <time datetime=\"2026-03-20T09:41:17+01:00\">2026-03-20<\/time><\/span><span> \/ <\/span><span class=\"author\"> <a href=\"https:\/\/antykomunistyczni.pl\/index.php\/author\/admin0\/\" rel=\"author\">Antykomunistyczni<\/a><\/span><\/div><\/div>\n<div class=\" pt-cv-content-item pt-cv-1-col\" ><div class=\"pt-cv-thumb-wrapper  \"><a href=\"https:\/\/antykomunistyczni.pl\/index.php\/okupanci-do-domu-czechoslowacja-1968\/\" class=\"_self pt-cv-href-thumbnail pt-cv-thumb-default\" target=\"_self\" ><img decoding=\"async\" width=\"800\" height=\"450\" src=\"https:\/\/antykomunistyczni.pl\/wp-content\/uploads\/2026\/03\/OkupanciDoDomuCzechoslowacja1968-1024x576.webp\" class=\"pt-cv-thumbnail\" alt=\"\" \/><\/a><\/div>\n<div class=\"pt-cv-taxoterm above_title\"><a href='https:\/\/antykomunistyczni.pl\/index.php\/category\/kultura-i-sztuka\/memy-postery-plakaty-antykomunistyczne\/' title='Memy, postery, plakaty antykomunistyczne' class='pt-cv-tax-memy-postery-plakaty-antykomunistyczne'>Memy, postery, plakaty antykomunistyczne<\/a><\/div>\n<h4 class=\"pt-cv-title\"><a href=\"https:\/\/antykomunistyczni.pl\/index.php\/okupanci-do-domu-czechoslowacja-1968\/\" class=\"_self\" target=\"_self\" >Okupanci do domu &#8211; Czechos\u0142owacja 1968<\/a><\/h4>\n<div class=\"pt-cv-content\"> ...<\/div>\n<div class=\"pt-cv-meta-fields\"><span class=\"entry-date\"> <time datetime=\"2026-03-20T09:40:36+01:00\">2026-03-20<\/time><\/span><span> \/ <\/span><span class=\"author\"> <a href=\"https:\/\/antykomunistyczni.pl\/index.php\/author\/admin0\/\" rel=\"author\">Antykomunistyczni<\/a><\/span><\/div><\/div>\n<div class=\" pt-cv-content-item pt-cv-1-col\" ><div class=\"pt-cv-thumb-wrapper  \"><a href=\"https:\/\/antykomunistyczni.pl\/index.php\/bierut-i-rokosowski-1952-dwoch-sowieckich-agentow\/\" class=\"_self pt-cv-href-thumbnail pt-cv-thumb-default\" target=\"_self\" ><img loading=\"lazy\" decoding=\"async\" width=\"564\" height=\"779\" src=\"https:\/\/antykomunistyczni.pl\/wp-content\/uploads\/2026\/03\/BierutiRokosowski1952.jpeg\" class=\"pt-cv-thumbnail\" alt=\"\" \/><\/a><\/div>\n<div class=\"pt-cv-taxoterm above_title\"><a href='https:\/\/antykomunistyczni.pl\/index.php\/category\/kultura-i-sztuka\/memy-postery-plakaty-antykomunistyczne\/' title='Memy, postery, plakaty antykomunistyczne' class='pt-cv-tax-memy-postery-plakaty-antykomunistyczne'>Memy, postery, plakaty antykomunistyczne<\/a><\/div>\n<h4 class=\"pt-cv-title\"><a href=\"https:\/\/antykomunistyczni.pl\/index.php\/bierut-i-rokosowski-1952-dwoch-sowieckich-agentow\/\" class=\"_self\" target=\"_self\" >Bierut i Rokosowski &#8211; 1952 &#8211; dw\u00f3ch sowieckich agent\u00f3w<\/a><\/h4>\n<div class=\"pt-cv-content\"> ...<\/div>\n<div class=\"pt-cv-meta-fields\"><span class=\"entry-date\"> <time datetime=\"2026-03-20T09:39:50+01:00\">2026-03-20<\/time><\/span><span> \/ <\/span><span class=\"author\"> <a href=\"https:\/\/antykomunistyczni.pl\/index.php\/author\/admin0\/\" rel=\"author\">Antykomunistyczni<\/a><\/span><\/div><\/div>\n<div class=\" pt-cv-content-item pt-cv-1-col\" ><div class=\"pt-cv-thumb-wrapper  \"><a href=\"https:\/\/antykomunistyczni.pl\/index.php\/syjonizm-to-bron-kapitalizmu-zsrr-1972\/\" class=\"_self pt-cv-href-thumbnail pt-cv-thumb-default\" target=\"_self\" ><img loading=\"lazy\" decoding=\"async\" width=\"800\" height=\"538\" src=\"https:\/\/antykomunistyczni.pl\/wp-content\/uploads\/2026\/03\/SyjonizmToBronKapitalizmuZSRR1972-1024x688.jpeg\" class=\"pt-cv-thumbnail\" alt=\"\" \/><\/a><\/div>\n<div class=\"pt-cv-taxoterm above_title\"><a href='https:\/\/antykomunistyczni.pl\/index.php\/category\/kultura-i-sztuka\/memy-postery-plakaty-antykomunistyczne\/' title='Memy, postery, plakaty antykomunistyczne' class='pt-cv-tax-memy-postery-plakaty-antykomunistyczne'>Memy, postery, plakaty antykomunistyczne<\/a><\/div>\n<h4 class=\"pt-cv-title\"><a href=\"https:\/\/antykomunistyczni.pl\/index.php\/syjonizm-to-bron-kapitalizmu-zsrr-1972\/\" class=\"_self\" target=\"_self\" >Syjonizm to bro\u0144 kapitalizmu &#8211; ZSRR 1972<\/a><\/h4>\n<div class=\"pt-cv-content\"> ...<\/div>\n<div class=\"pt-cv-meta-fields\"><span class=\"entry-date\"> <time datetime=\"2026-03-20T09:38:52+01:00\">2026-03-20<\/time><\/span><span> \/ <\/span><span class=\"author\"> <a href=\"https:\/\/antykomunistyczni.pl\/index.php\/author\/admin0\/\" rel=\"author\">Antykomunistyczni<\/a><\/span><\/div><\/div>\n<div class=\" pt-cv-content-item pt-cv-1-col\" ><div class=\"pt-cv-thumb-wrapper  \"><a href=\"https:\/\/antykomunistyczni.pl\/index.php\/naszym-celem-komunizm-czechy-1968\/\" class=\"_self pt-cv-href-thumbnail pt-cv-thumb-default\" target=\"_self\" ><img loading=\"lazy\" decoding=\"async\" width=\"405\" height=\"539\" src=\"https:\/\/antykomunistyczni.pl\/wp-content\/uploads\/2026\/03\/NzaszymCelemKomunizmCzechy1968.webp\" class=\"pt-cv-thumbnail\" alt=\"\" \/><\/a><\/div>\n<div class=\"pt-cv-taxoterm above_title\"><a href='https:\/\/antykomunistyczni.pl\/index.php\/category\/kultura-i-sztuka\/memy-postery-plakaty-antykomunistyczne\/' title='Memy, postery, plakaty antykomunistyczne' class='pt-cv-tax-memy-postery-plakaty-antykomunistyczne'>Memy, postery, plakaty antykomunistyczne<\/a><\/div>\n<h4 class=\"pt-cv-title\"><a href=\"https:\/\/antykomunistyczni.pl\/index.php\/naszym-celem-komunizm-czechy-1968\/\" class=\"_self\" target=\"_self\" >Naszym celem komunizm &#8211; Czechy 1968<\/a><\/h4>\n<div class=\"pt-cv-content\"> ...<\/div>\n<div class=\"pt-cv-meta-fields\"><span class=\"entry-date\"> <time datetime=\"2026-03-20T09:02:35+01:00\">2026-03-20<\/time><\/span><span> \/ <\/span><span class=\"author\"> <a href=\"https:\/\/antykomunistyczni.pl\/index.php\/author\/admin0\/\" rel=\"author\">Antykomunistyczni<\/a><\/span><\/div><\/div><\/div><\/div>\n<div class=\" pt-cv-pagination-wrapper\"><ul class=\"pt-cv-pagination pt-cv-ajax pagination\" data-totalpages=\"2\" data-currentpage=\"1\" data-sid=\"63a6416\" data-unid=\"\" data-iselementor=\"63a6416\" data-postid=\"0\"><li class=\"active\"><a href=\"#\">1<\/a><\/li>\n\t<li ><a class=\"\" href=\"https:\/\/antykomunistyczni.pl\/index.php\/wp-json\/wp\/v2\/pages\/1641\/?_page=2\">2<\/a><\/li>\n\t<li ><a class=\" \" href=\"https:\/\/antykomunistyczni.pl\/index.php\/wp-json\/wp\/v2\/pages\/1641\/?_page=2\">&rsaquo;<\/a><\/li>\n\t<\/ul><img loading=\"lazy\" decoding=\"async\" width=\"15\" height=\"15\" class=\"pt-cv-spinner\" alt=\"Loading...\" src=\"data:image\/gif;base64,R0lGODlhDwAPALMPAMrKygwMDJOTkz09PZWVla+vr3p6euTk5M7OzuXl5TMzMwAAAJmZmWZmZszMzP\/\/\/yH\/C05FVFNDQVBFMi4wAwEAAAAh+QQFCgAPACwAAAAADwAPAAAEQvDJaZaZOIcV8iQK8VRX4iTYoAwZ4iCYoAjZ4RxejhVNoT+mRGP4cyF4Pp0N98sBGIBMEMOotl6YZ3S61Bmbkm4mAgAh+QQFCgAPACwAAAAADQANAAAENPDJSRSZeA418itN8QiK8BiLITVsFiyBBIoYqnoewAD4xPw9iY4XLGYSjkQR4UAUD45DLwIAIfkEBQoADwAsAAAAAA8ACQAABC\/wyVlamTi3nSdgwFNdhEJgTJoNyoB9ISYoQmdjiZPcj7EYCAeCF1gEDo4Dz2eIAAAh+QQFCgAPACwCAAAADQANAAAEM\/DJBxiYeLKdX3IJZT1FU0iIg2RNKx3OkZVnZ98ToRD4MyiDnkAh6BkNC0MvsAj0kMpHBAAh+QQFCgAPACwGAAAACQAPAAAEMDC59KpFDll73HkAA2wVY5KgiK5b0RRoI6MuzG6EQqCDMlSGheEhUAgqgUUAFRySIgAh+QQFCgAPACwCAAIADQANAAAEM\/DJKZNLND\/kkKaHc3xk+QAMYDKsiaqmZCxGVjSFFCxB1vwy2oOgIDxuucxAMTAJFAJNBAAh+QQFCgAPACwAAAYADwAJAAAEMNAs86q1yaWwwv2Ig0jUZx3OYa4XoRAfwADXoAwfo1+CIjyFRuEho60aSNYlOPxEAAAh+QQFCgAPACwAAAIADQANAAAENPA9s4y8+IUVcqaWJ4qEQozSoAzoIyhCK2NFU2SJk0hNnyEOhKR2AzAAj4Pj4GE4W0bkJQIAOw==\" \/><div class=\"clear pt-cv-clear-pagination\"><\/div><\/div> <\/div> \t\t\t\t<\/div>\n\t\t\t\t<\/div>\n\t\t\t\t\t<\/div>\n\t\t\t\t<\/div>\n\t\t\t\t<\/div>\n\t\t","protected":false},"excerpt":{"rendered":"<p>Antykomunistyczna amunicja wizualna \u2013 memy, postery, plakaty PRL Komunizm nie umar\u0142 \u2013 on tylko zmieni\u0142 mark\u0119 i kolory.Ale my nie zapominamy. Nie dajemy si\u0119 nabra\u0107 na \u201eto ju\u017c historia\u201d i \u201ewszyscy byli\u015bmy w PZPR\u201d. W tej sekcji zbieramy to, co boli najbardziej komunist\u00f3w i ich dzisiejszych kontynuator\u00f3w: Tutaj zobaczysz, jak wygl\u0105da\u0142a maszynka do prania m\u00f3zg\u00f3w [&hellip;]<\/p>\n","protected":false},"author":1,"featured_media":1648,"parent":0,"menu_order":0,"comment_status":"closed","ping_status":"closed","template":"","meta":{"give_campaign_id":0,"footnotes":""},"class_list":["post-1641","page","type-page","status-publish","has-post-thumbnail","hentry"],"yoast_head":"<!-- This site is optimized with the Yoast SEO plugin v28.4 - https:\/\/yoast.com\/product\/yoast-seo-wordpress\/ -->\n<title>Memy, postery, plakaty - Antykomunistyczni.pl<\/title>\n<meta name=\"robots\" content=\"index, follow, max-snippet:-1, max-image-preview:large, max-video-preview:-1\" \/>\n<link rel=\"canonical\" href=\"https:\/\/antykomunistyczni.pl\/index.php\/memy-postery-plakaty\/\" \/>\n<meta property=\"og:locale\" content=\"pl_PL\" \/>\n<meta property=\"og:type\" content=\"article\" \/>\n<meta property=\"og:title\" content=\"Memy, postery, plakaty - Antykomunistyczni.pl\" \/>\n<meta property=\"og:description\" content=\"Antykomunistyczna amunicja wizualna \u2013 memy, postery, plakaty PRL Komunizm nie umar\u0142 \u2013 on tylko zmieni\u0142 mark\u0119 i kolory.Ale my nie zapominamy. Nie dajemy si\u0119 nabra\u0107 na \u201eto ju\u017c historia\u201d i \u201ewszyscy byli\u015bmy w PZPR\u201d. W tej sekcji zbieramy to, co boli najbardziej komunist\u00f3w i ich dzisiejszych kontynuator\u00f3w: Tutaj zobaczysz, jak wygl\u0105da\u0142a maszynka do prania m\u00f3zg\u00f3w [&hellip;]\" \/>\n<meta property=\"og:url\" content=\"https:\/\/antykomunistyczni.pl\/index.php\/memy-postery-plakaty\/\" \/>\n<meta property=\"og:site_name\" content=\"Antykomunistyczni.pl\" \/>\n<meta property=\"article:publisher\" content=\"https:\/\/www.facebook.com\/antykomunistyczni\/\" \/>\n<meta property=\"article:modified_time\" content=\"2026-03-23T15:45:33+00:00\" \/>\n<meta property=\"og:image\" content=\"https:\/\/antykomunistyczni.pl\/wp-content\/uploads\/2026\/03\/KomunizmSwietlanaPrzyszloscCzlowieczenstwa.jpeg\" \/>\n\t<meta property=\"og:image:width\" content=\"1236\" \/>\n\t<meta property=\"og:image:height\" content=\"830\" \/>\n\t<meta property=\"og:image:type\" content=\"image\/jpeg\" \/>\n<meta name=\"twitter:card\" content=\"summary_large_image\" \/>\n<meta name=\"twitter:site\" content=\"@anty_komunisci\" \/>\n<meta name=\"twitter:label1\" content=\"Szacowany czas czytania\" \/>\n\t<meta name=\"twitter:data1\" content=\"2 minuty\" \/>\n<script type=\"application\/ld+json\" class=\"yoast-schema-graph\">{\"@context\":\"https:\\\/\\\/schema.org\",\"@graph\":[{\"@type\":\"WebPage\",\"@id\":\"https:\\\/\\\/antykomunistyczni.pl\\\/index.php\\\/memy-postery-plakaty\\\/\",\"url\":\"https:\\\/\\\/antykomunistyczni.pl\\\/index.php\\\/memy-postery-plakaty\\\/\",\"name\":\"Memy, postery, plakaty - Antykomunistyczni.pl\",\"isPartOf\":{\"@id\":\"https:\\\/\\\/antykomunistyczni.pl\\\/#website\"},\"primaryImageOfPage\":{\"@id\":\"https:\\\/\\\/antykomunistyczni.pl\\\/index.php\\\/memy-postery-plakaty\\\/#primaryimage\"},\"image\":{\"@id\":\"https:\\\/\\\/antykomunistyczni.pl\\\/index.php\\\/memy-postery-plakaty\\\/#primaryimage\"},\"thumbnailUrl\":\"https:\\\/\\\/antykomunistyczni.pl\\\/wp-content\\\/uploads\\\/2026\\\/03\\\/KomunizmSwietlanaPrzyszloscCzlowieczenstwa.jpeg\",\"datePublished\":\"2026-03-20T07:17:12+00:00\",\"dateModified\":\"2026-03-23T15:45:33+00:00\",\"breadcrumb\":{\"@id\":\"https:\\\/\\\/antykomunistyczni.pl\\\/index.php\\\/memy-postery-plakaty\\\/#breadcrumb\"},\"inLanguage\":\"pl-PL\",\"potentialAction\":[{\"@type\":\"ReadAction\",\"target\":[\"https:\\\/\\\/antykomunistyczni.pl\\\/index.php\\\/memy-postery-plakaty\\\/\"]}]},{\"@type\":\"ImageObject\",\"inLanguage\":\"pl-PL\",\"@id\":\"https:\\\/\\\/antykomunistyczni.pl\\\/index.php\\\/memy-postery-plakaty\\\/#primaryimage\",\"url\":\"https:\\\/\\\/antykomunistyczni.pl\\\/wp-content\\\/uploads\\\/2026\\\/03\\\/KomunizmSwietlanaPrzyszloscCzlowieczenstwa.jpeg\",\"contentUrl\":\"https:\\\/\\\/antykomunistyczni.pl\\\/wp-content\\\/uploads\\\/2026\\\/03\\\/KomunizmSwietlanaPrzyszloscCzlowieczenstwa.jpeg\",\"width\":1236,\"height\":830},{\"@type\":\"BreadcrumbList\",\"@id\":\"https:\\\/\\\/antykomunistyczni.pl\\\/index.php\\\/memy-postery-plakaty\\\/#breadcrumb\",\"itemListElement\":[{\"@type\":\"ListItem\",\"position\":1,\"name\":\"Strona g\u0142\u00f3wna\",\"item\":\"https:\\\/\\\/antykomunistyczni.pl\\\/\"},{\"@type\":\"ListItem\",\"position\":2,\"name\":\"Memy, postery, plakaty\"}]},{\"@type\":\"WebSite\",\"@id\":\"https:\\\/\\\/antykomunistyczni.pl\\\/#website\",\"url\":\"https:\\\/\\\/antykomunistyczni.pl\\\/\",\"name\":\"Antykomunistyczni.pl\",\"description\":\"\",\"publisher\":{\"@id\":\"https:\\\/\\\/antykomunistyczni.pl\\\/#organization\"},\"alternateName\":\"Historia PRL, zbrodnie komunistyczne w Polsce i na \u015bwiecie\",\"potentialAction\":[{\"@type\":\"SearchAction\",\"target\":{\"@type\":\"EntryPoint\",\"urlTemplate\":\"https:\\\/\\\/antykomunistyczni.pl\\\/?s={search_term_string}\"},\"query-input\":{\"@type\":\"PropertyValueSpecification\",\"valueRequired\":true,\"valueName\":\"search_term_string\"}}],\"inLanguage\":\"pl-PL\"},{\"@type\":\"Organization\",\"@id\":\"https:\\\/\\\/antykomunistyczni.pl\\\/#organization\",\"name\":\"Antykomunistyczni.pl\",\"url\":\"https:\\\/\\\/antykomunistyczni.pl\\\/\",\"logo\":{\"@type\":\"ImageObject\",\"inLanguage\":\"pl-PL\",\"@id\":\"https:\\\/\\\/antykomunistyczni.pl\\\/#\\\/schema\\\/logo\\\/image\\\/\",\"url\":\"https:\\\/\\\/antykomunistyczni.pl\\\/wp-content\\\/uploads\\\/2026\\\/02\\\/cropped-AntykomunistyczniLogoSquare150x150-2.png\",\"contentUrl\":\"https:\\\/\\\/antykomunistyczni.pl\\\/wp-content\\\/uploads\\\/2026\\\/02\\\/cropped-AntykomunistyczniLogoSquare150x150-2.png\",\"width\":150,\"height\":150,\"caption\":\"Antykomunistyczni.pl\"},\"image\":{\"@id\":\"https:\\\/\\\/antykomunistyczni.pl\\\/#\\\/schema\\\/logo\\\/image\\\/\"},\"sameAs\":[\"https:\\\/\\\/www.facebook.com\\\/antykomunistyczni\\\/\",\"https:\\\/\\\/x.com\\\/anty_komunisci\"]}]}<\/script>\n<!-- \/ Yoast SEO plugin. -->","yoast_head_json":{"title":"Memy, postery, plakaty - Antykomunistyczni.pl","robots":{"index":"index","follow":"follow","max-snippet":"max-snippet:-1","max-image-preview":"max-image-preview:large","max-video-preview":"max-video-preview:-1"},"canonical":"https:\/\/antykomunistyczni.pl\/index.php\/memy-postery-plakaty\/","og_locale":"pl_PL","og_type":"article","og_title":"Memy, postery, plakaty - Antykomunistyczni.pl","og_description":"Antykomunistyczna amunicja wizualna \u2013 memy, postery, plakaty PRL Komunizm nie umar\u0142 \u2013 on tylko zmieni\u0142 mark\u0119 i kolory.Ale my nie zapominamy. Nie dajemy si\u0119 nabra\u0107 na \u201eto ju\u017c historia\u201d i \u201ewszyscy byli\u015bmy w PZPR\u201d. W tej sekcji zbieramy to, co boli najbardziej komunist\u00f3w i ich dzisiejszych kontynuator\u00f3w: Tutaj zobaczysz, jak wygl\u0105da\u0142a maszynka do prania m\u00f3zg\u00f3w [&hellip;]","og_url":"https:\/\/antykomunistyczni.pl\/index.php\/memy-postery-plakaty\/","og_site_name":"Antykomunistyczni.pl","article_publisher":"https:\/\/www.facebook.com\/antykomunistyczni\/","article_modified_time":"2026-03-23T15:45:33+00:00","og_image":[{"width":1236,"height":830,"url":"https:\/\/antykomunistyczni.pl\/wp-content\/uploads\/2026\/03\/KomunizmSwietlanaPrzyszloscCzlowieczenstwa.jpeg","type":"image\/jpeg"}],"twitter_card":"summary_large_image","twitter_site":"@anty_komunisci","twitter_misc":{"Szacowany czas czytania":"2 minuty"},"schema":{"@context":"https:\/\/schema.org","@graph":[{"@type":"WebPage","@id":"https:\/\/antykomunistyczni.pl\/index.php\/memy-postery-plakaty\/","url":"https:\/\/antykomunistyczni.pl\/index.php\/memy-postery-plakaty\/","name":"Memy, postery, plakaty - Antykomunistyczni.pl","isPartOf":{"@id":"https:\/\/antykomunistyczni.pl\/#website"},"primaryImageOfPage":{"@id":"https:\/\/antykomunistyczni.pl\/index.php\/memy-postery-plakaty\/#primaryimage"},"image":{"@id":"https:\/\/antykomunistyczni.pl\/index.php\/memy-postery-plakaty\/#primaryimage"},"thumbnailUrl":"https:\/\/antykomunistyczni.pl\/wp-content\/uploads\/2026\/03\/KomunizmSwietlanaPrzyszloscCzlowieczenstwa.jpeg","datePublished":"2026-03-20T07:17:12+00:00","dateModified":"2026-03-23T15:45:33+00:00","breadcrumb":{"@id":"https:\/\/antykomunistyczni.pl\/index.php\/memy-postery-plakaty\/#breadcrumb"},"inLanguage":"pl-PL","potentialAction":[{"@type":"ReadAction","target":["https:\/\/antykomunistyczni.pl\/index.php\/memy-postery-plakaty\/"]}]},{"@type":"ImageObject","inLanguage":"pl-PL","@id":"https:\/\/antykomunistyczni.pl\/index.php\/memy-postery-plakaty\/#primaryimage","url":"https:\/\/antykomunistyczni.pl\/wp-content\/uploads\/2026\/03\/KomunizmSwietlanaPrzyszloscCzlowieczenstwa.jpeg","contentUrl":"https:\/\/antykomunistyczni.pl\/wp-content\/uploads\/2026\/03\/KomunizmSwietlanaPrzyszloscCzlowieczenstwa.jpeg","width":1236,"height":830},{"@type":"BreadcrumbList","@id":"https:\/\/antykomunistyczni.pl\/index.php\/memy-postery-plakaty\/#breadcrumb","itemListElement":[{"@type":"ListItem","position":1,"name":"Strona g\u0142\u00f3wna","item":"https:\/\/antykomunistyczni.pl\/"},{"@type":"ListItem","position":2,"name":"Memy, postery, plakaty"}]},{"@type":"WebSite","@id":"https:\/\/antykomunistyczni.pl\/#website","url":"https:\/\/antykomunistyczni.pl\/","name":"Antykomunistyczni.pl","description":"","publisher":{"@id":"https:\/\/antykomunistyczni.pl\/#organization"},"alternateName":"Historia PRL, zbrodnie komunistyczne w Polsce i na \u015bwiecie","potentialAction":[{"@type":"SearchAction","target":{"@type":"EntryPoint","urlTemplate":"https:\/\/antykomunistyczni.pl\/?s={search_term_string}"},"query-input":{"@type":"PropertyValueSpecification","valueRequired":true,"valueName":"search_term_string"}}],"inLanguage":"pl-PL"},{"@type":"Organization","@id":"https:\/\/antykomunistyczni.pl\/#organization","name":"Antykomunistyczni.pl","url":"https:\/\/antykomunistyczni.pl\/","logo":{"@type":"ImageObject","inLanguage":"pl-PL","@id":"https:\/\/antykomunistyczni.pl\/#\/schema\/logo\/image\/","url":"https:\/\/antykomunistyczni.pl\/wp-content\/uploads\/2026\/02\/cropped-AntykomunistyczniLogoSquare150x150-2.png","contentUrl":"https:\/\/antykomunistyczni.pl\/wp-content\/uploads\/2026\/02\/cropped-AntykomunistyczniLogoSquare150x150-2.png","width":150,"height":150,"caption":"Antykomunistyczni.pl"},"image":{"@id":"https:\/\/antykomunistyczni.pl\/#\/schema\/logo\/image\/"},"sameAs":["https:\/\/www.facebook.com\/antykomunistyczni\/","https:\/\/x.com\/anty_komunisci"]}]}},"campaignId":"","_links":{"self":[{"href":"https:\/\/antykomunistyczni.pl\/index.php\/wp-json\/wp\/v2\/pages\/1641","targetHints":{"allow":["GET"]}}],"collection":[{"href":"https:\/\/antykomunistyczni.pl\/index.php\/wp-json\/wp\/v2\/pages"}],"about":[{"href":"https:\/\/antykomunistyczni.pl\/index.php\/wp-json\/wp\/v2\/types\/page"}],"author":[{"embeddable":true,"href":"https:\/\/antykomunistyczni.pl\/index.php\/wp-json\/wp\/v2\/users\/1"}],"replies":[{"embeddable":true,"href":"https:\/\/antykomunistyczni.pl\/index.php\/wp-json\/wp\/v2\/comments?post=1641"}],"version-history":[{"count":19,"href":"https:\/\/antykomunistyczni.pl\/index.php\/wp-json\/wp\/v2\/pages\/1641\/revisions"}],"predecessor-version":[{"id":1761,"href":"https:\/\/antykomunistyczni.pl\/index.php\/wp-json\/wp\/v2\/pages\/1641\/revisions\/1761"}],"wp:featuredmedia":[{"embeddable":true,"href":"https:\/\/antykomunistyczni.pl\/index.php\/wp-json\/wp\/v2\/media\/1648"}],"wp:attachment":[{"href":"https:\/\/antykomunistyczni.pl\/index.php\/wp-json\/wp\/v2\/media?parent=1641"}],"curies":[{"name":"wp","href":"https:\/\/api.w.org\/{rel}","templated":true}]}}