{"id":329,"date":"2026-02-28T16:16:29","date_gmt":"2026-02-28T15:16:29","guid":{"rendered":"https:\/\/antykomunistyczni.pl\/?page_id=329"},"modified":"2026-02-28T16:19:42","modified_gmt":"2026-02-28T15:19:42","slug":"zaproszenie-do-wspolpracy","status":"publish","type":"page","link":"https:\/\/antykomunistyczni.pl\/index.php\/zaproszenie-do-wspolpracy\/","title":{"rendered":"Zaproszenie do wsp\u00f3\u0142pracy"},"content":{"rendered":"\t\t<div data-elementor-type=\"wp-page\" data-elementor-id=\"329\" class=\"elementor elementor-329\">\n\t\t\t\t<div class=\"elementor-element elementor-element-da804cb e-flex e-con-boxed e-con e-parent\" data-id=\"da804cb\" data-element_type=\"container\" data-e-type=\"container\">\n\t\t\t\t\t<div class=\"e-con-inner\">\n\t\t\t\t<div class=\"elementor-element elementor-element-9646578 elementor-widget elementor-widget-text-editor\" data-id=\"9646578\" data-element_type=\"widget\" data-e-type=\"widget\" data-widget_type=\"text-editor.default\">\n\t\t\t\t\t\t\t\t\t<h1 data-start=\"39\" data-end=\"68\">ZAPROSZENIE DO WSP\u00d3\u0141PRACY<\/h1><h2 data-start=\"70\" data-end=\"104\">Wsp\u00f3\u0142tw\u00f3rzmy przestrze\u0144 pami\u0119ci<\/h2><p data-start=\"106\" data-end=\"308\">Antykomunistyczni.pl to projekt otwarty.<br data-start=\"146\" data-end=\"149\" \/>Jego si\u0142\u0105 nie s\u0105 jedynie dane i opracowania, lecz \u015bwiadectwa ludzi \u2014 tych, kt\u00f3rzy do\u015bwiadczyli systemu, oraz tych, kt\u00f3rzy przechowuj\u0105 pami\u0119\u0107 o swoich bliskich.<\/p><p data-start=\"310\" data-end=\"425\">Zapraszamy do wsp\u00f3\u0142pracy wszystkich, kt\u00f3rym bliska jest prawda historyczna i odpowiedzialne m\u00f3wienie o przesz\u0142o\u015bci.<\/p><hr data-start=\"427\" data-end=\"430\" \/><h2 data-start=\"432\" data-end=\"446\">Zapraszamy:<\/h2><ul data-start=\"448\" data-end=\"817\"><li data-start=\"448\" data-end=\"531\"><p data-start=\"450\" data-end=\"531\"><strong data-start=\"450\" data-end=\"472\">dzia\u0142aczy opozycji<\/strong> \u2013 aby podzielili si\u0119 swoimi do\u015bwiadczeniami i refleksj\u0105;<\/p><\/li><li data-start=\"532\" data-end=\"634\"><p data-start=\"534\" data-end=\"634\"><strong data-start=\"534\" data-end=\"558\">osoby represjonowane<\/strong> \u2013 by ich \u015bwiadectwo zosta\u0142o zachowane i udost\u0119pnione kolejnym pokoleniom;<\/p><\/li><li data-start=\"635\" data-end=\"705\"><p data-start=\"637\" data-end=\"705\"><strong data-start=\"637\" data-end=\"662\">cz\u0142onk\u00f3w rodzin ofiar<\/strong> \u2013 by pami\u0119\u0107 o ich bliskich nie zagin\u0119\u0142a;<\/p><\/li><li data-start=\"706\" data-end=\"817\"><p data-start=\"708\" data-end=\"817\"><strong data-start=\"708\" data-end=\"761\">wszystkich, kt\u00f3rym bliska jest prawda historyczna<\/strong> \u2013 badaczy, nauczycieli, student\u00f3w, pasjonat\u00f3w historii.<\/p><\/li><\/ul><hr data-start=\"819\" data-end=\"822\" \/><h2 data-start=\"824\" data-end=\"859\">W jaki spos\u00f3b mo\u017cna si\u0119 w\u0142\u0105czy\u0107?<\/h2><ul data-start=\"861\" data-end=\"1061\"><li data-start=\"861\" data-end=\"899\"><p data-start=\"863\" data-end=\"899\">przekazuj\u0105c relacje i wspomnienia,<\/p><\/li><li data-start=\"900\" data-end=\"965\"><p data-start=\"902\" data-end=\"965\">udost\u0119pniaj\u0105c dokumenty, fotografie lub materia\u0142y archiwalne,<\/p><\/li><li data-start=\"966\" data-end=\"1002\"><p data-start=\"968\" data-end=\"1002\">zg\u0142aszaj\u0105c korekty merytoryczne,<\/p><\/li><li data-start=\"1003\" data-end=\"1061\"><p data-start=\"1005\" data-end=\"1061\">wspieraj\u0105c rozw\u00f3j projektu ekspercko lub organizacyjnie.<\/p><\/li><\/ul><p data-start=\"1063\" data-end=\"1143\">Ka\u017cda historia ma znaczenie. Ka\u017cde \u015bwiadectwo poszerza wsp\u00f3lne archiwum pami\u0119ci.<\/p><hr data-start=\"1145\" data-end=\"1148\" \/><h2 data-start=\"1150\" data-end=\"1171\">Dlaczego to wa\u017cne?<\/h2><p data-start=\"1173\" data-end=\"1271\">Pami\u0119\u0107 nie jest wy\u0142\u0105cznie zapisem przesz\u0142o\u015bci.<br data-start=\"1219\" data-end=\"1222\" \/>Jest fundamentem odpowiedzialno\u015bci za przysz\u0142o\u015b\u0107.<\/p><p data-start=\"1273\" data-end=\"1416\">Razem mo\u017cemy tworzy\u0107 wsp\u00f3lnot\u0119 pami\u0119ci i odpowiedzialno\u015bci \u2014 przestrze\u0144, w kt\u00f3rej prawda historyczna jest chroniona, a godno\u015b\u0107 ofiar zachowana.<\/p>\t\t\t\t\t\t\t\t<\/div>\n\t\t\t\t\t<\/div>\n\t\t\t\t<\/div>\n\t\t<div class=\"elementor-element elementor-element-903e42b e-flex e-con-boxed e-con e-parent\" data-id=\"903e42b\" data-element_type=\"container\" data-e-type=\"container\">\n\t\t\t\t\t<div class=\"e-con-inner\">\n\t\t\t\t<div class=\"elementor-element elementor-element-e90d065 elementor-widget elementor-widget-button\" data-id=\"e90d065\" data-element_type=\"widget\" data-e-type=\"widget\" data-widget_type=\"button.default\">\n\t\t\t\t\t\t\t\t\t\t<a class=\"elementor-button elementor-button-link elementor-size-sm\" href=\"https:\/\/antykomunistyczni.pl\/index.php\/kontakt\/\">\n\t\t\t\t\t\t<span class=\"elementor-button-content-wrapper\">\n\t\t\t\t\t\t\t\t\t<span class=\"elementor-button-text\">Kontakt<\/span>\n\t\t\t\t\t<\/span>\n\t\t\t\t\t<\/a>\n\t\t\t\t\t\t\t\t<\/div>\n\t\t\t\t\t<\/div>\n\t\t\t\t<\/div>\n\t\t\t\t<\/div>\n\t\t","protected":false},"excerpt":{"rendered":"<p>ZAPROSZENIE DO WSP\u00d3\u0141PRACY Wsp\u00f3\u0142tw\u00f3rzmy przestrze\u0144 pami\u0119ci Antykomunistyczni.pl to projekt otwarty.Jego si\u0142\u0105 nie s\u0105 jedynie dane i opracowania, lecz \u015bwiadectwa ludzi \u2014 tych, kt\u00f3rzy do\u015bwiadczyli systemu, oraz tych, kt\u00f3rzy przechowuj\u0105 pami\u0119\u0107 o swoich bliskich. Zapraszamy do wsp\u00f3\u0142pracy wszystkich, kt\u00f3rym bliska jest prawda historyczna i odpowiedzialne m\u00f3wienie o przesz\u0142o\u015bci. Zapraszamy: dzia\u0142aczy opozycji \u2013 aby podzielili si\u0119 swoimi [&hellip;]<\/p>\n","protected":false},"author":1,"featured_media":0,"parent":0,"menu_order":0,"comment_status":"closed","ping_status":"closed","template":"","meta":{"give_campaign_id":0,"footnotes":""},"class_list":["post-329","page","type-page","status-publish","hentry"],"yoast_head":"<!-- This site is optimized with the Yoast SEO plugin v28.4 - https:\/\/yoast.com\/product\/yoast-seo-wordpress\/ -->\n<title>Zaproszenie do wsp\u00f3\u0142pracy - Antykomunistyczni.pl<\/title>\n<meta name=\"robots\" content=\"index, follow, max-snippet:-1, max-image-preview:large, max-video-preview:-1\" \/>\n<link rel=\"canonical\" href=\"https:\/\/antykomunistyczni.pl\/index.php\/zaproszenie-do-wspolpracy\/\" \/>\n<meta property=\"og:locale\" content=\"pl_PL\" \/>\n<meta property=\"og:type\" content=\"article\" \/>\n<meta property=\"og:title\" content=\"Zaproszenie do wsp\u00f3\u0142pracy - Antykomunistyczni.pl\" \/>\n<meta property=\"og:description\" content=\"ZAPROSZENIE DO WSP\u00d3\u0141PRACY Wsp\u00f3\u0142tw\u00f3rzmy przestrze\u0144 pami\u0119ci Antykomunistyczni.pl to projekt otwarty.Jego si\u0142\u0105 nie s\u0105 jedynie dane i opracowania, lecz \u015bwiadectwa ludzi \u2014 tych, kt\u00f3rzy do\u015bwiadczyli systemu, oraz tych, kt\u00f3rzy przechowuj\u0105 pami\u0119\u0107 o swoich bliskich. Zapraszamy do wsp\u00f3\u0142pracy wszystkich, kt\u00f3rym bliska jest prawda historyczna i odpowiedzialne m\u00f3wienie o przesz\u0142o\u015bci. Zapraszamy: dzia\u0142aczy opozycji \u2013 aby podzielili si\u0119 swoimi [&hellip;]\" \/>\n<meta property=\"og:url\" content=\"https:\/\/antykomunistyczni.pl\/index.php\/zaproszenie-do-wspolpracy\/\" \/>\n<meta property=\"og:site_name\" content=\"Antykomunistyczni.pl\" \/>\n<meta property=\"article:publisher\" content=\"https:\/\/www.facebook.com\/antykomunistyczni\/\" \/>\n<meta property=\"article:modified_time\" content=\"2026-02-28T15:19:42+00:00\" \/>\n<meta property=\"og:image\" content=\"https:\/\/antykomunistyczni.pl\/wp-content\/uploads\/2026\/02\/AntykomunistyczniLogoSquare.png\" \/>\n\t<meta property=\"og:image:width\" content=\"1024\" \/>\n\t<meta property=\"og:image:height\" content=\"1024\" \/>\n\t<meta property=\"og:image:type\" content=\"image\/png\" \/>\n<meta name=\"twitter:card\" content=\"summary_large_image\" \/>\n<meta name=\"twitter:site\" content=\"@anty_komunisci\" \/>\n<meta name=\"twitter:label1\" content=\"Szacowany czas czytania\" \/>\n\t<meta name=\"twitter:data1\" content=\"1 minuta\" \/>\n<script type=\"application\/ld+json\" class=\"yoast-schema-graph\">{\"@context\":\"https:\\\/\\\/schema.org\",\"@graph\":[{\"@type\":\"WebPage\",\"@id\":\"https:\\\/\\\/antykomunistyczni.pl\\\/index.php\\\/zaproszenie-do-wspolpracy\\\/\",\"url\":\"https:\\\/\\\/antykomunistyczni.pl\\\/index.php\\\/zaproszenie-do-wspolpracy\\\/\",\"name\":\"Zaproszenie do wsp\u00f3\u0142pracy - Antykomunistyczni.pl\",\"isPartOf\":{\"@id\":\"https:\\\/\\\/antykomunistyczni.pl\\\/#website\"},\"datePublished\":\"2026-02-28T15:16:29+00:00\",\"dateModified\":\"2026-02-28T15:19:42+00:00\",\"breadcrumb\":{\"@id\":\"https:\\\/\\\/antykomunistyczni.pl\\\/index.php\\\/zaproszenie-do-wspolpracy\\\/#breadcrumb\"},\"inLanguage\":\"pl-PL\",\"potentialAction\":[{\"@type\":\"ReadAction\",\"target\":[\"https:\\\/\\\/antykomunistyczni.pl\\\/index.php\\\/zaproszenie-do-wspolpracy\\\/\"]}]},{\"@type\":\"BreadcrumbList\",\"@id\":\"https:\\\/\\\/antykomunistyczni.pl\\\/index.php\\\/zaproszenie-do-wspolpracy\\\/#breadcrumb\",\"itemListElement\":[{\"@type\":\"ListItem\",\"position\":1,\"name\":\"Strona g\u0142\u00f3wna\",\"item\":\"https:\\\/\\\/antykomunistyczni.pl\\\/\"},{\"@type\":\"ListItem\",\"position\":2,\"name\":\"Zaproszenie do wsp\u00f3\u0142pracy\"}]},{\"@type\":\"WebSite\",\"@id\":\"https:\\\/\\\/antykomunistyczni.pl\\\/#website\",\"url\":\"https:\\\/\\\/antykomunistyczni.pl\\\/\",\"name\":\"Antykomunistyczni.pl\",\"description\":\"\",\"publisher\":{\"@id\":\"https:\\\/\\\/antykomunistyczni.pl\\\/#organization\"},\"alternateName\":\"Historia PRL, zbrodnie komunistyczne w Polsce i na \u015bwiecie\",\"potentialAction\":[{\"@type\":\"SearchAction\",\"target\":{\"@type\":\"EntryPoint\",\"urlTemplate\":\"https:\\\/\\\/antykomunistyczni.pl\\\/?s={search_term_string}\"},\"query-input\":{\"@type\":\"PropertyValueSpecification\",\"valueRequired\":true,\"valueName\":\"search_term_string\"}}],\"inLanguage\":\"pl-PL\"},{\"@type\":\"Organization\",\"@id\":\"https:\\\/\\\/antykomunistyczni.pl\\\/#organization\",\"name\":\"Antykomunistyczni.pl\",\"url\":\"https:\\\/\\\/antykomunistyczni.pl\\\/\",\"logo\":{\"@type\":\"ImageObject\",\"inLanguage\":\"pl-PL\",\"@id\":\"https:\\\/\\\/antykomunistyczni.pl\\\/#\\\/schema\\\/logo\\\/image\\\/\",\"url\":\"https:\\\/\\\/antykomunistyczni.pl\\\/wp-content\\\/uploads\\\/2026\\\/02\\\/cropped-AntykomunistyczniLogoSquare150x150-2.png\",\"contentUrl\":\"https:\\\/\\\/antykomunistyczni.pl\\\/wp-content\\\/uploads\\\/2026\\\/02\\\/cropped-AntykomunistyczniLogoSquare150x150-2.png\",\"width\":150,\"height\":150,\"caption\":\"Antykomunistyczni.pl\"},\"image\":{\"@id\":\"https:\\\/\\\/antykomunistyczni.pl\\\/#\\\/schema\\\/logo\\\/image\\\/\"},\"sameAs\":[\"https:\\\/\\\/www.facebook.com\\\/antykomunistyczni\\\/\",\"https:\\\/\\\/x.com\\\/anty_komunisci\"]}]}<\/script>\n<!-- \/ Yoast SEO plugin. -->","yoast_head_json":{"title":"Zaproszenie do wsp\u00f3\u0142pracy - Antykomunistyczni.pl","robots":{"index":"index","follow":"follow","max-snippet":"max-snippet:-1","max-image-preview":"max-image-preview:large","max-video-preview":"max-video-preview:-1"},"canonical":"https:\/\/antykomunistyczni.pl\/index.php\/zaproszenie-do-wspolpracy\/","og_locale":"pl_PL","og_type":"article","og_title":"Zaproszenie do wsp\u00f3\u0142pracy - Antykomunistyczni.pl","og_description":"ZAPROSZENIE DO WSP\u00d3\u0141PRACY Wsp\u00f3\u0142tw\u00f3rzmy przestrze\u0144 pami\u0119ci Antykomunistyczni.pl to projekt otwarty.Jego si\u0142\u0105 nie s\u0105 jedynie dane i opracowania, lecz \u015bwiadectwa ludzi \u2014 tych, kt\u00f3rzy do\u015bwiadczyli systemu, oraz tych, kt\u00f3rzy przechowuj\u0105 pami\u0119\u0107 o swoich bliskich. Zapraszamy do wsp\u00f3\u0142pracy wszystkich, kt\u00f3rym bliska jest prawda historyczna i odpowiedzialne m\u00f3wienie o przesz\u0142o\u015bci. Zapraszamy: dzia\u0142aczy opozycji \u2013 aby podzielili si\u0119 swoimi [&hellip;]","og_url":"https:\/\/antykomunistyczni.pl\/index.php\/zaproszenie-do-wspolpracy\/","og_site_name":"Antykomunistyczni.pl","article_publisher":"https:\/\/www.facebook.com\/antykomunistyczni\/","article_modified_time":"2026-02-28T15:19:42+00:00","og_image":[{"width":1024,"height":1024,"url":"https:\/\/antykomunistyczni.pl\/wp-content\/uploads\/2026\/02\/AntykomunistyczniLogoSquare.png","type":"image\/png"}],"twitter_card":"summary_large_image","twitter_site":"@anty_komunisci","twitter_misc":{"Szacowany czas czytania":"1 minuta"},"schema":{"@context":"https:\/\/schema.org","@graph":[{"@type":"WebPage","@id":"https:\/\/antykomunistyczni.pl\/index.php\/zaproszenie-do-wspolpracy\/","url":"https:\/\/antykomunistyczni.pl\/index.php\/zaproszenie-do-wspolpracy\/","name":"Zaproszenie do wsp\u00f3\u0142pracy - Antykomunistyczni.pl","isPartOf":{"@id":"https:\/\/antykomunistyczni.pl\/#website"},"datePublished":"2026-02-28T15:16:29+00:00","dateModified":"2026-02-28T15:19:42+00:00","breadcrumb":{"@id":"https:\/\/antykomunistyczni.pl\/index.php\/zaproszenie-do-wspolpracy\/#breadcrumb"},"inLanguage":"pl-PL","potentialAction":[{"@type":"ReadAction","target":["https:\/\/antykomunistyczni.pl\/index.php\/zaproszenie-do-wspolpracy\/"]}]},{"@type":"BreadcrumbList","@id":"https:\/\/antykomunistyczni.pl\/index.php\/zaproszenie-do-wspolpracy\/#breadcrumb","itemListElement":[{"@type":"ListItem","position":1,"name":"Strona g\u0142\u00f3wna","item":"https:\/\/antykomunistyczni.pl\/"},{"@type":"ListItem","position":2,"name":"Zaproszenie do wsp\u00f3\u0142pracy"}]},{"@type":"WebSite","@id":"https:\/\/antykomunistyczni.pl\/#website","url":"https:\/\/antykomunistyczni.pl\/","name":"Antykomunistyczni.pl","description":"","publisher":{"@id":"https:\/\/antykomunistyczni.pl\/#organization"},"alternateName":"Historia PRL, zbrodnie komunistyczne w Polsce i na \u015bwiecie","potentialAction":[{"@type":"SearchAction","target":{"@type":"EntryPoint","urlTemplate":"https:\/\/antykomunistyczni.pl\/?s={search_term_string}"},"query-input":{"@type":"PropertyValueSpecification","valueRequired":true,"valueName":"search_term_string"}}],"inLanguage":"pl-PL"},{"@type":"Organization","@id":"https:\/\/antykomunistyczni.pl\/#organization","name":"Antykomunistyczni.pl","url":"https:\/\/antykomunistyczni.pl\/","logo":{"@type":"ImageObject","inLanguage":"pl-PL","@id":"https:\/\/antykomunistyczni.pl\/#\/schema\/logo\/image\/","url":"https:\/\/antykomunistyczni.pl\/wp-content\/uploads\/2026\/02\/cropped-AntykomunistyczniLogoSquare150x150-2.png","contentUrl":"https:\/\/antykomunistyczni.pl\/wp-content\/uploads\/2026\/02\/cropped-AntykomunistyczniLogoSquare150x150-2.png","width":150,"height":150,"caption":"Antykomunistyczni.pl"},"image":{"@id":"https:\/\/antykomunistyczni.pl\/#\/schema\/logo\/image\/"},"sameAs":["https:\/\/www.facebook.com\/antykomunistyczni\/","https:\/\/x.com\/anty_komunisci"]}]}},"campaignId":"","_links":{"self":[{"href":"https:\/\/antykomunistyczni.pl\/index.php\/wp-json\/wp\/v2\/pages\/329","targetHints":{"allow":["GET"]}}],"collection":[{"href":"https:\/\/antykomunistyczni.pl\/index.php\/wp-json\/wp\/v2\/pages"}],"about":[{"href":"https:\/\/antykomunistyczni.pl\/index.php\/wp-json\/wp\/v2\/types\/page"}],"author":[{"embeddable":true,"href":"https:\/\/antykomunistyczni.pl\/index.php\/wp-json\/wp\/v2\/users\/1"}],"replies":[{"embeddable":true,"href":"https:\/\/antykomunistyczni.pl\/index.php\/wp-json\/wp\/v2\/comments?post=329"}],"version-history":[{"count":7,"href":"https:\/\/antykomunistyczni.pl\/index.php\/wp-json\/wp\/v2\/pages\/329\/revisions"}],"predecessor-version":[{"id":336,"href":"https:\/\/antykomunistyczni.pl\/index.php\/wp-json\/wp\/v2\/pages\/329\/revisions\/336"}],"wp:attachment":[{"href":"https:\/\/antykomunistyczni.pl\/index.php\/wp-json\/wp\/v2\/media?parent=329"}],"curies":[{"name":"wp","href":"https:\/\/api.w.org\/{rel}","templated":true}]}}