{"id":343,"date":"2026-02-28T16:25:20","date_gmt":"2026-02-28T15:25:20","guid":{"rendered":"https:\/\/antykomunistyczni.pl\/?page_id=343"},"modified":"2026-02-28T16:59:38","modified_gmt":"2026-02-28T15:59:38","slug":"newsletter","status":"publish","type":"page","link":"https:\/\/antykomunistyczni.pl\/index.php\/newsletter\/","title":{"rendered":"Zapisz na newsletter"},"content":{"rendered":"\t\t<div data-elementor-type=\"wp-page\" data-elementor-id=\"343\" class=\"elementor elementor-343\">\n\t\t\t\t<div class=\"elementor-element elementor-element-74d2bfcb e-flex e-con-boxed e-con e-parent\" data-id=\"74d2bfcb\" data-element_type=\"container\" data-e-type=\"container\">\n\t\t\t\t\t<div class=\"e-con-inner\">\n\t\t\t\t<div class=\"elementor-element elementor-element-3325dc80 elementor-widget elementor-widget-text-editor\" data-id=\"3325dc80\" data-element_type=\"widget\" data-e-type=\"widget\" data-widget_type=\"text-editor.default\">\n\t\t\t\t\t\t\t\t\t\n<h2 class=\"wp-block-heading\">Zosta\u0144 cz\u0119\u015bci\u0105 wsp\u00f3lnoty pami\u0119ci<\/h2>\n\n<p class=\"wp-block-paragraph\">Projekt antykomunistyczni.pl rozwija si\u0119 dzi\u0119ki zaanga\u017cowaniu os\u00f3b, kt\u00f3rym bliska jest prawda historyczna. Newsletter to spos\u00f3b, by pozosta\u0107 w sta\u0142ym kontakcie i otrzymywa\u0107 najwa\u017cniejsze informacje o nowych tre\u015bciach.<\/p>\n<hr class=\"wp-block-separator has-alpha-channel-opacity\" \/>\n<h2 class=\"wp-block-heading\">Co b\u0119dziesz otrzymywa\u0107?<\/h2>\n\n<ul class=\"wp-block-list\">\n<li>informacje o nowych artyku\u0142ach i analizach,<\/li>\n\n<li>publikacje \u015bwiadectw i relacji,<\/li>\n\n<li>dane i opracowania historyczne,<\/li>\n\n<li>zaproszenia do wsp\u00f3\u0142pracy i inicjatyw edukacyjnych,<\/li>\n\n<li>informacje o rocznicach i wydarzeniach zwi\u0105zanych z pami\u0119ci\u0105 o ofiarach systemu komunistycznego.<\/li>\n<\/ul>\n<hr class=\"wp-block-separator has-alpha-channel-opacity\" \/>\n<h2 class=\"wp-block-heading\">Dlaczego warto?<\/h2>\n\n<p class=\"wp-block-paragraph\">Pami\u0119\u0107 historyczna wymaga troski i systematyczno\u015bci.<br \/>Newsletter pozwala w uporz\u0105dkowany spos\u00f3b \u015bledzi\u0107 rozw\u00f3j projektu i wsp\u00f3\u0142tworzy\u0107 przestrze\u0144 rzetelnej refleksji nad przesz\u0142o\u015bci\u0105.<\/p>\n\n<p class=\"wp-block-paragraph\">Nie wysy\u0142amy tre\u015bci przypadkowych ani komercyjnych. Komunikacja dotyczy wy\u0142\u0105cznie dzia\u0142alno\u015bci projektu.<\/p>\n<hr class=\"wp-block-separator has-alpha-channel-opacity\" \/>\n<h2 class=\"wp-block-heading\">Do\u0142\u0105cz<\/h2>\n\n<p class=\"wp-block-paragraph\">Zapisuj\u0105c si\u0119 na newsletter, wyra\u017casz wol\u0119 bycia cz\u0119\u015bci\u0105 wsp\u00f3lnoty pami\u0119ci i odpowiedzialno\u015bci.<\/p>\n\n<p class=\"wp-block-paragraph\"><strong>Zapisz si\u0119 i pozosta\u0144 w kontakcie.<\/strong><\/p>\n\t\t\t\t\t\t\t\t<\/div>\n\t\t\t\t\t<\/div>\n\t\t\t\t<\/div>\n\t\t<div class=\"elementor-element elementor-element-d6581d3 e-flex e-con-boxed e-con e-parent\" data-id=\"d6581d3\" data-element_type=\"container\" data-e-type=\"container\">\n\t\t\t\t\t<div class=\"e-con-inner\">\n\t\t\t\t<div class=\"elementor-element elementor-element-aa9920d elementor-widget elementor-widget-html\" data-id=\"aa9920d\" data-element_type=\"widget\" data-e-type=\"widget\" data-widget_type=\"html.default\">\n\t\t\t\t\t<script id = 'formScript1151061000107799056' src = 'https:\/\/crm.zoho.com\/crm\/WebFormServeServlet?rid=985b883c30e534892fe928ca72c5c942fd769bc72b78d9e63d4096822a3b65ac49db38e37649efcbbf190ea73b7c5b01gid45fcd844bc47d3eaf500a35002ce6ccbbc9b2588be6f11e340c231a3ea888394&script=$sYG'>\n<\/script>\t\t\t\t<\/div>\n\t\t\t\t\t<\/div>\n\t\t\t\t<\/div>\n\t\t\t\t<\/div>\n\t\t","protected":false},"excerpt":{"rendered":"<p>Zosta\u0144 cz\u0119\u015bci\u0105 wsp\u00f3lnoty pami\u0119ci Projekt antykomunistyczni.pl rozwija si\u0119 dzi\u0119ki zaanga\u017cowaniu os\u00f3b, kt\u00f3rym bliska jest prawda historyczna. Newsletter to spos\u00f3b, by pozosta\u0107 w sta\u0142ym kontakcie i otrzymywa\u0107 najwa\u017cniejsze informacje o nowych tre\u015bciach. Co b\u0119dziesz otrzymywa\u0107? Dlaczego warto? Pami\u0119\u0107 historyczna wymaga troski i systematyczno\u015bci.Newsletter pozwala w uporz\u0105dkowany spos\u00f3b \u015bledzi\u0107 rozw\u00f3j projektu i wsp\u00f3\u0142tworzy\u0107 przestrze\u0144 rzetelnej refleksji nad [&hellip;]<\/p>\n","protected":false},"author":1,"featured_media":0,"parent":0,"menu_order":0,"comment_status":"closed","ping_status":"closed","template":"","meta":{"give_campaign_id":0,"footnotes":""},"class_list":["post-343","page","type-page","status-publish","hentry"],"yoast_head":"<!-- This site is optimized with the Yoast SEO plugin v28.4 - https:\/\/yoast.com\/product\/yoast-seo-wordpress\/ -->\n<title>Zapisz na newsletter - Antykomunistyczni.pl<\/title>\n<meta name=\"robots\" content=\"index, follow, max-snippet:-1, max-image-preview:large, max-video-preview:-1\" \/>\n<link rel=\"canonical\" href=\"https:\/\/antykomunistyczni.pl\/index.php\/newsletter\/\" \/>\n<meta property=\"og:locale\" content=\"pl_PL\" \/>\n<meta property=\"og:type\" content=\"article\" \/>\n<meta property=\"og:title\" content=\"Zapisz na newsletter - Antykomunistyczni.pl\" \/>\n<meta property=\"og:description\" content=\"Zosta\u0144 cz\u0119\u015bci\u0105 wsp\u00f3lnoty pami\u0119ci Projekt antykomunistyczni.pl rozwija si\u0119 dzi\u0119ki zaanga\u017cowaniu os\u00f3b, kt\u00f3rym bliska jest prawda historyczna. Newsletter to spos\u00f3b, by pozosta\u0107 w sta\u0142ym kontakcie i otrzymywa\u0107 najwa\u017cniejsze informacje o nowych tre\u015bciach. Co b\u0119dziesz otrzymywa\u0107? Dlaczego warto? Pami\u0119\u0107 historyczna wymaga troski i systematyczno\u015bci.Newsletter pozwala w uporz\u0105dkowany spos\u00f3b \u015bledzi\u0107 rozw\u00f3j projektu i wsp\u00f3\u0142tworzy\u0107 przestrze\u0144 rzetelnej refleksji nad [&hellip;]\" \/>\n<meta property=\"og:url\" content=\"https:\/\/antykomunistyczni.pl\/index.php\/newsletter\/\" \/>\n<meta property=\"og:site_name\" content=\"Antykomunistyczni.pl\" \/>\n<meta property=\"article:publisher\" content=\"https:\/\/www.facebook.com\/antykomunistyczni\/\" \/>\n<meta property=\"article:modified_time\" content=\"2026-02-28T15:59:38+00:00\" \/>\n<meta property=\"og:image\" content=\"https:\/\/antykomunistyczni.pl\/wp-content\/uploads\/2026\/02\/AntykomunistyczniLogoSquare.png\" \/>\n\t<meta property=\"og:image:width\" content=\"1024\" \/>\n\t<meta property=\"og:image:height\" content=\"1024\" \/>\n\t<meta property=\"og:image:type\" content=\"image\/png\" \/>\n<meta name=\"twitter:card\" content=\"summary_large_image\" \/>\n<meta name=\"twitter:site\" content=\"@anty_komunisci\" \/>\n<meta name=\"twitter:label1\" content=\"Szacowany czas czytania\" \/>\n\t<meta name=\"twitter:data1\" content=\"1 minuta\" \/>\n<script type=\"application\/ld+json\" class=\"yoast-schema-graph\">{\"@context\":\"https:\\\/\\\/schema.org\",\"@graph\":[{\"@type\":\"WebPage\",\"@id\":\"https:\\\/\\\/antykomunistyczni.pl\\\/index.php\\\/newsletter\\\/\",\"url\":\"https:\\\/\\\/antykomunistyczni.pl\\\/index.php\\\/newsletter\\\/\",\"name\":\"Zapisz na newsletter - Antykomunistyczni.pl\",\"isPartOf\":{\"@id\":\"https:\\\/\\\/antykomunistyczni.pl\\\/#website\"},\"datePublished\":\"2026-02-28T15:25:20+00:00\",\"dateModified\":\"2026-02-28T15:59:38+00:00\",\"breadcrumb\":{\"@id\":\"https:\\\/\\\/antykomunistyczni.pl\\\/index.php\\\/newsletter\\\/#breadcrumb\"},\"inLanguage\":\"pl-PL\",\"potentialAction\":[{\"@type\":\"ReadAction\",\"target\":[\"https:\\\/\\\/antykomunistyczni.pl\\\/index.php\\\/newsletter\\\/\"]}]},{\"@type\":\"BreadcrumbList\",\"@id\":\"https:\\\/\\\/antykomunistyczni.pl\\\/index.php\\\/newsletter\\\/#breadcrumb\",\"itemListElement\":[{\"@type\":\"ListItem\",\"position\":1,\"name\":\"Strona g\u0142\u00f3wna\",\"item\":\"https:\\\/\\\/antykomunistyczni.pl\\\/\"},{\"@type\":\"ListItem\",\"position\":2,\"name\":\"Zapisz na newsletter\"}]},{\"@type\":\"WebSite\",\"@id\":\"https:\\\/\\\/antykomunistyczni.pl\\\/#website\",\"url\":\"https:\\\/\\\/antykomunistyczni.pl\\\/\",\"name\":\"Antykomunistyczni.pl\",\"description\":\"\",\"publisher\":{\"@id\":\"https:\\\/\\\/antykomunistyczni.pl\\\/#organization\"},\"alternateName\":\"Historia PRL, zbrodnie komunistyczne w Polsce i na \u015bwiecie\",\"potentialAction\":[{\"@type\":\"SearchAction\",\"target\":{\"@type\":\"EntryPoint\",\"urlTemplate\":\"https:\\\/\\\/antykomunistyczni.pl\\\/?s={search_term_string}\"},\"query-input\":{\"@type\":\"PropertyValueSpecification\",\"valueRequired\":true,\"valueName\":\"search_term_string\"}}],\"inLanguage\":\"pl-PL\"},{\"@type\":\"Organization\",\"@id\":\"https:\\\/\\\/antykomunistyczni.pl\\\/#organization\",\"name\":\"Antykomunistyczni.pl\",\"url\":\"https:\\\/\\\/antykomunistyczni.pl\\\/\",\"logo\":{\"@type\":\"ImageObject\",\"inLanguage\":\"pl-PL\",\"@id\":\"https:\\\/\\\/antykomunistyczni.pl\\\/#\\\/schema\\\/logo\\\/image\\\/\",\"url\":\"https:\\\/\\\/antykomunistyczni.pl\\\/wp-content\\\/uploads\\\/2026\\\/02\\\/cropped-AntykomunistyczniLogoSquare150x150-2.png\",\"contentUrl\":\"https:\\\/\\\/antykomunistyczni.pl\\\/wp-content\\\/uploads\\\/2026\\\/02\\\/cropped-AntykomunistyczniLogoSquare150x150-2.png\",\"width\":150,\"height\":150,\"caption\":\"Antykomunistyczni.pl\"},\"image\":{\"@id\":\"https:\\\/\\\/antykomunistyczni.pl\\\/#\\\/schema\\\/logo\\\/image\\\/\"},\"sameAs\":[\"https:\\\/\\\/www.facebook.com\\\/antykomunistyczni\\\/\",\"https:\\\/\\\/x.com\\\/anty_komunisci\"]}]}<\/script>\n<!-- \/ Yoast SEO plugin. -->","yoast_head_json":{"title":"Zapisz na newsletter - Antykomunistyczni.pl","robots":{"index":"index","follow":"follow","max-snippet":"max-snippet:-1","max-image-preview":"max-image-preview:large","max-video-preview":"max-video-preview:-1"},"canonical":"https:\/\/antykomunistyczni.pl\/index.php\/newsletter\/","og_locale":"pl_PL","og_type":"article","og_title":"Zapisz na newsletter - Antykomunistyczni.pl","og_description":"Zosta\u0144 cz\u0119\u015bci\u0105 wsp\u00f3lnoty pami\u0119ci Projekt antykomunistyczni.pl rozwija si\u0119 dzi\u0119ki zaanga\u017cowaniu os\u00f3b, kt\u00f3rym bliska jest prawda historyczna. Newsletter to spos\u00f3b, by pozosta\u0107 w sta\u0142ym kontakcie i otrzymywa\u0107 najwa\u017cniejsze informacje o nowych tre\u015bciach. Co b\u0119dziesz otrzymywa\u0107? Dlaczego warto? Pami\u0119\u0107 historyczna wymaga troski i systematyczno\u015bci.Newsletter pozwala w uporz\u0105dkowany spos\u00f3b \u015bledzi\u0107 rozw\u00f3j projektu i wsp\u00f3\u0142tworzy\u0107 przestrze\u0144 rzetelnej refleksji nad [&hellip;]","og_url":"https:\/\/antykomunistyczni.pl\/index.php\/newsletter\/","og_site_name":"Antykomunistyczni.pl","article_publisher":"https:\/\/www.facebook.com\/antykomunistyczni\/","article_modified_time":"2026-02-28T15:59:38+00:00","og_image":[{"width":1024,"height":1024,"url":"https:\/\/antykomunistyczni.pl\/wp-content\/uploads\/2026\/02\/AntykomunistyczniLogoSquare.png","type":"image\/png"}],"twitter_card":"summary_large_image","twitter_site":"@anty_komunisci","twitter_misc":{"Szacowany czas czytania":"1 minuta"},"schema":{"@context":"https:\/\/schema.org","@graph":[{"@type":"WebPage","@id":"https:\/\/antykomunistyczni.pl\/index.php\/newsletter\/","url":"https:\/\/antykomunistyczni.pl\/index.php\/newsletter\/","name":"Zapisz na newsletter - Antykomunistyczni.pl","isPartOf":{"@id":"https:\/\/antykomunistyczni.pl\/#website"},"datePublished":"2026-02-28T15:25:20+00:00","dateModified":"2026-02-28T15:59:38+00:00","breadcrumb":{"@id":"https:\/\/antykomunistyczni.pl\/index.php\/newsletter\/#breadcrumb"},"inLanguage":"pl-PL","potentialAction":[{"@type":"ReadAction","target":["https:\/\/antykomunistyczni.pl\/index.php\/newsletter\/"]}]},{"@type":"BreadcrumbList","@id":"https:\/\/antykomunistyczni.pl\/index.php\/newsletter\/#breadcrumb","itemListElement":[{"@type":"ListItem","position":1,"name":"Strona g\u0142\u00f3wna","item":"https:\/\/antykomunistyczni.pl\/"},{"@type":"ListItem","position":2,"name":"Zapisz na newsletter"}]},{"@type":"WebSite","@id":"https:\/\/antykomunistyczni.pl\/#website","url":"https:\/\/antykomunistyczni.pl\/","name":"Antykomunistyczni.pl","description":"","publisher":{"@id":"https:\/\/antykomunistyczni.pl\/#organization"},"alternateName":"Historia PRL, zbrodnie komunistyczne w Polsce i na \u015bwiecie","potentialAction":[{"@type":"SearchAction","target":{"@type":"EntryPoint","urlTemplate":"https:\/\/antykomunistyczni.pl\/?s={search_term_string}"},"query-input":{"@type":"PropertyValueSpecification","valueRequired":true,"valueName":"search_term_string"}}],"inLanguage":"pl-PL"},{"@type":"Organization","@id":"https:\/\/antykomunistyczni.pl\/#organization","name":"Antykomunistyczni.pl","url":"https:\/\/antykomunistyczni.pl\/","logo":{"@type":"ImageObject","inLanguage":"pl-PL","@id":"https:\/\/antykomunistyczni.pl\/#\/schema\/logo\/image\/","url":"https:\/\/antykomunistyczni.pl\/wp-content\/uploads\/2026\/02\/cropped-AntykomunistyczniLogoSquare150x150-2.png","contentUrl":"https:\/\/antykomunistyczni.pl\/wp-content\/uploads\/2026\/02\/cropped-AntykomunistyczniLogoSquare150x150-2.png","width":150,"height":150,"caption":"Antykomunistyczni.pl"},"image":{"@id":"https:\/\/antykomunistyczni.pl\/#\/schema\/logo\/image\/"},"sameAs":["https:\/\/www.facebook.com\/antykomunistyczni\/","https:\/\/x.com\/anty_komunisci"]}]}},"campaignId":"","_links":{"self":[{"href":"https:\/\/antykomunistyczni.pl\/index.php\/wp-json\/wp\/v2\/pages\/343","targetHints":{"allow":["GET"]}}],"collection":[{"href":"https:\/\/antykomunistyczni.pl\/index.php\/wp-json\/wp\/v2\/pages"}],"about":[{"href":"https:\/\/antykomunistyczni.pl\/index.php\/wp-json\/wp\/v2\/types\/page"}],"author":[{"embeddable":true,"href":"https:\/\/antykomunistyczni.pl\/index.php\/wp-json\/wp\/v2\/users\/1"}],"replies":[{"embeddable":true,"href":"https:\/\/antykomunistyczni.pl\/index.php\/wp-json\/wp\/v2\/comments?post=343"}],"version-history":[{"count":5,"href":"https:\/\/antykomunistyczni.pl\/index.php\/wp-json\/wp\/v2\/pages\/343\/revisions"}],"predecessor-version":[{"id":362,"href":"https:\/\/antykomunistyczni.pl\/index.php\/wp-json\/wp\/v2\/pages\/343\/revisions\/362"}],"wp:attachment":[{"href":"https:\/\/antykomunistyczni.pl\/index.php\/wp-json\/wp\/v2\/media?parent=343"}],"curies":[{"name":"wp","href":"https:\/\/api.w.org\/{rel}","templated":true}]}}