{"id":486,"date":"2026-03-01T17:09:51","date_gmt":"2026-03-01T16:09:51","guid":{"rendered":"https:\/\/antykomunistyczni.pl\/?page_id=486"},"modified":"2026-03-01T17:13:04","modified_gmt":"2026-03-01T16:13:04","slug":"antykomunisci","status":"publish","type":"page","link":"https:\/\/antykomunistyczni.pl\/index.php\/antykomunisci\/","title":{"rendered":"Antykomuni\u015bci"},"content":{"rendered":"\t\t<div data-elementor-type=\"wp-page\" data-elementor-id=\"486\" class=\"elementor elementor-486\">\n\t\t\t\t<div class=\"elementor-element elementor-element-a563928 e-flex e-con-boxed e-con e-parent\" data-id=\"a563928\" data-element_type=\"container\" data-e-type=\"container\">\n\t\t\t\t\t<div class=\"e-con-inner\">\n\t\t\t\t<div class=\"elementor-element elementor-element-431a38d elementor-widget elementor-widget-contentviews_widget_grid1\" data-id=\"431a38d\" data-element_type=\"widget\" data-e-type=\"widget\" data-widget_type=\"contentviews_widget_grid1.default\">\n\t\t\t\t<div class=\"elementor-widget-container\">\n\t\t\t\t\t<div class='pt-cv-wrapper'> <h1 class=\"pt-cv-heading-container heading1\" data-blockid=\"431a38d\"><span class=\"pt-cv-heading\"> Antykomuni\u015bci <\/span><\/h1><div class=\"pt-cv-view pt-cv-blockgrid iscvblock iscvelementor grid1 layout1\" id=\"pt-cv-view-431a38d\"><div data-id=\"pt-cv-page-1\" class=\"pt-cv-page\" data-cvc=\"3\"><div class=\" pt-cv-content-item pt-cv-1-col\" ><div class=\"pt-cv-thumb-wrapper  \"><a href=\"https:\/\/antykomunistyczni.pl\/index.php\/zelazna-kurtyna-opadla-prorocze-przemowienie-winstona-churchilla-ktore-nazwalo-komunizm-po-imieniu\/\" class=\"_self pt-cv-href-thumbnail pt-cv-thumb-default\" target=\"_self\" ><img fetchpriority=\"high\" decoding=\"async\" width=\"474\" height=\"260\" src=\"https:\/\/antykomunistyczni.pl\/wp-content\/uploads\/2026\/03\/WinstonChurchilZelaznaKurtyna.jpg\" class=\"pt-cv-thumbnail\" alt=\"\" \/><\/a><\/div>\n<div class=\"pt-cv-taxoterm above_title\"><a href='https:\/\/antykomunistyczni.pl\/index.php\/category\/aktualnosci\/' title='Aktualno\u015bci' class='pt-cv-tax-aktualnosci'>Aktualno\u015bci<\/a><a href='https:\/\/antykomunistyczni.pl\/index.php\/category\/antykomunisci\/' title='Antykomuni\u015bci' class='pt-cv-tax-antykomunisci'>Antykomuni\u015bci<\/a><a href='https:\/\/antykomunistyczni.pl\/index.php\/category\/swiadectwa\/' title='\u015awiadectwa' class='pt-cv-tax-swiadectwa'>\u015awiadectwa<\/a><\/div>\n<h4 class=\"pt-cv-title\"><a href=\"https:\/\/antykomunistyczni.pl\/index.php\/zelazna-kurtyna-opadla-prorocze-przemowienie-winstona-churchilla-ktore-nazwalo-komunizm-po-imieniu\/\" class=\"_self\" target=\"_self\" >\u201e\u017belazna kurtyna opad\u0142a\u201d \u2013 prorocze przem\u00f3wienie Winstona Churchilla, kt\u00f3re nazwa\u0142o komunizm po imieniu<\/a><\/h4>\n<div class=\"pt-cv-content\">\u201e\u017belazna kurtyna opad\u0142a\u201d \u2013 prorocze przem\u00f3wienie Winstona Churchilla, kt\u00f3re nazwa\u0142o komunizm po imieniu 5 marca 1946 roku, zaledwie kilka miesi\u0119cy ...<\/div>\n<div class=\"pt-cv-rmwrap\"><a href=\"https:\/\/antykomunistyczni.pl\/index.php\/zelazna-kurtyna-opadla-prorocze-przemowienie-winstona-churchilla-ktore-nazwalo-komunizm-po-imieniu\/\" class=\"_self pt-cv-readmore btn btn-success\" target=\"_self\" >Dowiedz Si\u0119 Wi\u0119cej\u2026<\/a><\/div>\n<div class=\"pt-cv-meta-fields\"><span class=\"entry-date\"> <time datetime=\"2026-03-27T19:53:09+01:00\">2026-03-27<\/time><\/span><span> \/ <\/span><span class=\"author\"> <a href=\"https:\/\/antykomunistyczni.pl\/index.php\/author\/admin0\/\" rel=\"author\">Antykomunistyczni<\/a><\/span><\/div><\/div>\n<div class=\" pt-cv-content-item pt-cv-1-col\" ><div class=\"pt-cv-thumb-wrapper  \"><a href=\"https:\/\/antykomunistyczni.pl\/index.php\/12-marca-1945-aresztowanie-gen-augusta-emila-fieldorfa-nila\/\" class=\"_self pt-cv-href-thumbnail pt-cv-thumb-default\" target=\"_self\" ><img decoding=\"async\" width=\"750\" height=\"885\" src=\"https:\/\/antykomunistyczni.pl\/wp-content\/uploads\/2026\/03\/GeneralNil-1.jpg\" class=\"pt-cv-thumbnail\" alt=\"\" \/><\/a><\/div>\n<div class=\"pt-cv-taxoterm above_title\"><a href='https:\/\/antykomunistyczni.pl\/index.php\/category\/aktualnosci\/' title='Aktualno\u015bci' class='pt-cv-tax-aktualnosci'>Aktualno\u015bci<\/a><a href='https:\/\/antykomunistyczni.pl\/index.php\/category\/antykomunisci\/' title='Antykomuni\u015bci' class='pt-cv-tax-antykomunisci'>Antykomuni\u015bci<\/a><a href='https:\/\/antykomunistyczni.pl\/index.php\/category\/komunistyczne-zbrodnie-w-polsce\/' title='Komunistyczne zbrodnie w Polsce' class='pt-cv-tax-komunistyczne-zbrodnie-w-polsce'>Komunistyczne zbrodnie w Polsce<\/a><a href='https:\/\/antykomunistyczni.pl\/index.php\/category\/swiadectwa\/' title='\u015awiadectwa' class='pt-cv-tax-swiadectwa'>\u015awiadectwa<\/a><\/div>\n<h4 class=\"pt-cv-title\"><a href=\"https:\/\/antykomunistyczni.pl\/index.php\/12-marca-1945-aresztowanie-gen-augusta-emila-fieldorfa-nila\/\" class=\"_self\" target=\"_self\" >12 marca 1945 \u2013 Aresztowanie gen. Augusta Emila Fieldorfa \u201eNila\u201d<\/a><\/h4>\n<div class=\"pt-cv-content\">12 marca 1945 roku funkcjonariusze NKWD aresztowali jednego z najwybitniejszych dow\u00f3dc\u00f3w polskiego podziemia \u2013 August Emil Fieldorf, znanego pod pseudonimem ...<\/div>\n<div class=\"pt-cv-rmwrap\"><a href=\"https:\/\/antykomunistyczni.pl\/index.php\/12-marca-1945-aresztowanie-gen-augusta-emila-fieldorfa-nila\/\" class=\"_self pt-cv-readmore btn btn-success\" target=\"_self\" >Dowiedz Si\u0119 Wi\u0119cej\u2026<\/a><\/div>\n<div class=\"pt-cv-meta-fields\"><span class=\"entry-date\"> <time datetime=\"2026-03-12T08:00:00+01:00\">2026-03-12<\/time><\/span><span> \/ <\/span><span class=\"author\"> <a href=\"https:\/\/antykomunistyczni.pl\/index.php\/author\/admin0\/\" rel=\"author\">Antykomunistyczni<\/a><\/span><\/div><\/div>\n<div class=\" pt-cv-content-item pt-cv-1-col\" ><div class=\"pt-cv-thumb-wrapper  \"><a href=\"https:\/\/antykomunistyczni.pl\/index.php\/8-marca-1968-wiec-na-uniwersytecie-warszawskim-poczatek-studenckiego-buntu\/\" class=\"_self pt-cv-href-thumbnail pt-cv-thumb-default\" target=\"_self\" ><img decoding=\"async\" width=\"800\" height=\"424\" src=\"https:\/\/antykomunistyczni.pl\/wp-content\/uploads\/2026\/03\/Marzec68-1024x543.png\" class=\"pt-cv-thumbnail\" alt=\"\" \/><\/a><\/div>\n<div class=\"pt-cv-taxoterm above_title\"><a href='https:\/\/antykomunistyczni.pl\/index.php\/category\/aktualnosci\/' title='Aktualno\u015bci' class='pt-cv-tax-aktualnosci'>Aktualno\u015bci<\/a><a href='https:\/\/antykomunistyczni.pl\/index.php\/category\/antykomunisci\/' title='Antykomuni\u015bci' class='pt-cv-tax-antykomunisci'>Antykomuni\u015bci<\/a><\/div>\n<h4 class=\"pt-cv-title\"><a href=\"https:\/\/antykomunistyczni.pl\/index.php\/8-marca-1968-wiec-na-uniwersytecie-warszawskim-poczatek-studenckiego-buntu\/\" class=\"_self\" target=\"_self\" >8 marca 1968 \u2013 wiec na Uniwersytecie Warszawskim. Pocz\u0105tek studenckiego buntu<\/a><\/h4>\n<div class=\"pt-cv-content\">8 marca 1968 roku na dziedzi\u0144cu Uniwersytetu Warszawskiego odby\u0142 si\u0119 wiec, kt\u00f3ry sta\u0142 si\u0119 jednym z najwa\u017cniejszych moment\u00f3w sprzeciwu wobec ...<\/div>\n<div class=\"pt-cv-rmwrap\"><a href=\"https:\/\/antykomunistyczni.pl\/index.php\/8-marca-1968-wiec-na-uniwersytecie-warszawskim-poczatek-studenckiego-buntu\/\" class=\"_self pt-cv-readmore btn btn-success\" target=\"_self\" >Dowiedz Si\u0119 Wi\u0119cej\u2026<\/a><\/div>\n<div class=\"pt-cv-meta-fields\"><span class=\"entry-date\"> <time datetime=\"2026-03-08T08:00:00+01:00\">2026-03-08<\/time><\/span><span> \/ <\/span><span class=\"author\"> <a href=\"https:\/\/antykomunistyczni.pl\/index.php\/author\/admin0\/\" rel=\"author\">Antykomunistyczni<\/a><\/span><\/div><\/div>\n<div class=\" pt-cv-content-item pt-cv-1-col\" ><div class=\"pt-cv-thumb-wrapper  \"><a href=\"https:\/\/antykomunistyczni.pl\/index.php\/7-marca-1949-r-meczenska-smierc-mjr-hieronima-dekutowskiego-zapory-i-szesciu-jego-zolnierzy\/\" class=\"_self pt-cv-href-thumbnail pt-cv-thumb-default\" target=\"_self\" ><img loading=\"lazy\" decoding=\"async\" width=\"661\" height=\"363\" src=\"https:\/\/antykomunistyczni.pl\/wp-content\/uploads\/2026\/03\/HeronimDekutowskiZapora.jpeg\" class=\"pt-cv-thumbnail\" alt=\"\" \/><\/a><\/div>\n<div class=\"pt-cv-taxoterm above_title\"><a href='https:\/\/antykomunistyczni.pl\/index.php\/category\/aktualnosci\/' title='Aktualno\u015bci' class='pt-cv-tax-aktualnosci'>Aktualno\u015bci<\/a><a href='https:\/\/antykomunistyczni.pl\/index.php\/category\/antykomunisci\/' title='Antykomuni\u015bci' class='pt-cv-tax-antykomunisci'>Antykomuni\u015bci<\/a><a href='https:\/\/antykomunistyczni.pl\/index.php\/category\/komunistyczne-zbrodnie-w-polsce\/' title='Komunistyczne zbrodnie w Polsce' class='pt-cv-tax-komunistyczne-zbrodnie-w-polsce'>Komunistyczne zbrodnie w Polsce<\/a><a href='https:\/\/antykomunistyczni.pl\/index.php\/category\/swiadectwa\/' title='\u015awiadectwa' class='pt-cv-tax-swiadectwa'>\u015awiadectwa<\/a><\/div>\n<h4 class=\"pt-cv-title\"><a href=\"https:\/\/antykomunistyczni.pl\/index.php\/7-marca-1949-r-meczenska-smierc-mjr-hieronima-dekutowskiego-zapory-i-szesciu-jego-zolnierzy\/\" class=\"_self\" target=\"_self\" >7 marca 1949 r. \u2013 M\u0119cze\u0144ska \u015bmier\u0107 mjr. Hieronima Dekutowskiego \u201eZapory&#8221; i sze\u015bciu jego \u017co\u0142nierzy<\/a><\/h4>\n<div class=\"pt-cv-content\">Historia polskiej niepodleg\u0142o\u015bci pisana by\u0142a krwi\u0105 najlepszych syn\u00f3w Ojczyzny. 7 marca 1949 roku w krakowskim wi\u0119zieniu przy ul. Montelupich, komunistyczny ...<\/div>\n<div class=\"pt-cv-rmwrap\"><a href=\"https:\/\/antykomunistyczni.pl\/index.php\/7-marca-1949-r-meczenska-smierc-mjr-hieronima-dekutowskiego-zapory-i-szesciu-jego-zolnierzy\/\" class=\"_self pt-cv-readmore btn btn-success\" target=\"_self\" >Dowiedz Si\u0119 Wi\u0119cej\u2026<\/a><\/div>\n<div class=\"pt-cv-meta-fields\"><span class=\"entry-date\"> <time datetime=\"2026-03-07T08:00:00+01:00\">2026-03-07<\/time><\/span><span> \/ <\/span><span class=\"author\"> <a href=\"https:\/\/antykomunistyczni.pl\/index.php\/author\/admin0\/\" rel=\"author\">Antykomunistyczni<\/a><\/span><\/div><\/div>\n<div class=\" pt-cv-content-item pt-cv-1-col\" ><div class=\"pt-cv-thumb-wrapper  \"><a href=\"https:\/\/antykomunistyczni.pl\/index.php\/10-przykazan-ktore-kazdy-polak-wiedziec-powinien\/\" class=\"_self pt-cv-href-thumbnail pt-cv-thumb-default\" target=\"_self\" ><img loading=\"lazy\" decoding=\"async\" width=\"800\" height=\"703\" src=\"https:\/\/antykomunistyczni.pl\/wp-content\/uploads\/2026\/03\/10-Przykazan-niezlomnego.webp\" class=\"pt-cv-thumbnail\" alt=\"\" \/><\/a><\/div>\n<div class=\"pt-cv-taxoterm above_title\"><a href='https:\/\/antykomunistyczni.pl\/index.php\/category\/antykomunisci\/' title='Antykomuni\u015bci' class='pt-cv-tax-antykomunisci'>Antykomuni\u015bci<\/a><a href='https:\/\/antykomunistyczni.pl\/index.php\/category\/komunisci\/stalinizm-w-polsce\/' title='Stalinizm w Polsce' class='pt-cv-tax-stalinizm-w-polsce'>Stalinizm w Polsce<\/a><\/div>\n<h4 class=\"pt-cv-title\"><a href=\"https:\/\/antykomunistyczni.pl\/index.php\/10-przykazan-ktore-kazdy-polak-wiedziec-powinien\/\" class=\"_self\" target=\"_self\" >10 przykaza\u0144 kt\u00f3re ka\u017cdy Polak wiedzie\u0107 powinien<\/a><\/h4>\n<div class=\"pt-cv-content\">1.Nie b\u0119dziesz mia\u0142 rz\u0105d\u00f3w innych ponad prawowity Rz\u0105d Polski z Prezydentem Rzeczypospolitej na czele. 2. Nie b\u0119dziesz bra\u0142 udzia\u0142u w ...<\/div>\n<div class=\"pt-cv-rmwrap\"><a href=\"https:\/\/antykomunistyczni.pl\/index.php\/10-przykazan-ktore-kazdy-polak-wiedziec-powinien\/\" class=\"_self pt-cv-readmore btn btn-success\" target=\"_self\" >Dowiedz Si\u0119 Wi\u0119cej\u2026<\/a><\/div>\n<div class=\"pt-cv-meta-fields\"><span class=\"entry-date\"> <time datetime=\"2026-03-04T15:26:33+01:00\">2026-03-04<\/time><\/span><span> \/ <\/span><span class=\"author\"> <a href=\"https:\/\/antykomunistyczni.pl\/index.php\/author\/admin0\/\" rel=\"author\">Antykomunistyczni<\/a><\/span><\/div><\/div>\n<div class=\" pt-cv-content-item pt-cv-1-col\" ><div class=\"pt-cv-thumb-wrapper  \"><a href=\"https:\/\/antykomunistyczni.pl\/index.php\/gen-august-emil-fieldorf-nil-niezlomny-zolnierz-armii-krajowej\/\" class=\"_self pt-cv-href-thumbnail pt-cv-thumb-default\" target=\"_self\" ><img loading=\"lazy\" decoding=\"async\" width=\"563\" height=\"782\" src=\"https:\/\/antykomunistyczni.pl\/wp-content\/uploads\/2026\/03\/GeneralNil.jpg\" class=\"pt-cv-thumbnail\" alt=\"\" \/><\/a><\/div>\n<div class=\"pt-cv-taxoterm above_title\"><a href='https:\/\/antykomunistyczni.pl\/index.php\/category\/antykomunisci\/' title='Antykomuni\u015bci' class='pt-cv-tax-antykomunisci'>Antykomuni\u015bci<\/a><\/div>\n<h4 class=\"pt-cv-title\"><a href=\"https:\/\/antykomunistyczni.pl\/index.php\/gen-august-emil-fieldorf-nil-niezlomny-zolnierz-armii-krajowej\/\" class=\"_self\" target=\"_self\" >Gen. August Emil Fieldorf \u201eNil\u201d \u2013 niez\u0142omny \u017co\u0142nierz Armii Krajowej<\/a><\/h4>\n<div class=\"pt-cv-content\">24 lutego 1953 roku, po sfingowanym procesie, w wi\u0119zieniu na warszawskim Mokotowie zosta\u0142 zamordowany gen. August Emil Fieldorf \u201eNil\u201d \u2013 ...<\/div>\n<div class=\"pt-cv-rmwrap\"><a href=\"https:\/\/antykomunistyczni.pl\/index.php\/gen-august-emil-fieldorf-nil-niezlomny-zolnierz-armii-krajowej\/\" class=\"_self pt-cv-readmore btn btn-success\" target=\"_self\" >Dowiedz Si\u0119 Wi\u0119cej\u2026<\/a><\/div>\n<div class=\"pt-cv-meta-fields\"><span class=\"entry-date\"> <time datetime=\"2026-03-02T20:20:37+01:00\">2026-03-02<\/time><\/span><span> \/ <\/span><span class=\"author\"> <a href=\"https:\/\/antykomunistyczni.pl\/index.php\/author\/admin0\/\" rel=\"author\">Antykomunistyczni<\/a><\/span><\/div><\/div><\/div><\/div> <\/div> \t\t\t\t<\/div>\n\t\t\t\t<\/div>\n\t\t\t\t\t<\/div>\n\t\t\t\t<\/div>\n\t\t\t\t<\/div>\n\t\t","protected":false},"excerpt":{"rendered":"<p>Antykomuni\u015bci Antykomuni\u015bci Katy\u0144 \u2013 raj pod ziemi\u0105&#8230; Francuski antykomunistyczny plakat z 1943 roku o masakrze katy\u0144skiej \u2013 masowej egzekucji oko\u0142o 22 000 polskich je\u0144c\u00f3w wojennych przez rosyjskie &#8230; Dowiedz Si\u0119 Wi\u0119cej\u2026 2026-03-01 \/ Antykomunistyczni Antykomuni\u015bci Rumu\u0144ski plakat antykomunistyczny i antynazistowski z rewolucji rumu\u0144skiej, 1989 &#8230; Dowiedz Si\u0119 Wi\u0119cej\u2026 2026-03-01 \/ Antykomunistyczni<\/p>\n","protected":false},"author":1,"featured_media":0,"parent":0,"menu_order":0,"comment_status":"closed","ping_status":"closed","template":"","meta":{"give_campaign_id":0,"footnotes":""},"class_list":["post-486","page","type-page","status-publish","hentry"],"yoast_head":"<!-- This site is optimized with the Yoast SEO plugin v28.4 - https:\/\/yoast.com\/product\/yoast-seo-wordpress\/ -->\n<title>Antykomuni\u015bci - Antykomunistyczni.pl<\/title>\n<meta name=\"robots\" content=\"index, follow, max-snippet:-1, max-image-preview:large, max-video-preview:-1\" \/>\n<link rel=\"canonical\" href=\"https:\/\/antykomunistyczni.pl\/index.php\/antykomunisci\/\" \/>\n<meta property=\"og:locale\" content=\"pl_PL\" \/>\n<meta property=\"og:type\" content=\"article\" \/>\n<meta property=\"og:title\" content=\"Antykomuni\u015bci - Antykomunistyczni.pl\" \/>\n<meta property=\"og:description\" content=\"Antykomuni\u015bci Antykomuni\u015bci Katy\u0144 \u2013 raj pod ziemi\u0105&#8230; Francuski antykomunistyczny plakat z 1943 roku o masakrze katy\u0144skiej \u2013 masowej egzekucji oko\u0142o 22 000 polskich je\u0144c\u00f3w wojennych przez rosyjskie &#8230; Dowiedz Si\u0119 Wi\u0119cej\u2026 2026-03-01 \/ Antykomunistyczni Antykomuni\u015bci Rumu\u0144ski plakat antykomunistyczny i antynazistowski z rewolucji rumu\u0144skiej, 1989 &#8230; Dowiedz Si\u0119 Wi\u0119cej\u2026 2026-03-01 \/ Antykomunistyczni\" \/>\n<meta property=\"og:url\" content=\"https:\/\/antykomunistyczni.pl\/index.php\/antykomunisci\/\" \/>\n<meta property=\"og:site_name\" content=\"Antykomunistyczni.pl\" \/>\n<meta property=\"article:publisher\" content=\"https:\/\/www.facebook.com\/antykomunistyczni\/\" \/>\n<meta property=\"article:modified_time\" content=\"2026-03-01T16:13:04+00:00\" \/>\n<meta property=\"og:image\" content=\"https:\/\/antykomunistyczni.pl\/wp-content\/plugins\/content-views-query-and-display-post-page\/public\/assets\/images\/default_image.png\" \/>\n<meta name=\"twitter:card\" content=\"summary_large_image\" \/>\n<meta name=\"twitter:site\" content=\"@anty_komunisci\" \/>\n<script type=\"application\/ld+json\" class=\"yoast-schema-graph\">{\"@context\":\"https:\\\/\\\/schema.org\",\"@graph\":[{\"@type\":\"WebPage\",\"@id\":\"https:\\\/\\\/antykomunistyczni.pl\\\/index.php\\\/antykomunisci\\\/\",\"url\":\"https:\\\/\\\/antykomunistyczni.pl\\\/index.php\\\/antykomunisci\\\/\",\"name\":\"Antykomuni\u015bci - Antykomunistyczni.pl\",\"isPartOf\":{\"@id\":\"https:\\\/\\\/antykomunistyczni.pl\\\/#website\"},\"primaryImageOfPage\":{\"@id\":\"https:\\\/\\\/antykomunistyczni.pl\\\/index.php\\\/antykomunisci\\\/#primaryimage\"},\"image\":{\"@id\":\"https:\\\/\\\/antykomunistyczni.pl\\\/index.php\\\/antykomunisci\\\/#primaryimage\"},\"thumbnailUrl\":\"https:\\\/\\\/antykomunistyczni.pl\\\/wp-content\\\/plugins\\\/content-views-query-and-display-post-page\\\/public\\\/assets\\\/images\\\/default_image.png\",\"datePublished\":\"2026-03-01T16:09:51+00:00\",\"dateModified\":\"2026-03-01T16:13:04+00:00\",\"breadcrumb\":{\"@id\":\"https:\\\/\\\/antykomunistyczni.pl\\\/index.php\\\/antykomunisci\\\/#breadcrumb\"},\"inLanguage\":\"pl-PL\",\"potentialAction\":[{\"@type\":\"ReadAction\",\"target\":[\"https:\\\/\\\/antykomunistyczni.pl\\\/index.php\\\/antykomunisci\\\/\"]}]},{\"@type\":\"ImageObject\",\"inLanguage\":\"pl-PL\",\"@id\":\"https:\\\/\\\/antykomunistyczni.pl\\\/index.php\\\/antykomunisci\\\/#primaryimage\",\"url\":\"https:\\\/\\\/antykomunistyczni.pl\\\/wp-content\\\/plugins\\\/content-views-query-and-display-post-page\\\/public\\\/assets\\\/images\\\/default_image.png\",\"contentUrl\":\"https:\\\/\\\/antykomunistyczni.pl\\\/wp-content\\\/plugins\\\/content-views-query-and-display-post-page\\\/public\\\/assets\\\/images\\\/default_image.png\"},{\"@type\":\"BreadcrumbList\",\"@id\":\"https:\\\/\\\/antykomunistyczni.pl\\\/index.php\\\/antykomunisci\\\/#breadcrumb\",\"itemListElement\":[{\"@type\":\"ListItem\",\"position\":1,\"name\":\"Strona g\u0142\u00f3wna\",\"item\":\"https:\\\/\\\/antykomunistyczni.pl\\\/\"},{\"@type\":\"ListItem\",\"position\":2,\"name\":\"Antykomuni\u015bci\"}]},{\"@type\":\"WebSite\",\"@id\":\"https:\\\/\\\/antykomunistyczni.pl\\\/#website\",\"url\":\"https:\\\/\\\/antykomunistyczni.pl\\\/\",\"name\":\"Antykomunistyczni.pl\",\"description\":\"\",\"publisher\":{\"@id\":\"https:\\\/\\\/antykomunistyczni.pl\\\/#organization\"},\"alternateName\":\"Historia PRL, zbrodnie komunistyczne w Polsce i na \u015bwiecie\",\"potentialAction\":[{\"@type\":\"SearchAction\",\"target\":{\"@type\":\"EntryPoint\",\"urlTemplate\":\"https:\\\/\\\/antykomunistyczni.pl\\\/?s={search_term_string}\"},\"query-input\":{\"@type\":\"PropertyValueSpecification\",\"valueRequired\":true,\"valueName\":\"search_term_string\"}}],\"inLanguage\":\"pl-PL\"},{\"@type\":\"Organization\",\"@id\":\"https:\\\/\\\/antykomunistyczni.pl\\\/#organization\",\"name\":\"Antykomunistyczni.pl\",\"url\":\"https:\\\/\\\/antykomunistyczni.pl\\\/\",\"logo\":{\"@type\":\"ImageObject\",\"inLanguage\":\"pl-PL\",\"@id\":\"https:\\\/\\\/antykomunistyczni.pl\\\/#\\\/schema\\\/logo\\\/image\\\/\",\"url\":\"https:\\\/\\\/antykomunistyczni.pl\\\/wp-content\\\/uploads\\\/2026\\\/02\\\/cropped-AntykomunistyczniLogoSquare150x150-2.png\",\"contentUrl\":\"https:\\\/\\\/antykomunistyczni.pl\\\/wp-content\\\/uploads\\\/2026\\\/02\\\/cropped-AntykomunistyczniLogoSquare150x150-2.png\",\"width\":150,\"height\":150,\"caption\":\"Antykomunistyczni.pl\"},\"image\":{\"@id\":\"https:\\\/\\\/antykomunistyczni.pl\\\/#\\\/schema\\\/logo\\\/image\\\/\"},\"sameAs\":[\"https:\\\/\\\/www.facebook.com\\\/antykomunistyczni\\\/\",\"https:\\\/\\\/x.com\\\/anty_komunisci\"]}]}<\/script>\n<!-- \/ Yoast SEO plugin. -->","yoast_head_json":{"title":"Antykomuni\u015bci - Antykomunistyczni.pl","robots":{"index":"index","follow":"follow","max-snippet":"max-snippet:-1","max-image-preview":"max-image-preview:large","max-video-preview":"max-video-preview:-1"},"canonical":"https:\/\/antykomunistyczni.pl\/index.php\/antykomunisci\/","og_locale":"pl_PL","og_type":"article","og_title":"Antykomuni\u015bci - Antykomunistyczni.pl","og_description":"Antykomuni\u015bci Antykomuni\u015bci Katy\u0144 \u2013 raj pod ziemi\u0105&#8230; Francuski antykomunistyczny plakat z 1943 roku o masakrze katy\u0144skiej \u2013 masowej egzekucji oko\u0142o 22 000 polskich je\u0144c\u00f3w wojennych przez rosyjskie &#8230; Dowiedz Si\u0119 Wi\u0119cej\u2026 2026-03-01 \/ Antykomunistyczni Antykomuni\u015bci Rumu\u0144ski plakat antykomunistyczny i antynazistowski z rewolucji rumu\u0144skiej, 1989 &#8230; Dowiedz Si\u0119 Wi\u0119cej\u2026 2026-03-01 \/ Antykomunistyczni","og_url":"https:\/\/antykomunistyczni.pl\/index.php\/antykomunisci\/","og_site_name":"Antykomunistyczni.pl","article_publisher":"https:\/\/www.facebook.com\/antykomunistyczni\/","article_modified_time":"2026-03-01T16:13:04+00:00","og_image":[{"url":"https:\/\/antykomunistyczni.pl\/wp-content\/plugins\/content-views-query-and-display-post-page\/public\/assets\/images\/default_image.png","type":"","width":"","height":""}],"twitter_card":"summary_large_image","twitter_site":"@anty_komunisci","schema":{"@context":"https:\/\/schema.org","@graph":[{"@type":"WebPage","@id":"https:\/\/antykomunistyczni.pl\/index.php\/antykomunisci\/","url":"https:\/\/antykomunistyczni.pl\/index.php\/antykomunisci\/","name":"Antykomuni\u015bci - Antykomunistyczni.pl","isPartOf":{"@id":"https:\/\/antykomunistyczni.pl\/#website"},"primaryImageOfPage":{"@id":"https:\/\/antykomunistyczni.pl\/index.php\/antykomunisci\/#primaryimage"},"image":{"@id":"https:\/\/antykomunistyczni.pl\/index.php\/antykomunisci\/#primaryimage"},"thumbnailUrl":"https:\/\/antykomunistyczni.pl\/wp-content\/plugins\/content-views-query-and-display-post-page\/public\/assets\/images\/default_image.png","datePublished":"2026-03-01T16:09:51+00:00","dateModified":"2026-03-01T16:13:04+00:00","breadcrumb":{"@id":"https:\/\/antykomunistyczni.pl\/index.php\/antykomunisci\/#breadcrumb"},"inLanguage":"pl-PL","potentialAction":[{"@type":"ReadAction","target":["https:\/\/antykomunistyczni.pl\/index.php\/antykomunisci\/"]}]},{"@type":"ImageObject","inLanguage":"pl-PL","@id":"https:\/\/antykomunistyczni.pl\/index.php\/antykomunisci\/#primaryimage","url":"https:\/\/antykomunistyczni.pl\/wp-content\/plugins\/content-views-query-and-display-post-page\/public\/assets\/images\/default_image.png","contentUrl":"https:\/\/antykomunistyczni.pl\/wp-content\/plugins\/content-views-query-and-display-post-page\/public\/assets\/images\/default_image.png"},{"@type":"BreadcrumbList","@id":"https:\/\/antykomunistyczni.pl\/index.php\/antykomunisci\/#breadcrumb","itemListElement":[{"@type":"ListItem","position":1,"name":"Strona g\u0142\u00f3wna","item":"https:\/\/antykomunistyczni.pl\/"},{"@type":"ListItem","position":2,"name":"Antykomuni\u015bci"}]},{"@type":"WebSite","@id":"https:\/\/antykomunistyczni.pl\/#website","url":"https:\/\/antykomunistyczni.pl\/","name":"Antykomunistyczni.pl","description":"","publisher":{"@id":"https:\/\/antykomunistyczni.pl\/#organization"},"alternateName":"Historia PRL, zbrodnie komunistyczne w Polsce i na \u015bwiecie","potentialAction":[{"@type":"SearchAction","target":{"@type":"EntryPoint","urlTemplate":"https:\/\/antykomunistyczni.pl\/?s={search_term_string}"},"query-input":{"@type":"PropertyValueSpecification","valueRequired":true,"valueName":"search_term_string"}}],"inLanguage":"pl-PL"},{"@type":"Organization","@id":"https:\/\/antykomunistyczni.pl\/#organization","name":"Antykomunistyczni.pl","url":"https:\/\/antykomunistyczni.pl\/","logo":{"@type":"ImageObject","inLanguage":"pl-PL","@id":"https:\/\/antykomunistyczni.pl\/#\/schema\/logo\/image\/","url":"https:\/\/antykomunistyczni.pl\/wp-content\/uploads\/2026\/02\/cropped-AntykomunistyczniLogoSquare150x150-2.png","contentUrl":"https:\/\/antykomunistyczni.pl\/wp-content\/uploads\/2026\/02\/cropped-AntykomunistyczniLogoSquare150x150-2.png","width":150,"height":150,"caption":"Antykomunistyczni.pl"},"image":{"@id":"https:\/\/antykomunistyczni.pl\/#\/schema\/logo\/image\/"},"sameAs":["https:\/\/www.facebook.com\/antykomunistyczni\/","https:\/\/x.com\/anty_komunisci"]}]}},"campaignId":"","_links":{"self":[{"href":"https:\/\/antykomunistyczni.pl\/index.php\/wp-json\/wp\/v2\/pages\/486","targetHints":{"allow":["GET"]}}],"collection":[{"href":"https:\/\/antykomunistyczni.pl\/index.php\/wp-json\/wp\/v2\/pages"}],"about":[{"href":"https:\/\/antykomunistyczni.pl\/index.php\/wp-json\/wp\/v2\/types\/page"}],"author":[{"embeddable":true,"href":"https:\/\/antykomunistyczni.pl\/index.php\/wp-json\/wp\/v2\/users\/1"}],"replies":[{"embeddable":true,"href":"https:\/\/antykomunistyczni.pl\/index.php\/wp-json\/wp\/v2\/comments?post=486"}],"version-history":[{"count":7,"href":"https:\/\/antykomunistyczni.pl\/index.php\/wp-json\/wp\/v2\/pages\/486\/revisions"}],"predecessor-version":[{"id":493,"href":"https:\/\/antykomunistyczni.pl\/index.php\/wp-json\/wp\/v2\/pages\/486\/revisions\/493"}],"wp:attachment":[{"href":"https:\/\/antykomunistyczni.pl\/index.php\/wp-json\/wp\/v2\/media?parent=486"}],"curies":[{"name":"wp","href":"https:\/\/api.w.org\/{rel}","templated":true}]}}