{"id":578,"date":"2026-03-02T13:27:59","date_gmt":"2026-03-02T12:27:59","guid":{"rendered":"https:\/\/antykomunistyczni.pl\/?page_id=578"},"modified":"2026-03-02T13:33:47","modified_gmt":"2026-03-02T12:33:47","slug":"komunisci","status":"publish","type":"page","link":"https:\/\/antykomunistyczni.pl\/index.php\/komunisci\/","title":{"rendered":"Komuni\u015bci"},"content":{"rendered":"\t\t<div data-elementor-type=\"wp-page\" data-elementor-id=\"578\" class=\"elementor elementor-578\">\n\t\t\t\t<div class=\"elementor-element elementor-element-13fc9f4 e-flex e-con-boxed e-con e-parent\" data-id=\"13fc9f4\" data-element_type=\"container\" data-e-type=\"container\">\n\t\t\t\t\t<div class=\"e-con-inner\">\n\t\t\t\t<div class=\"elementor-element elementor-element-ce3bb08 elementor-widget elementor-widget-heading\" data-id=\"ce3bb08\" data-element_type=\"widget\" data-e-type=\"widget\" data-widget_type=\"heading.default\">\n\t\t\t\t\t<h2 class=\"elementor-heading-title elementor-size-default\">Oni \u2013 komuni\u015bci<\/h2>\t\t\t\t<\/div>\n\t\t\t\t\t<\/div>\n\t\t\t\t<\/div>\n\t\t<div class=\"elementor-element elementor-element-8ce214a e-flex e-con-boxed e-con e-parent\" data-id=\"8ce214a\" data-element_type=\"container\" data-e-type=\"container\">\n\t\t\t\t\t<div class=\"e-con-inner\">\n\t\t\t\t<div class=\"elementor-element elementor-element-ab2701d elementor-widget elementor-widget-text-editor\" data-id=\"ab2701d\" data-element_type=\"widget\" data-e-type=\"widget\" data-widget_type=\"text-editor.default\">\n\t\t\t\t\t\t\t\t\t<p data-start=\"151\" data-end=\"233\"><span style=\"color: #000000;\">Poznaj ludzi, kt\u00f3rzy tworzyli, kierowali i reprezentowali systemy komunistyczne.<\/span><\/p><p data-start=\"235\" data-end=\"475\"><span style=\"color: #000000;\">Na tej stronie przedstawiamy sylwetki wybranych polityk\u00f3w, ideolog\u00f3w i funkcjonariuszy aparatu pa\u0144stwowego, kt\u00f3rzy kszta\u0142towali \u017cycie spo\u0142eczne w re\u017cimach komunistycznych. Analizujemy ich dzia\u0142ania, decyzje i wp\u0142yw na los milion\u00f3w ludzi.<\/span><\/p><p data-start=\"477\" data-end=\"879\"><span style=\"color: #000000;\">Ta lista nigdy nie b\u0119dzie kompletna. W Polsce, w okresie PRL, do Polskiej Zjednoczonej Partii Robotniczej (PZPR) przyst\u0105pi\u0142o oko\u0142o <strong data-start=\"608\" data-end=\"627\">3 milion\u00f3w os\u00f3b<\/strong>, czyli prawie 10% doros\u0142ej populacji. Na \u015bwiecie liczba cz\u0142onk\u00f3w partii komunistycznych si\u0119ga\u0142a dziesi\u0105tek milion\u00f3w, obejmuj\u0105c zar\u00f3wno polityk\u00f3w, funkcjonariuszy pa\u0144stwowych, jak i zwyk\u0142ych obywateli. W\u015br\u00f3d nich s\u0105 osoby, kt\u00f3re wci\u0105\u017c \u017cyj\u0105 w\u015br\u00f3d nas.<\/span><\/p><p data-start=\"881\" data-end=\"994\"><span style=\"color: #000000;\">Celem nie jest gloryfikacja, lecz zrozumienie mechanizm\u00f3w w\u0142adzy i odpowiedzialno\u015bci w systemach totalitarnych.<\/span><\/p>\t\t\t\t\t\t\t\t<\/div>\n\t\t\t\t\t<\/div>\n\t\t\t\t<\/div>\n\t\t<div class=\"elementor-element elementor-element-5316014 e-flex e-con-boxed e-con e-parent\" data-id=\"5316014\" data-element_type=\"container\" data-e-type=\"container\">\n\t\t\t\t\t<div class=\"e-con-inner\">\n\t\t\t\t<div class=\"elementor-element elementor-element-4eb7087 elementor-widget elementor-widget-contentviews_widget_grid1\" data-id=\"4eb7087\" data-element_type=\"widget\" data-e-type=\"widget\" data-widget_type=\"contentviews_widget_grid1.default\">\n\t\t\t\t<div class=\"elementor-widget-container\">\n\t\t\t\t\t<div class='pt-cv-wrapper'> <div class=\"pt-cv-view pt-cv-blockgrid iscvblock iscvelementor grid1 layout1\" id=\"pt-cv-view-4eb7087\"><div data-id=\"pt-cv-page-1\" class=\"pt-cv-page\" data-cvc=\"3\"><div class=\" pt-cv-content-item pt-cv-1-col\" ><div class=\"pt-cv-thumb-wrapper  \"><a href=\"https:\/\/antykomunistyczni.pl\/index.php\/komunistyczna-partia-polski-dalej-dziala-delegalizacja-wycofana\/\" class=\"_self pt-cv-href-thumbnail pt-cv-thumb-default\" target=\"_self\" ><img fetchpriority=\"high\" decoding=\"async\" width=\"800\" height=\"534\" src=\"https:\/\/antykomunistyczni.pl\/wp-content\/uploads\/2026\/03\/KPPDelegalizacja-1024x683.jpg\" class=\"pt-cv-thumbnail\" alt=\"\" \/><\/a><\/div>\n<div class=\"pt-cv-taxoterm above_title\"><a href='https:\/\/antykomunistyczni.pl\/index.php\/category\/aktualnosci\/' title='Aktualno\u015bci' class='pt-cv-tax-aktualnosci'>Aktualno\u015bci<\/a><a href='https:\/\/antykomunistyczni.pl\/index.php\/category\/komunisci\/' title='Komuni\u015bci' class='pt-cv-tax-komunisci'>Komuni\u015bci<\/a><a href='https:\/\/antykomunistyczni.pl\/index.php\/category\/wspolczesny-komunizm\/komunizm-w-panstwach-wspolczesnych\/' title='Komunizm w pa\u0144stwach wsp\u00f3\u0142czesnych' class='pt-cv-tax-komunizm-w-panstwach-wspolczesnych'>Komunizm w pa\u0144stwach wsp\u00f3\u0142czesnych<\/a><a href='https:\/\/antykomunistyczni.pl\/index.php\/category\/wspolczesny-komunizm\/' title='Wsp\u00f3\u0142czesny komunizm' class='pt-cv-tax-wspolczesny-komunizm'>Wsp\u00f3\u0142czesny komunizm<\/a><\/div>\n<h4 class=\"pt-cv-title\"><a href=\"https:\/\/antykomunistyczni.pl\/index.php\/komunistyczna-partia-polski-dalej-dziala-delegalizacja-wycofana\/\" class=\"_self\" target=\"_self\" >Komunistyczna Partia Polski dalej dzia\u0142a. Delegalizacja wycofana \u2013 skandal w 2026 roku<\/a><\/h4>\n<div class=\"pt-cv-content\">Komunistyczna Partia Polski (KPP), pomimo wyroku Trybuna\u0142u Konstytucyjnego z grudnia 2025 roku, wr\u00f3ci\u0142a do oficjalnego rejestru partii politycznych i mo\u017ce ...<\/div>\n<div class=\"pt-cv-rmwrap\"><a href=\"https:\/\/antykomunistyczni.pl\/index.php\/komunistyczna-partia-polski-dalej-dziala-delegalizacja-wycofana\/\" class=\"_self pt-cv-readmore btn btn-success\" target=\"_self\" >Dowiedz Si\u0119 Wi\u0119cej\u2026<\/a><\/div>\n<div class=\"pt-cv-meta-fields\"><span class=\"entry-date\"> <time datetime=\"2026-05-06T10:41:08+02:00\">2026-05-06<\/time><\/span><span> \/ <\/span><span class=\"author\"> <a href=\"https:\/\/antykomunistyczni.pl\/index.php\/author\/admin0\/\" rel=\"author\">Antykomunistyczni<\/a><\/span><\/div><\/div>\n<div class=\" pt-cv-content-item pt-cv-1-col\" ><div class=\"pt-cv-thumb-wrapper  \"><a href=\"https:\/\/antykomunistyczni.pl\/index.php\/rozliczenie-sedziow-nrd-niemcy-polska\/\" class=\"_self pt-cv-href-thumbnail pt-cv-thumb-default\" target=\"_self\" ><img decoding=\"async\" width=\"800\" height=\"450\" src=\"https:\/\/antykomunistyczni.pl\/wp-content\/uploads\/2026\/04\/1920x1080-589594918-1024x576.jpg\" class=\"pt-cv-thumbnail\" alt=\"\" \/><\/a><\/div>\n<div class=\"pt-cv-taxoterm above_title\"><a href='https:\/\/antykomunistyczni.pl\/index.php\/category\/aktualnosci\/' title='Aktualno\u015bci' class='pt-cv-tax-aktualnosci'>Aktualno\u015bci<\/a><a href='https:\/\/antykomunistyczni.pl\/index.php\/category\/komunisci\/' title='Komuni\u015bci' class='pt-cv-tax-komunisci'>Komuni\u015bci<\/a><a href='https:\/\/antykomunistyczni.pl\/index.php\/category\/komunistyczne-zbrodnie-w-polsce\/' title='Komunistyczne zbrodnie w Polsce' class='pt-cv-tax-komunistyczne-zbrodnie-w-polsce'>Komunistyczne zbrodnie w Polsce<\/a><a href='https:\/\/antykomunistyczni.pl\/index.php\/category\/wspolczesny-komunizm\/komunizm-w-panstwach-wspolczesnych\/' title='Komunizm w pa\u0144stwach wsp\u00f3\u0142czesnych' class='pt-cv-tax-komunizm-w-panstwach-wspolczesnych'>Komunizm w pa\u0144stwach wsp\u00f3\u0142czesnych<\/a><\/div>\n<h4 class=\"pt-cv-title\"><a href=\"https:\/\/antykomunistyczni.pl\/index.php\/rozliczenie-sedziow-nrd-niemcy-polska\/\" class=\"_self\" target=\"_self\" >Rozliczenie s\u0119dzi\u00f3w po komunizmie: Niemcy wymienili ponad 60%, Polska prawie \u017cadnego<\/a><\/h4>\n<div class=\"pt-cv-content\">Rozliczenie s\u0119dzi\u00f3w po komunizmie: Niemcy wymienili ponad 60%, Polska prawie \u017cadnego W 1989\u20131990 roku obie strony \u017celaznej kurtyny stan\u0119\u0142y przed ...<\/div>\n<div class=\"pt-cv-rmwrap\"><a href=\"https:\/\/antykomunistyczni.pl\/index.php\/rozliczenie-sedziow-nrd-niemcy-polska\/\" class=\"_self pt-cv-readmore btn btn-success\" target=\"_self\" >Dowiedz Si\u0119 Wi\u0119cej\u2026<\/a><\/div>\n<div class=\"pt-cv-meta-fields\"><span class=\"entry-date\"> <time datetime=\"2026-04-15T20:31:43+02:00\">2026-04-15<\/time><\/span><span> \/ <\/span><span class=\"author\"> <a href=\"https:\/\/antykomunistyczni.pl\/index.php\/author\/admin0\/\" rel=\"author\">Antykomunistyczni<\/a><\/span><\/div><\/div>\n<div class=\" pt-cv-content-item pt-cv-1-col\" ><div class=\"pt-cv-thumb-wrapper  \"><a href=\"https:\/\/antykomunistyczni.pl\/index.php\/kto-sfinansowal-lenina-i-bolszewicka-rewolucje-niemieckie-zloto-ktore-prawie-zniszczylo-polske\/\" class=\"_self pt-cv-href-thumbnail pt-cv-thumb-default\" target=\"_self\" ><img decoding=\"async\" width=\"800\" height=\"466\" src=\"https:\/\/antykomunistyczni.pl\/wp-content\/uploads\/2026\/03\/Lenin-przemawia-w-Moskwie-1024x597.jpg\" class=\"pt-cv-thumbnail\" alt=\"\" \/><\/a><\/div>\n<div class=\"pt-cv-taxoterm above_title\"><a href='https:\/\/antykomunistyczni.pl\/index.php\/category\/aktualnosci\/' title='Aktualno\u015bci' class='pt-cv-tax-aktualnosci'>Aktualno\u015bci<\/a><a href='https:\/\/antykomunistyczni.pl\/index.php\/category\/komunisci\/' title='Komuni\u015bci' class='pt-cv-tax-komunisci'>Komuni\u015bci<\/a><a href='https:\/\/antykomunistyczni.pl\/index.php\/category\/komunistyczne-zbrodnie-na-swiecie\/' title='Komunistyczne zbrodnie na \u015bwiecie' class='pt-cv-tax-komunistyczne-zbrodnie-na-swiecie'>Komunistyczne zbrodnie na \u015bwiecie<\/a><a href='https:\/\/antykomunistyczni.pl\/index.php\/category\/komunistyczne-zbrodnie-w-polsce\/' title='Komunistyczne zbrodnie w Polsce' class='pt-cv-tax-komunistyczne-zbrodnie-w-polsce'>Komunistyczne zbrodnie w Polsce<\/a><\/div>\n<h4 class=\"pt-cv-title\"><a href=\"https:\/\/antykomunistyczni.pl\/index.php\/kto-sfinansowal-lenina-i-bolszewicka-rewolucje-niemieckie-zloto-ktore-prawie-zniszczylo-polske\/\" class=\"_self\" target=\"_self\" >Kto sfinansowa\u0142 Lenina i bolszewick\u0105 rewolucj\u0119? Niemieckie z\u0142oto, kt\u00f3re prawie zniszczy\u0142o Polsk\u0119<\/a><\/h4>\n<div class=\"pt-cv-content\">Kto sfinansowa\u0142 Lenina i bolszewick\u0105 rewolucj\u0119? Niemieckie z\u0142oto, kt\u00f3re prawie zniszczy\u0142o Polsk\u0119 Rewolucja pa\u017adziernikowa 1917 roku nie wybuch\u0142a spontanicznie z ...<\/div>\n<div class=\"pt-cv-rmwrap\"><a href=\"https:\/\/antykomunistyczni.pl\/index.php\/kto-sfinansowal-lenina-i-bolszewicka-rewolucje-niemieckie-zloto-ktore-prawie-zniszczylo-polske\/\" class=\"_self pt-cv-readmore btn btn-success\" target=\"_self\" >Dowiedz Si\u0119 Wi\u0119cej\u2026<\/a><\/div>\n<div class=\"pt-cv-meta-fields\"><span class=\"entry-date\"> <time datetime=\"2026-03-26T08:13:57+01:00\">2026-03-26<\/time><\/span><span> \/ <\/span><span class=\"author\"> <a href=\"https:\/\/antykomunistyczni.pl\/index.php\/author\/admin0\/\" rel=\"author\">Antykomunistyczni<\/a><\/span><\/div><\/div>\n<div class=\" pt-cv-content-item pt-cv-1-col\" ><div class=\"pt-cv-thumb-wrapper  \"><a href=\"https:\/\/antykomunistyczni.pl\/index.php\/rozszlochana-inteligencja-jak-polscy-artysci-oplakiwali-stalina\/\" class=\"_self pt-cv-href-thumbnail pt-cv-thumb-default\" target=\"_self\" ><img loading=\"lazy\" decoding=\"async\" width=\"800\" height=\"450\" src=\"https:\/\/antykomunistyczni.pl\/wp-content\/uploads\/2026\/03\/NaglowkiSmiercStalina-1024x576.jpg\" class=\"pt-cv-thumbnail\" alt=\"\" \/><\/a><\/div>\n<div class=\"pt-cv-taxoterm above_title\"><a href='https:\/\/antykomunistyczni.pl\/index.php\/category\/aktualnosci\/' title='Aktualno\u015bci' class='pt-cv-tax-aktualnosci'>Aktualno\u015bci<\/a><a href='https:\/\/antykomunistyczni.pl\/index.php\/category\/komunisci\/' title='Komuni\u015bci' class='pt-cv-tax-komunisci'>Komuni\u015bci<\/a><a href='https:\/\/antykomunistyczni.pl\/index.php\/category\/wspolczesny-komunizm\/komunizm-w-popkulturze\/' title='Komunizm w popkulturze' class='pt-cv-tax-komunizm-w-popkulturze'>Komunizm w popkulturze<\/a><a href='https:\/\/antykomunistyczni.pl\/index.php\/category\/kultura-i-sztuka\/' title='Kultura i sztuka' class='pt-cv-tax-kultura-i-sztuka'>Kultura i sztuka<\/a><a href='https:\/\/antykomunistyczni.pl\/index.php\/category\/komunisci\/stalinizm-w-polsce\/' title='Stalinizm w Polsce' class='pt-cv-tax-stalinizm-w-polsce'>Stalinizm w Polsce<\/a><\/div>\n<h4 class=\"pt-cv-title\"><a href=\"https:\/\/antykomunistyczni.pl\/index.php\/rozszlochana-inteligencja-jak-polscy-artysci-oplakiwali-stalina\/\" class=\"_self\" target=\"_self\" >Rozszlochana inteligencja: Jak polscy arty\u015bci op\u0142akiwali Stalina<\/a><\/h4>\n<div class=\"pt-cv-content\">Rozszlochana inteligencja: Jak polscy arty\u015bci op\u0142akiwali Stalina \u2013 najwi\u0119ksze poni\u017cenie polskiej literatury 5 marca 1953 roku przesta\u0142o bi\u0107 serce J\u00f3zefa ...<\/div>\n<div class=\"pt-cv-rmwrap\"><a href=\"https:\/\/antykomunistyczni.pl\/index.php\/rozszlochana-inteligencja-jak-polscy-artysci-oplakiwali-stalina\/\" class=\"_self pt-cv-readmore btn btn-success\" target=\"_self\" >Dowiedz Si\u0119 Wi\u0119cej\u2026<\/a><\/div>\n<div class=\"pt-cv-meta-fields\"><span class=\"entry-date\"> <time datetime=\"2026-03-22T20:54:29+01:00\">2026-03-22<\/time><\/span><span> \/ <\/span><span class=\"author\"> <a href=\"https:\/\/antykomunistyczni.pl\/index.php\/author\/admin0\/\" rel=\"author\">Antykomunistyczni<\/a><\/span><\/div><\/div>\n<div class=\" pt-cv-content-item pt-cv-1-col\" ><div class=\"pt-cv-thumb-wrapper  \"><a href=\"https:\/\/antykomunistyczni.pl\/index.php\/komunizm-w-strukturach-unii-europejskiej\/\" class=\"_self pt-cv-href-thumbnail pt-cv-thumb-default\" target=\"_self\" ><img loading=\"lazy\" decoding=\"async\" width=\"800\" height=\"451\" src=\"https:\/\/antykomunistyczni.pl\/wp-content\/uploads\/2026\/03\/KKE-protest-at-polish-embassy-athens.png\" class=\"pt-cv-thumbnail\" alt=\"\" \/><\/a><\/div>\n<div class=\"pt-cv-taxoterm above_title\"><a href='https:\/\/antykomunistyczni.pl\/index.php\/category\/aktualnosci\/' title='Aktualno\u015bci' class='pt-cv-tax-aktualnosci'>Aktualno\u015bci<\/a><a href='https:\/\/antykomunistyczni.pl\/index.php\/category\/komunisci\/' title='Komuni\u015bci' class='pt-cv-tax-komunisci'>Komuni\u015bci<\/a><a href='https:\/\/antykomunistyczni.pl\/index.php\/category\/wspolczesny-komunizm\/komunizm-w-ideologiach-i-ruchach-wspolczesnych\/' title='Komunizm w ideologiach i ruchach wsp\u00f3\u0142czesnych' class='pt-cv-tax-komunizm-w-ideologiach-i-ruchach-wspolczesnych'>Komunizm w ideologiach i ruchach wsp\u00f3\u0142czesnych<\/a><a href='https:\/\/antykomunistyczni.pl\/index.php\/category\/wspolczesny-komunizm\/komunizm-w-panstwach-wspolczesnych\/' title='Komunizm w pa\u0144stwach wsp\u00f3\u0142czesnych' class='pt-cv-tax-komunizm-w-panstwach-wspolczesnych'>Komunizm w pa\u0144stwach wsp\u00f3\u0142czesnych<\/a><a href='https:\/\/antykomunistyczni.pl\/index.php\/category\/wspolczesny-komunizm\/mechanizmy-wspolczesnego-komunizmu\/' title='Mechanizmy wsp\u00f3\u0142czesnego komunizmu' class='pt-cv-tax-mechanizmy-wspolczesnego-komunizmu'>Mechanizmy wsp\u00f3\u0142czesnego komunizmu<\/a><a href='https:\/\/antykomunistyczni.pl\/index.php\/category\/wspolczesny-komunizm\/' title='Wsp\u00f3\u0142czesny komunizm' class='pt-cv-tax-wspolczesny-komunizm'>Wsp\u00f3\u0142czesny komunizm<\/a><\/div>\n<h4 class=\"pt-cv-title\"><a href=\"https:\/\/antykomunistyczni.pl\/index.php\/komunizm-w-strukturach-unii-europejskiej\/\" class=\"_self\" target=\"_self\" >Komunizm w strukturach Unii Europejskiej<\/a><\/h4>\n<div class=\"pt-cv-content\">Komunizm w strukturach Unii Europejskiej: od marginalnych mandat\u00f3w po ideologiczne korzenie federalizmu Unia Europejska powsta\u0142a jako projekt antytotalitarny \u2013 symbol ...<\/div>\n<div class=\"pt-cv-rmwrap\"><a href=\"https:\/\/antykomunistyczni.pl\/index.php\/komunizm-w-strukturach-unii-europejskiej\/\" class=\"_self pt-cv-readmore btn btn-success\" target=\"_self\" >Dowiedz Si\u0119 Wi\u0119cej\u2026<\/a><\/div>\n<div class=\"pt-cv-meta-fields\"><span class=\"entry-date\"> <time datetime=\"2026-03-22T20:31:05+01:00\">2026-03-22<\/time><\/span><span> \/ <\/span><span class=\"author\"> <a href=\"https:\/\/antykomunistyczni.pl\/index.php\/author\/admin0\/\" rel=\"author\">Antykomunistyczni<\/a><\/span><\/div><\/div>\n<div class=\" pt-cv-content-item pt-cv-1-col\" ><div class=\"pt-cv-thumb-wrapper  \"><a href=\"https:\/\/antykomunistyczni.pl\/index.php\/beata-karon-ostatnia-przewodniczaca-komunistycznej-partii-polski-2002-2025\/\" class=\"_self pt-cv-href-thumbnail pt-cv-thumb-default\" target=\"_self\" ><img loading=\"lazy\" decoding=\"async\" width=\"800\" height=\"456\" src=\"https:\/\/antykomunistyczni.pl\/wp-content\/uploads\/2026\/03\/BeataKaron.png\" class=\"pt-cv-thumbnail\" alt=\"\" \/><\/a><\/div>\n<div class=\"pt-cv-taxoterm above_title\"><a href='https:\/\/antykomunistyczni.pl\/index.php\/category\/komunisci\/' title='Komuni\u015bci' class='pt-cv-tax-komunisci'>Komuni\u015bci<\/a><a href='https:\/\/antykomunistyczni.pl\/index.php\/category\/wspolczesny-komunizm\/mechanizmy-wspolczesnego-komunizmu\/' title='Mechanizmy wsp\u00f3\u0142czesnego komunizmu' class='pt-cv-tax-mechanizmy-wspolczesnego-komunizmu'>Mechanizmy wsp\u00f3\u0142czesnego komunizmu<\/a><a href='https:\/\/antykomunistyczni.pl\/index.php\/category\/wspolczesny-komunizm\/' title='Wsp\u00f3\u0142czesny komunizm' class='pt-cv-tax-wspolczesny-komunizm'>Wsp\u00f3\u0142czesny komunizm<\/a><\/div>\n<h4 class=\"pt-cv-title\"><a href=\"https:\/\/antykomunistyczni.pl\/index.php\/beata-karon-ostatnia-przewodniczaca-komunistycznej-partii-polski-2002-2025\/\" class=\"_self\" target=\"_self\" >Beata Karo\u0144 \u2013 ostatnia przewodnicz\u0105ca Komunistycznej Partii Polski (2002\u20132025)<\/a><\/h4>\n<div class=\"pt-cv-content\">Beata Karo\u0144 \u2013 nadal aktywna twarz polskiego komunizmu. Przewodnicz\u0105ca zdelegalizowanej KPP, prezeska Stowarzyszenia Przyjaci\u00f3\u0142 Kuby i innych organizacji Na portalu ...<\/div>\n<div class=\"pt-cv-rmwrap\"><a href=\"https:\/\/antykomunistyczni.pl\/index.php\/beata-karon-ostatnia-przewodniczaca-komunistycznej-partii-polski-2002-2025\/\" class=\"_self pt-cv-readmore btn btn-success\" target=\"_self\" >Dowiedz Si\u0119 Wi\u0119cej\u2026<\/a><\/div>\n<div class=\"pt-cv-meta-fields\"><span class=\"entry-date\"> <time datetime=\"2026-03-13T14:54:02+01:00\">2026-03-13<\/time><\/span><span> \/ <\/span><span class=\"author\"> <a href=\"https:\/\/antykomunistyczni.pl\/index.php\/author\/admin0\/\" rel=\"author\">Antykomunistyczni<\/a><\/span><\/div><\/div>\n<div class=\" pt-cv-content-item pt-cv-1-col\" ><div class=\"pt-cv-thumb-wrapper  \"><a href=\"https:\/\/antykomunistyczni.pl\/index.php\/boleslaw-bierut-zmarl-w-sama-pore\/\" class=\"_self pt-cv-href-thumbnail pt-cv-thumb-default\" target=\"_self\" ><img loading=\"lazy\" decoding=\"async\" width=\"800\" height=\"514\" src=\"https:\/\/antykomunistyczni.pl\/wp-content\/uploads\/2026\/03\/PogrzebBieruta-1024x658.jpg\" class=\"pt-cv-thumbnail\" alt=\"Pogrzeb Boles\u0142awa Bieruta Warszawa 1956 \u2013 trumna z cia\u0142em sowieckiego namiestnika w Polsce\" \/><\/a><\/div>\n<div class=\"pt-cv-taxoterm above_title\"><a href='https:\/\/antykomunistyczni.pl\/index.php\/category\/komunisci\/' title='Komuni\u015bci' class='pt-cv-tax-komunisci'>Komuni\u015bci<\/a><a href='https:\/\/antykomunistyczni.pl\/index.php\/category\/komunisci\/stalinizm-w-polsce\/' title='Stalinizm w Polsce' class='pt-cv-tax-stalinizm-w-polsce'>Stalinizm w Polsce<\/a><\/div>\n<h4 class=\"pt-cv-title\"><a href=\"https:\/\/antykomunistyczni.pl\/index.php\/boleslaw-bierut-zmarl-w-sama-pore\/\" class=\"_self\" target=\"_self\" >Boles\u0142aw Bierut zmar\u0142 w sam\u0105 por\u0119<\/a><\/h4>\n<div class=\"pt-cv-content\">Pogrzeb Boles\u0142awa Bieruta Warszawa 1956 12 marca 1956 roku w Moskwie zmar\u0142 Boles\u0142aw Bierut \u2013 pierwszy sekretarz KC PZPR, symbol ...<\/div>\n<div class=\"pt-cv-rmwrap\"><a href=\"https:\/\/antykomunistyczni.pl\/index.php\/boleslaw-bierut-zmarl-w-sama-pore\/\" class=\"_self pt-cv-readmore btn btn-success\" target=\"_self\" >Dowiedz Si\u0119 Wi\u0119cej\u2026<\/a><\/div>\n<div class=\"pt-cv-meta-fields\"><span class=\"entry-date\"> <time datetime=\"2026-03-12T01:00:00+01:00\">2026-03-12<\/time><\/span><span> \/ <\/span><span class=\"author\"> <a href=\"https:\/\/antykomunistyczni.pl\/index.php\/author\/admin0\/\" rel=\"author\">Antykomunistyczni<\/a><\/span><\/div><\/div>\n<div class=\" pt-cv-content-item pt-cv-1-col\" ><div class=\"pt-cv-thumb-wrapper  \"><a href=\"https:\/\/antykomunistyczni.pl\/index.php\/gramsci-wymyslil-plan-dlugiego-marszu-frankfurtczycy-uzbroili-go-w-teorie-i-psychologie\/\" class=\"_self pt-cv-href-thumbnail pt-cv-thumb-default\" target=\"_self\" ><img loading=\"lazy\" decoding=\"async\" width=\"800\" height=\"534\" src=\"https:\/\/antykomunistyczni.pl\/wp-content\/uploads\/2026\/03\/SzkolaFrankfurcka.jpg\" class=\"pt-cv-thumbnail\" alt=\"\" \/><\/a><\/div>\n<div class=\"pt-cv-taxoterm above_title\"><a href='https:\/\/antykomunistyczni.pl\/index.php\/category\/komunisci\/' title='Komuni\u015bci' class='pt-cv-tax-komunisci'>Komuni\u015bci<\/a><a href='https:\/\/antykomunistyczni.pl\/index.php\/category\/wspolczesny-komunizm\/komunizm-w-popkulturze\/' title='Komunizm w popkulturze' class='pt-cv-tax-komunizm-w-popkulturze'>Komunizm w popkulturze<\/a><a href='https:\/\/antykomunistyczni.pl\/index.php\/category\/kultura-i-sztuka\/' title='Kultura i sztuka' class='pt-cv-tax-kultura-i-sztuka'>Kultura i sztuka<\/a><a href='https:\/\/antykomunistyczni.pl\/index.php\/category\/wspolczesny-komunizm\/mechanizmy-wspolczesnego-komunizmu\/' title='Mechanizmy wsp\u00f3\u0142czesnego komunizmu' class='pt-cv-tax-mechanizmy-wspolczesnego-komunizmu'>Mechanizmy wsp\u00f3\u0142czesnego komunizmu<\/a><a href='https:\/\/antykomunistyczni.pl\/index.php\/category\/wspolczesny-komunizm\/' title='Wsp\u00f3\u0142czesny komunizm' class='pt-cv-tax-wspolczesny-komunizm'>Wsp\u00f3\u0142czesny komunizm<\/a><\/div>\n<h4 class=\"pt-cv-title\"><a href=\"https:\/\/antykomunistyczni.pl\/index.php\/gramsci-wymyslil-plan-dlugiego-marszu-frankfurtczycy-uzbroili-go-w-teorie-i-psychologie\/\" class=\"_self\" target=\"_self\" >Gramsci wymy\u015bli\u0142 plan d\u0142ugiego marszu, Frankfurtczycy uzbroili go w teori\u0119 i psychologi\u0119<\/a><\/h4>\n<div class=\"pt-cv-content\">Gramsci wymy\u015bli\u0142 plan \u201ed\u0142ugiego marszu\u201d, Frankfurtczycy uzbroili go w teori\u0119 i psychologi\u0119 W latach 20. i 30. XX wieku Antonio ...<\/div>\n<div class=\"pt-cv-rmwrap\"><a href=\"https:\/\/antykomunistyczni.pl\/index.php\/gramsci-wymyslil-plan-dlugiego-marszu-frankfurtczycy-uzbroili-go-w-teorie-i-psychologie\/\" class=\"_self pt-cv-readmore btn btn-success\" target=\"_self\" >Dowiedz Si\u0119 Wi\u0119cej\u2026<\/a><\/div>\n<div class=\"pt-cv-meta-fields\"><span class=\"entry-date\"> <time datetime=\"2026-03-11T19:12:29+01:00\">2026-03-11<\/time><\/span><span> \/ <\/span><span class=\"author\"> <a href=\"https:\/\/antykomunistyczni.pl\/index.php\/author\/admin0\/\" rel=\"author\">Antykomunistyczni<\/a><\/span><\/div><\/div>\n<div class=\" pt-cv-content-item pt-cv-1-col\" ><div class=\"pt-cv-thumb-wrapper  \"><a href=\"https:\/\/antykomunistyczni.pl\/index.php\/10-marca-1950-poczatek-procesu-iv-zarzadu-glownego-win\/\" class=\"_self pt-cv-href-thumbnail pt-cv-thumb-default\" target=\"_self\" ><img loading=\"lazy\" decoding=\"async\" width=\"800\" height=\"440\" src=\"https:\/\/antykomunistyczni.pl\/wp-content\/uploads\/2026\/03\/ProcesWIN-1024x563.webp\" class=\"pt-cv-thumbnail\" alt=\"\" \/><\/a><\/div>\n<div class=\"pt-cv-taxoterm above_title\"><a href='https:\/\/antykomunistyczni.pl\/index.php\/category\/aktualnosci\/' title='Aktualno\u015bci' class='pt-cv-tax-aktualnosci'>Aktualno\u015bci<\/a><a href='https:\/\/antykomunistyczni.pl\/index.php\/category\/komunistyczne-zbrodnie-w-polsce\/' title='Komunistyczne zbrodnie w Polsce' class='pt-cv-tax-komunistyczne-zbrodnie-w-polsce'>Komunistyczne zbrodnie w Polsce<\/a><a href='https:\/\/antykomunistyczni.pl\/index.php\/category\/komunisci\/stalinizm-w-polsce\/' title='Stalinizm w Polsce' class='pt-cv-tax-stalinizm-w-polsce'>Stalinizm w Polsce<\/a><a href='https:\/\/antykomunistyczni.pl\/index.php\/category\/swiadectwa\/' title='\u015awiadectwa' class='pt-cv-tax-swiadectwa'>\u015awiadectwa<\/a><\/div>\n<h4 class=\"pt-cv-title\"><a href=\"https:\/\/antykomunistyczni.pl\/index.php\/10-marca-1950-poczatek-procesu-iv-zarzadu-glownego-win\/\" class=\"_self\" target=\"_self\" >10 marca 1950 \u2013 pocz\u0105tek procesu IV Zarz\u0105du G\u0142\u00f3wnego WiN<\/a><\/h4>\n<div class=\"pt-cv-content\">Proces dow\u00f3dztwa organizacji WIN - oskar\u017cony p\u0142k. dypl. Jan Rzepecki, ps. O\u017c\u00f3g. Foto: PAP\/Jerzy Baranowski Proces IV Zarz\u0105du G\u0142\u00f3wnego WiN ...<\/div>\n<div class=\"pt-cv-rmwrap\"><a href=\"https:\/\/antykomunistyczni.pl\/index.php\/10-marca-1950-poczatek-procesu-iv-zarzadu-glownego-win\/\" class=\"_self pt-cv-readmore btn btn-success\" target=\"_self\" >Dowiedz Si\u0119 Wi\u0119cej\u2026<\/a><\/div>\n<div class=\"pt-cv-meta-fields\"><span class=\"entry-date\"> <time datetime=\"2026-03-10T08:00:00+01:00\">2026-03-10<\/time><\/span><span> \/ <\/span><span class=\"author\"> <a href=\"https:\/\/antykomunistyczni.pl\/index.php\/author\/admin0\/\" rel=\"author\">Antykomunistyczni<\/a><\/span><\/div><\/div>\n<div class=\" pt-cv-content-item pt-cv-1-col\" ><div class=\"pt-cv-thumb-wrapper  \"><a href=\"https:\/\/antykomunistyczni.pl\/index.php\/5-marca-1953-smierc-jozefa-stalina-koniec-epoki-terroru\/\" class=\"_self pt-cv-href-thumbnail pt-cv-thumb-default\" target=\"_self\" ><img loading=\"lazy\" decoding=\"async\" width=\"800\" height=\"450\" src=\"https:\/\/antykomunistyczni.pl\/wp-content\/uploads\/2026\/03\/JozefStalinNaTrybunie-1024x576.jpg\" class=\"pt-cv-thumbnail\" alt=\"\" \/><\/a><\/div>\n<div class=\"pt-cv-taxoterm above_title\"><a href='https:\/\/antykomunistyczni.pl\/index.php\/category\/aktualnosci\/' title='Aktualno\u015bci' class='pt-cv-tax-aktualnosci'>Aktualno\u015bci<\/a><a href='https:\/\/antykomunistyczni.pl\/index.php\/category\/komunisci\/' title='Komuni\u015bci' class='pt-cv-tax-komunisci'>Komuni\u015bci<\/a><\/div>\n<h4 class=\"pt-cv-title\"><a href=\"https:\/\/antykomunistyczni.pl\/index.php\/5-marca-1953-smierc-jozefa-stalina-koniec-epoki-terroru\/\" class=\"_self\" target=\"_self\" >5 marca 1953 \u2013 \u015bmier\u0107 J\u00f3zefa Stalina. Koniec epoki terroru?<\/a><\/h4>\n<div class=\"pt-cv-content\">5 marca 1953 roku zmar\u0142 J\u00f3zef Stalin \u2013 dyktator Zwi\u0105zku Sowieckiego, tw\u00f3rca jednego z najbardziej represyjnych system\u00f3w w historii XX ...<\/div>\n<div class=\"pt-cv-rmwrap\"><a href=\"https:\/\/antykomunistyczni.pl\/index.php\/5-marca-1953-smierc-jozefa-stalina-koniec-epoki-terroru\/\" class=\"_self pt-cv-readmore btn btn-success\" target=\"_self\" >Dowiedz Si\u0119 Wi\u0119cej\u2026<\/a><\/div>\n<div class=\"pt-cv-meta-fields\"><span class=\"entry-date\"> <time datetime=\"2026-03-05T08:00:00+01:00\">2026-03-05<\/time><\/span><span> \/ <\/span><span class=\"author\"> <a href=\"https:\/\/antykomunistyczni.pl\/index.php\/author\/admin0\/\" rel=\"author\">Antykomunistyczni<\/a><\/span><\/div><\/div>\n<div class=\" pt-cv-content-item pt-cv-1-col\" ><div class=\"pt-cv-thumb-wrapper  \"><a href=\"https:\/\/antykomunistyczni.pl\/index.php\/5-marca-1940-decyzja-o-zbrodni-katynskiej\/\" class=\"_self pt-cv-href-thumbnail pt-cv-thumb-default\" target=\"_self\" ><img loading=\"lazy\" decoding=\"async\" width=\"800\" height=\"620\" src=\"https:\/\/antykomunistyczni.pl\/wp-content\/uploads\/2026\/03\/RocznicaZbrodniKatynskiej-1024x794.jpg\" class=\"pt-cv-thumbnail\" alt=\"\" \/><\/a><\/div>\n<div class=\"pt-cv-taxoterm above_title\"><a href='https:\/\/antykomunistyczni.pl\/index.php\/category\/aktualnosci\/' title='Aktualno\u015bci' class='pt-cv-tax-aktualnosci'>Aktualno\u015bci<\/a><a href='https:\/\/antykomunistyczni.pl\/index.php\/category\/komunisci\/' title='Komuni\u015bci' class='pt-cv-tax-komunisci'>Komuni\u015bci<\/a><a href='https:\/\/antykomunistyczni.pl\/index.php\/category\/komunistyczne-zbrodnie-w-polsce\/' title='Komunistyczne zbrodnie w Polsce' class='pt-cv-tax-komunistyczne-zbrodnie-w-polsce'>Komunistyczne zbrodnie w Polsce<\/a><a href='https:\/\/antykomunistyczni.pl\/index.php\/category\/komunistyczne-zbrodnie-w-polsce\/zbrodnia-katynska\/' title='Zbrodnia Katy\u0144ska' class='pt-cv-tax-zbrodnia-katynska'>Zbrodnia Katy\u0144ska<\/a><\/div>\n<h4 class=\"pt-cv-title\"><a href=\"https:\/\/antykomunistyczni.pl\/index.php\/5-marca-1940-decyzja-o-zbrodni-katynskiej\/\" class=\"_self\" target=\"_self\" >5 marca 1940 \u2013 decyzja o zbrodni katy\u0144skiej<\/a><\/h4>\n<div class=\"pt-cv-content\">Rocznica decyzji o zbrodni katy\u0144skiej 5 marca 1940 roku Biuro Polityczne KC WKP(b) podj\u0119\u0142o jedn\u0105 z najbardziej zbrodniczych decyzji XX ...<\/div>\n<div class=\"pt-cv-rmwrap\"><a href=\"https:\/\/antykomunistyczni.pl\/index.php\/5-marca-1940-decyzja-o-zbrodni-katynskiej\/\" class=\"_self pt-cv-readmore btn btn-success\" target=\"_self\" >Dowiedz Si\u0119 Wi\u0119cej\u2026<\/a><\/div>\n<div class=\"pt-cv-meta-fields\"><span class=\"entry-date\"> <time datetime=\"2026-03-05T08:00:00+01:00\">2026-03-05<\/time><\/span><span> \/ <\/span><span class=\"author\"> <a href=\"https:\/\/antykomunistyczni.pl\/index.php\/author\/admin0\/\" rel=\"author\">Antykomunistyczni<\/a><\/span><\/div><\/div>\n<div class=\" pt-cv-content-item pt-cv-1-col\" ><div class=\"pt-cv-thumb-wrapper  \"><a href=\"https:\/\/antykomunistyczni.pl\/index.php\/10-przykazan-ktore-kazdy-polak-wiedziec-powinien\/\" class=\"_self pt-cv-href-thumbnail pt-cv-thumb-default\" target=\"_self\" ><img loading=\"lazy\" decoding=\"async\" width=\"800\" height=\"703\" src=\"https:\/\/antykomunistyczni.pl\/wp-content\/uploads\/2026\/03\/10-Przykazan-niezlomnego.webp\" class=\"pt-cv-thumbnail\" alt=\"\" \/><\/a><\/div>\n<div class=\"pt-cv-taxoterm above_title\"><a href='https:\/\/antykomunistyczni.pl\/index.php\/category\/antykomunisci\/' title='Antykomuni\u015bci' class='pt-cv-tax-antykomunisci'>Antykomuni\u015bci<\/a><a href='https:\/\/antykomunistyczni.pl\/index.php\/category\/komunisci\/stalinizm-w-polsce\/' title='Stalinizm w Polsce' class='pt-cv-tax-stalinizm-w-polsce'>Stalinizm w Polsce<\/a><\/div>\n<h4 class=\"pt-cv-title\"><a href=\"https:\/\/antykomunistyczni.pl\/index.php\/10-przykazan-ktore-kazdy-polak-wiedziec-powinien\/\" class=\"_self\" target=\"_self\" >10 przykaza\u0144 kt\u00f3re ka\u017cdy Polak wiedzie\u0107 powinien<\/a><\/h4>\n<div class=\"pt-cv-content\">1.Nie b\u0119dziesz mia\u0142 rz\u0105d\u00f3w innych ponad prawowity Rz\u0105d Polski z Prezydentem Rzeczypospolitej na czele. 2. Nie b\u0119dziesz bra\u0142 udzia\u0142u w ...<\/div>\n<div class=\"pt-cv-rmwrap\"><a href=\"https:\/\/antykomunistyczni.pl\/index.php\/10-przykazan-ktore-kazdy-polak-wiedziec-powinien\/\" class=\"_self pt-cv-readmore btn btn-success\" target=\"_self\" >Dowiedz Si\u0119 Wi\u0119cej\u2026<\/a><\/div>\n<div class=\"pt-cv-meta-fields\"><span class=\"entry-date\"> <time datetime=\"2026-03-04T15:26:33+01:00\">2026-03-04<\/time><\/span><span> \/ <\/span><span class=\"author\"> <a href=\"https:\/\/antykomunistyczni.pl\/index.php\/author\/admin0\/\" rel=\"author\">Antykomunistyczni<\/a><\/span><\/div><\/div><\/div><\/div> <\/div> \t\t\t\t<\/div>\n\t\t\t\t<\/div>\n\t\t\t\t\t<\/div>\n\t\t\t\t<\/div>\n\t\t\t\t<\/div>\n\t\t","protected":false},"excerpt":{"rendered":"<p>Oni \u2013 komuni\u015bci Poznaj ludzi, kt\u00f3rzy tworzyli, kierowali i reprezentowali systemy komunistyczne. Na tej stronie przedstawiamy sylwetki wybranych polityk\u00f3w, ideolog\u00f3w i funkcjonariuszy aparatu pa\u0144stwowego, kt\u00f3rzy kszta\u0142towali \u017cycie spo\u0142eczne w re\u017cimach komunistycznych. Analizujemy ich dzia\u0142ania, decyzje i wp\u0142yw na los milion\u00f3w ludzi. Ta lista nigdy nie b\u0119dzie kompletna. W Polsce, w okresie PRL, do Polskiej Zjednoczonej [&hellip;]<\/p>\n","protected":false},"author":1,"featured_media":0,"parent":0,"menu_order":0,"comment_status":"closed","ping_status":"closed","template":"","meta":{"give_campaign_id":0,"footnotes":""},"class_list":["post-578","page","type-page","status-publish","hentry"],"yoast_head":"<!-- This site is optimized with the Yoast SEO plugin v28.4 - https:\/\/yoast.com\/product\/yoast-seo-wordpress\/ -->\n<title>Komuni\u015bci - Antykomunistyczni.pl<\/title>\n<meta name=\"robots\" content=\"index, follow, max-snippet:-1, max-image-preview:large, max-video-preview:-1\" \/>\n<link rel=\"canonical\" href=\"https:\/\/antykomunistyczni.pl\/index.php\/komunisci\/\" \/>\n<meta property=\"og:locale\" content=\"pl_PL\" \/>\n<meta property=\"og:type\" content=\"article\" \/>\n<meta property=\"og:title\" content=\"Komuni\u015bci - Antykomunistyczni.pl\" \/>\n<meta property=\"og:description\" content=\"Oni \u2013 komuni\u015bci Poznaj ludzi, kt\u00f3rzy tworzyli, kierowali i reprezentowali systemy komunistyczne. Na tej stronie przedstawiamy sylwetki wybranych polityk\u00f3w, ideolog\u00f3w i funkcjonariuszy aparatu pa\u0144stwowego, kt\u00f3rzy kszta\u0142towali \u017cycie spo\u0142eczne w re\u017cimach komunistycznych. Analizujemy ich dzia\u0142ania, decyzje i wp\u0142yw na los milion\u00f3w ludzi. Ta lista nigdy nie b\u0119dzie kompletna. W Polsce, w okresie PRL, do Polskiej Zjednoczonej [&hellip;]\" \/>\n<meta property=\"og:url\" content=\"https:\/\/antykomunistyczni.pl\/index.php\/komunisci\/\" \/>\n<meta property=\"og:site_name\" content=\"Antykomunistyczni.pl\" \/>\n<meta property=\"article:publisher\" content=\"https:\/\/www.facebook.com\/antykomunistyczni\/\" \/>\n<meta property=\"article:modified_time\" content=\"2026-03-02T12:33:47+00:00\" \/>\n<meta property=\"og:image\" content=\"https:\/\/antykomunistyczni.pl\/wp-content\/plugins\/content-views-query-and-display-post-page\/public\/assets\/images\/default_image.png\" \/>\n<meta name=\"twitter:card\" content=\"summary_large_image\" \/>\n<meta name=\"twitter:site\" content=\"@anty_komunisci\" \/>\n<meta name=\"twitter:label1\" content=\"Szacowany czas czytania\" \/>\n\t<meta name=\"twitter:data1\" content=\"3 minuty\" \/>\n<script type=\"application\/ld+json\" class=\"yoast-schema-graph\">{\"@context\":\"https:\\\/\\\/schema.org\",\"@graph\":[{\"@type\":\"WebPage\",\"@id\":\"https:\\\/\\\/antykomunistyczni.pl\\\/index.php\\\/komunisci\\\/\",\"url\":\"https:\\\/\\\/antykomunistyczni.pl\\\/index.php\\\/komunisci\\\/\",\"name\":\"Komuni\u015bci - Antykomunistyczni.pl\",\"isPartOf\":{\"@id\":\"https:\\\/\\\/antykomunistyczni.pl\\\/#website\"},\"primaryImageOfPage\":{\"@id\":\"https:\\\/\\\/antykomunistyczni.pl\\\/index.php\\\/komunisci\\\/#primaryimage\"},\"image\":{\"@id\":\"https:\\\/\\\/antykomunistyczni.pl\\\/index.php\\\/komunisci\\\/#primaryimage\"},\"thumbnailUrl\":\"https:\\\/\\\/antykomunistyczni.pl\\\/wp-content\\\/plugins\\\/content-views-query-and-display-post-page\\\/public\\\/assets\\\/images\\\/default_image.png\",\"datePublished\":\"2026-03-02T12:27:59+00:00\",\"dateModified\":\"2026-03-02T12:33:47+00:00\",\"breadcrumb\":{\"@id\":\"https:\\\/\\\/antykomunistyczni.pl\\\/index.php\\\/komunisci\\\/#breadcrumb\"},\"inLanguage\":\"pl-PL\",\"potentialAction\":[{\"@type\":\"ReadAction\",\"target\":[\"https:\\\/\\\/antykomunistyczni.pl\\\/index.php\\\/komunisci\\\/\"]}]},{\"@type\":\"ImageObject\",\"inLanguage\":\"pl-PL\",\"@id\":\"https:\\\/\\\/antykomunistyczni.pl\\\/index.php\\\/komunisci\\\/#primaryimage\",\"url\":\"https:\\\/\\\/antykomunistyczni.pl\\\/wp-content\\\/plugins\\\/content-views-query-and-display-post-page\\\/public\\\/assets\\\/images\\\/default_image.png\",\"contentUrl\":\"https:\\\/\\\/antykomunistyczni.pl\\\/wp-content\\\/plugins\\\/content-views-query-and-display-post-page\\\/public\\\/assets\\\/images\\\/default_image.png\"},{\"@type\":\"BreadcrumbList\",\"@id\":\"https:\\\/\\\/antykomunistyczni.pl\\\/index.php\\\/komunisci\\\/#breadcrumb\",\"itemListElement\":[{\"@type\":\"ListItem\",\"position\":1,\"name\":\"Strona g\u0142\u00f3wna\",\"item\":\"https:\\\/\\\/antykomunistyczni.pl\\\/\"},{\"@type\":\"ListItem\",\"position\":2,\"name\":\"Komuni\u015bci\"}]},{\"@type\":\"WebSite\",\"@id\":\"https:\\\/\\\/antykomunistyczni.pl\\\/#website\",\"url\":\"https:\\\/\\\/antykomunistyczni.pl\\\/\",\"name\":\"Antykomunistyczni.pl\",\"description\":\"\",\"publisher\":{\"@id\":\"https:\\\/\\\/antykomunistyczni.pl\\\/#organization\"},\"alternateName\":\"Historia PRL, zbrodnie komunistyczne w Polsce i na \u015bwiecie\",\"potentialAction\":[{\"@type\":\"SearchAction\",\"target\":{\"@type\":\"EntryPoint\",\"urlTemplate\":\"https:\\\/\\\/antykomunistyczni.pl\\\/?s={search_term_string}\"},\"query-input\":{\"@type\":\"PropertyValueSpecification\",\"valueRequired\":true,\"valueName\":\"search_term_string\"}}],\"inLanguage\":\"pl-PL\"},{\"@type\":\"Organization\",\"@id\":\"https:\\\/\\\/antykomunistyczni.pl\\\/#organization\",\"name\":\"Antykomunistyczni.pl\",\"url\":\"https:\\\/\\\/antykomunistyczni.pl\\\/\",\"logo\":{\"@type\":\"ImageObject\",\"inLanguage\":\"pl-PL\",\"@id\":\"https:\\\/\\\/antykomunistyczni.pl\\\/#\\\/schema\\\/logo\\\/image\\\/\",\"url\":\"https:\\\/\\\/antykomunistyczni.pl\\\/wp-content\\\/uploads\\\/2026\\\/02\\\/cropped-AntykomunistyczniLogoSquare150x150-2.png\",\"contentUrl\":\"https:\\\/\\\/antykomunistyczni.pl\\\/wp-content\\\/uploads\\\/2026\\\/02\\\/cropped-AntykomunistyczniLogoSquare150x150-2.png\",\"width\":150,\"height\":150,\"caption\":\"Antykomunistyczni.pl\"},\"image\":{\"@id\":\"https:\\\/\\\/antykomunistyczni.pl\\\/#\\\/schema\\\/logo\\\/image\\\/\"},\"sameAs\":[\"https:\\\/\\\/www.facebook.com\\\/antykomunistyczni\\\/\",\"https:\\\/\\\/x.com\\\/anty_komunisci\"]}]}<\/script>\n<!-- \/ Yoast SEO plugin. -->","yoast_head_json":{"title":"Komuni\u015bci - Antykomunistyczni.pl","robots":{"index":"index","follow":"follow","max-snippet":"max-snippet:-1","max-image-preview":"max-image-preview:large","max-video-preview":"max-video-preview:-1"},"canonical":"https:\/\/antykomunistyczni.pl\/index.php\/komunisci\/","og_locale":"pl_PL","og_type":"article","og_title":"Komuni\u015bci - Antykomunistyczni.pl","og_description":"Oni \u2013 komuni\u015bci Poznaj ludzi, kt\u00f3rzy tworzyli, kierowali i reprezentowali systemy komunistyczne. Na tej stronie przedstawiamy sylwetki wybranych polityk\u00f3w, ideolog\u00f3w i funkcjonariuszy aparatu pa\u0144stwowego, kt\u00f3rzy kszta\u0142towali \u017cycie spo\u0142eczne w re\u017cimach komunistycznych. Analizujemy ich dzia\u0142ania, decyzje i wp\u0142yw na los milion\u00f3w ludzi. Ta lista nigdy nie b\u0119dzie kompletna. W Polsce, w okresie PRL, do Polskiej Zjednoczonej [&hellip;]","og_url":"https:\/\/antykomunistyczni.pl\/index.php\/komunisci\/","og_site_name":"Antykomunistyczni.pl","article_publisher":"https:\/\/www.facebook.com\/antykomunistyczni\/","article_modified_time":"2026-03-02T12:33:47+00:00","og_image":[{"url":"https:\/\/antykomunistyczni.pl\/wp-content\/plugins\/content-views-query-and-display-post-page\/public\/assets\/images\/default_image.png","type":"","width":"","height":""}],"twitter_card":"summary_large_image","twitter_site":"@anty_komunisci","twitter_misc":{"Szacowany czas czytania":"3 minuty"},"schema":{"@context":"https:\/\/schema.org","@graph":[{"@type":"WebPage","@id":"https:\/\/antykomunistyczni.pl\/index.php\/komunisci\/","url":"https:\/\/antykomunistyczni.pl\/index.php\/komunisci\/","name":"Komuni\u015bci - Antykomunistyczni.pl","isPartOf":{"@id":"https:\/\/antykomunistyczni.pl\/#website"},"primaryImageOfPage":{"@id":"https:\/\/antykomunistyczni.pl\/index.php\/komunisci\/#primaryimage"},"image":{"@id":"https:\/\/antykomunistyczni.pl\/index.php\/komunisci\/#primaryimage"},"thumbnailUrl":"https:\/\/antykomunistyczni.pl\/wp-content\/plugins\/content-views-query-and-display-post-page\/public\/assets\/images\/default_image.png","datePublished":"2026-03-02T12:27:59+00:00","dateModified":"2026-03-02T12:33:47+00:00","breadcrumb":{"@id":"https:\/\/antykomunistyczni.pl\/index.php\/komunisci\/#breadcrumb"},"inLanguage":"pl-PL","potentialAction":[{"@type":"ReadAction","target":["https:\/\/antykomunistyczni.pl\/index.php\/komunisci\/"]}]},{"@type":"ImageObject","inLanguage":"pl-PL","@id":"https:\/\/antykomunistyczni.pl\/index.php\/komunisci\/#primaryimage","url":"https:\/\/antykomunistyczni.pl\/wp-content\/plugins\/content-views-query-and-display-post-page\/public\/assets\/images\/default_image.png","contentUrl":"https:\/\/antykomunistyczni.pl\/wp-content\/plugins\/content-views-query-and-display-post-page\/public\/assets\/images\/default_image.png"},{"@type":"BreadcrumbList","@id":"https:\/\/antykomunistyczni.pl\/index.php\/komunisci\/#breadcrumb","itemListElement":[{"@type":"ListItem","position":1,"name":"Strona g\u0142\u00f3wna","item":"https:\/\/antykomunistyczni.pl\/"},{"@type":"ListItem","position":2,"name":"Komuni\u015bci"}]},{"@type":"WebSite","@id":"https:\/\/antykomunistyczni.pl\/#website","url":"https:\/\/antykomunistyczni.pl\/","name":"Antykomunistyczni.pl","description":"","publisher":{"@id":"https:\/\/antykomunistyczni.pl\/#organization"},"alternateName":"Historia PRL, zbrodnie komunistyczne w Polsce i na \u015bwiecie","potentialAction":[{"@type":"SearchAction","target":{"@type":"EntryPoint","urlTemplate":"https:\/\/antykomunistyczni.pl\/?s={search_term_string}"},"query-input":{"@type":"PropertyValueSpecification","valueRequired":true,"valueName":"search_term_string"}}],"inLanguage":"pl-PL"},{"@type":"Organization","@id":"https:\/\/antykomunistyczni.pl\/#organization","name":"Antykomunistyczni.pl","url":"https:\/\/antykomunistyczni.pl\/","logo":{"@type":"ImageObject","inLanguage":"pl-PL","@id":"https:\/\/antykomunistyczni.pl\/#\/schema\/logo\/image\/","url":"https:\/\/antykomunistyczni.pl\/wp-content\/uploads\/2026\/02\/cropped-AntykomunistyczniLogoSquare150x150-2.png","contentUrl":"https:\/\/antykomunistyczni.pl\/wp-content\/uploads\/2026\/02\/cropped-AntykomunistyczniLogoSquare150x150-2.png","width":150,"height":150,"caption":"Antykomunistyczni.pl"},"image":{"@id":"https:\/\/antykomunistyczni.pl\/#\/schema\/logo\/image\/"},"sameAs":["https:\/\/www.facebook.com\/antykomunistyczni\/","https:\/\/x.com\/anty_komunisci"]}]}},"campaignId":"","_links":{"self":[{"href":"https:\/\/antykomunistyczni.pl\/index.php\/wp-json\/wp\/v2\/pages\/578","targetHints":{"allow":["GET"]}}],"collection":[{"href":"https:\/\/antykomunistyczni.pl\/index.php\/wp-json\/wp\/v2\/pages"}],"about":[{"href":"https:\/\/antykomunistyczni.pl\/index.php\/wp-json\/wp\/v2\/types\/page"}],"author":[{"embeddable":true,"href":"https:\/\/antykomunistyczni.pl\/index.php\/wp-json\/wp\/v2\/users\/1"}],"replies":[{"embeddable":true,"href":"https:\/\/antykomunistyczni.pl\/index.php\/wp-json\/wp\/v2\/comments?post=578"}],"version-history":[{"count":13,"href":"https:\/\/antykomunistyczni.pl\/index.php\/wp-json\/wp\/v2\/pages\/578\/revisions"}],"predecessor-version":[{"id":594,"href":"https:\/\/antykomunistyczni.pl\/index.php\/wp-json\/wp\/v2\/pages\/578\/revisions\/594"}],"wp:attachment":[{"href":"https:\/\/antykomunistyczni.pl\/index.php\/wp-json\/wp\/v2\/media?parent=578"}],"curies":[{"name":"wp","href":"https:\/\/api.w.org\/{rel}","templated":true}]}}