{"id":617,"date":"2026-03-02T14:46:25","date_gmt":"2026-03-02T13:46:25","guid":{"rendered":"https:\/\/antykomunistyczni.pl\/?page_id=617"},"modified":"2026-03-02T14:47:47","modified_gmt":"2026-03-02T13:47:47","slug":"zbrodnie-komunistyczne-w-polsce","status":"publish","type":"page","link":"https:\/\/antykomunistyczni.pl\/index.php\/zbrodnie-komunistyczne-w-polsce\/","title":{"rendered":"Zbrodnie komunistyczne w Polsce"},"content":{"rendered":"\t\t<div data-elementor-type=\"wp-page\" data-elementor-id=\"617\" class=\"elementor elementor-617\">\n\t\t\t\t<div class=\"elementor-element elementor-element-3c98c51 e-flex e-con-boxed e-con e-parent\" data-id=\"3c98c51\" data-element_type=\"container\" data-e-type=\"container\">\n\t\t\t\t\t<div class=\"e-con-inner\">\n\t\t\t\t<div class=\"elementor-element elementor-element-8c23d09 elementor-widget elementor-widget-contentviews_widget_grid1\" data-id=\"8c23d09\" data-element_type=\"widget\" data-e-type=\"widget\" data-widget_type=\"contentviews_widget_grid1.default\">\n\t\t\t\t<div class=\"elementor-widget-container\">\n\t\t\t\t\t<div class='pt-cv-wrapper'> <h1 class=\"pt-cv-heading-container heading1\" data-blockid=\"8c23d09\"><span class=\"pt-cv-heading\"> Zbrodnie komunistyczne w Polsce <\/span><\/h1><div class=\"pt-cv-view pt-cv-blockgrid iscvblock iscvelementor grid1 layout1\" id=\"pt-cv-view-8c23d09\"><div data-id=\"pt-cv-page-1\" class=\"pt-cv-page\" data-cvc=\"3\"><div class=\" pt-cv-content-item pt-cv-1-col\" ><div class=\"pt-cv-thumb-wrapper  \"><a href=\"https:\/\/antykomunistyczni.pl\/index.php\/rozliczenie-sedziow-nrd-niemcy-polska\/\" class=\"_self pt-cv-href-thumbnail pt-cv-thumb-default\" target=\"_self\" ><img fetchpriority=\"high\" decoding=\"async\" width=\"800\" height=\"450\" src=\"https:\/\/antykomunistyczni.pl\/wp-content\/uploads\/2026\/04\/1920x1080-589594918-1024x576.jpg\" class=\"pt-cv-thumbnail\" alt=\"\" \/><\/a><\/div>\n<div class=\"pt-cv-taxoterm above_title\"><a href='https:\/\/antykomunistyczni.pl\/index.php\/category\/aktualnosci\/' title='Aktualno\u015bci' class='pt-cv-tax-aktualnosci'>Aktualno\u015bci<\/a><a href='https:\/\/antykomunistyczni.pl\/index.php\/category\/komunisci\/' title='Komuni\u015bci' class='pt-cv-tax-komunisci'>Komuni\u015bci<\/a><a href='https:\/\/antykomunistyczni.pl\/index.php\/category\/komunistyczne-zbrodnie-w-polsce\/' title='Komunistyczne zbrodnie w Polsce' class='pt-cv-tax-komunistyczne-zbrodnie-w-polsce'>Komunistyczne zbrodnie w Polsce<\/a><a href='https:\/\/antykomunistyczni.pl\/index.php\/category\/wspolczesny-komunizm\/komunizm-w-panstwach-wspolczesnych\/' title='Komunizm w pa\u0144stwach wsp\u00f3\u0142czesnych' class='pt-cv-tax-komunizm-w-panstwach-wspolczesnych'>Komunizm w pa\u0144stwach wsp\u00f3\u0142czesnych<\/a><\/div>\n<h4 class=\"pt-cv-title\"><a href=\"https:\/\/antykomunistyczni.pl\/index.php\/rozliczenie-sedziow-nrd-niemcy-polska\/\" class=\"_self\" target=\"_self\" >Rozliczenie s\u0119dzi\u00f3w po komunizmie: Niemcy wymienili ponad 60%, Polska prawie \u017cadnego<\/a><\/h4>\n<div class=\"pt-cv-content\">Rozliczenie s\u0119dzi\u00f3w po komunizmie: Niemcy wymienili ponad 60%, Polska prawie \u017cadnego W 1989\u20131990 roku obie strony \u017celaznej kurtyny stan\u0119\u0142y przed ...<\/div>\n<div class=\"pt-cv-rmwrap\"><a href=\"https:\/\/antykomunistyczni.pl\/index.php\/rozliczenie-sedziow-nrd-niemcy-polska\/\" class=\"_self pt-cv-readmore btn btn-success\" target=\"_self\" >Dowiedz Si\u0119 Wi\u0119cej\u2026<\/a><\/div>\n<div class=\"pt-cv-meta-fields\"><span class=\"entry-date\"> <time datetime=\"2026-04-15T20:31:43+02:00\">2026-04-15<\/time><\/span><span> \/ <\/span><span class=\"author\"> <a href=\"https:\/\/antykomunistyczni.pl\/index.php\/author\/admin0\/\" rel=\"author\">Antykomunistyczni<\/a><\/span><\/div><\/div>\n<div class=\" pt-cv-content-item pt-cv-1-col\" ><div class=\"pt-cv-thumb-wrapper  \"><a href=\"https:\/\/antykomunistyczni.pl\/index.php\/kto-sfinansowal-lenina-i-bolszewicka-rewolucje-niemieckie-zloto-ktore-prawie-zniszczylo-polske\/\" class=\"_self pt-cv-href-thumbnail pt-cv-thumb-default\" target=\"_self\" ><img decoding=\"async\" width=\"800\" height=\"466\" src=\"https:\/\/antykomunistyczni.pl\/wp-content\/uploads\/2026\/03\/Lenin-przemawia-w-Moskwie-1024x597.jpg\" class=\"pt-cv-thumbnail\" alt=\"\" \/><\/a><\/div>\n<div class=\"pt-cv-taxoterm above_title\"><a href='https:\/\/antykomunistyczni.pl\/index.php\/category\/aktualnosci\/' title='Aktualno\u015bci' class='pt-cv-tax-aktualnosci'>Aktualno\u015bci<\/a><a href='https:\/\/antykomunistyczni.pl\/index.php\/category\/komunisci\/' title='Komuni\u015bci' class='pt-cv-tax-komunisci'>Komuni\u015bci<\/a><a href='https:\/\/antykomunistyczni.pl\/index.php\/category\/komunistyczne-zbrodnie-na-swiecie\/' title='Komunistyczne zbrodnie na \u015bwiecie' class='pt-cv-tax-komunistyczne-zbrodnie-na-swiecie'>Komunistyczne zbrodnie na \u015bwiecie<\/a><a href='https:\/\/antykomunistyczni.pl\/index.php\/category\/komunistyczne-zbrodnie-w-polsce\/' title='Komunistyczne zbrodnie w Polsce' class='pt-cv-tax-komunistyczne-zbrodnie-w-polsce'>Komunistyczne zbrodnie w Polsce<\/a><\/div>\n<h4 class=\"pt-cv-title\"><a href=\"https:\/\/antykomunistyczni.pl\/index.php\/kto-sfinansowal-lenina-i-bolszewicka-rewolucje-niemieckie-zloto-ktore-prawie-zniszczylo-polske\/\" class=\"_self\" target=\"_self\" >Kto sfinansowa\u0142 Lenina i bolszewick\u0105 rewolucj\u0119? Niemieckie z\u0142oto, kt\u00f3re prawie zniszczy\u0142o Polsk\u0119<\/a><\/h4>\n<div class=\"pt-cv-content\">Kto sfinansowa\u0142 Lenina i bolszewick\u0105 rewolucj\u0119? Niemieckie z\u0142oto, kt\u00f3re prawie zniszczy\u0142o Polsk\u0119 Rewolucja pa\u017adziernikowa 1917 roku nie wybuch\u0142a spontanicznie z ...<\/div>\n<div class=\"pt-cv-rmwrap\"><a href=\"https:\/\/antykomunistyczni.pl\/index.php\/kto-sfinansowal-lenina-i-bolszewicka-rewolucje-niemieckie-zloto-ktore-prawie-zniszczylo-polske\/\" class=\"_self pt-cv-readmore btn btn-success\" target=\"_self\" >Dowiedz Si\u0119 Wi\u0119cej\u2026<\/a><\/div>\n<div class=\"pt-cv-meta-fields\"><span class=\"entry-date\"> <time datetime=\"2026-03-26T08:13:57+01:00\">2026-03-26<\/time><\/span><span> \/ <\/span><span class=\"author\"> <a href=\"https:\/\/antykomunistyczni.pl\/index.php\/author\/admin0\/\" rel=\"author\">Antykomunistyczni<\/a><\/span><\/div><\/div>\n<div class=\" pt-cv-content-item pt-cv-1-col\" ><div class=\"pt-cv-thumb-wrapper  \"><a href=\"https:\/\/antykomunistyczni.pl\/index.php\/12-marca-1945-aresztowanie-gen-augusta-emila-fieldorfa-nila\/\" class=\"_self pt-cv-href-thumbnail pt-cv-thumb-default\" target=\"_self\" ><img decoding=\"async\" width=\"750\" height=\"885\" src=\"https:\/\/antykomunistyczni.pl\/wp-content\/uploads\/2026\/03\/GeneralNil-1.jpg\" class=\"pt-cv-thumbnail\" alt=\"\" \/><\/a><\/div>\n<div class=\"pt-cv-taxoterm above_title\"><a href='https:\/\/antykomunistyczni.pl\/index.php\/category\/aktualnosci\/' title='Aktualno\u015bci' class='pt-cv-tax-aktualnosci'>Aktualno\u015bci<\/a><a href='https:\/\/antykomunistyczni.pl\/index.php\/category\/antykomunisci\/' title='Antykomuni\u015bci' class='pt-cv-tax-antykomunisci'>Antykomuni\u015bci<\/a><a href='https:\/\/antykomunistyczni.pl\/index.php\/category\/komunistyczne-zbrodnie-w-polsce\/' title='Komunistyczne zbrodnie w Polsce' class='pt-cv-tax-komunistyczne-zbrodnie-w-polsce'>Komunistyczne zbrodnie w Polsce<\/a><a href='https:\/\/antykomunistyczni.pl\/index.php\/category\/swiadectwa\/' title='\u015awiadectwa' class='pt-cv-tax-swiadectwa'>\u015awiadectwa<\/a><\/div>\n<h4 class=\"pt-cv-title\"><a href=\"https:\/\/antykomunistyczni.pl\/index.php\/12-marca-1945-aresztowanie-gen-augusta-emila-fieldorfa-nila\/\" class=\"_self\" target=\"_self\" >12 marca 1945 \u2013 Aresztowanie gen. Augusta Emila Fieldorfa \u201eNila\u201d<\/a><\/h4>\n<div class=\"pt-cv-content\">12 marca 1945 roku funkcjonariusze NKWD aresztowali jednego z najwybitniejszych dow\u00f3dc\u00f3w polskiego podziemia \u2013 August Emil Fieldorf, znanego pod pseudonimem ...<\/div>\n<div class=\"pt-cv-rmwrap\"><a href=\"https:\/\/antykomunistyczni.pl\/index.php\/12-marca-1945-aresztowanie-gen-augusta-emila-fieldorfa-nila\/\" class=\"_self pt-cv-readmore btn btn-success\" target=\"_self\" >Dowiedz Si\u0119 Wi\u0119cej\u2026<\/a><\/div>\n<div class=\"pt-cv-meta-fields\"><span class=\"entry-date\"> <time datetime=\"2026-03-12T08:00:00+01:00\">2026-03-12<\/time><\/span><span> \/ <\/span><span class=\"author\"> <a href=\"https:\/\/antykomunistyczni.pl\/index.php\/author\/admin0\/\" rel=\"author\">Antykomunistyczni<\/a><\/span><\/div><\/div>\n<div class=\" pt-cv-content-item pt-cv-1-col\" ><div class=\"pt-cv-thumb-wrapper  \"><a href=\"https:\/\/antykomunistyczni.pl\/index.php\/10-marca-1950-poczatek-procesu-iv-zarzadu-glownego-win\/\" class=\"_self pt-cv-href-thumbnail pt-cv-thumb-default\" target=\"_self\" ><img loading=\"lazy\" decoding=\"async\" width=\"800\" height=\"440\" src=\"https:\/\/antykomunistyczni.pl\/wp-content\/uploads\/2026\/03\/ProcesWIN-1024x563.webp\" class=\"pt-cv-thumbnail\" alt=\"\" \/><\/a><\/div>\n<div class=\"pt-cv-taxoterm above_title\"><a href='https:\/\/antykomunistyczni.pl\/index.php\/category\/aktualnosci\/' title='Aktualno\u015bci' class='pt-cv-tax-aktualnosci'>Aktualno\u015bci<\/a><a href='https:\/\/antykomunistyczni.pl\/index.php\/category\/komunistyczne-zbrodnie-w-polsce\/' title='Komunistyczne zbrodnie w Polsce' class='pt-cv-tax-komunistyczne-zbrodnie-w-polsce'>Komunistyczne zbrodnie w Polsce<\/a><a href='https:\/\/antykomunistyczni.pl\/index.php\/category\/komunisci\/stalinizm-w-polsce\/' title='Stalinizm w Polsce' class='pt-cv-tax-stalinizm-w-polsce'>Stalinizm w Polsce<\/a><a href='https:\/\/antykomunistyczni.pl\/index.php\/category\/swiadectwa\/' title='\u015awiadectwa' class='pt-cv-tax-swiadectwa'>\u015awiadectwa<\/a><\/div>\n<h4 class=\"pt-cv-title\"><a href=\"https:\/\/antykomunistyczni.pl\/index.php\/10-marca-1950-poczatek-procesu-iv-zarzadu-glownego-win\/\" class=\"_self\" target=\"_self\" >10 marca 1950 \u2013 pocz\u0105tek procesu IV Zarz\u0105du G\u0142\u00f3wnego WiN<\/a><\/h4>\n<div class=\"pt-cv-content\">Proces dow\u00f3dztwa organizacji WIN - oskar\u017cony p\u0142k. dypl. Jan Rzepecki, ps. O\u017c\u00f3g. Foto: PAP\/Jerzy Baranowski Proces IV Zarz\u0105du G\u0142\u00f3wnego WiN ...<\/div>\n<div class=\"pt-cv-rmwrap\"><a href=\"https:\/\/antykomunistyczni.pl\/index.php\/10-marca-1950-poczatek-procesu-iv-zarzadu-glownego-win\/\" class=\"_self pt-cv-readmore btn btn-success\" target=\"_self\" >Dowiedz Si\u0119 Wi\u0119cej\u2026<\/a><\/div>\n<div class=\"pt-cv-meta-fields\"><span class=\"entry-date\"> <time datetime=\"2026-03-10T08:00:00+01:00\">2026-03-10<\/time><\/span><span> \/ <\/span><span class=\"author\"> <a href=\"https:\/\/antykomunistyczni.pl\/index.php\/author\/admin0\/\" rel=\"author\">Antykomunistyczni<\/a><\/span><\/div><\/div>\n<div class=\" pt-cv-content-item pt-cv-1-col\" ><div class=\"pt-cv-thumb-wrapper  \"><a href=\"https:\/\/antykomunistyczni.pl\/index.php\/7-marca-1949-r-meczenska-smierc-mjr-hieronima-dekutowskiego-zapory-i-szesciu-jego-zolnierzy\/\" class=\"_self pt-cv-href-thumbnail pt-cv-thumb-default\" target=\"_self\" ><img loading=\"lazy\" decoding=\"async\" width=\"661\" height=\"363\" src=\"https:\/\/antykomunistyczni.pl\/wp-content\/uploads\/2026\/03\/HeronimDekutowskiZapora.jpeg\" class=\"pt-cv-thumbnail\" alt=\"\" \/><\/a><\/div>\n<div class=\"pt-cv-taxoterm above_title\"><a href='https:\/\/antykomunistyczni.pl\/index.php\/category\/aktualnosci\/' title='Aktualno\u015bci' class='pt-cv-tax-aktualnosci'>Aktualno\u015bci<\/a><a href='https:\/\/antykomunistyczni.pl\/index.php\/category\/antykomunisci\/' title='Antykomuni\u015bci' class='pt-cv-tax-antykomunisci'>Antykomuni\u015bci<\/a><a href='https:\/\/antykomunistyczni.pl\/index.php\/category\/komunistyczne-zbrodnie-w-polsce\/' title='Komunistyczne zbrodnie w Polsce' class='pt-cv-tax-komunistyczne-zbrodnie-w-polsce'>Komunistyczne zbrodnie w Polsce<\/a><a href='https:\/\/antykomunistyczni.pl\/index.php\/category\/swiadectwa\/' title='\u015awiadectwa' class='pt-cv-tax-swiadectwa'>\u015awiadectwa<\/a><\/div>\n<h4 class=\"pt-cv-title\"><a href=\"https:\/\/antykomunistyczni.pl\/index.php\/7-marca-1949-r-meczenska-smierc-mjr-hieronima-dekutowskiego-zapory-i-szesciu-jego-zolnierzy\/\" class=\"_self\" target=\"_self\" >7 marca 1949 r. \u2013 M\u0119cze\u0144ska \u015bmier\u0107 mjr. Hieronima Dekutowskiego \u201eZapory&#8221; i sze\u015bciu jego \u017co\u0142nierzy<\/a><\/h4>\n<div class=\"pt-cv-content\">Historia polskiej niepodleg\u0142o\u015bci pisana by\u0142a krwi\u0105 najlepszych syn\u00f3w Ojczyzny. 7 marca 1949 roku w krakowskim wi\u0119zieniu przy ul. Montelupich, komunistyczny ...<\/div>\n<div class=\"pt-cv-rmwrap\"><a href=\"https:\/\/antykomunistyczni.pl\/index.php\/7-marca-1949-r-meczenska-smierc-mjr-hieronima-dekutowskiego-zapory-i-szesciu-jego-zolnierzy\/\" class=\"_self pt-cv-readmore btn btn-success\" target=\"_self\" >Dowiedz Si\u0119 Wi\u0119cej\u2026<\/a><\/div>\n<div class=\"pt-cv-meta-fields\"><span class=\"entry-date\"> <time datetime=\"2026-03-07T08:00:00+01:00\">2026-03-07<\/time><\/span><span> \/ <\/span><span class=\"author\"> <a href=\"https:\/\/antykomunistyczni.pl\/index.php\/author\/admin0\/\" rel=\"author\">Antykomunistyczni<\/a><\/span><\/div><\/div>\n<div class=\" pt-cv-content-item pt-cv-1-col\" ><div class=\"pt-cv-thumb-wrapper  \"><a href=\"https:\/\/antykomunistyczni.pl\/index.php\/5-marca-1940-decyzja-o-zbrodni-katynskiej\/\" class=\"_self pt-cv-href-thumbnail pt-cv-thumb-default\" target=\"_self\" ><img loading=\"lazy\" decoding=\"async\" width=\"800\" height=\"620\" src=\"https:\/\/antykomunistyczni.pl\/wp-content\/uploads\/2026\/03\/RocznicaZbrodniKatynskiej-1024x794.jpg\" class=\"pt-cv-thumbnail\" alt=\"\" \/><\/a><\/div>\n<div class=\"pt-cv-taxoterm above_title\"><a href='https:\/\/antykomunistyczni.pl\/index.php\/category\/aktualnosci\/' title='Aktualno\u015bci' class='pt-cv-tax-aktualnosci'>Aktualno\u015bci<\/a><a href='https:\/\/antykomunistyczni.pl\/index.php\/category\/komunisci\/' title='Komuni\u015bci' class='pt-cv-tax-komunisci'>Komuni\u015bci<\/a><a href='https:\/\/antykomunistyczni.pl\/index.php\/category\/komunistyczne-zbrodnie-w-polsce\/' title='Komunistyczne zbrodnie w Polsce' class='pt-cv-tax-komunistyczne-zbrodnie-w-polsce'>Komunistyczne zbrodnie w Polsce<\/a><a href='https:\/\/antykomunistyczni.pl\/index.php\/category\/komunistyczne-zbrodnie-w-polsce\/zbrodnia-katynska\/' title='Zbrodnia Katy\u0144ska' class='pt-cv-tax-zbrodnia-katynska'>Zbrodnia Katy\u0144ska<\/a><\/div>\n<h4 class=\"pt-cv-title\"><a href=\"https:\/\/antykomunistyczni.pl\/index.php\/5-marca-1940-decyzja-o-zbrodni-katynskiej\/\" class=\"_self\" target=\"_self\" >5 marca 1940 \u2013 decyzja o zbrodni katy\u0144skiej<\/a><\/h4>\n<div class=\"pt-cv-content\">Rocznica decyzji o zbrodni katy\u0144skiej 5 marca 1940 roku Biuro Polityczne KC WKP(b) podj\u0119\u0142o jedn\u0105 z najbardziej zbrodniczych decyzji XX ...<\/div>\n<div class=\"pt-cv-rmwrap\"><a href=\"https:\/\/antykomunistyczni.pl\/index.php\/5-marca-1940-decyzja-o-zbrodni-katynskiej\/\" class=\"_self pt-cv-readmore btn btn-success\" target=\"_self\" >Dowiedz Si\u0119 Wi\u0119cej\u2026<\/a><\/div>\n<div class=\"pt-cv-meta-fields\"><span class=\"entry-date\"> <time datetime=\"2026-03-05T08:00:00+01:00\">2026-03-05<\/time><\/span><span> \/ <\/span><span class=\"author\"> <a href=\"https:\/\/antykomunistyczni.pl\/index.php\/author\/admin0\/\" rel=\"author\">Antykomunistyczni<\/a><\/span><\/div><\/div><\/div><\/div> <\/div> \t\t\t\t<\/div>\n\t\t\t\t<\/div>\n\t\t\t\t\t<\/div>\n\t\t\t\t<\/div>\n\t\t\t\t<\/div>\n\t\t","protected":false},"excerpt":{"rendered":"<p>Zbrodnie komunistyczne w Polsce Komunistyczne zbrodnie w Polsce \u201eKrzy\u017c i znak wolno\u015bci\u201d \u2013 Represje komunistyczne wobec Ko\u015bcio\u0142a katolickiego i \u015brodowisk niezale\u017cnych w Polsce Ludowej Gdy 22 lipca 1944 roku w Lublinie powo\u0142ano do \u017cycia PKWN, nikt nie mia\u0142 w\u0105tpliwo\u015bci, \u017ce nowa w\u0142adza \u2013 instalowana &#8230; Dowiedz Si\u0119 Wi\u0119cej\u2026 2026-03-02 \/ Antykomunistyczni<\/p>\n","protected":false},"author":1,"featured_media":0,"parent":0,"menu_order":0,"comment_status":"closed","ping_status":"closed","template":"","meta":{"give_campaign_id":0,"footnotes":""},"class_list":["post-617","page","type-page","status-publish","hentry"],"yoast_head":"<!-- This site is optimized with the Yoast SEO plugin v28.4 - https:\/\/yoast.com\/product\/yoast-seo-wordpress\/ -->\n<title>Zbrodnie komunistyczne w Polsce - Antykomunistyczni.pl<\/title>\n<meta name=\"robots\" content=\"index, follow, max-snippet:-1, max-image-preview:large, max-video-preview:-1\" \/>\n<link rel=\"canonical\" href=\"https:\/\/antykomunistyczni.pl\/index.php\/zbrodnie-komunistyczne-w-polsce\/\" \/>\n<meta property=\"og:locale\" content=\"pl_PL\" \/>\n<meta property=\"og:type\" content=\"article\" \/>\n<meta property=\"og:title\" content=\"Zbrodnie komunistyczne w Polsce - Antykomunistyczni.pl\" \/>\n<meta property=\"og:description\" content=\"Zbrodnie komunistyczne w Polsce Komunistyczne zbrodnie w Polsce \u201eKrzy\u017c i znak wolno\u015bci\u201d \u2013 Represje komunistyczne wobec Ko\u015bcio\u0142a katolickiego i \u015brodowisk niezale\u017cnych w Polsce Ludowej Gdy 22 lipca 1944 roku w Lublinie powo\u0142ano do \u017cycia PKWN, nikt nie mia\u0142 w\u0105tpliwo\u015bci, \u017ce nowa w\u0142adza \u2013 instalowana &#8230; Dowiedz Si\u0119 Wi\u0119cej\u2026 2026-03-02 \/ Antykomunistyczni\" \/>\n<meta property=\"og:url\" content=\"https:\/\/antykomunistyczni.pl\/index.php\/zbrodnie-komunistyczne-w-polsce\/\" \/>\n<meta property=\"og:site_name\" content=\"Antykomunistyczni.pl\" \/>\n<meta property=\"article:publisher\" content=\"https:\/\/www.facebook.com\/antykomunistyczni\/\" \/>\n<meta property=\"article:modified_time\" content=\"2026-03-02T13:47:47+00:00\" \/>\n<meta property=\"og:image\" content=\"https:\/\/antykomunistyczni.pl\/wp-content\/uploads\/2026\/03\/opor-katolikow1.jpg\" \/>\n<meta name=\"twitter:card\" content=\"summary_large_image\" \/>\n<meta name=\"twitter:site\" content=\"@anty_komunisci\" \/>\n<script type=\"application\/ld+json\" class=\"yoast-schema-graph\">{\"@context\":\"https:\\\/\\\/schema.org\",\"@graph\":[{\"@type\":\"WebPage\",\"@id\":\"https:\\\/\\\/antykomunistyczni.pl\\\/index.php\\\/zbrodnie-komunistyczne-w-polsce\\\/\",\"url\":\"https:\\\/\\\/antykomunistyczni.pl\\\/index.php\\\/zbrodnie-komunistyczne-w-polsce\\\/\",\"name\":\"Zbrodnie komunistyczne w Polsce - Antykomunistyczni.pl\",\"isPartOf\":{\"@id\":\"https:\\\/\\\/antykomunistyczni.pl\\\/#website\"},\"primaryImageOfPage\":{\"@id\":\"https:\\\/\\\/antykomunistyczni.pl\\\/index.php\\\/zbrodnie-komunistyczne-w-polsce\\\/#primaryimage\"},\"image\":{\"@id\":\"https:\\\/\\\/antykomunistyczni.pl\\\/index.php\\\/zbrodnie-komunistyczne-w-polsce\\\/#primaryimage\"},\"thumbnailUrl\":\"https:\\\/\\\/antykomunistyczni.pl\\\/wp-content\\\/uploads\\\/2026\\\/03\\\/opor-katolikow1.jpg\",\"datePublished\":\"2026-03-02T13:46:25+00:00\",\"dateModified\":\"2026-03-02T13:47:47+00:00\",\"breadcrumb\":{\"@id\":\"https:\\\/\\\/antykomunistyczni.pl\\\/index.php\\\/zbrodnie-komunistyczne-w-polsce\\\/#breadcrumb\"},\"inLanguage\":\"pl-PL\",\"potentialAction\":[{\"@type\":\"ReadAction\",\"target\":[\"https:\\\/\\\/antykomunistyczni.pl\\\/index.php\\\/zbrodnie-komunistyczne-w-polsce\\\/\"]}]},{\"@type\":\"ImageObject\",\"inLanguage\":\"pl-PL\",\"@id\":\"https:\\\/\\\/antykomunistyczni.pl\\\/index.php\\\/zbrodnie-komunistyczne-w-polsce\\\/#primaryimage\",\"url\":\"https:\\\/\\\/antykomunistyczni.pl\\\/wp-content\\\/uploads\\\/2026\\\/03\\\/opor-katolikow1.jpg\",\"contentUrl\":\"https:\\\/\\\/antykomunistyczni.pl\\\/wp-content\\\/uploads\\\/2026\\\/03\\\/opor-katolikow1.jpg\",\"width\":1021,\"height\":800},{\"@type\":\"BreadcrumbList\",\"@id\":\"https:\\\/\\\/antykomunistyczni.pl\\\/index.php\\\/zbrodnie-komunistyczne-w-polsce\\\/#breadcrumb\",\"itemListElement\":[{\"@type\":\"ListItem\",\"position\":1,\"name\":\"Strona g\u0142\u00f3wna\",\"item\":\"https:\\\/\\\/antykomunistyczni.pl\\\/\"},{\"@type\":\"ListItem\",\"position\":2,\"name\":\"Zbrodnie komunistyczne w Polsce\"}]},{\"@type\":\"WebSite\",\"@id\":\"https:\\\/\\\/antykomunistyczni.pl\\\/#website\",\"url\":\"https:\\\/\\\/antykomunistyczni.pl\\\/\",\"name\":\"Antykomunistyczni.pl\",\"description\":\"\",\"publisher\":{\"@id\":\"https:\\\/\\\/antykomunistyczni.pl\\\/#organization\"},\"alternateName\":\"Historia PRL, zbrodnie komunistyczne w Polsce i na \u015bwiecie\",\"potentialAction\":[{\"@type\":\"SearchAction\",\"target\":{\"@type\":\"EntryPoint\",\"urlTemplate\":\"https:\\\/\\\/antykomunistyczni.pl\\\/?s={search_term_string}\"},\"query-input\":{\"@type\":\"PropertyValueSpecification\",\"valueRequired\":true,\"valueName\":\"search_term_string\"}}],\"inLanguage\":\"pl-PL\"},{\"@type\":\"Organization\",\"@id\":\"https:\\\/\\\/antykomunistyczni.pl\\\/#organization\",\"name\":\"Antykomunistyczni.pl\",\"url\":\"https:\\\/\\\/antykomunistyczni.pl\\\/\",\"logo\":{\"@type\":\"ImageObject\",\"inLanguage\":\"pl-PL\",\"@id\":\"https:\\\/\\\/antykomunistyczni.pl\\\/#\\\/schema\\\/logo\\\/image\\\/\",\"url\":\"https:\\\/\\\/antykomunistyczni.pl\\\/wp-content\\\/uploads\\\/2026\\\/02\\\/cropped-AntykomunistyczniLogoSquare150x150-2.png\",\"contentUrl\":\"https:\\\/\\\/antykomunistyczni.pl\\\/wp-content\\\/uploads\\\/2026\\\/02\\\/cropped-AntykomunistyczniLogoSquare150x150-2.png\",\"width\":150,\"height\":150,\"caption\":\"Antykomunistyczni.pl\"},\"image\":{\"@id\":\"https:\\\/\\\/antykomunistyczni.pl\\\/#\\\/schema\\\/logo\\\/image\\\/\"},\"sameAs\":[\"https:\\\/\\\/www.facebook.com\\\/antykomunistyczni\\\/\",\"https:\\\/\\\/x.com\\\/anty_komunisci\"]}]}<\/script>\n<!-- \/ Yoast SEO plugin. -->","yoast_head_json":{"title":"Zbrodnie komunistyczne w Polsce - Antykomunistyczni.pl","robots":{"index":"index","follow":"follow","max-snippet":"max-snippet:-1","max-image-preview":"max-image-preview:large","max-video-preview":"max-video-preview:-1"},"canonical":"https:\/\/antykomunistyczni.pl\/index.php\/zbrodnie-komunistyczne-w-polsce\/","og_locale":"pl_PL","og_type":"article","og_title":"Zbrodnie komunistyczne w Polsce - Antykomunistyczni.pl","og_description":"Zbrodnie komunistyczne w Polsce Komunistyczne zbrodnie w Polsce \u201eKrzy\u017c i znak wolno\u015bci\u201d \u2013 Represje komunistyczne wobec Ko\u015bcio\u0142a katolickiego i \u015brodowisk niezale\u017cnych w Polsce Ludowej Gdy 22 lipca 1944 roku w Lublinie powo\u0142ano do \u017cycia PKWN, nikt nie mia\u0142 w\u0105tpliwo\u015bci, \u017ce nowa w\u0142adza \u2013 instalowana &#8230; Dowiedz Si\u0119 Wi\u0119cej\u2026 2026-03-02 \/ Antykomunistyczni","og_url":"https:\/\/antykomunistyczni.pl\/index.php\/zbrodnie-komunistyczne-w-polsce\/","og_site_name":"Antykomunistyczni.pl","article_publisher":"https:\/\/www.facebook.com\/antykomunistyczni\/","article_modified_time":"2026-03-02T13:47:47+00:00","og_image":[{"url":"https:\/\/antykomunistyczni.pl\/wp-content\/uploads\/2026\/03\/opor-katolikow1.jpg","type":"","width":"","height":""}],"twitter_card":"summary_large_image","twitter_site":"@anty_komunisci","schema":{"@context":"https:\/\/schema.org","@graph":[{"@type":"WebPage","@id":"https:\/\/antykomunistyczni.pl\/index.php\/zbrodnie-komunistyczne-w-polsce\/","url":"https:\/\/antykomunistyczni.pl\/index.php\/zbrodnie-komunistyczne-w-polsce\/","name":"Zbrodnie komunistyczne w Polsce - Antykomunistyczni.pl","isPartOf":{"@id":"https:\/\/antykomunistyczni.pl\/#website"},"primaryImageOfPage":{"@id":"https:\/\/antykomunistyczni.pl\/index.php\/zbrodnie-komunistyczne-w-polsce\/#primaryimage"},"image":{"@id":"https:\/\/antykomunistyczni.pl\/index.php\/zbrodnie-komunistyczne-w-polsce\/#primaryimage"},"thumbnailUrl":"https:\/\/antykomunistyczni.pl\/wp-content\/uploads\/2026\/03\/opor-katolikow1.jpg","datePublished":"2026-03-02T13:46:25+00:00","dateModified":"2026-03-02T13:47:47+00:00","breadcrumb":{"@id":"https:\/\/antykomunistyczni.pl\/index.php\/zbrodnie-komunistyczne-w-polsce\/#breadcrumb"},"inLanguage":"pl-PL","potentialAction":[{"@type":"ReadAction","target":["https:\/\/antykomunistyczni.pl\/index.php\/zbrodnie-komunistyczne-w-polsce\/"]}]},{"@type":"ImageObject","inLanguage":"pl-PL","@id":"https:\/\/antykomunistyczni.pl\/index.php\/zbrodnie-komunistyczne-w-polsce\/#primaryimage","url":"https:\/\/antykomunistyczni.pl\/wp-content\/uploads\/2026\/03\/opor-katolikow1.jpg","contentUrl":"https:\/\/antykomunistyczni.pl\/wp-content\/uploads\/2026\/03\/opor-katolikow1.jpg","width":1021,"height":800},{"@type":"BreadcrumbList","@id":"https:\/\/antykomunistyczni.pl\/index.php\/zbrodnie-komunistyczne-w-polsce\/#breadcrumb","itemListElement":[{"@type":"ListItem","position":1,"name":"Strona g\u0142\u00f3wna","item":"https:\/\/antykomunistyczni.pl\/"},{"@type":"ListItem","position":2,"name":"Zbrodnie komunistyczne w Polsce"}]},{"@type":"WebSite","@id":"https:\/\/antykomunistyczni.pl\/#website","url":"https:\/\/antykomunistyczni.pl\/","name":"Antykomunistyczni.pl","description":"","publisher":{"@id":"https:\/\/antykomunistyczni.pl\/#organization"},"alternateName":"Historia PRL, zbrodnie komunistyczne w Polsce i na \u015bwiecie","potentialAction":[{"@type":"SearchAction","target":{"@type":"EntryPoint","urlTemplate":"https:\/\/antykomunistyczni.pl\/?s={search_term_string}"},"query-input":{"@type":"PropertyValueSpecification","valueRequired":true,"valueName":"search_term_string"}}],"inLanguage":"pl-PL"},{"@type":"Organization","@id":"https:\/\/antykomunistyczni.pl\/#organization","name":"Antykomunistyczni.pl","url":"https:\/\/antykomunistyczni.pl\/","logo":{"@type":"ImageObject","inLanguage":"pl-PL","@id":"https:\/\/antykomunistyczni.pl\/#\/schema\/logo\/image\/","url":"https:\/\/antykomunistyczni.pl\/wp-content\/uploads\/2026\/02\/cropped-AntykomunistyczniLogoSquare150x150-2.png","contentUrl":"https:\/\/antykomunistyczni.pl\/wp-content\/uploads\/2026\/02\/cropped-AntykomunistyczniLogoSquare150x150-2.png","width":150,"height":150,"caption":"Antykomunistyczni.pl"},"image":{"@id":"https:\/\/antykomunistyczni.pl\/#\/schema\/logo\/image\/"},"sameAs":["https:\/\/www.facebook.com\/antykomunistyczni\/","https:\/\/x.com\/anty_komunisci"]}]}},"campaignId":"","_links":{"self":[{"href":"https:\/\/antykomunistyczni.pl\/index.php\/wp-json\/wp\/v2\/pages\/617","targetHints":{"allow":["GET"]}}],"collection":[{"href":"https:\/\/antykomunistyczni.pl\/index.php\/wp-json\/wp\/v2\/pages"}],"about":[{"href":"https:\/\/antykomunistyczni.pl\/index.php\/wp-json\/wp\/v2\/types\/page"}],"author":[{"embeddable":true,"href":"https:\/\/antykomunistyczni.pl\/index.php\/wp-json\/wp\/v2\/users\/1"}],"replies":[{"embeddable":true,"href":"https:\/\/antykomunistyczni.pl\/index.php\/wp-json\/wp\/v2\/comments?post=617"}],"version-history":[{"count":4,"href":"https:\/\/antykomunistyczni.pl\/index.php\/wp-json\/wp\/v2\/pages\/617\/revisions"}],"predecessor-version":[{"id":621,"href":"https:\/\/antykomunistyczni.pl\/index.php\/wp-json\/wp\/v2\/pages\/617\/revisions\/621"}],"wp:attachment":[{"href":"https:\/\/antykomunistyczni.pl\/index.php\/wp-json\/wp\/v2\/media?parent=617"}],"curies":[{"name":"wp","href":"https:\/\/api.w.org\/{rel}","templated":true}]}}